[{"id":350615,"date":"2026-03-26T09:03:18","date_gmt":"2026-03-26T09:03:18","guid":{"rendered":"https:\/\/www.fujifilm-x.com\/?post_type=event&#038;p=350615"},"modified":"2026-04-24T12:25:07","modified_gmt":"2026-04-24T12:25:07","slug":"fujikina-warsaw-2026","status":"publish","type":"event","link":"https:\/\/www.fujifilm-x.com\/pl-pl\/events\/fujikina-warsaw-2026\/","title":{"rendered":"FUJIKINA Warsaw 2026"},"content":{"rendered":"\n<h1 class=\"wp-block-heading hidden-heading\"><strong>FUJIKINA Warsaw 2026<\/strong><\/h1>\n\n\n\n<!-- Navigation Markup -->\n<nav id=\"sub_nav_product\" class=\"sub-nav-product wp-block sub-nav-product wp-block block-sub-navigation-anchors js-active-sub-nav sticky-top\"\n\t>\n\n\t<!-- Title -->\n\t\t<div class=\"sub-nav-product__title\">\n\t\t\t<span class=\"sub-nav-product__link block\">\n\t\t\t\tFUJIKINA Warsaw 2026\t\t\t<\/span>\n\t\t<\/div>\n\t\n\t<!-- Nav Links  -->\n\t\t<div class=\"sub-nav-product__container\">\n\t\t\t\t\t<ul class=\"sub-nav-product__menu\">\n\t\t\t\t\t\t\t\t\t<li class=\"sub-nav-product__item sub-nav-product__item--link\">\n\t\t\t\t\t\t<a href=\"https:\/\/www.fujifilm-x.com\/pl-pl\/events\/fujikina-warsaw-2026\/#fujikina\"\n\t\t\t\t\t\t\tid=\"menu-item-fujikina\"\n\t\t\t\t\t\t\ttarget=\"\"\n\t\t\t\t\t\t\tclass=\"sub-nav-product__item-link\">\n\t\t\t\t\t\t\tFujikina\t\t\t\t\t\t<\/a>\n\t\t\t\t\t<\/li>\n\t\t\t\t\t\t\t\t\t<li class=\"sub-nav-product__item sub-nav-product__item--link\">\n\t\t\t\t\t\t<a href=\"https:\/\/www.fujifilm-x.com\/pl-pl\/events\/fujikina-warsaw-2026\/#agenda\"\n\t\t\t\t\t\t\tid=\"menu-item-agenda\"\n\t\t\t\t\t\t\ttarget=\"\"\n\t\t\t\t\t\t\tclass=\"sub-nav-product__item-link\">\n\t\t\t\t\t\t\tAgenda\t\t\t\t\t\t<\/a>\n\t\t\t\t\t<\/li>\n\t\t\t\t\t\t\t\t\t<li class=\"sub-nav-product__item sub-nav-product__item--link\">\n\t\t\t\t\t\t<a href=\"https:\/\/www.fujifilm-x.com\/pl-pl\/events\/fujikina-warsaw-2026\/#prelegenci\"\n\t\t\t\t\t\t\tid=\"menu-item-prelegenci\"\n\t\t\t\t\t\t\ttarget=\"\"\n\t\t\t\t\t\t\tclass=\"sub-nav-product__item-link\">\n\t\t\t\t\t\t\tPrelegenci\t\t\t\t\t\t<\/a>\n\t\t\t\t\t<\/li>\n\t\t\t\t\t\t\t\t\t<li class=\"sub-nav-product__item sub-nav-product__item--link\">\n\t\t\t\t\t\t<a href=\"https:\/\/www.fujifilm-x.com\/pl-pl\/events\/fujikina-warsaw-2026\/#wyklady\"\n\t\t\t\t\t\t\tid=\"menu-item-wyk\u0142ady\"\n\t\t\t\t\t\t\ttarget=\"\"\n\t\t\t\t\t\t\tclass=\"sub-nav-product__item-link\">\n\t\t\t\t\t\t\tWyk\u0142ady\t\t\t\t\t\t<\/a>\n\t\t\t\t\t<\/li>\n\t\t\t\t\t\t\t\t\t<li class=\"sub-nav-product__item sub-nav-product__item--link\">\n\t\t\t\t\t\t<a href=\"https:\/\/www.fujifilm-x.com\/pl-pl\/events\/fujikina-warsaw-2026\/#masterclass\"\n\t\t\t\t\t\t\tid=\"menu-item-masterclass\"\n\t\t\t\t\t\t\ttarget=\"\"\n\t\t\t\t\t\t\tclass=\"sub-nav-product__item-link\">\n\t\t\t\t\t\t\tMasterclass\t\t\t\t\t\t<\/a>\n\t\t\t\t\t<\/li>\n\t\t\t\t\t\t\t\t\t<li class=\"sub-nav-product__item sub-nav-product__item--link\">\n\t\t\t\t\t\t<a href=\"https:\/\/www.fujifilm-x.com\/pl-pl\/events\/fujikina-warsaw-2026\/#przeglad-portfolio\"\n\t\t\t\t\t\t\tid=\"menu-item-ocena-portfolio\"\n\t\t\t\t\t\t\ttarget=\"\"\n\t\t\t\t\t\t\tclass=\"sub-nav-product__item-link\">\n\t\t\t\t\t\t\tOcena portfolio\t\t\t\t\t\t<\/a>\n\t\t\t\t\t<\/li>\n\t\t\t\t\t\t\t\t\t<li class=\"sub-nav-product__item sub-nav-product__item--link\">\n\t\t\t\t\t\t<a href=\"https:\/\/www.fujifilm-x.com\/pl-pl\/events\/fujikina-warsaw-2026\/#spacery-fotograficzne\"\n\t\t\t\t\t\t\tid=\"menu-item-spacery-fotograficzne\"\n\t\t\t\t\t\t\ttarget=\"\"\n\t\t\t\t\t\t\tclass=\"sub-nav-product__item-link\">\n\t\t\t\t\t\t\tSpacery fotograficzne\t\t\t\t\t\t<\/a>\n\t\t\t\t\t<\/li>\n\t\t\t\t\t\t\t\t\t<li class=\"sub-nav-product__item sub-nav-product__item--link\">\n\t\t\t\t\t\t<a href=\"https:\/\/www.fujifilm-x.com\/pl-pl\/events\/fujikina-warsaw-2026\/#serwis-aparatow\"\n\t\t\t\t\t\t\tid=\"menu-item-serwis-aparat\u00f3w\"\n\t\t\t\t\t\t\ttarget=\"\"\n\t\t\t\t\t\t\tclass=\"sub-nav-product__item-link\">\n\t\t\t\t\t\t\tSerwis aparat\u00f3w\t\t\t\t\t\t<\/a>\n\t\t\t\t\t<\/li>\n\t\t\t\t\t\t\t\t\t<li class=\"sub-nav-product__item sub-nav-product__item--link\">\n\t\t\t\t\t\t<a href=\"https:\/\/www.fujifilm-x.com\/pl-pl\/events\/fujikina-warsaw-2026\/#touch-and-try\"\n\t\t\t\t\t\t\tid=\"menu-item-touch-&amp;-try\"\n\t\t\t\t\t\t\ttarget=\"\"\n\t\t\t\t\t\t\tclass=\"sub-nav-product__item-link\">\n\t\t\t\t\t\t\tTouch &amp; Try\t\t\t\t\t\t<\/a>\n\t\t\t\t\t<\/li>\n\t\t\t\t\t\t\t\t\t<li class=\"sub-nav-product__item sub-nav-product__item--link\">\n\t\t\t\t\t\t<a href=\"https:\/\/www.fujifilm-x.com\/pl-pl\/events\/fujikina-warsaw-2026\/#faq\"\n\t\t\t\t\t\t\tid=\"menu-item-faq\"\n\t\t\t\t\t\t\ttarget=\"\"\n\t\t\t\t\t\t\tclass=\"sub-nav-product__item-link\">\n\t\t\t\t\t\t\tFAQ\t\t\t\t\t\t<\/a>\n\t\t\t\t\t<\/li>\n\t\t\t\t\t\t\t\t\t<li class=\"sub-nav-product__item sub-nav-product__item--link\">\n\t\t\t\t\t\t<a href=\"https:\/\/www.fujifilm-x.com\/pl-pl\/events\/fujikina-warsaw-2026\/#partnerzy\"\n\t\t\t\t\t\t\tid=\"menu-item-partnerzy\"\n\t\t\t\t\t\t\ttarget=\"\"\n\t\t\t\t\t\t\tclass=\"sub-nav-product__item-link\">\n\t\t\t\t\t\t\tPartnerzy\t\t\t\t\t\t<\/a>\n\t\t\t\t\t<\/li>\n\t\t\t\t\t\t\t\t\t<li class=\"sub-nav-product__item sub-nav-product__item--link\">\n\t\t\t\t\t\t<a href=\"https:\/\/www.fujifilm-x.com\/pl-pl\/events\/fujikina-warsaw-2026\/#kup-bilet\"\n\t\t\t\t\t\t\tid=\"menu-item-kup-bilet\"\n\t\t\t\t\t\t\ttarget=\"\"\n\t\t\t\t\t\t\tclass=\"sub-nav-product__item-link\">\n\t\t\t\t\t\t\tKup bilet\t\t\t\t\t\t<\/a>\n\t\t\t\t\t<\/li>\n\t\t\t\t\t\t\t<\/ul>\n\t\t\n\t<!-- CTA Buttons -->\n\t\t\t<\/div>\n\n\n\t<!-- Event-specific Buy Tickets -->\n\t\n\n\t<!-- Chevron button: only show on mobile if there are links -->\n\t\t\t<button class=\"btn-sub-navigation\"><\/button>\n\t\n<\/nav>\n\n\n\n\n<div id=\"block_b0d5a82430d99441419a22598b6d8799\"\n\tclass=\"wp-block block-hero alignfull block relative overflow-hidden bg-black no-animation no-constrain-container\">\n\n\t\t\t<a href=\"https:\/\/biletyna.pl\/inne\/FUJIKINA-Warsaw?utm_source=fujifilm&#038;utm_medium=affiliate&#038;utm_campaign=general)\" target=\"_blank\" rel=\"nofollow noopener\">\n\t\t\t\n\t\n\t<picture>\n\t\t\t\t\t<source media=\"(min-width: 641px)\" srcset=\"https:\/\/fujifilm-x.b-cdn.net\/wp-content\/uploads\/2026\/03\/hero_image_Franko_4K-scaled.jpg?width=2560&#038;height=980&#038;quality=90\" \/>\n\t\t<img class=\"absolute left-0 top-0 w-full object-cover block\"\n\t\t\tsrc=\"https:\/\/fujifilm-x.b-cdn.net\/wp-content\/uploads\/2026\/03\/hero_image_Franko_4K-scaled.jpg?width=2560&#038;height=980&#038;quality=90\" \n\t\t\tfetchpriority=\"low\"\n\t\t\talt=\"Block Hero Image\"\n\t\t\tloading=\"lazy\" \/>\n\t<\/picture>\n\n\t\n\t<div class=\"inner-content max-w-fujifilm m-auto w-full px-5 md:px-8 py-10 h-full flex flex-col justify-center space-y-1 sm:space-y-2 relative z-10 middle middle-mob center center-mob dark dark-mob\">\n\t\t\t\t\t<span class=\"content font-fjalla-one text-sm sm:text-base text-white block\"><p><img loading=\"lazy\" decoding=\"async\" width=\"268\" height=\"300\" class=\"alignnone size-medium wp-image-353018 aligncenter\" style=\"height: 280px;width: 250px;margin-top: -70px;margin-bottom: 20px\" src=\"https:\/\/fujifilm-x.b-cdn.net\/wp-content\/uploads\/2026\/03\/FUJIKINA_Warsaw2026_logo_white.webp?width=268&#038;height=300\" alt=\"FUJIKINA Warsaw 2026 logo white\" data-recalc-dims=\"1\" \/><\/p>\n<p style=\"text-align: center;color: #a9a9a9\"><strong>[ 12\u201313.06.2026 | 9.30\u201318.30 ]<\/strong><\/p>\n<p>&nbsp;<\/p>\n<\/span>\n\t\t\t\t\t\t<span>\n\t\t\t\t<span class=\"btn bg-white pl-8 pr-11 py-3 mt-3 font-fjalla-one text-base md:text-lg text-black inline-block after:content-[url('..\/images\/svg\/double-arrows.svg')] after:relative after:left-3.5 after:md:-top-[1px] after:inline-block\">Kup Bilet<\/span>\n\t\t\t<\/span>\n\t\t\t<\/div>\n\t\t\t<\/a>\n\t\n\t<\/div>\n\n\n\n<div class=\"wp-block-group alignfull has-white-background-color has-background is-layout-constrained wp-container-core-group-is-layout-f48a9ac1 wp-block-group-is-layout-constrained\" id=\"fujikina\" style=\"padding-top:var(--wp--preset--spacing--60);padding-right:var(--wp--preset--spacing--50);padding-bottom:var(--wp--preset--spacing--60);padding-left:var(--wp--preset--spacing--50)\">\n<div class=\"wp-block-group is-layout-constrained wp-container-core-group-is-layout-094a7bb8 wp-block-group-is-layout-constrained\">\n<div class=\"wp-block-buttons is-content-justification-center is-layout-flex wp-container-core-buttons-is-layout-16018d1d wp-block-buttons-is-layout-flex\">\n<div class=\"wp-block-button is-style-fill\"><a class=\"wp-block-button__link has-red-background-color has-background wp-element-button\" href=\"https:\/\/www.fujifilm-x.com\/pl-pl\/wp-content\/uploads\/2026\/04\/FUJIKINA_Warsaw-2026_AGENDA_f6.pdf\" target=\"_blank\" rel=\"noopener noreferrer noopener\">Zobacz program<\/a><\/div>\n<\/div>\n\n\n\n<div style=\"height:20px\" aria-hidden=\"true\" class=\"wp-block-spacer\"><\/div>\n\n\n\n<p class=\"has-text-align-center\">FUJIKINA to mi\u0119dzynarodowy cykl festiwali fotograficznych organizowanych przez Fujifilm. Warszawa to kolejny przystanek na drodze festiwalu i jeszcze jedno kulturalne centrum m.in. po Tokio, Nowym Jorku, Berlinie, Pradze, Mediolanie czy Barcelonie.<\/p>\n\n\n\n<div style=\"height:20px\" aria-hidden=\"true\" class=\"wp-block-spacer\"><\/div>\n\n\n\n<h2 class=\"wp-block-heading alignwide has-text-align-center has-spacing-extra-large has-no-design mobile-reverse has-red-color has-text-color has-link-color wp-elements-c255e990a39acd527c0585cf0f27a691\"><strong>FUJIKINA Warsaw 2026 odb\u0119dzie si\u0119&nbsp;w dniach 12 \u2013 13 czerwca 2026 roku w Domu Towarowym Braci Jab\u0142kowskich w Warszawie<\/strong>.<\/h2>\n\n\n\n<hr class=\"wp-block-separator has-alpha-channel-opacity faded-separator\"\/>\n\n\n\n<div style=\"height:20px\" aria-hidden=\"true\" class=\"wp-block-spacer\"><\/div>\n\n\n\n<p class=\"has-text-align-center\">Skierowana jest do szerokiego grona entuzjast\u00f3w fotografii \u2013 zapraszamy do\u015bwiadczonych profesjonalist\u00f3w, p\u00f3\u0142profesjonalist\u00f3w oraz amator\u00f3w, kt\u00f3rzy pragn\u0105 rozwija\u0107 swoje umiej\u0119tno\u015bci i poszerza\u0107 wiedz\u0119 w dziedzinie sztuki obrazowania.&nbsp;<\/p>\n\n\n\n<div style=\"height:80px\" aria-hidden=\"true\" class=\"wp-block-spacer\"><\/div>\n\n\n\n<div style=\"height:20px\" aria-hidden=\"true\" class=\"wp-block-spacer\"><\/div>\n<\/div>\n<\/div>\n\n\n\n<div class=\"wp-block-group alignfull has-dark-gray-background-color has-background is-layout-constrained wp-container-core-group-is-layout-fcc72f54 wp-block-group-is-layout-constrained\" id=\"agenda\" style=\"padding-top:var(--wp--preset--spacing--60);padding-right:var(--wp--preset--spacing--50);padding-bottom:var(--wp--preset--spacing--60);padding-left:var(--wp--preset--spacing--50)\">\n<div class=\"wp-block-columns alignwide has-spacing-large has-no-design is-layout-flex wp-container-core-columns-is-layout-9d6595d7 wp-block-columns-is-layout-flex\">\n<div class=\"wp-block-column is-layout-flow wp-block-column-is-layout-flow\">\n<figure class=\"wp-block-image aligncenter size-full is-resized\"><img loading=\"lazy\" decoding=\"async\" width=\"696\" height=\"780\" src=\"https:\/\/fujifilm-x.b-cdn.net\/wp-content\/uploads\/2026\/03\/FUJIKINA_Warsaw2026_logo_black.webp?width=696&amp;height=780\" alt=\"FUJIKINA Warsaw 2026 logo black\" class=\"wp-image-353016\" style=\"width:350px\" srcset=\"https:\/\/fujifilm-x.b-cdn.net\/wp-content\/uploads\/2026\/03\/FUJIKINA_Warsaw2026_logo_black.webp?width=696 696w, https:\/\/fujifilm-x.b-cdn.net\/wp-content\/uploads\/2026\/03\/FUJIKINA_Warsaw2026_logo_black.webp?width=268&amp;height=300 268w, https:\/\/fujifilm-x.b-cdn.net\/wp-content\/uploads\/2026\/03\/FUJIKINA_Warsaw2026_logo_black.webp?width=365&amp;height=409 365w, https:\/\/fujifilm-x.b-cdn.net\/wp-content\/uploads\/2026\/03\/FUJIKINA_Warsaw2026_logo_black.webp?width=600&amp;height=672 600w\" sizes=\"auto, (max-width: 696px) 100vw, 696px\" \/><\/figure>\n<\/div>\n\n\n\n<div class=\"wp-block-column is-layout-flow wp-block-column-is-layout-flow\">\n<h2 class=\"wp-block-heading has-red-color has-text-color has-link-color wp-elements-f24dfce1a5157838d4a69e4939cdd641\">Agenda<\/h2>\n\n\n\n<p>W programie znalaz\u0142y si\u0119 m.in. wystawy, warsztaty oraz prezentacje na \u017cywo. Ka\u017cde spotkanie z fotografi\u0105 b\u0119dzie niepowtarzaln\u0105 okazj\u0105 do poszerzania wiedzy i wymiany do\u015bwiadcze\u0144, pozwoli rozwin\u0105\u0107 umiej\u0119tno\u015bci oraz czerpa\u0107 inspiracj\u0119 z bezpo\u015brednich kontakt\u00f3w z ekspertami i entuzjastami sztuki fotograficznej.<\/p>\n\n\n\n<div style=\"height:20px\" aria-hidden=\"true\" class=\"wp-block-spacer\"><\/div>\n\n\n\n<p>Fujifilm zaprezentuje szerok\u0105 gam\u0119 innowacyjnych rozwi\u0105za\u0144, pocz\u0105wszy od nowoczesnych bezlusterkowych aparat\u00f3w systemowych, po wysokiej klasy obiektywy. Uczestnicy b\u0119d\u0105 mieli okazj\u0119 zapozna\u0107 si\u0119 z flagowymi seriami FUJIFILM X oraz GFX, kt\u00f3re wyr\u00f3\u017cniaj\u0105 si\u0119 nie tylko doskona\u0142\u0105 jako\u015bci\u0105 obrazu, ale r\u00f3wnie\u017c niezawodno\u015bci\u0105 i innowacyjno\u015bci\u0105. Festiwal b\u0119dzie okazj\u0105 do test\u00f3w sprz\u0119tu, rozm\u00f3w z ekspertami oraz poznania tajnik\u00f3w tw\u00f3rczego wykorzystania oferowanych przez Fujifilm produkt\u00f3w.<\/p>\n<\/div>\n<\/div>\n\n\n\n<div style=\"height:40px\" aria-hidden=\"true\" class=\"wp-block-spacer\"><\/div>\n\n\n\n<div style=\"height:40px\" aria-hidden=\"true\" class=\"wp-block-spacer\"><\/div>\n\n\n\n<div class=\"wp-block-essential-blocks-advanced-tabs alignwide  root-eb-advanced-tabs-0nvwg\"><div class=\"eb-parent-wrapper eb-parent-eb-advanced-tabs-0nvwg \"><div class=\"eb-advanced-tabs-0nvwg eb-advanced-tabs-wrapper horizontal \" data-min-height=\"true\"><div class=\"eb-tabs-nav \"><ul class=\"tabTitles\" data-tabs-ul-id=\"eb-advanced-tabs-0nvwg\"><li data-title-tab-id=\"1\" data-title-custom-id=\"\" class=\"active\"><div class=\"tab-title-wrap\"><h6 class=\"tab-title-text\">12 czerwca (pi\u0105tek)<\/h6><\/div><\/li><li data-title-tab-id=\"2\" data-title-custom-id=\"\" class=\"inactive\"><div class=\"tab-title-wrap\"><h6 class=\"tab-title-text\">13 czerwca (sobota)<\/h6><\/div><\/li><\/ul><\/div><div class=\"eb-tabs-contents\">\n<div class=\"eb-tab-wrapper\" data-tab-id=\"1\" data-tab-parent-id=\"eb-advanced-tabs-0nvwg\"><div class=\"eb-tab-inner\">\n<figure class=\"wp-block-table alignfull has-none-or-default\"><table><thead><tr><th>Godzina<\/th><th>Wydarzenie<\/th><th><strong>Prowadz\u0105cy<\/strong><\/th><th><strong>Temat<\/strong><\/th><\/tr><\/thead><tbody><tr><td><strong>10:00-11:00<\/strong><\/td><td><strong>Wyk\u0142ad<\/strong><\/td><td>WhiteSmoke Studio<\/td><td>Luksus autentyczno\u015bci. Portret w starciu z algorytmem.<\/td><\/tr><tr><td><strong><strong><strong>10:00-14:00<\/strong><\/strong><\/strong><\/td><td><strong><strong>Masterclass<\/strong><\/strong><\/td><td>Fundacja Archeologia Fotografii<\/td><td>Drugie \u017cycie negatyw\u00f3w, czyli digitalizacja czarno-bia\u0142ych materia\u0142\u00f3w <br>transparentnych &#8211; warsztat dla muze\u00f3w. Zapisy: fundacja@faf.org.pl<\/td><\/tr><tr><td><strong><strong><strong>10:00-14:00<\/strong><\/strong><\/strong><\/td><td><strong><strong>Masterclass<\/strong><\/strong>*<\/td><td>Tomasz Wilczy\u0144ski &amp; Bartosz H\u0142awka<\/td><td>Opowiadanie obrazem \u2013 wsp\u00f3\u0142praca re\u017cysera i operatora.<\/td><\/tr><tr><td><strong><strong><strong>10:00-11:30<\/strong><\/strong><\/strong><\/td><td><strong><strong><strong>Spacer fotograficzny<\/strong><\/strong><\/strong><\/td><td>Jacek Bonecki<\/td><td>Spacer fotograficzny.<\/td><\/tr><tr><td><strong><strong>10:00-14:00<\/strong><\/strong><\/td><td><strong>Przegl\u0105d portfolio<\/strong><\/td><td>Ewa Meissner<\/td><td>Przegl\u0105d portfolio.<\/td><\/tr><tr><td><strong><strong>10:30-14:30<\/strong><\/strong><\/td><td><strong><strong>Masterclass<\/strong><\/strong>*<\/td><td>Wiktor Franko<\/td><td>Czego szukamy w portrecie?<\/td><\/tr><tr><td><strong><strong>11:30-12:30<\/strong><\/strong><\/td><td><strong><strong>Wyk\u0142ad<\/strong><\/strong><\/td><td>Tomasz Lazar<\/td><td>Historia cz\u0142owieka zamkni\u0119ta w obrazie.<\/td><\/tr><tr><td><strong><strong>11:30-13:00<\/strong><\/strong><\/td><td><strong><strong>Spacer fotograficzny<\/strong><\/strong><\/td><td>Bartek Warzecha<\/td><td>Spacer fotograficzny.<\/td><\/tr><tr><td><strong><strong>13:00-14:00<\/strong><\/strong><\/td><td><strong><strong>Wyk\u0142ad<\/strong><\/strong><\/td><td>Szymon Kobusi\u0144ski &amp; Monika Szewczyk<\/td><td>P\u0142ynna pami\u0119\u0107.<\/td><\/tr><tr><td><strong><strong>13:00-14:30<\/strong><\/strong><\/td><td><strong><strong><strong><strong>Spacer fotograficzny<\/strong><\/strong><\/strong><\/strong><\/td><td>Pawe\u0142 Kosicki<\/td><td>Spacer fotograficzny.<\/td><\/tr><tr><td><strong>14:00-18:30<\/strong><\/td><td><strong>Przegl\u0105d portfolio<\/strong><\/td><td>Wojtek Wieteska<\/td><td>Przegl\u0105d portfolio.<\/td><\/tr><tr><td><strong><strong>14:30-15.30<\/strong><\/strong><\/td><td><strong><strong>Wyk\u0142ad<\/strong><\/strong><\/td><td>Bownik<\/td><td>Fotografia w przestrzeni sztuki wsp\u00f3\u0142czesnej.<\/td><\/tr><tr><td><strong>14:30-16:00<\/strong><\/td><td><strong><strong><strong><strong>Spacer fotograficzny<\/strong><\/strong><\/strong><\/strong><\/td><td>Bartek Warzecha<\/td><td>Spacer fotograficzny.<\/td><\/tr><tr><td><strong><strong>15:00-19:00<\/strong><\/strong><\/td><td><strong>Masterclass<\/strong>*<\/td><td>Tomasz Tomkowiak<\/td><td>Portret i atmosfera \u2013 warsztaty fotografii z modelk\u0105.<\/td><\/tr><tr><td><strong>15:00-19:00<\/strong><\/td><td><strong>Masterclass<\/strong>*<\/td><td>WhiteSmoke Studio<\/td><td>Spotkanie po obu stronach obiektywu. Praktyka portretu.<\/td><\/tr><tr><td><strong>16:00-17:00<\/strong><\/td><td><strong>Wyk\u0142ad<\/strong><\/td><td>Tomek Sikora &amp; Monika Szewczyk<\/td><td>\u201eBezkrwawe polowanie\u201d, czyli co decyduje o sukcesie w fotografii ulicznej?<\/td><\/tr><tr><td><strong>17:15-18:15<\/strong><\/td><td><strong>Wyk\u0142ad<\/strong><\/td><td>Szymon Szcze\u015bniak<\/td><td>Jako portreci\u015bci odbijamy si\u0119 w oczach portretowanej osoby.<\/td><\/tr><tr><td><strong>18:30-19.30<\/strong><\/td><td><strong>Wyk\u0142ad<\/strong><\/td><td>48HR Film Project<\/td><td>Pokaz film\u00f3w i og\u0142oszenie nagrody w konkursie specjalnym Fujifilm.<\/td><\/tr><tr><td><strong>16:00-17:30<\/strong><\/td><td><strong><strong><strong><strong>Spacer fotograficzny<\/strong><\/strong><\/strong><\/strong><\/td><td>Ewa Meissner<\/td><td>Spacer fotograficzny.<\/td><\/tr><\/tbody><\/table><\/figure>\n<\/div><\/div>\n\n\n\n<div class=\"eb-tab-wrapper\" data-tab-id=\"2\" data-tab-parent-id=\"eb-advanced-tabs-0nvwg\"><div class=\"eb-tab-inner\">\n<figure class=\"wp-block-table alignfull has-none-or-default\"><table><thead><tr><th>Godzina<\/th><th>Wydarzenie<\/th><th><strong>Prowadz\u0105cy<\/strong><\/th><th><strong>Temat<\/strong><\/th><\/tr><\/thead><tbody><tr><td><strong>09:00-13:00<\/strong><\/td><td><strong>Masterclass<\/strong>*<\/td><td>Szymon Szcze\u015bniak<\/td><td>Portret jako spotkanie z drugim cz\u0142owiekiem oraz samym sob\u0105.<\/td><\/tr><tr><td><strong>10:00-11:00<\/strong><\/td><td><strong>Wyk\u0142ad<\/strong><\/td><td>Rafa\u0142 Milach<\/td><td>Po co ksi\u0105\u017cka?<\/td><\/tr><tr><td><strong><strong>10:00-11:30<\/strong><\/strong><\/td><td><strong><strong><strong>Spacer fotograficzny<\/strong><\/strong><\/strong><\/td><td>Pawe\u0142 Kosicki<\/td><td>Spacer fotograficzny.<\/td><\/tr><tr><td><strong>10:00-15:00<\/strong><\/td><td><strong>Przegl\u0105d portfolio<\/strong><\/td><td>Marcin Kruk<\/td><td>Przegl\u0105d portfolio.<\/td><\/tr><tr><td><strong><strong>10:30-15:00<\/strong><\/strong><\/td><td><strong><strong><strong>Masterclass<\/strong><\/strong><\/strong>*<\/td><td>Maksymilian Rigamonti<\/td><td>\u201ePanta rhei\u201d \u2013 fotowarsztaty na \u0142odzi.<\/td><\/tr><tr><td><strong>11:00-15:00<\/strong><\/td><td><strong>Masterclass<\/strong>*<\/td><td>Silvia Pogoda<\/td><td>Reading Photographs.<\/td><\/tr><tr><td><strong>11:30-12.30<\/strong><\/td><td><strong>Wyk\u0142ad<\/strong><\/td><td>Maciej Moskwa<\/td><td>Powr\u00f3t do Syrii.<\/td><\/tr><tr><td><strong>11:30-13:00<\/strong><\/td><td><strong><strong><strong>Spacer fotograficzny<\/strong><\/strong><\/strong><\/td><td>Ewa Meissner<\/td><td>Spacer fotograficzny.<\/td><\/tr><tr><td><strong>13:00-14:00<\/strong><\/td><td><strong>Wyk\u0142ad<\/strong><\/td><td>Micha\u0142 Siarek<\/td><td>W stron\u0119 latarni morskich.<\/td><\/tr><tr><td><strong>13:00-14:30<\/strong><\/td><td><strong><strong><strong>Spacer fotograficzny<\/strong><\/strong><\/strong><\/td><td>Jacek Marczewski<\/td><td>Spacer fotograficzny.<\/td><\/tr><tr><td><strong>14:00-18:00<\/strong><\/td><td><strong>Masterclass<\/strong>*<\/td><td>Tomasz Lazar<\/td><td>Portret \u2013 pomi\u0119dzy kreacj\u0105 a narracj\u0105.<\/td><\/tr><tr><td><strong>14:00-18:00<\/strong><\/td><td><strong>Przegl\u0105d portfolio<\/strong><\/td><td>Szymon Kobusi\u0144ski<\/td><td>Przegl\u0105d portfolio.<\/td><\/tr><tr><td><strong>14:30-15.30<\/strong><\/td><td><strong>Wyk\u0142ad<\/strong><\/td><td>Dariusz Og\u0142oza<\/td><td>Pi\u00f3rem i Pazurem \u2013 wild life.<\/td><\/tr><tr><td><strong>14:30-16:00<\/strong><\/td><td><strong><strong><strong>Spacer fotograficzny<\/strong><\/strong><\/strong><\/td><td>Jacek Bonecki<\/td><td>Spacer fotograficzny.<\/td><\/tr><tr><td><strong>16:00-17:00<\/strong><\/td><td><strong>Wyk\u0142ad<\/strong><\/td><td>Karolina Jonderko &amp; Rafa\u0142 Sieradzki<\/td><td>Daleko od komfortu. Film i fotografia w warunkach granicznych.<\/td><\/tr><tr><td><strong>16:00-17:30<\/strong><\/td><td><strong><strong><strong>Spacer fotograficzny<\/strong><\/strong><\/strong><\/td><td>Jacek Marczewski<\/td><td>Spacer fotograficzny.<\/td><\/tr><tr><td><strong>17:30-18:30<\/strong><\/td><td><strong>Wyk\u0142ad<\/strong><\/td><td>Wiktor Franko<\/td><td>Portret, kolor, przestrze\u0144 \u2013 moje fotografowanie z Fujifilm.<\/td><\/tr><\/tbody><\/table><\/figure>\n<\/div><\/div>\n<\/div><\/div><\/div><\/div>\n\n\n\n<p><strong>*Warsztaty fotograficzne Masterclass s\u0105 dodatkowo p\u0142atne, za wyj\u0105tkiem warsztat\u00f3w z digitalizacji negatyw\u00f3w. Obowi\u0105zuje oddzielny bilet.<\/strong><\/p>\n<\/div>\n\n\n\n<div class=\"wp-block-group alignfull has-white-background-color has-background is-layout-constrained wp-container-core-group-is-layout-f48a9ac1 wp-block-group-is-layout-constrained\" id=\"wyklady\" style=\"padding-top:var(--wp--preset--spacing--60);padding-right:var(--wp--preset--spacing--50);padding-bottom:var(--wp--preset--spacing--60);padding-left:var(--wp--preset--spacing--50)\">\n<div style=\"height:40px\" aria-hidden=\"true\" class=\"wp-block-spacer\"><\/div>\n\n\n\n<div class=\"wp-block-columns alignwide has-spacing-large has-no-design is-layout-flex wp-container-core-columns-is-layout-9d6595d7 wp-block-columns-is-layout-flex\">\n<div class=\"wp-block-column is-layout-flow wp-block-column-is-layout-flow\">\n<h2 class=\"wp-block-heading has-red-color has-text-color has-link-color wp-elements-71d4edaa4275c37435ca21fb9b5a64d8\"><strong>Wyk\u0142ady<\/strong><\/h2>\n\n\n\n<p>Zapraszamy do poszerzenia fotograficznych horyzont\u00f3w i zanurzenia si\u0119 w \u015bwiat inspiracji dzi\u0119ki spotkaniom z wybitnymi specjalistami z dziedziny fotografii. Wyk\u0142ady pozwol\u0105 zg\u0142\u0119bi\u0107 wiedz\u0119 i zdoby\u0107 nowe umiej\u0119tno\u015bci \u2013 uznani eksperci, kt\u00f3rzy je poprowadz\u0105, dzi\u0119ki swojemu do\u015bwiadczeniu i pasji przeka\u017c\u0105 nie tylko wiedz\u0119 techniczn\u0105, ale tak\u017ce podziel\u0105 si\u0119 swoj\u0105 artystyczn\u0105 wra\u017cliwo\u015bci\u0105.<\/p>\n\n\n\n<div style=\"height:20px\" aria-hidden=\"true\" class=\"wp-block-spacer\"><\/div>\n\n\n\n<p class=\"is-style-default\">Wybitni tw\u00f3rcy opowiedz\u0105 o swoich najnowszych projektach, a tak\u017ce o wyzwaniach, jakie napotykaj\u0105 na zawodowej drodze oraz ods\u0142oni\u0105 sekrety swojego procesu tw\u00f3rczego. B\u0119dzie to o niepowtarzalna okazja, aby pozna\u0107 warsztat mistrz\u00f3w fotografii.<\/p>\n\n\n\n<div style=\"height:20px\" aria-hidden=\"true\" class=\"wp-block-spacer\"><\/div>\n\n\n\n<p>Zapraszamy do aktywnego udzia\u0142u w spotkaniach, kt\u00f3re nie tylko wzbogac\u0105 wiedz\u0119 uczestnik\u00f3w, ale tak\u017ce dostarcz\u0105 inspiracji potrzebnej do rozwoju w\u0142asnych umiej\u0119tno\u015bci. Wyj\u0105tkowa podr\u00f3\u017c przez r\u00f3\u017cnorodne style i techniki pozwoli poszerzy\u0107 artystyczn\u0105 wra\u017cliwo\u015b\u0107 i otworzy\u0107 now\u0105 perspektyw\u0119 na \u015bwiat fotografii.<\/p>\n<\/div>\n\n\n\n<div class=\"wp-block-column is-layout-flow wp-block-column-is-layout-flow\">\n<figure class=\"wp-block-image aligncenter size-full is-resized\"><img loading=\"lazy\" decoding=\"async\" width=\"1024\" height=\"683\" src=\"https:\/\/fujifilm-x.b-cdn.net\/wp-content\/uploads\/2026\/03\/medium-XF23mmF2.8_KV_Noah-Gullage_9.jpg?width=1024&#038;height=683\" alt=\"\" class=\"wp-image-353549\" style=\"aspect-ratio:1.3333333333333333;object-fit:cover;width:547px;height:auto\" srcset=\"https:\/\/fujifilm-x.b-cdn.net\/wp-content\/uploads\/2026\/03\/medium-XF23mmF2.8_KV_Noah-Gullage_9.jpg?width=1024 1024w, https:\/\/fujifilm-x.b-cdn.net\/wp-content\/uploads\/2026\/03\/medium-XF23mmF2.8_KV_Noah-Gullage_9.jpg?width=300&amp;height=200 300w, https:\/\/fujifilm-x.b-cdn.net\/wp-content\/uploads\/2026\/03\/medium-XF23mmF2.8_KV_Noah-Gullage_9.jpg?width=768&amp;height=512 768w, https:\/\/fujifilm-x.b-cdn.net\/wp-content\/uploads\/2026\/03\/medium-XF23mmF2.8_KV_Noah-Gullage_9.jpg?width=400&amp;height=267 400w, https:\/\/fujifilm-x.b-cdn.net\/wp-content\/uploads\/2026\/03\/medium-XF23mmF2.8_KV_Noah-Gullage_9.jpg?width=365&amp;height=243 365w, https:\/\/fujifilm-x.b-cdn.net\/wp-content\/uploads\/2026\/03\/medium-XF23mmF2.8_KV_Noah-Gullage_9.jpg?width=600&amp;height=400 600w, https:\/\/fujifilm-x.b-cdn.net\/wp-content\/uploads\/2026\/03\/medium-XF23mmF2.8_KV_Noah-Gullage_9.jpg?width=717&amp;height=478 717w, https:\/\/fujifilm-x.b-cdn.net\/wp-content\/uploads\/2026\/03\/medium-XF23mmF2.8_KV_Noah-Gullage_9.jpg?width=936&amp;height=624 936w\" sizes=\"auto, (max-width: 1000px) 100vw, 1000px\" data-recalc-dims=\"1\" \/><\/figure>\n<\/div>\n<\/div>\n\n\n\n<div style=\"height:40px\" aria-hidden=\"true\" class=\"wp-block-spacer\"><\/div>\n\n\n\n<div class=\"wp-block-essential-blocks-advanced-tabs alignwide  root-eb-advanced-tabs-22cbd\"><div class=\"eb-parent-wrapper eb-parent-eb-advanced-tabs-22cbd \"><div class=\"eb-advanced-tabs-22cbd eb-advanced-tabs-wrapper horizontal \" data-min-height=\"true\"><div class=\"eb-tabs-nav \"><ul class=\"tabTitles\" data-tabs-ul-id=\"eb-advanced-tabs-22cbd\"><li data-title-tab-id=\"1\" data-title-custom-id=\"\" class=\"active\"><div class=\"tab-title-wrap\"><h6 class=\"tab-title-text\">12 czerwca<\/h6><\/div><\/li><li data-title-tab-id=\"2\" data-title-custom-id=\"\" class=\"inactive\"><div class=\"tab-title-wrap\"><h6 class=\"tab-title-text\">13 czerwca<\/h6><\/div><\/li><\/ul><\/div><div class=\"eb-tabs-contents\">\n<div class=\"eb-tab-wrapper\" data-tab-id=\"1\" data-tab-parent-id=\"eb-advanced-tabs-22cbd\"><div class=\"eb-tab-inner\">\n<figure class=\"wp-block-table alignfull has-none-or-default is-style-regular\"><table><thead><tr><th>Godzina<\/th><th><strong>Prowadz\u0105cy<\/strong><\/th><th><strong>Temat<\/strong><\/th><\/tr><\/thead><tbody><tr><td><strong>10:00-11:00<\/strong><\/td><td>Dorota Kaszuba i Micha\u0142 Warda, WhiteSmoke Studio<\/td><td><strong><strong>Luksus autentyczno\u015bci. Portret w starciu z algorytmem.<\/strong><br><\/strong>Algorytmy s\u0105 w stanie w cztery sekundy wygenerowa\u0107 idealn\u0105, symetryczn\u0105 twarz modela. Je\u015bli technologia pozwala tak szybko wyprodukowa\u0107 obraz bez skazy, to idea\u0142 okazuje si\u0119 prze\u017cytkiem. Walut\u0105 w rywalizacji o klienta staj\u0105 si\u0119, zamiast niego, prawda i niedoskona\u0142o\u015b\u0107. Wyk\u0142ad analizuje r\u00f3\u017cnic\u0119 mi\u0119dzy syntetycznym obrazem a fotografi\u0105 dokumentuj\u0105c\u0105 realne spotkanie. Przekonaj si\u0119, jak \u015bwiadoma rezygnacja z kontroli nad ka\u017cdym pikselem oraz pr\u00f3by uwiecznienia autentycznych emocji prze\u0142o\u017c\u0105 si\u0119 na rynkowy sukces. Prelekcja dla os\u00f3b, kt\u00f3re nie chc\u0105 \u015bciga\u0107 si\u0119 z technologi\u0105, bo wol\u0105 oprze\u0107 sw\u00f3j biznes na autentyczno\u015bci.<\/td><\/tr><tr><td><strong>11:30-12.30<\/strong><\/td><td>Tomasz Lazar<\/td><td><strong>Historia cz\u0142owieka zamkni\u0119ta w obrazie.<\/strong><br>To refleksja nad fotografi\u0105 jako narz\u0119dziem wnikliwej obserwacji cz\u0142owieka i jego wewn\u0119trznych prze\u017cy\u0107. Autor analizuje w jaki spos\u00f3b obraz mo\u017ce sta\u0107 si\u0119 zapisem to\u017csamo\u015bci, do\u015bwiadcze\u0144 i emocji, wykraczaj\u0105c przy tym poza czyst\u0105 dokumentacj\u0119 rzeczywisto\u015bci. Tomasz Lazar prezentuje opowie\u015b\u0107 o fotografii jako medium, kt\u00f3re \u2013 pokazuj\u0105c \u015bwiat \u2013 ods\u0142ania relacje mi\u0119dzy widzialnym a ukrytym.<\/td><\/tr><tr><td><strong>13:00-14:00<\/strong><\/td><td>Szymon Kobusi\u0144ski &amp; Monika Szewczyk<\/td><td><strong>P\u0142ynna pami\u0119\u0107.<\/strong><br>W rozmowie Szymon opowie o swojej metodzie pracy opartej na rejestracji transformacji zachodz\u0105cych w czasie rzeczywistym: obiekty trac\u0105 swoj\u0105 materialn\u0105 stabilno\u015b\u0107, a obraz utrwala momenty przej\u015bcia mi\u0119dzy fizyczn\u0105 obecno\u015bci\u0105 a rozpadem. Artysta pokazuje, jak technologia fotografii i wideo rozmijaj\u0105 si\u0119 z pe\u0142n\u0105 kontrol\u0105 obiektu, intencja projektowa negocjuje z autonomi\u0105 medium, a pami\u0119\u0107 dzia\u0142a nie jako sta\u0142e archiwum, lecz jako proces ci\u0105g\u0142ej rekonfiguracji.<br>Szymon Kobusi\u0144ski rozwija praktyk\u0119 fotograficzn\u0105 i wideo, w kt\u00f3rej woda jest aktywnym elementem procesu tw\u00f3rczego. Jego podej\u015bcie wykracza poza dokumentacj\u0119. Woda staje si\u0119 tu wsp\u00f3\u0142autorem \u2013 modyfikuje obiekty, destabilizuje ich form\u0119, generuje stany zawieszenia.<\/td><\/tr><tr><td><strong>14:30-15.30<\/strong><\/td><td>Bownik<\/td><td><strong><strong>Fotografia w przestrzeni sztuki wsp\u00f3\u0142czesnej.<\/strong><br><\/strong>Wyk\u0142ad b\u0119dzie dotyczy\u0142 miejsca fotografii w polu sztuki na przyk\u0142adzie indywidualnego j\u0119zyka autorskiego. Poka\u017ce, w jaki spos\u00f3b artysta buduje w\u0142asny, rozpoznawalny spos\u00f3b pracy poprzez wyb\u00f3r tematu, skali, techniki i sposobu prezentacji. Wsp\u00f3lnie zastanowimy si\u0119, jak fotografia mo\u017ce wykracza\u0107 poza dokumentowanie rzeczywisto\u015bci i stawa\u0107 si\u0119 \u015bwiadomym narz\u0119dziem tworzenia znacze\u0144.<\/td><\/tr><tr><td><strong>16:00-17:00<\/strong><\/td><td>Tomek Sikora &amp; Monika Szewczyk<\/td><td><strong>\u201eBezkrwawe polowanie\u201d, czyli co decyduje o sukcesie w fotografii ulicznej?<\/strong><br>O tym, co decyduje o sukcesie w fotografii ulicznej i nie tylko, w rozmowie z Monik\u0105 Szewczyk opowie Tomek Sikora.<\/td><\/tr><tr><td><strong>17:15-18:15<\/strong><\/td><td>Szymon Szcze\u015bniak<\/td><td><strong>Jako portreci\u015bci odbijamy si\u0119 w oczach portretowanej osoby. <\/strong><br>Jeste\u015bmy dla naszych bohater\u00f3w lustrem. Je\u015bli tak, to rozw\u00f3j i stawanie si\u0119 lepszymi, bardziej interesuj\u0105cymi lud\u017ami, czyni nas r\u00f3wnie\u017c lepszymi portrecistami.<br>Podczas wyk\u0142adu Szymon Szcze\u015bniak podzieli si\u0119 r\u00f3wnie\u017c swoim podej\u015bciem do fotografii komercyjnej i artystycznej, opowie o kulisach pracy z gwiazdami, zdradzi tajniki swojej pracy, kt\u00f3re pozwoli\u0142y mu osi\u0105gn\u0105\u0107 sukces w bran\u017cy.<\/td><\/tr><tr><td><strong>18:30-19.30<\/strong><\/td><td>48HR Film Project<\/td><td><strong>Pokaz film\u00f3w i og\u0142oszenie nagrody w konkursie specjalnym Fujifilm.<\/strong><\/td><\/tr><\/tbody><\/table><\/figure>\n<\/div><\/div>\n\n\n\n<div class=\"eb-tab-wrapper\" data-tab-id=\"2\" data-tab-parent-id=\"eb-advanced-tabs-22cbd\"><div class=\"eb-tab-inner\">\n<figure class=\"wp-block-table alignfull has-none-or-default is-style-regular\"><table><thead><tr><th>Godzina<\/th><th><strong>Prowadz\u0105cy<\/strong><\/th><th><strong>Temat<\/strong><\/th><\/tr><\/thead><tbody><tr><td><strong>10:00-11:00<\/strong><\/td><td>Rafa\u0142 Milach<\/td><td><strong>Po co ksi\u0105\u017cka?<\/strong><br>O szczeg\u00f3lnej relacji fotografii z materialn\u0105 form\u0105 publikacji w kontek\u015bcie \u015brodowiska cyfrowego, ze szczeg\u00f3lnym uwzgl\u0119dnieniem mo\u017cliwo\u015bci i ogranicze\u0144 medium ksi\u0105\u017cki, jej uwarunkowa\u0144 przestrzennych oraz praktyk spowolnionej, refleksyjnej lektury obraz\u00f3w i gest\u00f3w.<\/td><\/tr><tr><td><strong>11:30-12.30<\/strong><\/td><td>Maciej Moskwa<\/td><td><strong>Powr\u00f3t do Syrii.<\/strong><br>Wyk\u0142ad podsumowuje kilkana\u015bcie lat pracy dokumentalisty w targanej przemianami politycznymi Syrii: od wybuchu Arabskiej Wiosny, przez czasy konfliktu wewn\u0119trznego migracji a\u017c po upadek dyktatury. W 2025 roku autor odwiedzi\u0142 Syri\u0119 trzykrotnie, zbieraj\u0105c materia\u0142 do kolejnej ksi\u0105\u017cki, w kt\u00f3rej po\u0142\u0105czy fotografi\u0119 dokumentaln\u0105 z miniaturami reporta\u017cowymi autorstwa Rafa\u0142a Grzeni.<\/td><\/tr><tr><td><strong>13:00-14:00<\/strong><\/td><td>Micha\u0142 Siarek<\/td><td><strong>W stron\u0119 latarni morskich.<\/strong><br>Propozycja pracy w latarni morskiej to dla fotografa wyj\u0105tkowa szansa \u2013 dzi\u0119ki niej trafi\u0142em mi\u0119dzy innymi na latarniany okr\u0119t serwisowy oraz do \u015brodka wyspiarskich spo\u0142eczno\u015bci, gdzie wszystko jest w mniejszej, bardziej ludzkiej skali.<\/td><\/tr><tr><td><strong>14:30-15.30<\/strong><\/td><td>Dariusz Og\u0142oza<\/td><td><strong>Pi\u00f3rem i Pazurem \u2013 wild life<\/strong>.<br>B\u0142oto, mr\u00f3z, brak zasi\u0119gu i kilogramy sprz\u0119tu na plecach \u2013 fotografia przyrodnicza w trudnym terenie to wyzwanie zar\u00f3wno dla cia\u0142a, jak i dla sprz\u0119tu. Przyjd\u017a i dowiedz si\u0119, w jaki spos\u00f3b nie tylko przetrwa\u0107 w dziczy, ale wr\u00f3ci\u0107 z niej z zapieraj\u0105cym dech w piersiach materia\u0142em. Poznaj kulisy pracy fotografa, dla kt\u00f3rego nie ma czego\u015b takiego jak z\u0142a pogoda, a prawdziwa przygoda zaczyna si\u0119 tam, gdzie ko\u0144czy si\u0119 zasi\u0119g Wi-Fi.<\/td><\/tr><tr><td><strong>16:00-17:00<\/strong><\/td><td>Karolina Jonderko &amp; Rafa\u0142 Sieradzki<\/td><td><strong>Daleko od komfortu. Film i fotografia w warunkach granicznych.<\/strong><br>Podczas spotkania opowiemy o pracy fotografki i filmowca w miejscach oddalonych od cywilizacji, gdzie warunki terenowe i pogodowe staj\u0105 si\u0119 realnym wyzwaniem zar\u00f3wno dla ludzi, jak i sprz\u0119tu. Na przyk\u0142adach wypraw do p\u00f3\u0142nocnej Europy, Islandii i park\u00f3w narodowych Stan\u00f3w Zjednoczonych poka\u017cemy, jak przygotowa\u0107 si\u0119 do realizacji projekt\u00f3w w terenie oraz podejmowa\u0107 \u015bwiadome decyzje dotycz\u0105ce u\u017cywania i zabezpieczania sprz\u0119tu. Wyk\u0142ad b\u0119dzie okazj\u0105 do zajrzenia za kulisy pracy poza utartymi szlakami oraz uzyskania praktycznych wskaz\u00f3wek przydatnych przy planowaniu w\u0142asnych wypraw i projekt\u00f3w dokumentalnych.<\/td><\/tr><tr><td><strong>17:30-18:30<\/strong><\/td><td>Wiktor Franko<\/td><td><strong>Portret, kolor, przestrze\u0144 \u2013 moje fotografowanie z Fujifilm.<\/strong><br>Opowiem o nowych projektach zdj\u0119ciowych wykonanych razem z Fujifilm Polska, realizowanych na Fuerteventurze i Islandii oraz instaxowym projekcie z Los Angeles. Poka\u017c\u0119, jak kolor i przestrze\u0144 wp\u0142ywaj\u0105 na narracj\u0119 obrazu oraz w jaki spos\u00f3b dobieram sprz\u0119t do konkretnych warunk\u00f3w i historii. Opowiem o pracy w zmiennym \u015bwietle oraz o tym, jak wykorzystuj\u0119 je do budowania nastroju w portrecie. Podziel\u0119 si\u0119 tak\u017ce kulisami wsp\u00f3\u0142pracy przy projektach realizowanych w tak r\u00f3\u017cnych wizualnie miejscach oraz refleksj\u0105 nad tym, jak podr\u00f3\u017c wp\u0142ywa na moje postrzeganie fotografii.<\/td><\/tr><\/tbody><\/table><\/figure>\n<\/div><\/div>\n<\/div><\/div><\/div><\/div>\n<\/div>\n\n\n\n<div id=\"spacery-fotograficzne\" class=\"wp-block-group is-layout-constrained wp-container-core-group-is-layout-23522ca3 wp-block-group-is-layout-constrained\" style=\"padding-top:var(--wp--preset--spacing--60);padding-right:var(--wp--preset--spacing--50);padding-bottom:var(--wp--preset--spacing--60);padding-left:var(--wp--preset--spacing--50)\">\n<div class=\"wp-block-columns has-spacing-extra-large has-no-design is-layout-flex wp-container-core-columns-is-layout-9d6595d7 wp-block-columns-is-layout-flex\">\n<div class=\"wp-block-column is-vertically-aligned-top first-one is-layout-flow wp-block-column-is-layout-flow\">\n<div class=\"wp-block-group is-content-justification-right is-layout-constrained wp-container-core-group-is-layout-07b51d56 wp-block-group-is-layout-constrained\">\n<h2 class=\"wp-block-heading mb-text-center has-red-color has-text-color has-link-color wp-elements-0f0c190c51ab40263d1d49f3a1057437\">Spacery fotograficzne<\/h2>\n\n\n\n<p>Spacer fotograficzny potrwa oko\u0142o 90 minut.<\/p>\n\n\n\n<p>Na spacery fotograficzne zapisy prowadzone b\u0119d\u0105 w dniu spaceru na targach. Obowi\u0105zuje kolejno\u015b\u0107 zg\u0142osze\u0144 i limit 20 os\u00f3b\/spacer.<\/p>\n\n\n\n<div style=\"height:24px\" aria-hidden=\"true\" class=\"wp-block-spacer\"><\/div>\n\n\n\n<figure class=\"wp-block-table alignfull has-none-or-default\"><table><tbody><tr><td><strong>12 czerwca \/ 10:00-11:30<\/strong><\/td><td>Jacek Bonecki<\/td><\/tr><tr><td><strong><strong>12 czerwca<\/strong> \/ 11:30-13:00<\/strong><\/td><td>Bartek Warzecha<\/td><\/tr><tr><td><strong><strong>12 czerwca<\/strong> \/ 13:00-14:30<\/strong><\/td><td>Pawe\u0142 Kosicki<\/td><\/tr><tr><td><strong>1<strong>2 czerwca<\/strong> \/ 14:30-16:00<\/strong><\/td><td>Bartek Warzecha<\/td><\/tr><tr><td><strong>1<strong>2 czerwca<\/strong><\/strong> <strong>\/ 16:00-17:30<\/strong><\/td><td>Ewa Meissner<\/td><\/tr><tr><td><\/td><td><\/td><\/tr><tr><td><\/td><td><\/td><\/tr><tr><td><strong>1<strong>3 czerwca<\/strong><\/strong> <strong>\/ 10:00-11:30<\/strong><\/td><td>Pawe\u0142 Kosicki<\/td><\/tr><tr><td><strong>1<strong>3 czerwca<\/strong><\/strong> <strong>\/ 11:30-13:00<\/strong><\/td><td>Ewa Meissner<\/td><\/tr><tr><td><strong>1<strong>3 czerwca<\/strong><\/strong> <strong>\/ 13:00-14:30<\/strong><\/td><td>Jacek Marczewski<\/td><\/tr><tr><td><strong>1<strong>3 czerwca<\/strong><\/strong> <strong>\/ 14:30-16:00<\/strong><\/td><td>Jacek Bonecki<\/td><\/tr><tr><td><strong>1<strong>3 czerwca<\/strong><\/strong> <strong>\/ 16:00-17:30<\/strong><\/td><td>Jacek Marczewski<\/td><\/tr><\/tbody><\/table><\/figure>\n<\/div>\n<\/div>\n\n\n\n<div class=\"wp-block-column is-vertically-aligned-bottom second-one is-layout-flow wp-block-column-is-layout-flow\">\n\t<div id=\"block_9a5f5bc5e83033b19e69346b4f2ea894\" class=\"wp-block wp-block-slider--slick block-artist-text-image-slider no-align block relative\">\n\t\t<div class=\"slider-wrapper wrapper\" data-settings='{\"infinite\":true,\"autoplay\":false,\"slidesToShow\":1,\"slidesToScroll\":1,\"swipe\":false,\"arrows\":true,\"prevArrow\":\"#block_9a5f5bc5e83033b19e69346b4f2ea894.block-artist-text-image-slider .swiper-button-prev\",\"nextArrow\":\"#block_9a5f5bc5e83033b19e69346b4f2ea894.block-artist-text-image-slider .swiper-button-next\",\"speed\":500,\"rows\":0,\"fade\":true,\"pauseOnFocus\":false,\"pauseOnHover\":false}'>\n\t\t\t\t\t\t\t\n\t\t\t\t<div class=\"artist__slide\">\n\t\t\t\t\t<div class=\"artist__image\">\n\t\t\t\t\t\t<img decoding=\"async\" width=\"550\" height=\"516\" src=\"https:\/\/fujifilm-x.b-cdn.net\/wp-content\/uploads\/2026\/03\/Ewa-Meissner-portret-Fujifilm.jpg?fit=550,516\" class=\"w-full object-cover\" alt=\"\" loading=\"lazy\" srcset=\"https:\/\/fujifilm-x.b-cdn.net\/wp-content\/uploads\/2026\/03\/Ewa-Meissner-portret-Fujifilm.jpg?width=300&amp;height=282 300w, https:\/\/fujifilm-x.b-cdn.net\/wp-content\/uploads\/2026\/03\/Ewa-Meissner-portret-Fujifilm.jpg?width=319&amp;height=300 319w, https:\/\/fujifilm-x.b-cdn.net\/wp-content\/uploads\/2026\/03\/Ewa-Meissner-portret-Fujifilm.jpg?width=365&amp;height=343 365w, https:\/\/fujifilm-x.b-cdn.net\/wp-content\/uploads\/2026\/03\/Ewa-Meissner-portret-Fujifilm.jpg?width=550&amp;height=516 550w\" sizes=\"auto, (max-width: 550px) 100vw, 550px\" \/>\t\t\t\t\t<\/div>\n\t\t\t\t\t\t\t\t\t\t\t<span class=\"artist__name\">Ewa Meissner<\/span>\n\t\t\t\t\t\t\t\t\t\t\t\t\t\t\t\t<p class=\"artist__text\">Ewa Meissner urodzi\u0142a si\u0119 w 1971 roku w Warszawie.  \r\n\r\nW latach 2000-2005 studiowa\u0142a dziennikarstwo na Wydziale Politologii Collegium Civitas w Warszawie. Wsp\u00f3\u0142za\u0142o\u017cycielka i fotografka dokumentalna agencji Napo Images. Cz\u0142onkini Press Club Polska. Ambasadorka Fujifilm Polska.\r\n \r\nWsp\u00f3\u0142pracowa\u0142a jako kurator i wsp\u00f3\u0142organizator wystaw fotograficznych min. z Centrum Sztuki Wsp\u00f3\u0142czesnej w Warszawie,  Star\u0105 Galeri\u0105 Zwi\u0105zku Polskich Artyst\u00f3w Fotografik\u00f3w w Warszawie, Zamkiem Kr\u00f3lewskim  w Warszawie, Centrum Sztuki i Techniki Japo\u0144skiej &quot;Manngha&quot; w Krakowie, Galeri\u0105 im. Sle\u0144dzi\u0144skich w Bia\u0142ymstoku, Domem Spotka\u0144 z Histori\u0105 w Warszawie,   Ministerstwem Spraw Zagranicznych RP, Fundacj\u0105 Gda\u0144sk\u0105 i Miastem Gda\u0144sk. Od 2010 roku wsp\u00f3\u0142pracuje z Instytutem Dziennikarstwa Uniwersytetu Warszawskiego prowadz\u0105c zaj\u0119cia z fotografii prasowej, historii fotografii mody i historii fotografii japo\u0144skiej. \r\n \r\nFotoedytorka ksi\u0105\u017cek fotograficznych, min. &quot;BEBOK&quot; Karoliny Jonderko, &quot;Echo&quot; Maksymiliana Rigamontiego, &quot;Stos&quot; Maksymiliana Rigamontiego, &quot;Two tailed dog&quot; Micha\u0142a Adamskiego, &quot;Stigmy&quot; Adama Lacha, &quot;Message&quot; Macieja Jeziorka, &quot;Some Things are Quieter Then Others&quot; Jacka Foty, &quot;N.Y.C.#02&quot; Wojtka Wieteski.\r\nAutorka strony Polish Documentary Photography Links (PDPL) na Facebooku promuj\u0105cej polsk\u0105 fotografi\u0119 dokumentaln\u0105. \r\n \r\nJej prace, oscyluj\u0105ce pomi\u0119dzy fotografi\u0105 socjologiczno-dokumentaln\u0105 a fotografi\u0105 streetow\u0105, wystawiane by\u0142y min. w Polsce, Francji, Czechach, Anglii i Stanach Zjednoczonych.<\/p>\n\t\t\t\t\t\t\t\t\t<\/div>\n\n\t\t\t\t\t\t\t\n\t\t\t\t<div class=\"artist__slide\">\n\t\t\t\t\t<div class=\"artist__image\">\n\t\t\t\t\t\t<img decoding=\"async\" width=\"550\" height=\"550\" src=\"https:\/\/fujifilm-x.b-cdn.net\/wp-content\/uploads\/2026\/03\/01_pawel_kosicki_PORTRET.jpg?fit=550,550\" class=\"w-full object-cover\" alt=\"\" loading=\"lazy\" srcset=\"https:\/\/fujifilm-x.b-cdn.net\/wp-content\/uploads\/2026\/03\/01_pawel_kosicki_PORTRET.jpg?width=300&amp;height=300 300w, https:\/\/fujifilm-x.b-cdn.net\/wp-content\/uploads\/2026\/03\/01_pawel_kosicki_PORTRET.jpg?width=150&amp;height=150 150w, https:\/\/fujifilm-x.b-cdn.net\/wp-content\/uploads\/2026\/03\/01_pawel_kosicki_PORTRET.jpg?width=365&amp;height=365 365w, https:\/\/fujifilm-x.b-cdn.net\/wp-content\/uploads\/2026\/03\/01_pawel_kosicki_PORTRET.jpg?width=80&amp;height=80 80w, https:\/\/fujifilm-x.b-cdn.net\/wp-content\/uploads\/2026\/03\/01_pawel_kosicki_PORTRET.jpg?width=550&amp;height=550 550w\" sizes=\"auto, (max-width: 550px) 100vw, 550px\" \/>\t\t\t\t\t<\/div>\n\t\t\t\t\t\t\t\t\t\t\t<span class=\"artist__name\">Pawe\u0142 Kosicki<\/span>\n\t\t\t\t\t\t\t\t\t\t\t\t\t\t\t\t<p class=\"artist__text\">Niezale\u017cny fotograf drogi, cyklista, dawniej reporter i dokumentalista. Przygod\u0119 z fotografi\u0105 rozpocz\u0105\u0142 na pocz\u0105tku lat 90. w tygodniku \u201eWprost\u201d. Jest absolwentem Warszawskiej Szko\u0142y Filmowej, nale\u017cy do Zwi\u0105zku Polskich Artyst\u00f3w Fotografik\u00f3w ZPAF.  Od 15 lat organizuje i prowadzi warsztaty oraz fotograficzne podr\u00f3\u017ce po ca\u0142ym \u015bwiecie. Ambasador Fujifilm.<\/p>\n\t\t\t\t\t\t\t\t\t<\/div>\n\n\t\t\t\t\t\t\t\n\t\t\t\t<div class=\"artist__slide\">\n\t\t\t\t\t<div class=\"artist__image\">\n\t\t\t\t\t\t<img decoding=\"async\" width=\"367\" height=\"550\" src=\"https:\/\/fujifilm-x.b-cdn.net\/wp-content\/uploads\/2026\/03\/Bonecki_portret.jpg?fit=367,550\" class=\"w-full object-cover\" alt=\"\" loading=\"lazy\" srcset=\"https:\/\/fujifilm-x.b-cdn.net\/wp-content\/uploads\/2026\/03\/Bonecki_portret.jpg?width=200&amp;height=300 200w, https:\/\/fujifilm-x.b-cdn.net\/wp-content\/uploads\/2026\/03\/Bonecki_portret.jpg?width=365&amp;height=548 365w, https:\/\/fujifilm-x.b-cdn.net\/wp-content\/uploads\/2026\/03\/Bonecki_portret.jpg?width=367&amp;height=550 367w\" sizes=\"auto, (max-width: 367px) 100vw, 367px\" \/>\t\t\t\t\t<\/div>\n\t\t\t\t\t\t\t\t\t\t\t<span class=\"artist__name\">Jacek Bonecki<\/span>\n\t\t\t\t\t\t\t\t\t\t\t\t\t\t\t\t<p class=\"artist__text\">Fotograf i operator filmowy pracuj\u0105cy na styku dokumentu, eseju wizualnego i fotografii sportowej. Autor ksi\u0105\u017cek, prowadzi tak\u017ce dzia\u0142alno\u015b\u0107 dydaktyczn\u0105 zwi\u0105zan\u0105 z fotografi\u0105, filmem i prac\u0105 ze \u015bwiat\u0142em. Aktualnie realizuje projekty po\u015bwi\u0119cone zjawiskom granicznym, w tym cykl dotycz\u0105cy fotografowania za\u0107mie\u0144 S\u0142o\u0144ca jako wyzwania technicznego i emocjonalnego.\r\nAmbasador Fujifilm.<\/p>\n\t\t\t\t\t\t\t\t\t<\/div>\n\n\t\t\t\t\t\t\t\n\t\t\t\t<div class=\"artist__slide\">\n\t\t\t\t\t<div class=\"artist__image\">\n\t\t\t\t\t\t<img decoding=\"async\" width=\"550\" height=\"367\" src=\"https:\/\/fujifilm-x.b-cdn.net\/wp-content\/uploads\/2026\/03\/Jacek-Marczewski_PORTRET.jpg?fit=550,367\" class=\"w-full object-cover\" alt=\"\" loading=\"lazy\" srcset=\"https:\/\/fujifilm-x.b-cdn.net\/wp-content\/uploads\/2026\/03\/Jacek-Marczewski_PORTRET.jpg?width=300&amp;height=200 300w, https:\/\/fujifilm-x.b-cdn.net\/wp-content\/uploads\/2026\/03\/Jacek-Marczewski_PORTRET.jpg?width=400&amp;height=267 400w, https:\/\/fujifilm-x.b-cdn.net\/wp-content\/uploads\/2026\/03\/Jacek-Marczewski_PORTRET.jpg?width=365&amp;height=243 365w, https:\/\/fujifilm-x.b-cdn.net\/wp-content\/uploads\/2026\/03\/Jacek-Marczewski_PORTRET.jpg?width=550&amp;height=367 550w\" sizes=\"auto, (max-width: 550px) 100vw, 550px\" \/>\t\t\t\t\t<\/div>\n\t\t\t\t\t\t\t\t\t\t\t<span class=\"artist__name\">Jacek Marczewski<\/span>\n\t\t\t\t\t\t\t\t\t\t\t\t\t\t\t\t<p class=\"artist__text\">Fotografuje od pocz\u0105tku lat 80. Plakat jego autorstwa by\u0142  oficjalnym plakatem wybor\u00f3w w 1989 roku. By\u0142 w pierwszym zespole tworz\u0105cym Gazet\u0119 Wyborcz\u0105. Pracuje tam do dzisiaj. Pracowa\u0142 tak\u017ce w \u017byciu Warszawy, Tygodniku Spotkania, Dzienniku Gazecie Prawnej, Wpro\u015bcie, Super Ekspresie. Jest cz\u0142onkiem ZPAF, za\u0142o\u017cycielem Press Club Polska i cz\u0142onkiem Rady Press Club Polska. Tysi\u0105ce godzin sp\u0119dzi\u0142 fotografuj\u0105c ulice Warszawy i innych polskich miast.<\/p>\n\t\t\t\t\t\t\t\t\t<\/div>\n\n\t\t\t\t\t\t\t\n\t\t\t\t<div class=\"artist__slide\">\n\t\t\t\t\t<div class=\"artist__image\">\n\t\t\t\t\t\t<img decoding=\"async\" width=\"367\" height=\"550\" src=\"https:\/\/fujifilm-x.b-cdn.net\/wp-content\/uploads\/2026\/03\/Bartek-Warzecha-zdjecie-autorstwa-Marka-Szczepanskiego.jpg?fit=367,550\" class=\"w-full object-cover\" alt=\"Bartek Warzecha\" loading=\"lazy\" srcset=\"https:\/\/fujifilm-x.b-cdn.net\/wp-content\/uploads\/2026\/03\/Bartek-Warzecha-zdjecie-autorstwa-Marka-Szczepanskiego.jpg?width=200&amp;height=300 200w, https:\/\/fujifilm-x.b-cdn.net\/wp-content\/uploads\/2026\/03\/Bartek-Warzecha-zdjecie-autorstwa-Marka-Szczepanskiego.jpg?width=365&amp;height=546 365w, https:\/\/fujifilm-x.b-cdn.net\/wp-content\/uploads\/2026\/03\/Bartek-Warzecha-zdjecie-autorstwa-Marka-Szczepanskiego.jpg?width=367&amp;height=550 367w\" sizes=\"auto, (max-width: 367px) 100vw, 367px\" \/>\t\t\t\t\t<\/div>\n\t\t\t\t\t\t\t\t\t\t\t<span class=\"artist__name\">Bartek Warzecha<\/span>\n\t\t\t\t\t\t\t\t\t\t\t\t\t\t\t\t<p class=\"artist__text\">Fotograf, tw\u00f3rca wizualny, absolwent Wydzia\u0142u Aktorskiego Akademii Teatralnej im. Aleksandra Zelwerowicza w Warszawie i Programu Mentorskiego Sputnik Photos. Pracuje komercyjnie, jest autorem fotografii do plakat\u00f3w teatralnych i operowych, a tak\u017ce dokumentacji kilkuset spektakli w teatrach dramatycznych, muzycznych i lalkowych. Wsp\u00f3\u0142pracuje z najwa\u017cniejszymi instytucjami kultury. Laureat stypendium M\u0142oda Polska oraz rocznego stypendium tw\u00f3rczego Ministra Kultury i Dziedzictwa Narodowego. Czterokrotny laureat nagrody Klubu Tw\u00f3rc\u00f3w Reklamy KTR, dwukrotny laureat Grand Press Photo. Laureat i dwukrotny finalista og\u00f3lnopolskiego Konkursu Fotografii Teatralnej, a p\u00f3\u017aniej jego juror. Laureat 3 nagrody w konkursie Cover awArts za opraw\u0119 p\u0142yty Expo 2000 ad hoc. Autor trzech wystaw indywidualnych: Pierwsza Generalna, IN\/OUT i RDZA, a tak\u017ce dw\u00f3ch ksi\u0105\u017cek fotograficznych: Bartek Warzecha \/ Przedstawienia oraz RDZA. By\u0142 tutorem w programie Gaude Polonia. Od roku 2025 prowadzi zaj\u0119cia na Wydziale Sztuki Uniwersytetu Jana D\u0142ugosza w Cz\u0119stochowie.<\/p>\n\t\t\t\t\t\t\t\t\t<\/div>\n\n\t\t\t\t\n\t\t<\/div>\n\t\t\n<button class=\"swiper-button-prev button-bg-transparent button-bg-transparent--black-arrow\" type=\"button\">\n\t<span class=\"hidden sm:flex\">\n\t\t\t<span class=\"hidden\" aria-hidden=\"true\" focusable=\"false\">\n\t\t<svg class=\"\" id=\"svg-slick-left-arrow-svg\" xmlns=\"http:\/\/www.w3.org\/2000\/svg\" viewBox=\"0 0 24 22\"><style>.s0{fill:none;stroke-linecap:round;stroke-linejoin:round}<\/style><path fill-rule=\"evenodd\" d=\"M10.1 19.3c-1.5-4.6-4.3-7.8-9-9 4.7-1.1 7.5-4.3 9-8.9\" class=\"s0\"\/><path fill-rule=\"evenodd\" d=\"M1.1 10.3h20.1\" class=\"s0\"\/><\/svg>\t<\/span>\n\t\t\t<svg class=\"svg-slick-left-arrow-svg \"\n\t\t width=\"24\" height=\"22\"\t\talt=\"Svg Slick Left Arrow Svg\"\n\t\trole=\"img\">\n\t\t\t<use href=\"#svg-slick-left-arrow-svg\"\n\t\t\t width=\"24\" height=\"22\"\t\t\t><\/use>\n\t\t<\/svg>\n\t\t<\/span>\n\t<span class=\"flex sm:hidden\">\n\t\t\t\t<svg class=\"svg-slick-left-arrow-svg \"\n\t\t width=\"20\" height=\"18\"\t\talt=\"Svg Slick Left Arrow Svg\"\n\t\trole=\"img\">\n\t\t\t<use href=\"#svg-slick-left-arrow-svg\"\n\t\t\t width=\"20\" height=\"18\"\t\t\t><\/use>\n\t\t<\/svg>\n\t\t<\/span>\n<\/button>\n<button class=\"swiper-button-next button-bg-transparent button-bg-transparent--black-arrow\" type=\"button\">\n\t<span class=\"hidden sm:flex\">\n\t\t\t<span class=\"hidden\" aria-hidden=\"true\" focusable=\"false\">\n\t\t<svg class=\"\" id=\"svg-slick-right-arrow-svg\" xmlns=\"http:\/\/www.w3.org\/2000\/svg\" viewBox=\"0 0 24 22\"><style>.s0{fill:none;stroke-linecap:round;stroke-linejoin:round}<\/style><path fill-rule=\"evenodd\" d=\"M12.4 19.9c1.5-4.6 4.3-7.8 8.9-9-4.6-1.2-7.4-4.3-8.9-8.9\" class=\"s0\"\/><path fill-rule=\"evenodd\" d=\"M21.3 10.9h-20\" class=\"s0\"\/><\/svg>\t<\/span>\n\t\t\t<svg class=\"svg-slick-right-arrow-svg \"\n\t\t width=\"24\" height=\"22\"\t\talt=\"Svg Slick Right Arrow Svg\"\n\t\trole=\"img\">\n\t\t\t<use href=\"#svg-slick-right-arrow-svg\"\n\t\t\t width=\"24\" height=\"22\"\t\t\t><\/use>\n\t\t<\/svg>\n\t\t<\/span>\n\t<span class=\"flex sm:hidden\">\n\t\t\t\t<svg class=\"svg-slick-right-arrow-svg \"\n\t\t width=\"20\" height=\"18\"\t\talt=\"Svg Slick Right Arrow Svg\"\n\t\trole=\"img\">\n\t\t\t<use href=\"#svg-slick-right-arrow-svg\"\n\t\t\t width=\"20\" height=\"18\"\t\t\t><\/use>\n\t\t<\/svg>\n\t\t<\/span>\n<\/button>\n\t<\/div>\n\t<\/div>\n<\/div>\n<\/div>\n\n\n\n<div class=\"wp-block-group alignfull has-dark-gray-background-color has-background is-layout-constrained wp-container-core-group-is-layout-f48a9ac1 wp-block-group-is-layout-constrained\" id=\"masterclass\" style=\"padding-top:var(--wp--preset--spacing--60);padding-right:var(--wp--preset--spacing--50);padding-bottom:var(--wp--preset--spacing--60);padding-left:var(--wp--preset--spacing--50)\">\n<div class=\"wp-block-columns alignwide are-vertically-aligned-top has-spacing-extra-large has-no-design mobile-reverse is-layout-flex wp-container-core-columns-is-layout-9d6595d7 wp-block-columns-is-layout-flex\">\n<div class=\"wp-block-column is-vertically-aligned-top is-layout-flow wp-block-column-is-layout-flow\">\n\t<div id=\"block_aacb3092750973904019f323fdd06230\" class=\"wp-block wp-block-slider--slick block-artist-text-image-slider no-align block relative\">\n\t\t<div class=\"slider-wrapper wrapper\" data-settings='{\"infinite\":true,\"autoplay\":false,\"slidesToShow\":1,\"slidesToScroll\":1,\"swipe\":false,\"arrows\":true,\"prevArrow\":\"#block_aacb3092750973904019f323fdd06230.block-artist-text-image-slider .swiper-button-prev\",\"nextArrow\":\"#block_aacb3092750973904019f323fdd06230.block-artist-text-image-slider .swiper-button-next\",\"speed\":500,\"rows\":0,\"fade\":true,\"pauseOnFocus\":false,\"pauseOnHover\":false}'>\n\t\t\t\t\t\t\t\n\t\t\t\t<div class=\"artist__slide\">\n\t\t\t\t\t<div class=\"artist__image\">\n\t\t\t\t\t\t<img decoding=\"async\" width=\"426\" height=\"550\" src=\"https:\/\/fujifilm-x.b-cdn.net\/wp-content\/uploads\/2026\/03\/portret_szczesniak.jpg?fit=426,550\" class=\"w-full object-cover\" alt=\"\" loading=\"lazy\" srcset=\"https:\/\/fujifilm-x.b-cdn.net\/wp-content\/uploads\/2026\/03\/portret_szczesniak.jpg?width=232&amp;height=300 232w, https:\/\/fujifilm-x.b-cdn.net\/wp-content\/uploads\/2026\/03\/portret_szczesniak.jpg?width=365&amp;height=472 365w, https:\/\/fujifilm-x.b-cdn.net\/wp-content\/uploads\/2026\/03\/portret_szczesniak.jpg?width=426&amp;height=550 426w\" sizes=\"auto, (max-width: 426px) 100vw, 426px\" \/>\t\t\t\t\t<\/div>\n\t\t\t\t\t\t\t\t\t\t\t<span class=\"artist__name\">Szymon Szcze\u015bniak<\/span>\n\t\t\t\t\t\t\t\t\t\t\t\t\t\t\t\t<p class=\"artist__text\">\u201ePortret jako spotkanie z drugim cz\u0142owiekiem oraz samym sob\u0105.\u201d \r\n\r\nPodczas warsztat\u00f3w uczestnicy poznaj\u0105 zaawansowane techniki pracy z modelami, naucz\u0105 si\u0119 budowa\u0107 zaufanie i wydobywa\u0107 autentyczne emocje przed obiektywem. Dowiedz\u0105 si\u0119 te\u017c, jak \u015bwiadomie tworzy\u0107 atmosfer\u0119 sesji zdj\u0119ciowej, by osi\u0105gn\u0105\u0107 zamierzone efekty artystyczne. Spr\u00f3buj\u0105 pracy ze \u015bwiat\u0142em naturalnym oraz sztucznym.<\/p>\n\t\t\t\t\t\t\t\t\t<\/div>\n\n\t\t\t\t\t\t\t\n\t\t\t\t<div class=\"artist__slide\">\n\t\t\t\t\t<div class=\"artist__image\">\n\t\t\t\t\t\t<img decoding=\"async\" width=\"440\" height=\"550\" src=\"https:\/\/fujifilm-x.b-cdn.net\/wp-content\/uploads\/2026\/03\/Tomasz-Lazar-Portret.jpg?fit=440,550\" class=\"w-full object-cover\" alt=\"\" loading=\"lazy\" srcset=\"https:\/\/fujifilm-x.b-cdn.net\/wp-content\/uploads\/2026\/03\/Tomasz-Lazar-Portret.jpg?width=240&amp;height=300 240w, https:\/\/fujifilm-x.b-cdn.net\/wp-content\/uploads\/2026\/03\/Tomasz-Lazar-Portret.jpg?width=365&amp;height=457 365w, https:\/\/fujifilm-x.b-cdn.net\/wp-content\/uploads\/2026\/03\/Tomasz-Lazar-Portret.jpg?width=440&amp;height=550 440w\" sizes=\"auto, (max-width: 440px) 100vw, 440px\" \/>\t\t\t\t\t<\/div>\n\t\t\t\t\t\t\t\t\t\t\t<span class=\"artist__name\">Tomasz Lazar<\/span>\n\t\t\t\t\t\t\t\t\t\t\t\t\t\t\t\t<p class=\"artist__text\">\u201ePortret \u2013 pomi\u0119dzy kreacj\u0105 a narracj\u0105\u201d. \r\n\r\nPortret to co\u015b wi\u0119cej ni\u017c wizerunek. To spotkanie, napi\u0119cie pomi\u0119dzy wykreowanym a prawdziwym. Podczas autorskich warsztat\u00f3w z Tomaszem Lazarem uczestnicy zanurz\u0105 si\u0119 w jego proces tw\u00f3rczy, w kt\u00f3rym obraz staje si\u0119 no\u015bnikiem opowie\u015bci \u2013 subtelnej, wielowarstwowej i osobistej.<\/p>\n\t\t\t\t\t\t\t\t\t<\/div>\n\n\t\t\t\t\t\t\t\n\t\t\t\t<div class=\"artist__slide\">\n\t\t\t\t\t<div class=\"artist__image\">\n\t\t\t\t\t\t<img decoding=\"async\" width=\"367\" height=\"550\" src=\"https:\/\/fujifilm-x.b-cdn.net\/wp-content\/uploads\/2026\/03\/Franko_PORTRET.jpg?fit=367,550\" class=\"w-full object-cover\" alt=\"\" loading=\"lazy\" srcset=\"https:\/\/fujifilm-x.b-cdn.net\/wp-content\/uploads\/2026\/03\/Franko_PORTRET.jpg?width=200&amp;height=300 200w, https:\/\/fujifilm-x.b-cdn.net\/wp-content\/uploads\/2026\/03\/Franko_PORTRET.jpg?width=365&amp;height=548 365w, https:\/\/fujifilm-x.b-cdn.net\/wp-content\/uploads\/2026\/03\/Franko_PORTRET.jpg?width=367&amp;height=550 367w\" sizes=\"auto, (max-width: 367px) 100vw, 367px\" \/>\t\t\t\t\t<\/div>\n\t\t\t\t\t\t\t\t\t\t\t<span class=\"artist__name\">Wiktor Franko<\/span>\n\t\t\t\t\t\t\t\t\t\t\t\t\t\t\t\t<p class=\"artist__text\">\u201eCzego szukamy w portrecie?\u201d \r\n\r\nWarsztat po\u015bwi\u0119cony jest fotograficznej uwa\u017cno\u015bci, niezb\u0119dnej podczas fotografowaniu ludzi. Poszukamy odpowiedzi na pytania: na co zwraca\u0107 uwag\u0119, czego szuka\u0107 podczas pracy z bohaterem zdj\u0119\u0107? Skupimy si\u0119 na budowaniu relacji z fotografowan\u0105 osob\u0105 oraz na sposobach prze\u0142amywania pierwszych barier przed obiektywem. Porozmawiamy o znaczeniu emocji, gestu, spojrzenia i drobnych niuans\u00f3w, kt\u00f3re cz\u0119sto decyduj\u0105 o sile portretu. Uczestnicy b\u0119d\u0105 mieli okazj\u0119 przeanalizowa\u0107 przyk\u0142ady zdj\u0119\u0107 i wsp\u00f3lnie om\u00f3wi\u0107 proces dochodzenia do \u015bwiadomego, autentycznego kadru.<\/p>\n\t\t\t\t\t\t\t\t\t<\/div>\n\n\t\t\t\t\t\t\t\n\t\t\t\t<div class=\"artist__slide\">\n\t\t\t\t\t<div class=\"artist__image\">\n\t\t\t\t\t\t<img decoding=\"async\" width=\"550\" height=\"367\" src=\"https:\/\/fujifilm-x.b-cdn.net\/wp-content\/uploads\/2026\/03\/white-smoke-studio-portret.jpg?fit=550,367\" class=\"w-full object-cover\" alt=\"Magda i Pawel | Paryz | white smoke studio portret\" loading=\"lazy\" srcset=\"https:\/\/fujifilm-x.b-cdn.net\/wp-content\/uploads\/2026\/03\/white-smoke-studio-portret.jpg?width=300&amp;height=200 300w, https:\/\/fujifilm-x.b-cdn.net\/wp-content\/uploads\/2026\/03\/white-smoke-studio-portret.jpg?width=400&amp;height=267 400w, https:\/\/fujifilm-x.b-cdn.net\/wp-content\/uploads\/2026\/03\/white-smoke-studio-portret.jpg?width=365&amp;height=243 365w, https:\/\/fujifilm-x.b-cdn.net\/wp-content\/uploads\/2026\/03\/white-smoke-studio-portret.jpg?width=550&amp;height=367 550w\" sizes=\"auto, (max-width: 550px) 100vw, 550px\" \/>\t\t\t\t\t<\/div>\n\t\t\t\t\t\t\t\t\t\t\t<span class=\"artist__name\">Dorota Kaszuba i Micha\u0142 Warda, WhiteSmoke Studio <\/span>\n\t\t\t\t\t\t\t\t\t\t\t\t\t\t\t\t<p class=\"artist__text\">\u201eSpotkanie po obu stronach obiektywu. Praktyka portretu.\u201d  \r\n\r\nMasterclass to praktyczne rozwini\u0119cie wyk\u0142adu. Wiedza teoretyczna jest fundamentem, kt\u00f3ry jedynie przygotowuje do egzaminu. Ten nadchodzi na planie zdj\u0119ciowym, gdy   znajdujesz si\u0119 sam na sam z drugim cz\u0142owiekiem. Jak sobie poradzi\u0107 w tej sytuacji? Podczas naszych warsztat\u00f3w mistrzowskich razem poszukamy prawdy w portrecie. Zamiast na psychologii, skupimy si\u0119 na wymiernej pracy rzemie\u015blniczej. Poka\u017cemy, jak przygotowa\u0107 odpowiedni tryb pracy, jak ustawi\u0107 \u015bwiat\u0142o i wykreowa\u0107 przestrze\u0144, dzi\u0119ki kt\u00f3rej zbudujemy relacj\u0119 z naszym modelem, nauczymy si\u0119 reagowa\u0107 na jego gesty i emocje. Po\u0142\u0105czymy warsztat fotografa z lekcj\u0105 uwa\u017cno\u015bci na drugiego cz\u0142owieka.<\/p>\n\t\t\t\t\t\t\t\t\t<\/div>\n\n\t\t\t\t\t\t\t\n\t\t\t\t<div class=\"artist__slide\">\n\t\t\t\t\t<div class=\"artist__image\">\n\t\t\t\t\t\t<img decoding=\"async\" width=\"550\" height=\"366\" src=\"https:\/\/fujifilm-x.b-cdn.net\/wp-content\/uploads\/2026\/03\/Tomek_TOMKOWIAK-1.jpg?fit=550,366\" class=\"w-full object-cover\" alt=\"\" loading=\"lazy\" srcset=\"https:\/\/fujifilm-x.b-cdn.net\/wp-content\/uploads\/2026\/03\/Tomek_TOMKOWIAK-1.jpg?width=300&amp;height=200 300w, https:\/\/fujifilm-x.b-cdn.net\/wp-content\/uploads\/2026\/03\/Tomek_TOMKOWIAK-1.jpg?width=400&amp;height=266 400w, https:\/\/fujifilm-x.b-cdn.net\/wp-content\/uploads\/2026\/03\/Tomek_TOMKOWIAK-1.jpg?width=365&amp;height=243 365w, https:\/\/fujifilm-x.b-cdn.net\/wp-content\/uploads\/2026\/03\/Tomek_TOMKOWIAK-1.jpg?width=550&amp;height=366 550w\" sizes=\"auto, (max-width: 550px) 100vw, 550px\" \/>\t\t\t\t\t<\/div>\n\t\t\t\t\t\t\t\t\t\t\t<span class=\"artist__name\">Tomasz Tomkowiak<\/span>\n\t\t\t\t\t\t\t\t\t\t\t\t\t\t\t\t<p class=\"artist__text\">\u201ePortret i atmosfera \u2013 warsztaty fotografii z modelk\u0105.\u201d \r\n\r\nPodczas warsztat\u00f3w uczestnicy skupi\u0105 si\u0119 na tworzeniu portret\u00f3w w studio, w kt\u00f3rych najwa\u017cniejsza jest relacja mi\u0119dzy fotografem a modelk\u0105, emocja oraz klimat obrazu.\r\nPorozmawiaj\u0105 o tym, jak pracowa\u0107 z osob\u0105 przed obiektywem, jak budowa\u0107 naturalne kadry oraz jak wykorzystywa\u0107 \u015bwiat\u0142o w spos\u00f3b prosty i \u015bwiadomy, aby podkre\u015bli\u0107 charakter zdj\u0119cia.\r\nWarsztaty maj\u0105 form\u0119 praktycznej sesji fotograficznej, podczas kt\u00f3rej ka\u017cdy uczestnik b\u0119dzie mia\u0142 mo\u017cliwo\u015b\u0107 wykonania w\u0142asnych zdj\u0119\u0107 i otrzymania wskaz\u00f3wek dotycz\u0105cych kompozycji, pracy z modelk\u0105 i budowania nastroju fotografii.<\/p>\n\t\t\t\t\t\t\t\t\t<\/div>\n\n\t\t\t\t\t\t\t\n\t\t\t\t<div class=\"artist__slide\">\n\t\t\t\t\t<div class=\"artist__image\">\n\t\t\t\t\t\t<img decoding=\"async\" width=\"410\" height=\"550\" src=\"https:\/\/fujifilm-x.b-cdn.net\/wp-content\/uploads\/2026\/03\/rigamonti_portret.jpg?fit=410,550\" class=\"w-full object-cover\" alt=\"\" loading=\"lazy\" srcset=\"https:\/\/fujifilm-x.b-cdn.net\/wp-content\/uploads\/2026\/03\/rigamonti_portret.jpg?width=224&amp;height=300 224w, https:\/\/fujifilm-x.b-cdn.net\/wp-content\/uploads\/2026\/03\/rigamonti_portret.jpg?width=365&amp;height=490 365w, https:\/\/fujifilm-x.b-cdn.net\/wp-content\/uploads\/2026\/03\/rigamonti_portret.jpg?width=410&amp;height=550 410w\" sizes=\"auto, (max-width: 410px) 100vw, 410px\" \/>\t\t\t\t\t<\/div>\n\t\t\t\t\t\t\t\t\t\t\t<span class=\"artist__name\">Maksymilian Rigamonti<\/span>\n\t\t\t\t\t\t\t\t\t\t\t\t\t\t\t\t<p class=\"artist__text\">\u201ePanta rhei \u2013 fotowarsztaty na \u0142odzi.\u201d \r\n\r\n4-godzinny warsztat fotograficzny na 12-metrowej rzecznej \u0142odzi. Wszystko p\u0142ynie &#8211; rola fotografii dokumentalnej w dynamicznie zmieniaj\u0105cym si\u0119 \u015bwiecie. Przygoda, podr\u00f3\u017c, wyk\u0142ad i \u0107wiczenia z patrzenia. Uczestnicy pop\u0142yn\u0105 na po\u0142udnie, w g\u00f3r\u0119 Wis\u0142y. Porozmawiaj\u0105 o elementach zar\u00f3wno przyrody jak i fotografii. Jak znale\u017a\u0107 sw\u00f3j osobisty fotokierunek i dop\u0142yn\u0105\u0107 do celu. A mo\u017ce to droga jest celem? <\/p>\n\t\t\t\t\t\t\t\t\t<\/div>\n\n\t\t\t\t\t\t\t\n\t\t\t\t<div class=\"artist__slide\">\n\t\t\t\t\t<div class=\"artist__image\">\n\t\t\t\t\t\t<img decoding=\"async\" width=\"550\" height=\"550\" src=\"https:\/\/fujifilm-x.b-cdn.net\/wp-content\/uploads\/2026\/03\/Tomek-Wilczynski-portret.jpeg?fit=550,550\" class=\"w-full object-cover\" alt=\"\" loading=\"lazy\" srcset=\"https:\/\/fujifilm-x.b-cdn.net\/wp-content\/uploads\/2026\/03\/Tomek-Wilczynski-portret.jpeg?width=300&amp;height=300 300w, https:\/\/fujifilm-x.b-cdn.net\/wp-content\/uploads\/2026\/03\/Tomek-Wilczynski-portret.jpeg?width=150&amp;height=150 150w, https:\/\/fujifilm-x.b-cdn.net\/wp-content\/uploads\/2026\/03\/Tomek-Wilczynski-portret.jpeg?width=365&amp;height=365 365w, https:\/\/fujifilm-x.b-cdn.net\/wp-content\/uploads\/2026\/03\/Tomek-Wilczynski-portret.jpeg?width=80&amp;height=80 80w, https:\/\/fujifilm-x.b-cdn.net\/wp-content\/uploads\/2026\/03\/Tomek-Wilczynski-portret.jpeg?width=550&amp;height=550 550w\" sizes=\"auto, (max-width: 550px) 100vw, 550px\" \/>\t\t\t\t\t<\/div>\n\t\t\t\t\t\t\t\t\t\t\t<span class=\"artist__name\">Tomasz Wilczy\u0144ski<\/span>\n\t\t\t\t\t\t\t\t\t\t\t\t\t\t\t\t<p class=\"artist__text\">\u201eOpowiadanie obrazem \u2013 wsp\u00f3\u0142praca re\u017cysera i operatora.\u201d \r\n\r\nJak opowiada\u0107 histori\u0119 obrazem? Jak budowa\u0107 znaczenie kadru i prowadzi\u0107 widza sam\u0105 kompozycj\u0105, ruchem kamery i relacj\u0105 mi\u0119dzy postaciami? Podczas warsztat\u00f3w przyjrzymy si\u0119 temu, jak w praktyce wygl\u0105da wsp\u00f3\u0142praca re\u017cysera i operatora oraz jak konkretne decyzje wizualne wp\u0142ywaj\u0105 na spos\u00f3b odbioru sceny.\r\nProwadz\u0105cy poka\u017c\u0105 przyk\u0142ady ze swoich realizacji i opowiedz\u0105 o procesie pracy na planie: o ustawieniu kamery, podej\u015bciu do pracy z aktorem oraz o r\u00f3\u017cnicach w my\u015bleniu obrazem w filmie fabularnym i w formach reklamowych.\r\nW trakcie spotkania zobaczycie r\u00f3wnie\u017c, jak kamery Fujifilm mog\u0105 by\u0107 narz\u0119dziem do \u015bwiadomego budowania filmowej narracji. \r\nW cz\u0119\u015bci praktycznej uczestnicy zostan\u0105 podzieleni na zespo\u0142y i b\u0119d\u0105 pracowa\u0107 z aktorami oraz zestawem rekwizyt\u00f3w. Ka\u017cda grupa wylosuje temat, a jej zadaniem b\u0119dzie opowiedzenie kr\u00f3tkiej historii wy\u0142\u0105cznie obrazem w trzech uj\u0119ciach. \u0106wiczenie poka\u017ce, jak spos\u00f3b kadrowania, relacje mi\u0119dzy uj\u0119ciami i prowadzenie aktora wp\u0142ywaj\u0105 na interpretacj\u0119 sceny.\r\n\u00a0\r\nWarsztaty skierowane s\u0105 do os\u00f3b zainteresowanych re\u017cyseri\u0105, operatorsk\u0105 stron\u0105 filmu oraz \u015bwiadomym budowaniem wizualnej narracji.<\/p>\n\t\t\t\t\t\t\t\t\t<\/div>\n\n\t\t\t\t\t\t\t\n\t\t\t\t<div class=\"artist__slide\">\n\t\t\t\t\t<div class=\"artist__image\">\n\t\t\t\t\t\t<img decoding=\"async\" width=\"467\" height=\"550\" src=\"https:\/\/fujifilm-x.b-cdn.net\/wp-content\/uploads\/2026\/03\/Bartek-Hlawka.jpg?fit=467,550\" class=\"w-full object-cover\" alt=\"\" loading=\"lazy\" srcset=\"https:\/\/fujifilm-x.b-cdn.net\/wp-content\/uploads\/2026\/03\/Bartek-Hlawka.jpg?width=255&amp;height=300 255w, https:\/\/fujifilm-x.b-cdn.net\/wp-content\/uploads\/2026\/03\/Bartek-Hlawka.jpg?width=365&amp;height=430 365w, https:\/\/fujifilm-x.b-cdn.net\/wp-content\/uploads\/2026\/03\/Bartek-Hlawka.jpg?width=467&amp;height=550 467w\" sizes=\"auto, (max-width: 467px) 100vw, 467px\" \/>\t\t\t\t\t<\/div>\n\t\t\t\t\t\t\t\t\t\t\t<span class=\"artist__name\">Bartek H\u0142awka<\/span>\n\t\t\t\t\t\t\t\t\t\t\t\t\t\t\t\t<p class=\"artist__text\">\u201eOpowiadanie obrazem \u2013 wsp\u00f3\u0142praca re\u017cysera i operatora.\u201d \r\n\r\nJak opowiada\u0107 histori\u0119 obrazem? Jak budowa\u0107 znaczenie kadru i prowadzi\u0107 widza sam\u0105 kompozycj\u0105, ruchem kamery i relacj\u0105 mi\u0119dzy postaciami? Podczas warsztat\u00f3w przyjrzymy si\u0119 temu, jak w praktyce wygl\u0105da wsp\u00f3\u0142praca re\u017cysera i operatora oraz jak konkretne decyzje wizualne wp\u0142ywaj\u0105 na spos\u00f3b odbioru sceny.\r\nProwadz\u0105cy poka\u017c\u0105 przyk\u0142ady ze swoich realizacji i opowiedz\u0105 o procesie pracy na planie: o ustawieniu kamery, podej\u015bciu do pracy z aktorem oraz o r\u00f3\u017cnicach w my\u015bleniu obrazem w filmie fabularnym i w formach reklamowych.\r\nW trakcie spotkania zobaczycie r\u00f3wnie\u017c, jak kamery Fujifilm mog\u0105 by\u0107 narz\u0119dziem do \u015bwiadomego budowania filmowej narracji. \r\nW cz\u0119\u015bci praktycznej uczestnicy zostan\u0105 podzieleni na zespo\u0142y i b\u0119d\u0105 pracowa\u0107 z aktorami oraz zestawem rekwizyt\u00f3w. Ka\u017cda grupa wylosuje temat, a jej zadaniem b\u0119dzie opowiedzenie kr\u00f3tkiej historii wy\u0142\u0105cznie obrazem w trzech uj\u0119ciach. \u0106wiczenie poka\u017ce, jak spos\u00f3b kadrowania, relacje mi\u0119dzy uj\u0119ciami i prowadzenie aktora wp\u0142ywaj\u0105 na interpretacj\u0119 sceny.\r\n\u00a0\r\nWarsztaty skierowane s\u0105 do os\u00f3b zainteresowanych re\u017cyseri\u0105, operatorsk\u0105 stron\u0105 filmu oraz \u015bwiadomym budowaniem wizualnej narracji.<\/p>\n\t\t\t\t\t\t\t\t\t<\/div>\n\n\t\t\t\t\t\t\t\n\t\t\t\t<div class=\"artist__slide\">\n\t\t\t\t\t<div class=\"artist__image\">\n\t\t\t\t\t\t<img decoding=\"async\" width=\"440\" height=\"550\" src=\"https:\/\/fujifilm-x.b-cdn.net\/wp-content\/uploads\/2026\/03\/portret_Silvia_Pogoda.jpg?fit=440,550\" class=\"w-full object-cover\" alt=\"Silvia Pogoda\" loading=\"lazy\" srcset=\"https:\/\/fujifilm-x.b-cdn.net\/wp-content\/uploads\/2026\/03\/portret_Silvia_Pogoda.jpg?width=240&amp;height=300 240w, https:\/\/fujifilm-x.b-cdn.net\/wp-content\/uploads\/2026\/03\/portret_Silvia_Pogoda.jpg?width=365&amp;height=456 365w, https:\/\/fujifilm-x.b-cdn.net\/wp-content\/uploads\/2026\/03\/portret_Silvia_Pogoda.jpg?width=440&amp;height=550 440w\" sizes=\"auto, (max-width: 440px) 100vw, 440px\" \/>\t\t\t\t\t<\/div>\n\t\t\t\t\t\t\t\t\t\t\t<span class=\"artist__name\">Silvia Pogoda<\/span>\n\t\t\t\t\t\t\t\t\t\t\t\t\t\t\t\t<p class=\"artist__text\">\u201eReading Photographs.\u201d \r\n\r\nMasterclass po\u015bwi\u0119cony jest refleksji nad w\u0142asn\u0105 praktyk\u0105 fotograficzn\u0105 oraz momentom zawieszenia, kt\u00f3re cz\u0119sto pojawiaj\u0105 si\u0119 w procesie tw\u00f3rczym. W kameralnej formule uczestnicy prezentuj\u0105 swoje fotografie i projekty, kt\u00f3re staj\u0105 si\u0119 punktem wyj\u015bcia do wsp\u00f3lnej analizy, rozmowy i pog\u0142\u0119bionego feedbacku. Spotkanie koncentruje si\u0119 na rozwijaniu j\u0119zyka wizualnego, budowaniu sp\u00f3jno\u015bci projektu oraz poszukiwaniu dalszego kierunku pracy artystycznej.\r\n\r\nPracuj\u0105c w formule otwartej dyskusji i moderowanej analizy obraz\u00f3w, uczestnicy otrzymuj\u0105 indywidualne wskaz\u00f3wki dotycz\u0105ce selekcji materia\u0142u, narracji wizualnej oraz dalszego rozwoju projektu fotograficznego. Masterclass jest skierowany do os\u00f3b, kt\u00f3re znajduj\u0105 si\u0119 na r\u00f3\u017cnych etapach swojej drogi z fotografi\u0105 \u2013 zar\u00f3wno tych, kt\u00f3rzy pracuj\u0105 nad konkretnym projektem, jak i tych, kt\u00f3rzy poszukuj\u0105 nowego impulsu tw\u00f3rczego.\r\n\r\nTo przestrze\u0144 uwa\u017cnego dialogu o fotografii \u2013 miejscu, w kt\u00f3rym obrazy staj\u0105 si\u0119 pretekstem do rozmowy o procesie, intencji i kierunku dalszej pracy artystycznej.<\/p>\n\t\t\t\t\t\t\t\t\t<\/div>\n\n\t\t\t\t\n\t\t<\/div>\n\t\t\n<button class=\"swiper-button-prev button-bg-transparent button-bg-transparent--black-arrow\" type=\"button\">\n\t<span class=\"hidden sm:flex\">\n\t\t\t\t<svg class=\"svg-slick-left-arrow-svg \"\n\t\t width=\"24\" height=\"22\"\t\talt=\"Svg Slick Left Arrow Svg\"\n\t\trole=\"img\">\n\t\t\t<use href=\"#svg-slick-left-arrow-svg\"\n\t\t\t width=\"24\" height=\"22\"\t\t\t><\/use>\n\t\t<\/svg>\n\t\t<\/span>\n\t<span class=\"flex sm:hidden\">\n\t\t\t\t<svg class=\"svg-slick-left-arrow-svg \"\n\t\t width=\"20\" height=\"18\"\t\talt=\"Svg Slick Left Arrow Svg\"\n\t\trole=\"img\">\n\t\t\t<use href=\"#svg-slick-left-arrow-svg\"\n\t\t\t width=\"20\" height=\"18\"\t\t\t><\/use>\n\t\t<\/svg>\n\t\t<\/span>\n<\/button>\n<button class=\"swiper-button-next button-bg-transparent button-bg-transparent--black-arrow\" type=\"button\">\n\t<span class=\"hidden sm:flex\">\n\t\t\t\t<svg class=\"svg-slick-right-arrow-svg \"\n\t\t width=\"24\" height=\"22\"\t\talt=\"Svg Slick Right Arrow Svg\"\n\t\trole=\"img\">\n\t\t\t<use href=\"#svg-slick-right-arrow-svg\"\n\t\t\t width=\"24\" height=\"22\"\t\t\t><\/use>\n\t\t<\/svg>\n\t\t<\/span>\n\t<span class=\"flex sm:hidden\">\n\t\t\t\t<svg class=\"svg-slick-right-arrow-svg \"\n\t\t width=\"20\" height=\"18\"\t\talt=\"Svg Slick Right Arrow Svg\"\n\t\trole=\"img\">\n\t\t\t<use href=\"#svg-slick-right-arrow-svg\"\n\t\t\t width=\"20\" height=\"18\"\t\t\t><\/use>\n\t\t<\/svg>\n\t\t<\/span>\n<\/button>\n\t<\/div>\n\t<\/div>\n\n\n\n<div class=\"wp-block-column is-vertically-aligned-top is-layout-flow wp-block-column-is-layout-flow\">\n<div class=\"wp-block-columns are-vertically-aligned-center has-spacing-small has-no-design is-layout-flex wp-container-core-columns-is-layout-9d6595d7 wp-block-columns-is-layout-flex\">\n<div class=\"wp-block-column is-vertically-aligned-center is-layout-flow wp-block-column-is-layout-flow\">\n<h2 class=\"wp-block-heading mb-0 has-red-color has-text-color has-link-color wp-elements-36a2ccc5b0f5cea33c668dd3c036b353\">Masterclass<\/h2>\n<\/div>\n\n\n\n<div class=\"wp-block-column is-vertically-aligned-center is-layout-flow wp-block-column-is-layout-flow\">\n<h4 class=\"wp-block-heading mb-0\"><\/h4>\n<\/div>\n<\/div>\n\n\n\n<div style=\"height:20px\" aria-hidden=\"true\" class=\"wp-block-spacer\"><\/div>\n\n\n\n<p>Przygotuj si\u0119 na wyj\u0105tkow\u0105 podr\u00f3\u017c pe\u0142n\u0105 inspiracji, nauki oraz nieograniczonych mo\u017cliwo\u015bci rozwoju!<\/p>\n\n\n\n<p>Zapraszamy do udzia\u0142u w warsztatach fotograficznych, kt\u00f3re poprowadz\u0105 utalentowani i do\u015bwiadczeni Ambasadorzy i Przyjaciele Fujifilm. Podczas odbywaj\u0105cych si\u0119 w tw\u00f3rczej atmosferze zaj\u0119\u0107 b\u0119dziesz mie\u0107 niepowtarzaln\u0105 okazj\u0119 doskonalenia swoich umiej\u0119tno\u015bci pod okiem znawc\u00f3w. Poznasz r\u00f3\u017cnorodne techniki i kreatywne podej\u015bcie do fotografowania i filmowania.<\/p>\n\n\n\n<p>Wsp\u00f3lnie z innymi pasjonatami stworzysz przestrze\u0144 wymiany do\u015bwiadcze\u0144 i wzajemnej motywacji do rozwoju artystycznego. Zdob\u0119dziesz praktyczn\u0105 wiedz\u0119 oraz nawi\u0105\u017cesz cenne kontakty, kt\u00f3re zaowocuj\u0105 w twoich przysz\u0142ych przedsi\u0119wzi\u0119ciach.<\/p>\n\n\n\n<p>Do\u0142\u0105cz do nas i prze\u017cyj niezapomniane chwile, kt\u00f3re pomog\u0105 ci odkry\u0107 nowe, fascynuj\u0105ce \u015bcie\u017cki w \u015bwiecie fotografii.<\/p>\n\n\n\n<div style=\"height:20px\" aria-hidden=\"true\" class=\"wp-block-spacer\"><\/div>\n\n\n\n<figure class=\"wp-block-table alignfull has-none-or-default\"><table><tbody><tr><td><strong>12 czerwca \/ 10:00-14:00<\/strong><\/td><td>Fundacja Archeologia Fotografii<\/td><\/tr><tr><td><strong>12 czerwca \/ 10:00-14:00<\/strong><\/td><td>Tomasz Wilczy\u0144ski &amp; Bartosz H\u0142awka<\/td><\/tr><tr><td><strong>12 czerwca \/ 10:30-14:30<\/strong><\/td><td>Wiktor Franko<\/td><\/tr><tr><td><strong>12 czerwca \/ 15:00-19:00<\/strong><\/td><td>Tomasz Tomkowiak<\/td><\/tr><tr><td><strong>12 czerwca \/ 15:00-19:00<\/strong><\/td><td>WhiteSmoke Studio<\/td><\/tr><tr><td><\/td><td><\/td><\/tr><tr><td><\/td><td><\/td><\/tr><tr><td><strong>13 czerwca \/ 09:00-13:00<\/strong><\/td><td>Szymon Szcze\u015bniak<\/td><\/tr><tr><td><strong>13 czerwca \/ 10:30-15:00<\/strong><\/td><td>Maksymilian Rigamonti<\/td><\/tr><tr><td><strong>13 czerwca \/ 11:00-15:00<\/strong><\/td><td>Silvia Pogoda<\/td><\/tr><tr><td><strong>13 czerwca \/ 14:00-18:00<\/strong><\/td><td>Tomasz Lazar<\/td><\/tr><\/tbody><\/table><\/figure>\n<\/div>\n<\/div>\n<\/div>\n\n\n\n<div id=\"prelegenci\" class=\"wp-block-group has-white-background-color is-layout-constrained wp-container-core-group-is-layout-28ad752c wp-block-group-is-layout-constrained\">\n<div style=\"height:40px\" aria-hidden=\"true\" class=\"wp-block-spacer\"><\/div>\n\n\n\n<div class=\"wp-block-columns alignwide has-spacing-large has-no-design is-layout-flex wp-container-core-columns-is-layout-9d6595d7 wp-block-columns-is-layout-flex\">\n<div class=\"wp-block-column is-layout-flow wp-block-column-is-layout-flow\">\n<h2 class=\"wp-block-heading has-red-color has-text-color has-link-color wp-elements-19d7ef05f02fe03ae1ee7194b390e2f6\">Prelegenci<\/h2>\n<\/div>\n<\/div>\n\n\n<div id=\"block_c5753169c2435f57eebb7502fdce3c1f\" class=\"wp-block wp-block-slider--slick block-event-main-stage-artist no-align block relative\">\n\t<button type=\"button\" class=\"slick-left-arrow button-bg-transparent button-bg-transparent--black-arrow\" aria-label=\"Previous\"\n\trole=\"button\">\n\t\t<span class=\"slick-left-arrow__custom-arrow !hidden sm:flex\">\n\t\t\t\t\t<svg class=\"svg-slick-left-arrow-svg \"\n\t\t width=\"24\" height=\"22\"\t\talt=\"Svg Slick Left Arrow Svg\"\n\t\trole=\"img\">\n\t\t\t<use href=\"#svg-slick-left-arrow-svg\"\n\t\t\t width=\"24\" height=\"22\"\t\t\t><\/use>\n\t\t<\/svg>\n\t\t\t<\/span>\n\t\t<span class=\"slick-left-arrow__custom-arrow flex sm:!hidden\">\n\t\t\t\t\t<svg class=\"svg-slick-left-arrow-svg \"\n\t\t width=\"14\" height=\"12\"\t\talt=\"Svg Slick Left Arrow Svg\"\n\t\trole=\"img\">\n\t\t\t<use href=\"#svg-slick-left-arrow-svg\"\n\t\t\t width=\"14\" height=\"12\"\t\t\t><\/use>\n\t\t<\/svg>\n\t\t\t<\/span>\n\t<\/button>\n\t<div class=\"slider-wrapper wrapper\" data-settings='{\"infinite\":true,\"slidesToShow\":1,\"slidesToScroll\":1,\"speed\":500,\"arrows\":true,\"rows\":0,\"prevArrow\":\"#block_c5753169c2435f57eebb7502fdce3c1f.block-event-main-stage-artist .slick-left-arrow\",\"nextArrow\":\"#block_c5753169c2435f57eebb7502fdce3c1f.block-event-main-stage-artist .slick-right-arrow\",\"draggable\":false,\"fade\":true,\"swipe\":false}'>\n\t\t\t\t\t<div class=\"main-stage--slide\">\n\t\t\t\t<div class=\"main-stage__left-content\">\n\t\t\t\t\t<div class=\"flex justify-end gap-5 mb-5\">\n\t\t\t\t\t\t<span class=\"font-fjalla-one font-normal sm:text-lg uppercase block\">\n\t\t\t\t\t\t\t\t\t\t\t\t\t<\/span>\n\t\t\t\t\t\t<span class=\"font-fjalla-one font-normal sm:text-lg uppercase block\">\n\t\t\t\t\t\t\t\t\t\t\t\t\t<\/span>\n\t\t\t\t\t<\/div>\n\t\t\t\t\t<div class=\"sm:flex gap-5 justify-between\">\n\t\t\t\t\t\t\t\t\t\t\t\t\t<div class=\"flex gap-3\">\n\t\t\t\t\t\t\t\t<picture class=\"aspect-3\/2 shrink-0\">\n\t\t\t\t\t\t\t\t\t<img decoding=\"async\" width=\"140\" height=\"140\" src=\"https:\/\/fujifilm-x.b-cdn.net\/wp-content\/uploads\/2026\/03\/01_pawel_kosicki_PORTRET.jpg?fit=140,140\" class=\"h-auto object-cover\" alt=\"\" loading=\"lazy\" srcset=\"https:\/\/fujifilm-x.b-cdn.net\/wp-content\/uploads\/2026\/03\/01_pawel_kosicki_PORTRET.jpg?width=80&amp;height=80 80w, https:\/\/fujifilm-x.b-cdn.net\/wp-content\/uploads\/2026\/03\/01_pawel_kosicki_PORTRET.jpg?width=140&amp;height=140 140w\" sizes=\"auto, (max-width: 140px) 100vw, 140px\" \/>\t\t\t\t\t\t\t\t<\/picture>\n\t\t\t\t\t\t\t\t<h5 class=\"wp-block-heading mb-0\">Pawe\u0142 Kosicki<\/h5>\n\t\t\t\t\t\t\t<\/div>\n\t\t\t\t\t\t\t\t\t\t\t\t<\/div>\n\t\t\t\t\t<div class=\"main-stage__left-content__description\">\n\t\t\t\t\t\t<div class=\"line-clamp-[7] continue-reading\">\n\t\t\t\t\t\t\t<p>Pawe\u0142 Kosicki \u2013 niezale\u017cny fotograf drogi, cyklista, dawniej reporter i dokumentalista. Przygod\u0119 z fotografi\u0105 rozpocz\u0105\u0142 na pocz\u0105tku lat 90. w tygodniku \u201eWprost\u201d. Jest absolwentem Warszawskiej Szko\u0142y Filmowej, nale\u017cy do Zwi\u0105zku Polskich Artyst\u00f3w Fotografik\u00f3w ZPAF.\u00a0 Od 15 lat organizuje i prowadzi warsztaty oraz fotograficzne podr\u00f3\u017ce po ca\u0142ym \u015bwiecie. Ambasador Fujifilm.<\/p>\n<p>www.pawelkosicki.com<\/p>\n\t\t\t\t\t\t\t<div class=\"continue-reading__gradient\"><\/div>\n\t\t\t\t\t\t<\/div>\n\t\t\t\t\t\t<button type=\"button\" class=\"continue-reading__button\" role=\"button\">\n\t\t\t\t\t\t\t<span class=\"continue-reading__button--arrow\">\n\t\t\t\t\t\t\t\t<span class=\"continue-reading__button--arrow-elems\">\n\t\t\t\t\t\t\t\t\t<span class=\"continue-reading__button--arrow-elems__first\"><\/span>\n\t\t\t\t\t\t\t\t\t<span class=\"continue-reading__button--arrow-elems__second\"><\/span>\n\t\t\t\t\t\t\t\t<\/span>\n\t\t\t\t\t\t\t<\/span>\n\t\t\t\t\t\t<\/button>\n\t\t\t\t\t<\/div>\n\t\t\t\t<\/div>\n\t\t\t\t<div class=\"main-stage__right-content\">\n\t\t\t\t\t<div class=\"glide glide--0\">\n\t\t\t\t\t\t<div class=\"glide__slides glide__slides--0\">\n\t\t\t\t\t\t\t\t\t\t\t\t\t\t\t<div class=\"relative\">\n\t\t\t\t\t\t\t\t\t<picture class=\"glide__slide relative\">\n\t\t\t\t\t\t\t\t\t\t<img decoding=\"async\" width=\"768\" height=\"512\" src=\"https:\/\/fujifilm-x.b-cdn.net\/wp-content\/uploads\/2026\/03\/01_Pawel_Kosicki.jpg?width=768&amp;height=512\" class=\"h-auto object-contain\" alt=\"\" loading=\"lazy\" srcset=\"https:\/\/fujifilm-x.b-cdn.net\/wp-content\/uploads\/2026\/03\/01_Pawel_Kosicki.jpg?width=300&amp;height=200 300w, https:\/\/fujifilm-x.b-cdn.net\/wp-content\/uploads\/2026\/03\/01_Pawel_Kosicki.jpg?width=768&amp;height=512 768w, https:\/\/fujifilm-x.b-cdn.net\/wp-content\/uploads\/2026\/03\/01_Pawel_Kosicki.jpg?width=400&amp;height=267 400w, https:\/\/fujifilm-x.b-cdn.net\/wp-content\/uploads\/2026\/03\/01_Pawel_Kosicki.jpg?width=365&amp;height=243 365w, https:\/\/fujifilm-x.b-cdn.net\/wp-content\/uploads\/2026\/03\/01_Pawel_Kosicki.jpg?width=600&amp;height=400 600w, https:\/\/fujifilm-x.b-cdn.net\/wp-content\/uploads\/2026\/03\/01_Pawel_Kosicki.jpg?width=717&amp;height=478 717w\" sizes=\"auto, (max-width: 768px) 100vw, 768px\" \/>\t\t\t\t\t\t\t\t\t\t\t\t\t\t\t\t\t\t\t<\/picture>\n\t\t\t\t\t\t\t\t<\/div>\n\t\t\t\t\t\t\t\t\t\t\t\t\t\t\t\t<div class=\"relative\">\n\t\t\t\t\t\t\t\t\t<picture class=\"glide__slide relative\">\n\t\t\t\t\t\t\t\t\t\t\t\t\t\t\t\t\t\t\t\t\t\t\t\t\t\t\t\t\t<\/picture>\n\t\t\t\t\t\t\t\t<\/div>\n\t\t\t\t\t\t\t\t\t\t\t\t\t\t\t\t<div class=\"relative\">\n\t\t\t\t\t\t\t\t\t<picture class=\"glide__slide relative\">\n\t\t\t\t\t\t\t\t\t\t<img decoding=\"async\" width=\"768\" height=\"512\" src=\"https:\/\/fujifilm-x.b-cdn.net\/wp-content\/uploads\/2026\/03\/02_Pawel_Kosicki.jpg?width=768&amp;height=512\" class=\"h-auto object-contain\" alt=\"\" loading=\"lazy\" srcset=\"https:\/\/fujifilm-x.b-cdn.net\/wp-content\/uploads\/2026\/03\/02_Pawel_Kosicki.jpg?width=300&amp;height=200 300w, https:\/\/fujifilm-x.b-cdn.net\/wp-content\/uploads\/2026\/03\/02_Pawel_Kosicki.jpg?width=768&amp;height=512 768w, https:\/\/fujifilm-x.b-cdn.net\/wp-content\/uploads\/2026\/03\/02_Pawel_Kosicki.jpg?width=400&amp;height=267 400w, https:\/\/fujifilm-x.b-cdn.net\/wp-content\/uploads\/2026\/03\/02_Pawel_Kosicki.jpg?width=365&amp;height=243 365w, https:\/\/fujifilm-x.b-cdn.net\/wp-content\/uploads\/2026\/03\/02_Pawel_Kosicki.jpg?width=600&amp;height=400 600w, https:\/\/fujifilm-x.b-cdn.net\/wp-content\/uploads\/2026\/03\/02_Pawel_Kosicki.jpg?width=717&amp;height=478 717w\" sizes=\"auto, (max-width: 768px) 100vw, 768px\" \/>\t\t\t\t\t\t\t\t\t\t\t\t\t\t\t\t\t\t\t<\/picture>\n\t\t\t\t\t\t\t\t<\/div>\n\t\t\t\t\t\t\t\t\t\t\t\t\t\t\t\t<div class=\"relative\">\n\t\t\t\t\t\t\t\t\t<picture class=\"glide__slide relative\">\n\t\t\t\t\t\t\t\t\t\t<img decoding=\"async\" width=\"768\" height=\"513\" src=\"https:\/\/fujifilm-x.b-cdn.net\/wp-content\/uploads\/2026\/03\/02_pawel_kosicki_PORTRET.jpg?width=768&amp;height=513\" class=\"h-auto object-contain\" alt=\"\" loading=\"lazy\" srcset=\"https:\/\/fujifilm-x.b-cdn.net\/wp-content\/uploads\/2026\/03\/02_pawel_kosicki_PORTRET.jpg?width=300&amp;height=200 300w, https:\/\/fujifilm-x.b-cdn.net\/wp-content\/uploads\/2026\/03\/02_pawel_kosicki_PORTRET.jpg?width=768&amp;height=513 768w, https:\/\/fujifilm-x.b-cdn.net\/wp-content\/uploads\/2026\/03\/02_pawel_kosicki_PORTRET.jpg?width=400&amp;height=267 400w, https:\/\/fujifilm-x.b-cdn.net\/wp-content\/uploads\/2026\/03\/02_pawel_kosicki_PORTRET.jpg?width=365&amp;height=244 365w, https:\/\/fujifilm-x.b-cdn.net\/wp-content\/uploads\/2026\/03\/02_pawel_kosicki_PORTRET.jpg?width=600&amp;height=401 600w, https:\/\/fujifilm-x.b-cdn.net\/wp-content\/uploads\/2026\/03\/02_pawel_kosicki_PORTRET.jpg?width=717&amp;height=479 717w\" sizes=\"auto, (max-width: 768px) 100vw, 768px\" \/>\t\t\t\t\t\t\t\t\t\t\t\t\t\t\t\t\t\t\t<\/picture>\n\t\t\t\t\t\t\t\t<\/div>\n\t\t\t\t\t\t\t\t\t\t\t\t\t\t\t\t<div class=\"relative\">\n\t\t\t\t\t\t\t\t\t<picture class=\"glide__slide relative\">\n\t\t\t\t\t\t\t\t\t\t<img decoding=\"async\" width=\"768\" height=\"512\" src=\"https:\/\/fujifilm-x.b-cdn.net\/wp-content\/uploads\/2026\/03\/03_Pawel_Kosicki.jpg?width=768&amp;height=512\" class=\"h-auto object-contain\" alt=\"\" loading=\"lazy\" srcset=\"https:\/\/fujifilm-x.b-cdn.net\/wp-content\/uploads\/2026\/03\/03_Pawel_Kosicki.jpg?width=300&amp;height=200 300w, https:\/\/fujifilm-x.b-cdn.net\/wp-content\/uploads\/2026\/03\/03_Pawel_Kosicki.jpg?width=768&amp;height=512 768w, https:\/\/fujifilm-x.b-cdn.net\/wp-content\/uploads\/2026\/03\/03_Pawel_Kosicki.jpg?width=400&amp;height=267 400w, https:\/\/fujifilm-x.b-cdn.net\/wp-content\/uploads\/2026\/03\/03_Pawel_Kosicki.jpg?width=365&amp;height=243 365w, https:\/\/fujifilm-x.b-cdn.net\/wp-content\/uploads\/2026\/03\/03_Pawel_Kosicki.jpg?width=600&amp;height=400 600w, https:\/\/fujifilm-x.b-cdn.net\/wp-content\/uploads\/2026\/03\/03_Pawel_Kosicki.jpg?width=717&amp;height=478 717w\" sizes=\"auto, (max-width: 768px) 100vw, 768px\" \/>\t\t\t\t\t\t\t\t\t\t\t\t\t\t\t\t\t\t\t<\/picture>\n\t\t\t\t\t\t\t\t<\/div>\n\t\t\t\t\t\t\t\t\t\t\t\t\t\t\t\t<div class=\"relative\">\n\t\t\t\t\t\t\t\t\t<picture class=\"glide__slide relative\">\n\t\t\t\t\t\t\t\t\t\t<img decoding=\"async\" width=\"768\" height=\"768\" src=\"https:\/\/fujifilm-x.b-cdn.net\/wp-content\/uploads\/2026\/03\/03_pawel_kosicki_PORTRET.jpg?width=768&amp;height=768\" class=\"h-auto object-contain\" alt=\"\" loading=\"lazy\" srcset=\"https:\/\/fujifilm-x.b-cdn.net\/wp-content\/uploads\/2026\/03\/03_pawel_kosicki_PORTRET.jpg?width=300&amp;height=300 300w, https:\/\/fujifilm-x.b-cdn.net\/wp-content\/uploads\/2026\/03\/03_pawel_kosicki_PORTRET.jpg?width=150&amp;height=150 150w, https:\/\/fujifilm-x.b-cdn.net\/wp-content\/uploads\/2026\/03\/03_pawel_kosicki_PORTRET.jpg?width=768&amp;height=768 768w, https:\/\/fujifilm-x.b-cdn.net\/wp-content\/uploads\/2026\/03\/03_pawel_kosicki_PORTRET.jpg?width=365&amp;height=365 365w, https:\/\/fujifilm-x.b-cdn.net\/wp-content\/uploads\/2026\/03\/03_pawel_kosicki_PORTRET.jpg?width=600&amp;height=600 600w, https:\/\/fujifilm-x.b-cdn.net\/wp-content\/uploads\/2026\/03\/03_pawel_kosicki_PORTRET.jpg?width=717&amp;height=717 717w, https:\/\/fujifilm-x.b-cdn.net\/wp-content\/uploads\/2026\/03\/03_pawel_kosicki_PORTRET.jpg?width=80&amp;height=80 80w\" sizes=\"auto, (max-width: 768px) 100vw, 768px\" \/>\t\t\t\t\t\t\t\t\t\t\t\t\t\t\t\t\t\t\t<\/picture>\n\t\t\t\t\t\t\t\t<\/div>\n\t\t\t\t\t\t\t\t\t\t\t\t\t\t\t\t<div class=\"relative\">\n\t\t\t\t\t\t\t\t\t<picture class=\"glide__slide relative\">\n\t\t\t\t\t\t\t\t\t\t<img decoding=\"async\" width=\"768\" height=\"512\" src=\"https:\/\/fujifilm-x.b-cdn.net\/wp-content\/uploads\/2026\/03\/04_Pawel_Kosicki.jpg?width=768&amp;height=512\" class=\"h-auto object-contain\" alt=\"\" loading=\"lazy\" srcset=\"https:\/\/fujifilm-x.b-cdn.net\/wp-content\/uploads\/2026\/03\/04_Pawel_Kosicki.jpg?width=300&amp;height=200 300w, https:\/\/fujifilm-x.b-cdn.net\/wp-content\/uploads\/2026\/03\/04_Pawel_Kosicki.jpg?width=768&amp;height=512 768w, https:\/\/fujifilm-x.b-cdn.net\/wp-content\/uploads\/2026\/03\/04_Pawel_Kosicki.jpg?width=400&amp;height=267 400w, https:\/\/fujifilm-x.b-cdn.net\/wp-content\/uploads\/2026\/03\/04_Pawel_Kosicki.jpg?width=365&amp;height=243 365w, https:\/\/fujifilm-x.b-cdn.net\/wp-content\/uploads\/2026\/03\/04_Pawel_Kosicki.jpg?width=600&amp;height=400 600w, https:\/\/fujifilm-x.b-cdn.net\/wp-content\/uploads\/2026\/03\/04_Pawel_Kosicki.jpg?width=717&amp;height=478 717w\" sizes=\"auto, (max-width: 768px) 100vw, 768px\" \/>\t\t\t\t\t\t\t\t\t\t\t\t\t\t\t\t\t\t\t<\/picture>\n\t\t\t\t\t\t\t\t<\/div>\n\t\t\t\t\t\t\t\t\t\t\t\t\t\t\t\t<div class=\"relative\">\n\t\t\t\t\t\t\t\t\t<picture class=\"glide__slide relative\">\n\t\t\t\t\t\t\t\t\t\t<img decoding=\"async\" width=\"768\" height=\"512\" src=\"https:\/\/fujifilm-x.b-cdn.net\/wp-content\/uploads\/2026\/03\/04_pawel_kosicki_PORTRET.jpg?width=768&amp;height=512\" class=\"h-auto object-contain\" alt=\"\" loading=\"lazy\" srcset=\"https:\/\/fujifilm-x.b-cdn.net\/wp-content\/uploads\/2026\/03\/04_pawel_kosicki_PORTRET.jpg?width=300&amp;height=200 300w, https:\/\/fujifilm-x.b-cdn.net\/wp-content\/uploads\/2026\/03\/04_pawel_kosicki_PORTRET.jpg?width=768&amp;height=512 768w, https:\/\/fujifilm-x.b-cdn.net\/wp-content\/uploads\/2026\/03\/04_pawel_kosicki_PORTRET.jpg?width=400&amp;height=267 400w, https:\/\/fujifilm-x.b-cdn.net\/wp-content\/uploads\/2026\/03\/04_pawel_kosicki_PORTRET.jpg?width=365&amp;height=243 365w, https:\/\/fujifilm-x.b-cdn.net\/wp-content\/uploads\/2026\/03\/04_pawel_kosicki_PORTRET.jpg?width=600&amp;height=400 600w, https:\/\/fujifilm-x.b-cdn.net\/wp-content\/uploads\/2026\/03\/04_pawel_kosicki_PORTRET.jpg?width=717&amp;height=478 717w\" sizes=\"auto, (max-width: 768px) 100vw, 768px\" \/>\t\t\t\t\t\t\t\t\t\t\t\t\t\t\t\t\t\t\t<\/picture>\n\t\t\t\t\t\t\t\t<\/div>\n\t\t\t\t\t\t\t\t\t\t\t\t\t\t\t\t<div class=\"relative\">\n\t\t\t\t\t\t\t\t\t<picture class=\"glide__slide relative\">\n\t\t\t\t\t\t\t\t\t\t<img decoding=\"async\" width=\"768\" height=\"512\" src=\"https:\/\/fujifilm-x.b-cdn.net\/wp-content\/uploads\/2026\/03\/05_Pawel_Kosicki.jpg?width=768&amp;height=512\" class=\"h-auto object-contain\" alt=\"\" loading=\"lazy\" srcset=\"https:\/\/fujifilm-x.b-cdn.net\/wp-content\/uploads\/2026\/03\/05_Pawel_Kosicki.jpg?width=300&amp;height=200 300w, https:\/\/fujifilm-x.b-cdn.net\/wp-content\/uploads\/2026\/03\/05_Pawel_Kosicki.jpg?width=768&amp;height=512 768w, https:\/\/fujifilm-x.b-cdn.net\/wp-content\/uploads\/2026\/03\/05_Pawel_Kosicki.jpg?width=400&amp;height=267 400w, https:\/\/fujifilm-x.b-cdn.net\/wp-content\/uploads\/2026\/03\/05_Pawel_Kosicki.jpg?width=365&amp;height=243 365w, https:\/\/fujifilm-x.b-cdn.net\/wp-content\/uploads\/2026\/03\/05_Pawel_Kosicki.jpg?width=600&amp;height=400 600w, https:\/\/fujifilm-x.b-cdn.net\/wp-content\/uploads\/2026\/03\/05_Pawel_Kosicki.jpg?width=717&amp;height=478 717w\" sizes=\"auto, (max-width: 768px) 100vw, 768px\" \/>\t\t\t\t\t\t\t\t\t\t\t\t\t\t\t\t\t\t\t<\/picture>\n\t\t\t\t\t\t\t\t<\/div>\n\t\t\t\t\t\t\t\t\t\t\t\t\t\t\t\t<div class=\"relative\">\n\t\t\t\t\t\t\t\t\t<picture class=\"glide__slide relative\">\n\t\t\t\t\t\t\t\t\t\t<img decoding=\"async\" width=\"768\" height=\"512\" src=\"https:\/\/fujifilm-x.b-cdn.net\/wp-content\/uploads\/2026\/03\/06_Pawel_Kosicki.jpg?width=768&amp;height=512\" class=\"h-auto object-contain\" alt=\"\" loading=\"lazy\" srcset=\"https:\/\/fujifilm-x.b-cdn.net\/wp-content\/uploads\/2026\/03\/06_Pawel_Kosicki.jpg?width=300&amp;height=200 300w, https:\/\/fujifilm-x.b-cdn.net\/wp-content\/uploads\/2026\/03\/06_Pawel_Kosicki.jpg?width=768&amp;height=512 768w, https:\/\/fujifilm-x.b-cdn.net\/wp-content\/uploads\/2026\/03\/06_Pawel_Kosicki.jpg?width=400&amp;height=267 400w, https:\/\/fujifilm-x.b-cdn.net\/wp-content\/uploads\/2026\/03\/06_Pawel_Kosicki.jpg?width=365&amp;height=243 365w, https:\/\/fujifilm-x.b-cdn.net\/wp-content\/uploads\/2026\/03\/06_Pawel_Kosicki.jpg?width=600&amp;height=400 600w, https:\/\/fujifilm-x.b-cdn.net\/wp-content\/uploads\/2026\/03\/06_Pawel_Kosicki.jpg?width=717&amp;height=478 717w\" sizes=\"auto, (max-width: 768px) 100vw, 768px\" \/>\t\t\t\t\t\t\t\t\t\t\t\t\t\t\t\t\t\t\t<\/picture>\n\t\t\t\t\t\t\t\t<\/div>\n\t\t\t\t\t\t\t\t\t\t\t\t\t\t\t\t<div class=\"relative\">\n\t\t\t\t\t\t\t\t\t<picture class=\"glide__slide relative\">\n\t\t\t\t\t\t\t\t\t\t<img decoding=\"async\" width=\"768\" height=\"512\" src=\"https:\/\/fujifilm-x.b-cdn.net\/wp-content\/uploads\/2026\/03\/07_Pawel_Kosicki.jpg?width=768&amp;height=512\" class=\"h-auto object-contain\" alt=\"\" loading=\"lazy\" srcset=\"https:\/\/fujifilm-x.b-cdn.net\/wp-content\/uploads\/2026\/03\/07_Pawel_Kosicki.jpg?width=300&amp;height=200 300w, https:\/\/fujifilm-x.b-cdn.net\/wp-content\/uploads\/2026\/03\/07_Pawel_Kosicki.jpg?width=768&amp;height=512 768w, https:\/\/fujifilm-x.b-cdn.net\/wp-content\/uploads\/2026\/03\/07_Pawel_Kosicki.jpg?width=400&amp;height=267 400w, https:\/\/fujifilm-x.b-cdn.net\/wp-content\/uploads\/2026\/03\/07_Pawel_Kosicki.jpg?width=365&amp;height=243 365w, https:\/\/fujifilm-x.b-cdn.net\/wp-content\/uploads\/2026\/03\/07_Pawel_Kosicki.jpg?width=600&amp;height=400 600w, https:\/\/fujifilm-x.b-cdn.net\/wp-content\/uploads\/2026\/03\/07_Pawel_Kosicki.jpg?width=717&amp;height=478 717w\" sizes=\"auto, (max-width: 768px) 100vw, 768px\" \/>\t\t\t\t\t\t\t\t\t\t\t\t\t\t\t\t\t\t\t<\/picture>\n\t\t\t\t\t\t\t\t<\/div>\n\t\t\t\t\t\t\t\t\t\t\t\t\t\t\t\t<div class=\"relative\">\n\t\t\t\t\t\t\t\t\t<picture class=\"glide__slide relative\">\n\t\t\t\t\t\t\t\t\t\t<img decoding=\"async\" width=\"768\" height=\"512\" src=\"https:\/\/fujifilm-x.b-cdn.net\/wp-content\/uploads\/2026\/03\/08_Pawel_Kosicki.jpg?width=768&amp;height=512\" class=\"h-auto object-contain\" alt=\"\" loading=\"lazy\" srcset=\"https:\/\/fujifilm-x.b-cdn.net\/wp-content\/uploads\/2026\/03\/08_Pawel_Kosicki.jpg?width=300&amp;height=200 300w, https:\/\/fujifilm-x.b-cdn.net\/wp-content\/uploads\/2026\/03\/08_Pawel_Kosicki.jpg?width=768&amp;height=512 768w, https:\/\/fujifilm-x.b-cdn.net\/wp-content\/uploads\/2026\/03\/08_Pawel_Kosicki.jpg?width=400&amp;height=267 400w, https:\/\/fujifilm-x.b-cdn.net\/wp-content\/uploads\/2026\/03\/08_Pawel_Kosicki.jpg?width=365&amp;height=243 365w, https:\/\/fujifilm-x.b-cdn.net\/wp-content\/uploads\/2026\/03\/08_Pawel_Kosicki.jpg?width=600&amp;height=400 600w, https:\/\/fujifilm-x.b-cdn.net\/wp-content\/uploads\/2026\/03\/08_Pawel_Kosicki.jpg?width=717&amp;height=478 717w\" sizes=\"auto, (max-width: 768px) 100vw, 768px\" \/>\t\t\t\t\t\t\t\t\t\t\t\t\t\t\t\t\t\t\t<\/picture>\n\t\t\t\t\t\t\t\t<\/div>\n\t\t\t\t\t\t\t\t\t\t\t\t\t\t\t\t<div class=\"relative\">\n\t\t\t\t\t\t\t\t\t<picture class=\"glide__slide relative\">\n\t\t\t\t\t\t\t\t\t\t<img decoding=\"async\" width=\"768\" height=\"512\" src=\"https:\/\/fujifilm-x.b-cdn.net\/wp-content\/uploads\/2026\/03\/09_Pawel_Kosicki.jpg?width=768&amp;height=512\" class=\"h-auto object-contain\" alt=\"\" loading=\"lazy\" srcset=\"https:\/\/fujifilm-x.b-cdn.net\/wp-content\/uploads\/2026\/03\/09_Pawel_Kosicki.jpg?width=300&amp;height=200 300w, https:\/\/fujifilm-x.b-cdn.net\/wp-content\/uploads\/2026\/03\/09_Pawel_Kosicki.jpg?width=768&amp;height=512 768w, https:\/\/fujifilm-x.b-cdn.net\/wp-content\/uploads\/2026\/03\/09_Pawel_Kosicki.jpg?width=400&amp;height=267 400w, https:\/\/fujifilm-x.b-cdn.net\/wp-content\/uploads\/2026\/03\/09_Pawel_Kosicki.jpg?width=365&amp;height=243 365w, https:\/\/fujifilm-x.b-cdn.net\/wp-content\/uploads\/2026\/03\/09_Pawel_Kosicki.jpg?width=600&amp;height=400 600w, https:\/\/fujifilm-x.b-cdn.net\/wp-content\/uploads\/2026\/03\/09_Pawel_Kosicki.jpg?width=717&amp;height=478 717w\" sizes=\"auto, (max-width: 768px) 100vw, 768px\" \/>\t\t\t\t\t\t\t\t\t\t\t\t\t\t\t\t\t\t\t<\/picture>\n\t\t\t\t\t\t\t\t<\/div>\n\t\t\t\t\t\t\t\t\t\t\t\t\t\t\t\t<div class=\"relative\">\n\t\t\t\t\t\t\t\t\t<picture class=\"glide__slide relative\">\n\t\t\t\t\t\t\t\t\t\t<img decoding=\"async\" width=\"768\" height=\"512\" src=\"https:\/\/fujifilm-x.b-cdn.net\/wp-content\/uploads\/2026\/03\/10_Pawel_Kosicki.jpg?width=768&amp;height=512\" class=\"h-auto object-contain\" alt=\"\" loading=\"lazy\" srcset=\"https:\/\/fujifilm-x.b-cdn.net\/wp-content\/uploads\/2026\/03\/10_Pawel_Kosicki.jpg?width=300&amp;height=200 300w, https:\/\/fujifilm-x.b-cdn.net\/wp-content\/uploads\/2026\/03\/10_Pawel_Kosicki.jpg?width=768&amp;height=512 768w, https:\/\/fujifilm-x.b-cdn.net\/wp-content\/uploads\/2026\/03\/10_Pawel_Kosicki.jpg?width=400&amp;height=267 400w, https:\/\/fujifilm-x.b-cdn.net\/wp-content\/uploads\/2026\/03\/10_Pawel_Kosicki.jpg?width=365&amp;height=243 365w, https:\/\/fujifilm-x.b-cdn.net\/wp-content\/uploads\/2026\/03\/10_Pawel_Kosicki.jpg?width=600&amp;height=400 600w, https:\/\/fujifilm-x.b-cdn.net\/wp-content\/uploads\/2026\/03\/10_Pawel_Kosicki.jpg?width=717&amp;height=478 717w\" sizes=\"auto, (max-width: 768px) 100vw, 768px\" \/>\t\t\t\t\t\t\t\t\t\t\t\t\t\t\t\t\t\t\t<\/picture>\n\t\t\t\t\t\t\t\t<\/div>\n\t\t\t\t\t\t\t\t\t\t\t\t\t\t<\/div>\n\t\t\t\t\t\t\t\t\t\t\t\t\t<div class=\"glide__slides-nav glide__slides-nav--0\">\n\t\t\t\t\t\t\t\t\t\t\t\t\t\t\t\t\t<picture class=\"glide__slide\">\n\t\t\t\t\t\t\t\t\t\t<img decoding=\"async\" width=\"80\" height=\"53\" src=\"https:\/\/fujifilm-x.b-cdn.net\/wp-content\/uploads\/2026\/03\/01_Pawel_Kosicki.jpg?fit=80,53\" class=\"object-cover\" alt=\"\" loading=\"lazy\" \/>\t\t\t\t\t\t\t\t\t<\/picture>\n\t\t\t\t\t\t\t\t\t\t\t\t\t\t\t\t\t<picture class=\"glide__slide\">\n\t\t\t\t\t\t\t\t\t\t\t\t\t\t\t\t\t\t\t<\/picture>\n\t\t\t\t\t\t\t\t\t\t\t\t\t\t\t\t\t<picture class=\"glide__slide\">\n\t\t\t\t\t\t\t\t\t\t<img decoding=\"async\" width=\"80\" height=\"53\" src=\"https:\/\/fujifilm-x.b-cdn.net\/wp-content\/uploads\/2026\/03\/02_Pawel_Kosicki.jpg?fit=80,53\" class=\"object-cover\" alt=\"\" loading=\"lazy\" \/>\t\t\t\t\t\t\t\t\t<\/picture>\n\t\t\t\t\t\t\t\t\t\t\t\t\t\t\t\t\t<picture class=\"glide__slide\">\n\t\t\t\t\t\t\t\t\t\t<img decoding=\"async\" width=\"80\" height=\"53\" src=\"https:\/\/fujifilm-x.b-cdn.net\/wp-content\/uploads\/2026\/03\/02_pawel_kosicki_PORTRET.jpg?fit=80,53\" class=\"object-cover\" alt=\"\" loading=\"lazy\" \/>\t\t\t\t\t\t\t\t\t<\/picture>\n\t\t\t\t\t\t\t\t\t\t\t\t\t\t\t\t\t<picture class=\"glide__slide\">\n\t\t\t\t\t\t\t\t\t\t<img decoding=\"async\" width=\"80\" height=\"53\" src=\"https:\/\/fujifilm-x.b-cdn.net\/wp-content\/uploads\/2026\/03\/03_Pawel_Kosicki.jpg?fit=80,53\" class=\"object-cover\" alt=\"\" loading=\"lazy\" \/>\t\t\t\t\t\t\t\t\t<\/picture>\n\t\t\t\t\t\t\t\t\t\t\t\t\t\t\t\t\t<picture class=\"glide__slide\">\n\t\t\t\t\t\t\t\t\t\t<img decoding=\"async\" width=\"80\" height=\"80\" src=\"https:\/\/fujifilm-x.b-cdn.net\/wp-content\/uploads\/2026\/03\/03_pawel_kosicki_PORTRET.jpg?fit=80,80\" class=\"object-cover\" alt=\"\" loading=\"lazy\" \/>\t\t\t\t\t\t\t\t\t<\/picture>\n\t\t\t\t\t\t\t\t\t\t\t\t\t\t\t\t\t<picture class=\"glide__slide\">\n\t\t\t\t\t\t\t\t\t\t<img decoding=\"async\" width=\"80\" height=\"53\" src=\"https:\/\/fujifilm-x.b-cdn.net\/wp-content\/uploads\/2026\/03\/04_Pawel_Kosicki.jpg?fit=80,53\" class=\"object-cover\" alt=\"\" loading=\"lazy\" \/>\t\t\t\t\t\t\t\t\t<\/picture>\n\t\t\t\t\t\t\t\t\t\t\t\t\t\t\t\t\t<picture class=\"glide__slide\">\n\t\t\t\t\t\t\t\t\t\t<img decoding=\"async\" width=\"80\" height=\"53\" src=\"https:\/\/fujifilm-x.b-cdn.net\/wp-content\/uploads\/2026\/03\/04_pawel_kosicki_PORTRET.jpg?fit=80,53\" class=\"object-cover\" alt=\"\" loading=\"lazy\" \/>\t\t\t\t\t\t\t\t\t<\/picture>\n\t\t\t\t\t\t\t\t\t\t\t\t\t\t\t\t\t<picture class=\"glide__slide\">\n\t\t\t\t\t\t\t\t\t\t<img decoding=\"async\" width=\"80\" height=\"53\" src=\"https:\/\/fujifilm-x.b-cdn.net\/wp-content\/uploads\/2026\/03\/05_Pawel_Kosicki.jpg?fit=80,53\" class=\"object-cover\" alt=\"\" loading=\"lazy\" \/>\t\t\t\t\t\t\t\t\t<\/picture>\n\t\t\t\t\t\t\t\t\t\t\t\t\t\t\t\t\t<picture class=\"glide__slide\">\n\t\t\t\t\t\t\t\t\t\t<img decoding=\"async\" width=\"80\" height=\"53\" src=\"https:\/\/fujifilm-x.b-cdn.net\/wp-content\/uploads\/2026\/03\/06_Pawel_Kosicki.jpg?fit=80,53\" class=\"object-cover\" alt=\"\" loading=\"lazy\" \/>\t\t\t\t\t\t\t\t\t<\/picture>\n\t\t\t\t\t\t\t\t\t\t\t\t\t\t\t\t\t<picture class=\"glide__slide\">\n\t\t\t\t\t\t\t\t\t\t<img decoding=\"async\" width=\"80\" height=\"53\" src=\"https:\/\/fujifilm-x.b-cdn.net\/wp-content\/uploads\/2026\/03\/07_Pawel_Kosicki.jpg?fit=80,53\" class=\"object-cover\" alt=\"\" loading=\"lazy\" \/>\t\t\t\t\t\t\t\t\t<\/picture>\n\t\t\t\t\t\t\t\t\t\t\t\t\t\t\t\t\t<picture class=\"glide__slide\">\n\t\t\t\t\t\t\t\t\t\t<img decoding=\"async\" width=\"80\" height=\"53\" src=\"https:\/\/fujifilm-x.b-cdn.net\/wp-content\/uploads\/2026\/03\/08_Pawel_Kosicki.jpg?fit=80,53\" class=\"object-cover\" alt=\"\" loading=\"lazy\" \/>\t\t\t\t\t\t\t\t\t<\/picture>\n\t\t\t\t\t\t\t\t\t\t\t\t\t\t\t\t\t<picture class=\"glide__slide\">\n\t\t\t\t\t\t\t\t\t\t<img decoding=\"async\" width=\"80\" height=\"53\" src=\"https:\/\/fujifilm-x.b-cdn.net\/wp-content\/uploads\/2026\/03\/09_Pawel_Kosicki.jpg?fit=80,53\" class=\"object-cover\" alt=\"\" loading=\"lazy\" \/>\t\t\t\t\t\t\t\t\t<\/picture>\n\t\t\t\t\t\t\t\t\t\t\t\t\t\t\t\t\t<picture class=\"glide__slide\">\n\t\t\t\t\t\t\t\t\t\t<img decoding=\"async\" width=\"80\" height=\"53\" src=\"https:\/\/fujifilm-x.b-cdn.net\/wp-content\/uploads\/2026\/03\/10_Pawel_Kosicki.jpg?fit=80,53\" class=\"object-cover\" alt=\"\" loading=\"lazy\" \/>\t\t\t\t\t\t\t\t\t<\/picture>\n\t\t\t\t\t\t\t\t\t\t\t\t\t\t\t<\/div>\n\t\t\t\t\t\t\t\t\t\t\t<\/div>\n\t\t\t\t<\/div>\n\t\t\t<\/div>\n\t\t\t\t\t<div class=\"main-stage--slide\">\n\t\t\t\t<div class=\"main-stage__left-content\">\n\t\t\t\t\t<div class=\"flex justify-end gap-5 mb-5\">\n\t\t\t\t\t\t<span class=\"font-fjalla-one font-normal sm:text-lg uppercase block\">\n\t\t\t\t\t\t\t\t\t\t\t\t\t<\/span>\n\t\t\t\t\t\t<span class=\"font-fjalla-one font-normal sm:text-lg uppercase block\">\n\t\t\t\t\t\t\t\t\t\t\t\t\t<\/span>\n\t\t\t\t\t<\/div>\n\t\t\t\t\t<div class=\"sm:flex gap-5 justify-between\">\n\t\t\t\t\t\t\t\t\t\t\t\t\t<div class=\"flex gap-3\">\n\t\t\t\t\t\t\t\t<picture class=\"aspect-3\/2 shrink-0\">\n\t\t\t\t\t\t\t\t\t<img decoding=\"async\" width=\"93\" height=\"140\" src=\"https:\/\/fujifilm-x.b-cdn.net\/wp-content\/uploads\/2026\/03\/Bonecki_portret.jpg?fit=93,140\" class=\"h-auto object-cover\" alt=\"\" loading=\"lazy\" \/>\t\t\t\t\t\t\t\t<\/picture>\n\t\t\t\t\t\t\t\t<h5 class=\"wp-block-heading mb-0\">Jacek Bonecki<\/h5>\n\t\t\t\t\t\t\t<\/div>\n\t\t\t\t\t\t\t\t\t\t\t\t<\/div>\n\t\t\t\t\t<div class=\"main-stage__left-content__description\">\n\t\t\t\t\t\t<div class=\"line-clamp-[7] continue-reading\">\n\t\t\t\t\t\t\t<p>Jacek Bonecki \u2013 fotograf i operator filmowy pracuj\u0105cy na styku dokumentu, eseju wizualnego i fotografii sportowej. Autor ksi\u0105\u017cek, prowadzi tak\u017ce dzia\u0142alno\u015b\u0107 dydaktyczn\u0105 zwi\u0105zan\u0105 z fotografi\u0105, filmem i prac\u0105 ze \u015bwiat\u0142em. Aktualnie realizuje projekty po\u015bwi\u0119cone zjawiskom granicznym, w tym cykl dotycz\u0105cy fotografowania za\u0107mie\u0144 S\u0142o\u0144ca jako wyzwania technicznego i emocjonalnego.<\/p>\n<p>Jego spos\u00f3b my\u015blenia o obrazie opiera si\u0119 na \u015bwiadomej pracy z narracj\u0105, \u015bwiat\u0142em i konstrukcj\u0105 kadru, charakterystycznej dla tw\u00f3rc\u00f3w poruszaj\u0105cych si\u0119 swobodnie pomi\u0119dzy obrazem ruchomym a statycznym.<\/p>\n<p>Realizuje d\u0142ugofalowe projekty fotograficzne w warunkach wymagaj\u0105cych pe\u0142nej kontroli procesu \u2013 od \u015brodowisk ekstremalnych po sytuacje, w kt\u00f3rych decyduj\u0105ce znaczenie maj\u0105 koncentracja, rytm i dyscyplina pracy. Wielokrotny uczestnik Rajdu Dakar, swoje do\u015bwiadczenia terenowe traktuje jak kontekst pozwalaj\u0105cy bada\u0107 granice percepcji, wytrzyma\u0142o\u015bci i obecno\u015bci fotografa.<\/p>\n<p>Jego j\u0119zyk wizualny wyrasta z fascynacji ameryka\u0144sk\u0105 barwn\u0105 fotografi\u0105 dokumentaln\u0105 i reporta\u017cow\u0105 \u2013 konkretn\u0105, fizyczn\u0105 i pozbawion\u0105 dekoracyjno\u015bci \u2013 a tak\u017ce z fotografii formalnej, w kt\u00f3rej obraz budowany jest poprzez relacje form, napi\u0119cia i geometri\u0119 kadru. Istotnym punktem odniesienia pozostaje r\u00f3wnie\u017c fotografia sportowa, wymagaj\u0105ca precyzji, przewidywania i odpowiedzialno\u015bci za moment.<\/p>\n<p>Ambasador Fujifilm.<\/p>\n\t\t\t\t\t\t\t<div class=\"continue-reading__gradient\"><\/div>\n\t\t\t\t\t\t<\/div>\n\t\t\t\t\t\t<button type=\"button\" class=\"continue-reading__button\" role=\"button\">\n\t\t\t\t\t\t\t<span class=\"continue-reading__button--arrow\">\n\t\t\t\t\t\t\t\t<span class=\"continue-reading__button--arrow-elems\">\n\t\t\t\t\t\t\t\t\t<span class=\"continue-reading__button--arrow-elems__first\"><\/span>\n\t\t\t\t\t\t\t\t\t<span class=\"continue-reading__button--arrow-elems__second\"><\/span>\n\t\t\t\t\t\t\t\t<\/span>\n\t\t\t\t\t\t\t<\/span>\n\t\t\t\t\t\t<\/button>\n\t\t\t\t\t<\/div>\n\t\t\t\t<\/div>\n\t\t\t\t<div class=\"main-stage__right-content\">\n\t\t\t\t\t<div class=\"glide glide--1\">\n\t\t\t\t\t\t<div class=\"glide__slides glide__slides--1\">\n\t\t\t\t\t\t\t\t\t\t\t\t\t\t\t<div class=\"relative\">\n\t\t\t\t\t\t\t\t\t<picture class=\"glide__slide relative\">\n\t\t\t\t\t\t\t\t\t\t<img decoding=\"async\" width=\"768\" height=\"538\" src=\"https:\/\/fujifilm-x.b-cdn.net\/wp-content\/uploads\/2026\/03\/Bonecki-1.jpg?width=768&amp;height=538\" class=\"h-auto object-contain\" alt=\"\" loading=\"lazy\" srcset=\"https:\/\/fujifilm-x.b-cdn.net\/wp-content\/uploads\/2026\/03\/Bonecki-1.jpg?width=300&amp;height=210 300w, https:\/\/fujifilm-x.b-cdn.net\/wp-content\/uploads\/2026\/03\/Bonecki-1.jpg?width=768&amp;height=538 768w, https:\/\/fujifilm-x.b-cdn.net\/wp-content\/uploads\/2026\/03\/Bonecki-1.jpg?width=400&amp;height=280 400w, https:\/\/fujifilm-x.b-cdn.net\/wp-content\/uploads\/2026\/03\/Bonecki-1.jpg?width=365&amp;height=256 365w, https:\/\/fujifilm-x.b-cdn.net\/wp-content\/uploads\/2026\/03\/Bonecki-1.jpg?width=600&amp;height=420 600w, https:\/\/fujifilm-x.b-cdn.net\/wp-content\/uploads\/2026\/03\/Bonecki-1.jpg?width=717&amp;height=502 717w\" sizes=\"auto, (max-width: 768px) 100vw, 768px\" \/>\t\t\t\t\t\t\t\t\t\t\t\t\t\t\t\t\t\t\t<\/picture>\n\t\t\t\t\t\t\t\t<\/div>\n\t\t\t\t\t\t\t\t\t\t\t\t\t\t\t\t<div class=\"relative\">\n\t\t\t\t\t\t\t\t\t<picture class=\"glide__slide relative\">\n\t\t\t\t\t\t\t\t\t\t<img decoding=\"async\" width=\"768\" height=\"768\" src=\"https:\/\/fujifilm-x.b-cdn.net\/wp-content\/uploads\/2026\/03\/Bonecki-2.jpg?width=768&amp;height=768\" class=\"h-auto object-contain\" alt=\"\" loading=\"lazy\" srcset=\"https:\/\/fujifilm-x.b-cdn.net\/wp-content\/uploads\/2026\/03\/Bonecki-2.jpg?width=300&amp;height=300 300w, https:\/\/fujifilm-x.b-cdn.net\/wp-content\/uploads\/2026\/03\/Bonecki-2.jpg?width=150&amp;height=150 150w, https:\/\/fujifilm-x.b-cdn.net\/wp-content\/uploads\/2026\/03\/Bonecki-2.jpg?width=768&amp;height=768 768w, https:\/\/fujifilm-x.b-cdn.net\/wp-content\/uploads\/2026\/03\/Bonecki-2.jpg?width=365&amp;height=365 365w, https:\/\/fujifilm-x.b-cdn.net\/wp-content\/uploads\/2026\/03\/Bonecki-2.jpg?width=600&amp;height=600 600w, https:\/\/fujifilm-x.b-cdn.net\/wp-content\/uploads\/2026\/03\/Bonecki-2.jpg?width=717&amp;height=717 717w, https:\/\/fujifilm-x.b-cdn.net\/wp-content\/uploads\/2026\/03\/Bonecki-2.jpg?width=80&amp;height=80 80w\" sizes=\"auto, (max-width: 768px) 100vw, 768px\" \/>\t\t\t\t\t\t\t\t\t\t\t\t\t\t\t\t\t\t\t<\/picture>\n\t\t\t\t\t\t\t\t<\/div>\n\t\t\t\t\t\t\t\t\t\t\t\t\t\t\t\t<div class=\"relative\">\n\t\t\t\t\t\t\t\t\t<picture class=\"glide__slide relative\">\n\t\t\t\t\t\t\t\t\t\t<img decoding=\"async\" width=\"768\" height=\"585\" src=\"https:\/\/fujifilm-x.b-cdn.net\/wp-content\/uploads\/2026\/03\/Bonecki-4.jpg?width=768&amp;height=585\" class=\"h-auto object-contain\" alt=\"\" loading=\"lazy\" srcset=\"https:\/\/fujifilm-x.b-cdn.net\/wp-content\/uploads\/2026\/03\/Bonecki-4.jpg?width=300&amp;height=229 300w, https:\/\/fujifilm-x.b-cdn.net\/wp-content\/uploads\/2026\/03\/Bonecki-4.jpg?width=768&amp;height=585 768w, https:\/\/fujifilm-x.b-cdn.net\/wp-content\/uploads\/2026\/03\/Bonecki-4.jpg?width=394&amp;height=300 394w, https:\/\/fujifilm-x.b-cdn.net\/wp-content\/uploads\/2026\/03\/Bonecki-4.jpg?width=365&amp;height=278 365w, https:\/\/fujifilm-x.b-cdn.net\/wp-content\/uploads\/2026\/03\/Bonecki-4.jpg?width=600&amp;height=457 600w, https:\/\/fujifilm-x.b-cdn.net\/wp-content\/uploads\/2026\/03\/Bonecki-4.jpg?width=717&amp;height=546 717w\" sizes=\"auto, (max-width: 768px) 100vw, 768px\" \/>\t\t\t\t\t\t\t\t\t\t\t\t\t\t\t\t\t\t\t<\/picture>\n\t\t\t\t\t\t\t\t<\/div>\n\t\t\t\t\t\t\t\t\t\t\t\t\t\t\t\t<div class=\"relative\">\n\t\t\t\t\t\t\t\t\t<picture class=\"glide__slide relative\">\n\t\t\t\t\t\t\t\t\t\t<img decoding=\"async\" width=\"768\" height=\"512\" src=\"https:\/\/fujifilm-x.b-cdn.net\/wp-content\/uploads\/2026\/03\/Bonecki-5.jpg?width=768&amp;height=512\" class=\"h-auto object-contain\" alt=\"\" loading=\"lazy\" srcset=\"https:\/\/fujifilm-x.b-cdn.net\/wp-content\/uploads\/2026\/03\/Bonecki-5.jpg?width=300&amp;height=200 300w, https:\/\/fujifilm-x.b-cdn.net\/wp-content\/uploads\/2026\/03\/Bonecki-5.jpg?width=768&amp;height=512 768w, https:\/\/fujifilm-x.b-cdn.net\/wp-content\/uploads\/2026\/03\/Bonecki-5.jpg?width=400&amp;height=267 400w, https:\/\/fujifilm-x.b-cdn.net\/wp-content\/uploads\/2026\/03\/Bonecki-5.jpg?width=365&amp;height=243 365w, https:\/\/fujifilm-x.b-cdn.net\/wp-content\/uploads\/2026\/03\/Bonecki-5.jpg?width=600&amp;height=400 600w, https:\/\/fujifilm-x.b-cdn.net\/wp-content\/uploads\/2026\/03\/Bonecki-5.jpg?width=717&amp;height=478 717w\" sizes=\"auto, (max-width: 768px) 100vw, 768px\" \/>\t\t\t\t\t\t\t\t\t\t\t\t\t\t\t\t\t\t\t<\/picture>\n\t\t\t\t\t\t\t\t<\/div>\n\t\t\t\t\t\t\t\t\t\t\t\t\t\t\t\t<div class=\"relative\">\n\t\t\t\t\t\t\t\t\t<picture class=\"glide__slide relative\">\n\t\t\t\t\t\t\t\t\t\t<img decoding=\"async\" width=\"768\" height=\"768\" src=\"https:\/\/fujifilm-x.b-cdn.net\/wp-content\/uploads\/2026\/03\/Bonecki-6.jpg?width=768&amp;height=768\" class=\"h-auto object-contain\" alt=\"\" loading=\"lazy\" srcset=\"https:\/\/fujifilm-x.b-cdn.net\/wp-content\/uploads\/2026\/03\/Bonecki-6.jpg?width=300&amp;height=300 300w, https:\/\/fujifilm-x.b-cdn.net\/wp-content\/uploads\/2026\/03\/Bonecki-6.jpg?width=150&amp;height=150 150w, https:\/\/fujifilm-x.b-cdn.net\/wp-content\/uploads\/2026\/03\/Bonecki-6.jpg?width=768&amp;height=768 768w, https:\/\/fujifilm-x.b-cdn.net\/wp-content\/uploads\/2026\/03\/Bonecki-6.jpg?width=365&amp;height=365 365w, https:\/\/fujifilm-x.b-cdn.net\/wp-content\/uploads\/2026\/03\/Bonecki-6.jpg?width=600&amp;height=600 600w, https:\/\/fujifilm-x.b-cdn.net\/wp-content\/uploads\/2026\/03\/Bonecki-6.jpg?width=717&amp;height=717 717w, https:\/\/fujifilm-x.b-cdn.net\/wp-content\/uploads\/2026\/03\/Bonecki-6.jpg?width=80&amp;height=80 80w\" sizes=\"auto, (max-width: 768px) 100vw, 768px\" \/>\t\t\t\t\t\t\t\t\t\t\t\t\t\t\t\t\t\t\t<\/picture>\n\t\t\t\t\t\t\t\t<\/div>\n\t\t\t\t\t\t\t\t\t\t\t\t\t\t\t\t<div class=\"relative\">\n\t\t\t\t\t\t\t\t\t<picture class=\"glide__slide relative\">\n\t\t\t\t\t\t\t\t\t\t<img decoding=\"async\" width=\"768\" height=\"768\" src=\"https:\/\/fujifilm-x.b-cdn.net\/wp-content\/uploads\/2026\/03\/Bonecki-7.jpg?width=768&amp;height=768\" class=\"h-auto object-contain\" alt=\"\" loading=\"lazy\" srcset=\"https:\/\/fujifilm-x.b-cdn.net\/wp-content\/uploads\/2026\/03\/Bonecki-7.jpg?width=300&amp;height=300 300w, https:\/\/fujifilm-x.b-cdn.net\/wp-content\/uploads\/2026\/03\/Bonecki-7.jpg?width=150&amp;height=150 150w, https:\/\/fujifilm-x.b-cdn.net\/wp-content\/uploads\/2026\/03\/Bonecki-7.jpg?width=768&amp;height=768 768w, https:\/\/fujifilm-x.b-cdn.net\/wp-content\/uploads\/2026\/03\/Bonecki-7.jpg?width=365&amp;height=365 365w, https:\/\/fujifilm-x.b-cdn.net\/wp-content\/uploads\/2026\/03\/Bonecki-7.jpg?width=600&amp;height=600 600w, https:\/\/fujifilm-x.b-cdn.net\/wp-content\/uploads\/2026\/03\/Bonecki-7.jpg?width=717&amp;height=717 717w, https:\/\/fujifilm-x.b-cdn.net\/wp-content\/uploads\/2026\/03\/Bonecki-7.jpg?width=80&amp;height=80 80w\" sizes=\"auto, (max-width: 768px) 100vw, 768px\" \/>\t\t\t\t\t\t\t\t\t\t\t\t\t\t\t\t\t\t\t<\/picture>\n\t\t\t\t\t\t\t\t<\/div>\n\t\t\t\t\t\t\t\t\t\t\t\t\t\t\t\t<div class=\"relative\">\n\t\t\t\t\t\t\t\t\t<picture class=\"glide__slide relative\">\n\t\t\t\t\t\t\t\t\t\t<img decoding=\"async\" width=\"768\" height=\"768\" src=\"https:\/\/fujifilm-x.b-cdn.net\/wp-content\/uploads\/2026\/03\/Bonecki-8.jpg?width=768&amp;height=768\" class=\"h-auto object-contain\" alt=\"\" loading=\"lazy\" srcset=\"https:\/\/fujifilm-x.b-cdn.net\/wp-content\/uploads\/2026\/03\/Bonecki-8.jpg?width=300&amp;height=300 300w, https:\/\/fujifilm-x.b-cdn.net\/wp-content\/uploads\/2026\/03\/Bonecki-8.jpg?width=150&amp;height=150 150w, https:\/\/fujifilm-x.b-cdn.net\/wp-content\/uploads\/2026\/03\/Bonecki-8.jpg?width=768&amp;height=768 768w, https:\/\/fujifilm-x.b-cdn.net\/wp-content\/uploads\/2026\/03\/Bonecki-8.jpg?width=365&amp;height=365 365w, https:\/\/fujifilm-x.b-cdn.net\/wp-content\/uploads\/2026\/03\/Bonecki-8.jpg?width=600&amp;height=600 600w, https:\/\/fujifilm-x.b-cdn.net\/wp-content\/uploads\/2026\/03\/Bonecki-8.jpg?width=717&amp;height=717 717w, https:\/\/fujifilm-x.b-cdn.net\/wp-content\/uploads\/2026\/03\/Bonecki-8.jpg?width=80&amp;height=80 80w\" sizes=\"auto, (max-width: 768px) 100vw, 768px\" \/>\t\t\t\t\t\t\t\t\t\t\t\t\t\t\t\t\t\t\t<\/picture>\n\t\t\t\t\t\t\t\t<\/div>\n\t\t\t\t\t\t\t\t\t\t\t\t\t\t\t\t<div class=\"relative\">\n\t\t\t\t\t\t\t\t\t<picture class=\"glide__slide relative\">\n\t\t\t\t\t\t\t\t\t\t<img decoding=\"async\" width=\"768\" height=\"512\" src=\"https:\/\/fujifilm-x.b-cdn.net\/wp-content\/uploads\/2026\/03\/Bonecki-9.jpg?width=768&amp;height=512\" class=\"h-auto object-contain\" alt=\"\" loading=\"lazy\" srcset=\"https:\/\/fujifilm-x.b-cdn.net\/wp-content\/uploads\/2026\/03\/Bonecki-9.jpg?width=300&amp;height=200 300w, https:\/\/fujifilm-x.b-cdn.net\/wp-content\/uploads\/2026\/03\/Bonecki-9.jpg?width=768&amp;height=512 768w, https:\/\/fujifilm-x.b-cdn.net\/wp-content\/uploads\/2026\/03\/Bonecki-9.jpg?width=400&amp;height=267 400w, https:\/\/fujifilm-x.b-cdn.net\/wp-content\/uploads\/2026\/03\/Bonecki-9.jpg?width=365&amp;height=243 365w, https:\/\/fujifilm-x.b-cdn.net\/wp-content\/uploads\/2026\/03\/Bonecki-9.jpg?width=600&amp;height=400 600w, https:\/\/fujifilm-x.b-cdn.net\/wp-content\/uploads\/2026\/03\/Bonecki-9.jpg?width=717&amp;height=478 717w\" sizes=\"auto, (max-width: 768px) 100vw, 768px\" \/>\t\t\t\t\t\t\t\t\t\t\t\t\t\t\t\t\t\t\t<\/picture>\n\t\t\t\t\t\t\t\t<\/div>\n\t\t\t\t\t\t\t\t\t\t\t\t\t\t<\/div>\n\t\t\t\t\t\t\t\t\t\t\t\t\t<div class=\"glide__slides-nav glide__slides-nav--1\">\n\t\t\t\t\t\t\t\t\t\t\t\t\t\t\t\t\t<picture class=\"glide__slide\">\n\t\t\t\t\t\t\t\t\t\t<img decoding=\"async\" width=\"80\" height=\"56\" src=\"https:\/\/fujifilm-x.b-cdn.net\/wp-content\/uploads\/2026\/03\/Bonecki-1.jpg?fit=80,56\" class=\"object-cover\" alt=\"\" loading=\"lazy\" \/>\t\t\t\t\t\t\t\t\t<\/picture>\n\t\t\t\t\t\t\t\t\t\t\t\t\t\t\t\t\t<picture class=\"glide__slide\">\n\t\t\t\t\t\t\t\t\t\t<img decoding=\"async\" width=\"80\" height=\"80\" src=\"https:\/\/fujifilm-x.b-cdn.net\/wp-content\/uploads\/2026\/03\/Bonecki-2.jpg?fit=80,80\" class=\"object-cover\" alt=\"\" loading=\"lazy\" \/>\t\t\t\t\t\t\t\t\t<\/picture>\n\t\t\t\t\t\t\t\t\t\t\t\t\t\t\t\t\t<picture class=\"glide__slide\">\n\t\t\t\t\t\t\t\t\t\t<img decoding=\"async\" width=\"80\" height=\"61\" src=\"https:\/\/fujifilm-x.b-cdn.net\/wp-content\/uploads\/2026\/03\/Bonecki-4.jpg?fit=80,61\" class=\"object-cover\" alt=\"\" loading=\"lazy\" \/>\t\t\t\t\t\t\t\t\t<\/picture>\n\t\t\t\t\t\t\t\t\t\t\t\t\t\t\t\t\t<picture class=\"glide__slide\">\n\t\t\t\t\t\t\t\t\t\t<img decoding=\"async\" width=\"80\" height=\"53\" src=\"https:\/\/fujifilm-x.b-cdn.net\/wp-content\/uploads\/2026\/03\/Bonecki-5.jpg?fit=80,53\" class=\"object-cover\" alt=\"\" loading=\"lazy\" \/>\t\t\t\t\t\t\t\t\t<\/picture>\n\t\t\t\t\t\t\t\t\t\t\t\t\t\t\t\t\t<picture class=\"glide__slide\">\n\t\t\t\t\t\t\t\t\t\t<img decoding=\"async\" width=\"80\" height=\"80\" src=\"https:\/\/fujifilm-x.b-cdn.net\/wp-content\/uploads\/2026\/03\/Bonecki-6.jpg?fit=80,80\" class=\"object-cover\" alt=\"\" loading=\"lazy\" \/>\t\t\t\t\t\t\t\t\t<\/picture>\n\t\t\t\t\t\t\t\t\t\t\t\t\t\t\t\t\t<picture class=\"glide__slide\">\n\t\t\t\t\t\t\t\t\t\t<img decoding=\"async\" width=\"80\" height=\"80\" src=\"https:\/\/fujifilm-x.b-cdn.net\/wp-content\/uploads\/2026\/03\/Bonecki-7.jpg?fit=80,80\" class=\"object-cover\" alt=\"\" loading=\"lazy\" \/>\t\t\t\t\t\t\t\t\t<\/picture>\n\t\t\t\t\t\t\t\t\t\t\t\t\t\t\t\t\t<picture class=\"glide__slide\">\n\t\t\t\t\t\t\t\t\t\t<img decoding=\"async\" width=\"80\" height=\"80\" src=\"https:\/\/fujifilm-x.b-cdn.net\/wp-content\/uploads\/2026\/03\/Bonecki-8.jpg?fit=80,80\" class=\"object-cover\" alt=\"\" loading=\"lazy\" \/>\t\t\t\t\t\t\t\t\t<\/picture>\n\t\t\t\t\t\t\t\t\t\t\t\t\t\t\t\t\t<picture class=\"glide__slide\">\n\t\t\t\t\t\t\t\t\t\t<img decoding=\"async\" width=\"80\" height=\"53\" src=\"https:\/\/fujifilm-x.b-cdn.net\/wp-content\/uploads\/2026\/03\/Bonecki-9.jpg?fit=80,53\" class=\"object-cover\" alt=\"\" loading=\"lazy\" \/>\t\t\t\t\t\t\t\t\t<\/picture>\n\t\t\t\t\t\t\t\t\t\t\t\t\t\t\t<\/div>\n\t\t\t\t\t\t\t\t\t\t\t<\/div>\n\t\t\t\t<\/div>\n\t\t\t<\/div>\n\t\t\t\t\t<div class=\"main-stage--slide\">\n\t\t\t\t<div class=\"main-stage__left-content\">\n\t\t\t\t\t<div class=\"flex justify-end gap-5 mb-5\">\n\t\t\t\t\t\t<span class=\"font-fjalla-one font-normal sm:text-lg uppercase block\">\n\t\t\t\t\t\t\t\t\t\t\t\t\t<\/span>\n\t\t\t\t\t\t<span class=\"font-fjalla-one font-normal sm:text-lg uppercase block\">\n\t\t\t\t\t\t\t\t\t\t\t\t\t<\/span>\n\t\t\t\t\t<\/div>\n\t\t\t\t\t<div class=\"sm:flex gap-5 justify-between\">\n\t\t\t\t\t\t\t\t\t\t\t\t\t<div class=\"flex gap-3\">\n\t\t\t\t\t\t\t\t<picture class=\"aspect-3\/2 shrink-0\">\n\t\t\t\t\t\t\t\t\t<img decoding=\"async\" width=\"140\" height=\"140\" src=\"https:\/\/fujifilm-x.b-cdn.net\/wp-content\/uploads\/2026\/03\/Bownik_portret.jpg?fit=140,140\" class=\"h-auto object-cover\" alt=\"\" loading=\"lazy\" srcset=\"https:\/\/fujifilm-x.b-cdn.net\/wp-content\/uploads\/2026\/03\/Bownik_portret.jpg?width=80&amp;height=80 80w, https:\/\/fujifilm-x.b-cdn.net\/wp-content\/uploads\/2026\/03\/Bownik_portret.jpg?width=140&amp;height=140 140w\" sizes=\"auto, (max-width: 140px) 100vw, 140px\" \/>\t\t\t\t\t\t\t\t<\/picture>\n\t\t\t\t\t\t\t\t<h5 class=\"wp-block-heading mb-0\">Bownik<\/h5>\n\t\t\t\t\t\t\t<\/div>\n\t\t\t\t\t\t\t\t\t\t\t\t<\/div>\n\t\t\t\t\t<div class=\"main-stage__left-content__description\">\n\t\t\t\t\t\t<div class=\"line-clamp-[7] continue-reading\">\n\t\t\t\t\t\t\t<p>Bownik \u2013 artysta wizualny i wyk\u0142adowca Pa\u0144stwowej Wy\u017cszej Szko\u0142y Filmowej, Telewizyjnej i Teatralnej w \u0141odzi. Autor wielu wystaw, pokaz\u00f3w instytucjonalnych i ksi\u0105\u017cek artystycznych. Z wykszta\u0142cenia fotograf, rozwija praktyk\u0119 tw\u00f3rcz\u0105 wok\u00f3\u0142 powracaj\u0105cych motyw\u00f3w demontowania i reprodukowania, a tak\u017ce konstruowania modeli przestrzeni i obiekt\u00f3w. Jego prace znajduj\u0105 si\u0119 w kolekcjach publicznych, m.in.: w Muzeum Narodowym w Poznaniu, Muzeum Sztuki Wsp\u00f3\u0142czesnej we Wroc\u0142awiu; MUFO Muzeum Fotografii w Krakowie, Huis Marseille Museum for Photography, Museum voor fotografie w Amsterdamie, Muzeum Sztuki Nowoczesnej w Warszawie, Bibliotece Narodowej w Warszawie oraz ING Collection w Amsterdamie.<\/p>\n<p>Autor publikacji: \u201eUndercoat\u201d (2022, Hatje Cantz), \u201eColours of Lost Time\u201d (2021, bownikstudio), \u201eDisassembly\u201d (2014, Mundin). Ambasador Fujifilm.<\/p>\n\t\t\t\t\t\t\t<div class=\"continue-reading__gradient\"><\/div>\n\t\t\t\t\t\t<\/div>\n\t\t\t\t\t\t<button type=\"button\" class=\"continue-reading__button\" role=\"button\">\n\t\t\t\t\t\t\t<span class=\"continue-reading__button--arrow\">\n\t\t\t\t\t\t\t\t<span class=\"continue-reading__button--arrow-elems\">\n\t\t\t\t\t\t\t\t\t<span class=\"continue-reading__button--arrow-elems__first\"><\/span>\n\t\t\t\t\t\t\t\t\t<span class=\"continue-reading__button--arrow-elems__second\"><\/span>\n\t\t\t\t\t\t\t\t<\/span>\n\t\t\t\t\t\t\t<\/span>\n\t\t\t\t\t\t<\/button>\n\t\t\t\t\t<\/div>\n\t\t\t\t<\/div>\n\t\t\t\t<div class=\"main-stage__right-content\">\n\t\t\t\t\t<div class=\"glide glide--2\">\n\t\t\t\t\t\t<div class=\"glide__slides glide__slides--2\">\n\t\t\t\t\t\t\t\t\t\t\t\t\t\t\t<div class=\"relative\">\n\t\t\t\t\t\t\t\t\t<picture class=\"glide__slide relative\">\n\t\t\t\t\t\t\t\t\t\t<img decoding=\"async\" width=\"768\" height=\"960\" src=\"https:\/\/fujifilm-x.b-cdn.net\/wp-content\/uploads\/2026\/03\/Bownik-3.jpg?width=768&amp;height=960\" class=\"h-auto object-contain\" alt=\"\" loading=\"lazy\" srcset=\"https:\/\/fujifilm-x.b-cdn.net\/wp-content\/uploads\/2026\/03\/Bownik-3.jpg?width=240&amp;height=300 240w, https:\/\/fujifilm-x.b-cdn.net\/wp-content\/uploads\/2026\/03\/Bownik-3.jpg?width=768&amp;height=960 768w, https:\/\/fujifilm-x.b-cdn.net\/wp-content\/uploads\/2026\/03\/Bownik-3.jpg?width=365&amp;height=456 365w, https:\/\/fujifilm-x.b-cdn.net\/wp-content\/uploads\/2026\/03\/Bownik-3.jpg?width=600&amp;height=750 600w, https:\/\/fujifilm-x.b-cdn.net\/wp-content\/uploads\/2026\/03\/Bownik-3.jpg?width=717&amp;height=896 717w\" sizes=\"auto, (max-width: 768px) 100vw, 768px\" \/>\t\t\t\t\t\t\t\t\t\t\t\t\t\t\t\t\t\t\t<\/picture>\n\t\t\t\t\t\t\t\t<\/div>\n\t\t\t\t\t\t\t\t\t\t\t\t\t\t\t\t<div class=\"relative\">\n\t\t\t\t\t\t\t\t\t<picture class=\"glide__slide relative\">\n\t\t\t\t\t\t\t\t\t\t<img decoding=\"async\" width=\"768\" height=\"960\" src=\"https:\/\/fujifilm-x.b-cdn.net\/wp-content\/uploads\/2026\/03\/Bownik-4.jpg?width=768&amp;height=960\" class=\"h-auto object-contain\" alt=\"\" loading=\"lazy\" srcset=\"https:\/\/fujifilm-x.b-cdn.net\/wp-content\/uploads\/2026\/03\/Bownik-4.jpg?width=240&amp;height=300 240w, https:\/\/fujifilm-x.b-cdn.net\/wp-content\/uploads\/2026\/03\/Bownik-4.jpg?width=768&amp;height=960 768w, https:\/\/fujifilm-x.b-cdn.net\/wp-content\/uploads\/2026\/03\/Bownik-4.jpg?width=365&amp;height=456 365w, https:\/\/fujifilm-x.b-cdn.net\/wp-content\/uploads\/2026\/03\/Bownik-4.jpg?width=600&amp;height=750 600w, https:\/\/fujifilm-x.b-cdn.net\/wp-content\/uploads\/2026\/03\/Bownik-4.jpg?width=717&amp;height=896 717w\" sizes=\"auto, (max-width: 768px) 100vw, 768px\" \/>\t\t\t\t\t\t\t\t\t\t\t\t\t\t\t\t\t\t\t<\/picture>\n\t\t\t\t\t\t\t\t<\/div>\n\t\t\t\t\t\t\t\t\t\t\t\t\t\t\t\t<div class=\"relative\">\n\t\t\t\t\t\t\t\t\t<picture class=\"glide__slide relative\">\n\t\t\t\t\t\t\t\t\t\t<img decoding=\"async\" width=\"768\" height=\"850\" src=\"https:\/\/fujifilm-x.b-cdn.net\/wp-content\/uploads\/2026\/03\/Bownik-5.jpg?width=768&amp;height=850\" class=\"h-auto object-contain\" alt=\"\" loading=\"lazy\" srcset=\"https:\/\/fujifilm-x.b-cdn.net\/wp-content\/uploads\/2026\/03\/Bownik-5.jpg?width=271&amp;height=300 271w, https:\/\/fujifilm-x.b-cdn.net\/wp-content\/uploads\/2026\/03\/Bownik-5.jpg?width=768&amp;height=850 768w, https:\/\/fujifilm-x.b-cdn.net\/wp-content\/uploads\/2026\/03\/Bownik-5.jpg?width=365&amp;height=404 365w, https:\/\/fujifilm-x.b-cdn.net\/wp-content\/uploads\/2026\/03\/Bownik-5.jpg?width=600&amp;height=664 600w, https:\/\/fujifilm-x.b-cdn.net\/wp-content\/uploads\/2026\/03\/Bownik-5.jpg?width=717&amp;height=794 717w\" sizes=\"auto, (max-width: 768px) 100vw, 768px\" \/>\t\t\t\t\t\t\t\t\t\t\t\t\t\t\t\t\t\t\t<\/picture>\n\t\t\t\t\t\t\t\t<\/div>\n\t\t\t\t\t\t\t\t\t\t\t\t\t\t\t\t<div class=\"relative\">\n\t\t\t\t\t\t\t\t\t<picture class=\"glide__slide relative\">\n\t\t\t\t\t\t\t\t\t\t<img decoding=\"async\" width=\"768\" height=\"941\" src=\"https:\/\/fujifilm-x.b-cdn.net\/wp-content\/uploads\/2026\/03\/Bownik-6.jpg?width=768&amp;height=941\" class=\"h-auto object-contain\" alt=\"\" loading=\"lazy\" srcset=\"https:\/\/fujifilm-x.b-cdn.net\/wp-content\/uploads\/2026\/03\/Bownik-6.jpg?width=245&amp;height=300 245w, https:\/\/fujifilm-x.b-cdn.net\/wp-content\/uploads\/2026\/03\/Bownik-6.jpg?width=768&amp;height=941 768w, https:\/\/fujifilm-x.b-cdn.net\/wp-content\/uploads\/2026\/03\/Bownik-6.jpg?width=365&amp;height=447 365w, https:\/\/fujifilm-x.b-cdn.net\/wp-content\/uploads\/2026\/03\/Bownik-6.jpg?width=600&amp;height=735 600w, https:\/\/fujifilm-x.b-cdn.net\/wp-content\/uploads\/2026\/03\/Bownik-6.jpg?width=717&amp;height=878 717w\" sizes=\"auto, (max-width: 768px) 100vw, 768px\" \/>\t\t\t\t\t\t\t\t\t\t\t\t\t\t\t\t\t\t\t<\/picture>\n\t\t\t\t\t\t\t\t<\/div>\n\t\t\t\t\t\t\t\t\t\t\t\t\t\t\t\t<div class=\"relative\">\n\t\t\t\t\t\t\t\t\t<picture class=\"glide__slide relative\">\n\t\t\t\t\t\t\t\t\t\t<img decoding=\"async\" width=\"768\" height=\"899\" src=\"https:\/\/fujifilm-x.b-cdn.net\/wp-content\/uploads\/2026\/03\/Bownik-7.jpg?width=768&amp;height=899\" class=\"h-auto object-contain\" alt=\"\" loading=\"lazy\" srcset=\"https:\/\/fujifilm-x.b-cdn.net\/wp-content\/uploads\/2026\/03\/Bownik-7.jpg?width=256&amp;height=300 256w, https:\/\/fujifilm-x.b-cdn.net\/wp-content\/uploads\/2026\/03\/Bownik-7.jpg?width=768&amp;height=899 768w, https:\/\/fujifilm-x.b-cdn.net\/wp-content\/uploads\/2026\/03\/Bownik-7.jpg?width=365&amp;height=427 365w, https:\/\/fujifilm-x.b-cdn.net\/wp-content\/uploads\/2026\/03\/Bownik-7.jpg?width=600&amp;height=703 600w, https:\/\/fujifilm-x.b-cdn.net\/wp-content\/uploads\/2026\/03\/Bownik-7.jpg?width=717&amp;height=840 717w\" sizes=\"auto, (max-width: 768px) 100vw, 768px\" \/>\t\t\t\t\t\t\t\t\t\t\t\t\t\t\t\t\t\t\t<\/picture>\n\t\t\t\t\t\t\t\t<\/div>\n\t\t\t\t\t\t\t\t\t\t\t\t\t\t\t\t<div class=\"relative\">\n\t\t\t\t\t\t\t\t\t<picture class=\"glide__slide relative\">\n\t\t\t\t\t\t\t\t\t\t<img decoding=\"async\" width=\"768\" height=\"448\" src=\"https:\/\/fujifilm-x.b-cdn.net\/wp-content\/uploads\/2026\/03\/Bownik-1.jpg?width=768&amp;height=448\" class=\"h-auto object-contain\" alt=\"\" loading=\"lazy\" srcset=\"https:\/\/fujifilm-x.b-cdn.net\/wp-content\/uploads\/2026\/03\/Bownik-1.jpg?width=300&amp;height=175 300w, https:\/\/fujifilm-x.b-cdn.net\/wp-content\/uploads\/2026\/03\/Bownik-1.jpg?width=768&amp;height=448 768w, https:\/\/fujifilm-x.b-cdn.net\/wp-content\/uploads\/2026\/03\/Bownik-1.jpg?width=400&amp;height=233 400w, https:\/\/fujifilm-x.b-cdn.net\/wp-content\/uploads\/2026\/03\/Bownik-1.jpg?width=365&amp;height=213 365w, https:\/\/fujifilm-x.b-cdn.net\/wp-content\/uploads\/2026\/03\/Bownik-1.jpg?width=600&amp;height=350 600w, https:\/\/fujifilm-x.b-cdn.net\/wp-content\/uploads\/2026\/03\/Bownik-1.jpg?width=717&amp;height=418 717w\" sizes=\"auto, (max-width: 768px) 100vw, 768px\" \/>\t\t\t\t\t\t\t\t\t\t\t\t\t\t\t\t\t\t\t<\/picture>\n\t\t\t\t\t\t\t\t<\/div>\n\t\t\t\t\t\t\t\t\t\t\t\t\t\t<\/div>\n\t\t\t\t\t\t\t\t\t\t\t\t\t<div class=\"glide__slides-nav glide__slides-nav--2\">\n\t\t\t\t\t\t\t\t\t\t\t\t\t\t\t\t\t<picture class=\"glide__slide\">\n\t\t\t\t\t\t\t\t\t\t<img decoding=\"async\" width=\"64\" height=\"80\" src=\"https:\/\/fujifilm-x.b-cdn.net\/wp-content\/uploads\/2026\/03\/Bownik-3.jpg?fit=64,80\" class=\"object-cover\" alt=\"\" loading=\"lazy\" \/>\t\t\t\t\t\t\t\t\t<\/picture>\n\t\t\t\t\t\t\t\t\t\t\t\t\t\t\t\t\t<picture class=\"glide__slide\">\n\t\t\t\t\t\t\t\t\t\t<img decoding=\"async\" width=\"64\" height=\"80\" src=\"https:\/\/fujifilm-x.b-cdn.net\/wp-content\/uploads\/2026\/03\/Bownik-4.jpg?fit=64,80\" class=\"object-cover\" alt=\"\" loading=\"lazy\" \/>\t\t\t\t\t\t\t\t\t<\/picture>\n\t\t\t\t\t\t\t\t\t\t\t\t\t\t\t\t\t<picture class=\"glide__slide\">\n\t\t\t\t\t\t\t\t\t\t<img decoding=\"async\" width=\"72\" height=\"80\" src=\"https:\/\/fujifilm-x.b-cdn.net\/wp-content\/uploads\/2026\/03\/Bownik-5.jpg?fit=72,80\" class=\"object-cover\" alt=\"\" loading=\"lazy\" \/>\t\t\t\t\t\t\t\t\t<\/picture>\n\t\t\t\t\t\t\t\t\t\t\t\t\t\t\t\t\t<picture class=\"glide__slide\">\n\t\t\t\t\t\t\t\t\t\t<img decoding=\"async\" width=\"65\" height=\"80\" src=\"https:\/\/fujifilm-x.b-cdn.net\/wp-content\/uploads\/2026\/03\/Bownik-6.jpg?fit=65,80\" class=\"object-cover\" alt=\"\" loading=\"lazy\" \/>\t\t\t\t\t\t\t\t\t<\/picture>\n\t\t\t\t\t\t\t\t\t\t\t\t\t\t\t\t\t<picture class=\"glide__slide\">\n\t\t\t\t\t\t\t\t\t\t<img decoding=\"async\" width=\"68\" height=\"80\" src=\"https:\/\/fujifilm-x.b-cdn.net\/wp-content\/uploads\/2026\/03\/Bownik-7.jpg?fit=68,80\" class=\"object-cover\" alt=\"\" loading=\"lazy\" \/>\t\t\t\t\t\t\t\t\t<\/picture>\n\t\t\t\t\t\t\t\t\t\t\t\t\t\t\t\t\t<picture class=\"glide__slide\">\n\t\t\t\t\t\t\t\t\t\t<img decoding=\"async\" width=\"80\" height=\"47\" src=\"https:\/\/fujifilm-x.b-cdn.net\/wp-content\/uploads\/2026\/03\/Bownik-1.jpg?fit=80,47\" class=\"object-cover\" alt=\"\" loading=\"lazy\" \/>\t\t\t\t\t\t\t\t\t<\/picture>\n\t\t\t\t\t\t\t\t\t\t\t\t\t\t\t<\/div>\n\t\t\t\t\t\t\t\t\t\t\t<\/div>\n\t\t\t\t<\/div>\n\t\t\t<\/div>\n\t\t\t\t\t<div class=\"main-stage--slide\">\n\t\t\t\t<div class=\"main-stage__left-content\">\n\t\t\t\t\t<div class=\"flex justify-end gap-5 mb-5\">\n\t\t\t\t\t\t<span class=\"font-fjalla-one font-normal sm:text-lg uppercase block\">\n\t\t\t\t\t\t\t\t\t\t\t\t\t<\/span>\n\t\t\t\t\t\t<span class=\"font-fjalla-one font-normal sm:text-lg uppercase block\">\n\t\t\t\t\t\t\t\t\t\t\t\t\t<\/span>\n\t\t\t\t\t<\/div>\n\t\t\t\t\t<div class=\"sm:flex gap-5 justify-between\">\n\t\t\t\t\t\t\t\t\t\t\t\t\t<div class=\"flex gap-3\">\n\t\t\t\t\t\t\t\t<picture class=\"aspect-3\/2 shrink-0\">\n\t\t\t\t\t\t\t\t\t<img decoding=\"async\" width=\"140\" height=\"90\" src=\"https:\/\/fujifilm-x.b-cdn.net\/wp-content\/uploads\/2026\/03\/Ogloza_PORTRET.jpg?fit=140,90\" class=\"h-auto object-cover\" alt=\"\" loading=\"lazy\" \/>\t\t\t\t\t\t\t\t<\/picture>\n\t\t\t\t\t\t\t\t<h5 class=\"wp-block-heading mb-0\">Dariusz Og\u0142oza<\/h5>\n\t\t\t\t\t\t\t<\/div>\n\t\t\t\t\t\t\t\t\t\t\t\t<\/div>\n\t\t\t\t\t<div class=\"main-stage__left-content__description\">\n\t\t\t\t\t\t<div class=\"line-clamp-[7] continue-reading\">\n\t\t\t\t\t\t\t<p>Dariusz Og\u0142oza \u2013 fotograf przyrody i by\u0142y fotoreporter, kt\u00f3ry w swojej tw\u00f3rczo\u015bci \u0142\u0105czy reporterski refleks z malarsk\u0105 wra\u017cliwo\u015bci\u0105 na pi\u0119kno natury. Do\u015bwiadczenie zawodowe przekuwa na unikatowe kadry, kt\u00f3re prezentowa\u0142 na ponad 30 wystawach w kraju i za granic\u0105. Jako uznany ekspert w dziedzinie obrazowania, regularnie wspiera \u015brodowisko fotograficzne, pe\u0142ni\u0105c funkcj\u0119 jurora w presti\u017cowych konkursach tematycznych. Prowadzi r\u00f3wnie\u017c wyk\u0142ady w zakresie fotografii. W pracy artystycznej skupia si\u0119 na dokumentowaniu dzikiej przyrody, k\u0142ad\u0105c szczeg\u00f3lny nacisk na etyk\u0119 i ochron\u0119 ekosystem\u00f3w. Jego dorobek to nie tylko techniczna perfekcja, ale przede wszystkim emocjonalna opowie\u015b\u0107 o \u015bwiecie, kt\u00f3ry rzadko mamy okazj\u0119 ogl\u0105da\u0107 z tak bliska. Ambasador Fujifilm.<\/p>\n\t\t\t\t\t\t\t<div class=\"continue-reading__gradient\"><\/div>\n\t\t\t\t\t\t<\/div>\n\t\t\t\t\t\t<button type=\"button\" class=\"continue-reading__button\" role=\"button\">\n\t\t\t\t\t\t\t<span class=\"continue-reading__button--arrow\">\n\t\t\t\t\t\t\t\t<span class=\"continue-reading__button--arrow-elems\">\n\t\t\t\t\t\t\t\t\t<span class=\"continue-reading__button--arrow-elems__first\"><\/span>\n\t\t\t\t\t\t\t\t\t<span class=\"continue-reading__button--arrow-elems__second\"><\/span>\n\t\t\t\t\t\t\t\t<\/span>\n\t\t\t\t\t\t\t<\/span>\n\t\t\t\t\t\t<\/button>\n\t\t\t\t\t<\/div>\n\t\t\t\t<\/div>\n\t\t\t\t<div class=\"main-stage__right-content\">\n\t\t\t\t\t<div class=\"glide glide--3\">\n\t\t\t\t\t\t<div class=\"glide__slides glide__slides--3\">\n\t\t\t\t\t\t\t\t\t\t\t\t\t\t\t<div class=\"relative\">\n\t\t\t\t\t\t\t\t\t<picture class=\"glide__slide relative\">\n\t\t\t\t\t\t\t\t\t\t<img decoding=\"async\" width=\"768\" height=\"512\" src=\"https:\/\/fujifilm-x.b-cdn.net\/wp-content\/uploads\/2026\/03\/Dariusz-Ogloza-1.jpg?width=768&amp;height=512\" class=\"h-auto object-contain\" alt=\"\" loading=\"lazy\" srcset=\"https:\/\/fujifilm-x.b-cdn.net\/wp-content\/uploads\/2026\/03\/Dariusz-Ogloza-1.jpg?width=300&amp;height=200 300w, https:\/\/fujifilm-x.b-cdn.net\/wp-content\/uploads\/2026\/03\/Dariusz-Ogloza-1.jpg?width=768&amp;height=512 768w, https:\/\/fujifilm-x.b-cdn.net\/wp-content\/uploads\/2026\/03\/Dariusz-Ogloza-1.jpg?width=400&amp;height=267 400w, https:\/\/fujifilm-x.b-cdn.net\/wp-content\/uploads\/2026\/03\/Dariusz-Ogloza-1.jpg?width=365&amp;height=243 365w, https:\/\/fujifilm-x.b-cdn.net\/wp-content\/uploads\/2026\/03\/Dariusz-Ogloza-1.jpg?width=600&amp;height=400 600w, https:\/\/fujifilm-x.b-cdn.net\/wp-content\/uploads\/2026\/03\/Dariusz-Ogloza-1.jpg?width=717&amp;height=478 717w\" sizes=\"auto, (max-width: 768px) 100vw, 768px\" \/>\t\t\t\t\t\t\t\t\t\t\t\t\t\t\t\t\t\t\t<\/picture>\n\t\t\t\t\t\t\t\t<\/div>\n\t\t\t\t\t\t\t\t\t\t\t\t\t\t\t\t<div class=\"relative\">\n\t\t\t\t\t\t\t\t\t<picture class=\"glide__slide relative\">\n\t\t\t\t\t\t\t\t\t\t<img decoding=\"async\" width=\"768\" height=\"406\" src=\"https:\/\/fujifilm-x.b-cdn.net\/wp-content\/uploads\/2026\/03\/Dariusz-Ogloza-2.jpg?width=768&amp;height=406\" class=\"h-auto object-contain\" alt=\"\" loading=\"lazy\" srcset=\"https:\/\/fujifilm-x.b-cdn.net\/wp-content\/uploads\/2026\/03\/Dariusz-Ogloza-2.jpg?width=300&amp;height=159 300w, https:\/\/fujifilm-x.b-cdn.net\/wp-content\/uploads\/2026\/03\/Dariusz-Ogloza-2.jpg?width=768&amp;height=406 768w, https:\/\/fujifilm-x.b-cdn.net\/wp-content\/uploads\/2026\/03\/Dariusz-Ogloza-2.jpg?width=400&amp;height=212 400w, https:\/\/fujifilm-x.b-cdn.net\/wp-content\/uploads\/2026\/03\/Dariusz-Ogloza-2.jpg?width=365&amp;height=193 365w, https:\/\/fujifilm-x.b-cdn.net\/wp-content\/uploads\/2026\/03\/Dariusz-Ogloza-2.jpg?width=600&amp;height=317 600w, https:\/\/fujifilm-x.b-cdn.net\/wp-content\/uploads\/2026\/03\/Dariusz-Ogloza-2.jpg?width=717&amp;height=379 717w\" sizes=\"auto, (max-width: 768px) 100vw, 768px\" \/>\t\t\t\t\t\t\t\t\t\t\t\t\t\t\t\t\t\t\t<\/picture>\n\t\t\t\t\t\t\t\t<\/div>\n\t\t\t\t\t\t\t\t\t\t\t\t\t\t\t\t<div class=\"relative\">\n\t\t\t\t\t\t\t\t\t<picture class=\"glide__slide relative\">\n\t\t\t\t\t\t\t\t\t\t<img decoding=\"async\" width=\"768\" height=\"512\" src=\"https:\/\/fujifilm-x.b-cdn.net\/wp-content\/uploads\/2026\/03\/Dariusz-Ogloza-3.jpg?width=768&amp;height=512\" class=\"h-auto object-contain\" alt=\"\" loading=\"lazy\" srcset=\"https:\/\/fujifilm-x.b-cdn.net\/wp-content\/uploads\/2026\/03\/Dariusz-Ogloza-3.jpg?width=300&amp;height=200 300w, https:\/\/fujifilm-x.b-cdn.net\/wp-content\/uploads\/2026\/03\/Dariusz-Ogloza-3.jpg?width=768&amp;height=512 768w, https:\/\/fujifilm-x.b-cdn.net\/wp-content\/uploads\/2026\/03\/Dariusz-Ogloza-3.jpg?width=400&amp;height=267 400w, https:\/\/fujifilm-x.b-cdn.net\/wp-content\/uploads\/2026\/03\/Dariusz-Ogloza-3.jpg?width=365&amp;height=243 365w, https:\/\/fujifilm-x.b-cdn.net\/wp-content\/uploads\/2026\/03\/Dariusz-Ogloza-3.jpg?width=600&amp;height=400 600w, https:\/\/fujifilm-x.b-cdn.net\/wp-content\/uploads\/2026\/03\/Dariusz-Ogloza-3.jpg?width=717&amp;height=478 717w\" sizes=\"auto, (max-width: 768px) 100vw, 768px\" \/>\t\t\t\t\t\t\t\t\t\t\t\t\t\t\t\t\t\t\t<\/picture>\n\t\t\t\t\t\t\t\t<\/div>\n\t\t\t\t\t\t\t\t\t\t\t\t\t\t\t\t<div class=\"relative\">\n\t\t\t\t\t\t\t\t\t<picture class=\"glide__slide relative\">\n\t\t\t\t\t\t\t\t\t\t<img decoding=\"async\" width=\"768\" height=\"512\" src=\"https:\/\/fujifilm-x.b-cdn.net\/wp-content\/uploads\/2026\/03\/Dariusz-Ogloza-4.jpg?width=768&amp;height=512\" class=\"h-auto object-contain\" alt=\"\" loading=\"lazy\" srcset=\"https:\/\/fujifilm-x.b-cdn.net\/wp-content\/uploads\/2026\/03\/Dariusz-Ogloza-4.jpg?width=300&amp;height=200 300w, https:\/\/fujifilm-x.b-cdn.net\/wp-content\/uploads\/2026\/03\/Dariusz-Ogloza-4.jpg?width=768&amp;height=512 768w, https:\/\/fujifilm-x.b-cdn.net\/wp-content\/uploads\/2026\/03\/Dariusz-Ogloza-4.jpg?width=400&amp;height=267 400w, https:\/\/fujifilm-x.b-cdn.net\/wp-content\/uploads\/2026\/03\/Dariusz-Ogloza-4.jpg?width=365&amp;height=243 365w, https:\/\/fujifilm-x.b-cdn.net\/wp-content\/uploads\/2026\/03\/Dariusz-Ogloza-4.jpg?width=600&amp;height=400 600w, https:\/\/fujifilm-x.b-cdn.net\/wp-content\/uploads\/2026\/03\/Dariusz-Ogloza-4.jpg?width=717&amp;height=478 717w\" sizes=\"auto, (max-width: 768px) 100vw, 768px\" \/>\t\t\t\t\t\t\t\t\t\t\t\t\t\t\t\t\t\t\t<\/picture>\n\t\t\t\t\t\t\t\t<\/div>\n\t\t\t\t\t\t\t\t\t\t\t\t\t\t\t\t<div class=\"relative\">\n\t\t\t\t\t\t\t\t\t<picture class=\"glide__slide relative\">\n\t\t\t\t\t\t\t\t\t\t<img decoding=\"async\" width=\"768\" height=\"512\" src=\"https:\/\/fujifilm-x.b-cdn.net\/wp-content\/uploads\/2026\/03\/Dariusz-Ogloza-5.jpg?width=768&amp;height=512\" class=\"h-auto object-contain\" alt=\"\" loading=\"lazy\" srcset=\"https:\/\/fujifilm-x.b-cdn.net\/wp-content\/uploads\/2026\/03\/Dariusz-Ogloza-5.jpg?width=300&amp;height=200 300w, https:\/\/fujifilm-x.b-cdn.net\/wp-content\/uploads\/2026\/03\/Dariusz-Ogloza-5.jpg?width=768&amp;height=512 768w, https:\/\/fujifilm-x.b-cdn.net\/wp-content\/uploads\/2026\/03\/Dariusz-Ogloza-5.jpg?width=400&amp;height=267 400w, https:\/\/fujifilm-x.b-cdn.net\/wp-content\/uploads\/2026\/03\/Dariusz-Ogloza-5.jpg?width=365&amp;height=243 365w, https:\/\/fujifilm-x.b-cdn.net\/wp-content\/uploads\/2026\/03\/Dariusz-Ogloza-5.jpg?width=600&amp;height=400 600w, https:\/\/fujifilm-x.b-cdn.net\/wp-content\/uploads\/2026\/03\/Dariusz-Ogloza-5.jpg?width=717&amp;height=478 717w\" sizes=\"auto, (max-width: 768px) 100vw, 768px\" \/>\t\t\t\t\t\t\t\t\t\t\t\t\t\t\t\t\t\t\t<\/picture>\n\t\t\t\t\t\t\t\t<\/div>\n\t\t\t\t\t\t\t\t\t\t\t\t\t\t\t\t<div class=\"relative\">\n\t\t\t\t\t\t\t\t\t<picture class=\"glide__slide relative\">\n\t\t\t\t\t\t\t\t\t\t<img decoding=\"async\" width=\"768\" height=\"512\" src=\"https:\/\/fujifilm-x.b-cdn.net\/wp-content\/uploads\/2026\/03\/Dariusz-Ogloza-6.jpg?width=768&amp;height=512\" class=\"h-auto object-contain\" alt=\"\" loading=\"lazy\" srcset=\"https:\/\/fujifilm-x.b-cdn.net\/wp-content\/uploads\/2026\/03\/Dariusz-Ogloza-6.jpg?width=300&amp;height=200 300w, https:\/\/fujifilm-x.b-cdn.net\/wp-content\/uploads\/2026\/03\/Dariusz-Ogloza-6.jpg?width=768&amp;height=512 768w, https:\/\/fujifilm-x.b-cdn.net\/wp-content\/uploads\/2026\/03\/Dariusz-Ogloza-6.jpg?width=400&amp;height=267 400w, https:\/\/fujifilm-x.b-cdn.net\/wp-content\/uploads\/2026\/03\/Dariusz-Ogloza-6.jpg?width=365&amp;height=243 365w, https:\/\/fujifilm-x.b-cdn.net\/wp-content\/uploads\/2026\/03\/Dariusz-Ogloza-6.jpg?width=600&amp;height=400 600w, https:\/\/fujifilm-x.b-cdn.net\/wp-content\/uploads\/2026\/03\/Dariusz-Ogloza-6.jpg?width=717&amp;height=478 717w\" sizes=\"auto, (max-width: 768px) 100vw, 768px\" \/>\t\t\t\t\t\t\t\t\t\t\t\t\t\t\t\t\t\t\t<\/picture>\n\t\t\t\t\t\t\t\t<\/div>\n\t\t\t\t\t\t\t\t\t\t\t\t\t\t\t\t<div class=\"relative\">\n\t\t\t\t\t\t\t\t\t<picture class=\"glide__slide relative\">\n\t\t\t\t\t\t\t\t\t\t<img decoding=\"async\" width=\"768\" height=\"512\" src=\"https:\/\/fujifilm-x.b-cdn.net\/wp-content\/uploads\/2026\/03\/Dariusz-Ogloza-7.jpg?width=768&amp;height=512\" class=\"h-auto object-contain\" alt=\"\" loading=\"lazy\" srcset=\"https:\/\/fujifilm-x.b-cdn.net\/wp-content\/uploads\/2026\/03\/Dariusz-Ogloza-7.jpg?width=300&amp;height=200 300w, https:\/\/fujifilm-x.b-cdn.net\/wp-content\/uploads\/2026\/03\/Dariusz-Ogloza-7.jpg?width=768&amp;height=512 768w, https:\/\/fujifilm-x.b-cdn.net\/wp-content\/uploads\/2026\/03\/Dariusz-Ogloza-7.jpg?width=400&amp;height=267 400w, https:\/\/fujifilm-x.b-cdn.net\/wp-content\/uploads\/2026\/03\/Dariusz-Ogloza-7.jpg?width=365&amp;height=243 365w, https:\/\/fujifilm-x.b-cdn.net\/wp-content\/uploads\/2026\/03\/Dariusz-Ogloza-7.jpg?width=600&amp;height=400 600w, https:\/\/fujifilm-x.b-cdn.net\/wp-content\/uploads\/2026\/03\/Dariusz-Ogloza-7.jpg?width=717&amp;height=478 717w\" sizes=\"auto, (max-width: 768px) 100vw, 768px\" \/>\t\t\t\t\t\t\t\t\t\t\t\t\t\t\t\t\t\t\t<\/picture>\n\t\t\t\t\t\t\t\t<\/div>\n\t\t\t\t\t\t\t\t\t\t\t\t\t\t\t\t<div class=\"relative\">\n\t\t\t\t\t\t\t\t\t<picture class=\"glide__slide relative\">\n\t\t\t\t\t\t\t\t\t\t<img decoding=\"async\" width=\"768\" height=\"512\" src=\"https:\/\/fujifilm-x.b-cdn.net\/wp-content\/uploads\/2026\/03\/Dariusz-Ogloza-8.jpg?width=768&amp;height=512\" class=\"h-auto object-contain\" alt=\"\" loading=\"lazy\" srcset=\"https:\/\/fujifilm-x.b-cdn.net\/wp-content\/uploads\/2026\/03\/Dariusz-Ogloza-8.jpg?width=300&amp;height=200 300w, https:\/\/fujifilm-x.b-cdn.net\/wp-content\/uploads\/2026\/03\/Dariusz-Ogloza-8.jpg?width=768&amp;height=512 768w, https:\/\/fujifilm-x.b-cdn.net\/wp-content\/uploads\/2026\/03\/Dariusz-Ogloza-8.jpg?width=400&amp;height=267 400w, https:\/\/fujifilm-x.b-cdn.net\/wp-content\/uploads\/2026\/03\/Dariusz-Ogloza-8.jpg?width=365&amp;height=243 365w, https:\/\/fujifilm-x.b-cdn.net\/wp-content\/uploads\/2026\/03\/Dariusz-Ogloza-8.jpg?width=600&amp;height=400 600w, https:\/\/fujifilm-x.b-cdn.net\/wp-content\/uploads\/2026\/03\/Dariusz-Ogloza-8.jpg?width=717&amp;height=478 717w\" sizes=\"auto, (max-width: 768px) 100vw, 768px\" \/>\t\t\t\t\t\t\t\t\t\t\t\t\t\t\t\t\t\t\t<\/picture>\n\t\t\t\t\t\t\t\t<\/div>\n\t\t\t\t\t\t\t\t\t\t\t\t\t\t\t\t<div class=\"relative\">\n\t\t\t\t\t\t\t\t\t<picture class=\"glide__slide relative\">\n\t\t\t\t\t\t\t\t\t\t<img decoding=\"async\" width=\"768\" height=\"512\" src=\"https:\/\/fujifilm-x.b-cdn.net\/wp-content\/uploads\/2026\/03\/Dariusz-Ogloza-9.jpg?width=768&amp;height=512\" class=\"h-auto object-contain\" alt=\"\" loading=\"lazy\" srcset=\"https:\/\/fujifilm-x.b-cdn.net\/wp-content\/uploads\/2026\/03\/Dariusz-Ogloza-9.jpg?width=300&amp;height=200 300w, https:\/\/fujifilm-x.b-cdn.net\/wp-content\/uploads\/2026\/03\/Dariusz-Ogloza-9.jpg?width=768&amp;height=512 768w, https:\/\/fujifilm-x.b-cdn.net\/wp-content\/uploads\/2026\/03\/Dariusz-Ogloza-9.jpg?width=400&amp;height=267 400w, https:\/\/fujifilm-x.b-cdn.net\/wp-content\/uploads\/2026\/03\/Dariusz-Ogloza-9.jpg?width=365&amp;height=243 365w, https:\/\/fujifilm-x.b-cdn.net\/wp-content\/uploads\/2026\/03\/Dariusz-Ogloza-9.jpg?width=600&amp;height=400 600w, https:\/\/fujifilm-x.b-cdn.net\/wp-content\/uploads\/2026\/03\/Dariusz-Ogloza-9.jpg?width=717&amp;height=478 717w\" sizes=\"auto, (max-width: 768px) 100vw, 768px\" \/>\t\t\t\t\t\t\t\t\t\t\t\t\t\t\t\t\t\t\t<\/picture>\n\t\t\t\t\t\t\t\t<\/div>\n\t\t\t\t\t\t\t\t\t\t\t\t\t\t\t\t<div class=\"relative\">\n\t\t\t\t\t\t\t\t\t<picture class=\"glide__slide relative\">\n\t\t\t\t\t\t\t\t\t\t<img decoding=\"async\" width=\"768\" height=\"512\" src=\"https:\/\/fujifilm-x.b-cdn.net\/wp-content\/uploads\/2026\/03\/Dariusz-Ogloza-11.jpg?width=768&amp;height=512\" class=\"h-auto object-contain\" alt=\"\" loading=\"lazy\" srcset=\"https:\/\/fujifilm-x.b-cdn.net\/wp-content\/uploads\/2026\/03\/Dariusz-Ogloza-11.jpg?width=300&amp;height=200 300w, https:\/\/fujifilm-x.b-cdn.net\/wp-content\/uploads\/2026\/03\/Dariusz-Ogloza-11.jpg?width=768&amp;height=512 768w, https:\/\/fujifilm-x.b-cdn.net\/wp-content\/uploads\/2026\/03\/Dariusz-Ogloza-11.jpg?width=400&amp;height=267 400w, https:\/\/fujifilm-x.b-cdn.net\/wp-content\/uploads\/2026\/03\/Dariusz-Ogloza-11.jpg?width=365&amp;height=243 365w, https:\/\/fujifilm-x.b-cdn.net\/wp-content\/uploads\/2026\/03\/Dariusz-Ogloza-11.jpg?width=600&amp;height=400 600w, https:\/\/fujifilm-x.b-cdn.net\/wp-content\/uploads\/2026\/03\/Dariusz-Ogloza-11.jpg?width=717&amp;height=478 717w\" sizes=\"auto, (max-width: 768px) 100vw, 768px\" \/>\t\t\t\t\t\t\t\t\t\t\t\t\t\t\t\t\t\t\t<\/picture>\n\t\t\t\t\t\t\t\t<\/div>\n\t\t\t\t\t\t\t\t\t\t\t\t\t\t<\/div>\n\t\t\t\t\t\t\t\t\t\t\t\t\t<div class=\"glide__slides-nav glide__slides-nav--3\">\n\t\t\t\t\t\t\t\t\t\t\t\t\t\t\t\t\t<picture class=\"glide__slide\">\n\t\t\t\t\t\t\t\t\t\t<img decoding=\"async\" width=\"80\" height=\"53\" src=\"https:\/\/fujifilm-x.b-cdn.net\/wp-content\/uploads\/2026\/03\/Dariusz-Ogloza-1.jpg?fit=80,53\" class=\"object-cover\" alt=\"\" loading=\"lazy\" \/>\t\t\t\t\t\t\t\t\t<\/picture>\n\t\t\t\t\t\t\t\t\t\t\t\t\t\t\t\t\t<picture class=\"glide__slide\">\n\t\t\t\t\t\t\t\t\t\t<img decoding=\"async\" width=\"80\" height=\"42\" src=\"https:\/\/fujifilm-x.b-cdn.net\/wp-content\/uploads\/2026\/03\/Dariusz-Ogloza-2.jpg?fit=80,42\" class=\"object-cover\" alt=\"\" loading=\"lazy\" \/>\t\t\t\t\t\t\t\t\t<\/picture>\n\t\t\t\t\t\t\t\t\t\t\t\t\t\t\t\t\t<picture class=\"glide__slide\">\n\t\t\t\t\t\t\t\t\t\t<img decoding=\"async\" width=\"80\" height=\"53\" src=\"https:\/\/fujifilm-x.b-cdn.net\/wp-content\/uploads\/2026\/03\/Dariusz-Ogloza-3.jpg?fit=80,53\" class=\"object-cover\" alt=\"\" loading=\"lazy\" \/>\t\t\t\t\t\t\t\t\t<\/picture>\n\t\t\t\t\t\t\t\t\t\t\t\t\t\t\t\t\t<picture class=\"glide__slide\">\n\t\t\t\t\t\t\t\t\t\t<img decoding=\"async\" width=\"80\" height=\"53\" src=\"https:\/\/fujifilm-x.b-cdn.net\/wp-content\/uploads\/2026\/03\/Dariusz-Ogloza-4.jpg?fit=80,53\" class=\"object-cover\" alt=\"\" loading=\"lazy\" \/>\t\t\t\t\t\t\t\t\t<\/picture>\n\t\t\t\t\t\t\t\t\t\t\t\t\t\t\t\t\t<picture class=\"glide__slide\">\n\t\t\t\t\t\t\t\t\t\t<img decoding=\"async\" width=\"80\" height=\"53\" src=\"https:\/\/fujifilm-x.b-cdn.net\/wp-content\/uploads\/2026\/03\/Dariusz-Ogloza-5.jpg?fit=80,53\" class=\"object-cover\" alt=\"\" loading=\"lazy\" \/>\t\t\t\t\t\t\t\t\t<\/picture>\n\t\t\t\t\t\t\t\t\t\t\t\t\t\t\t\t\t<picture class=\"glide__slide\">\n\t\t\t\t\t\t\t\t\t\t<img decoding=\"async\" width=\"80\" height=\"53\" src=\"https:\/\/fujifilm-x.b-cdn.net\/wp-content\/uploads\/2026\/03\/Dariusz-Ogloza-6.jpg?fit=80,53\" class=\"object-cover\" alt=\"\" loading=\"lazy\" \/>\t\t\t\t\t\t\t\t\t<\/picture>\n\t\t\t\t\t\t\t\t\t\t\t\t\t\t\t\t\t<picture class=\"glide__slide\">\n\t\t\t\t\t\t\t\t\t\t<img decoding=\"async\" width=\"80\" height=\"53\" src=\"https:\/\/fujifilm-x.b-cdn.net\/wp-content\/uploads\/2026\/03\/Dariusz-Ogloza-7.jpg?fit=80,53\" class=\"object-cover\" alt=\"\" loading=\"lazy\" \/>\t\t\t\t\t\t\t\t\t<\/picture>\n\t\t\t\t\t\t\t\t\t\t\t\t\t\t\t\t\t<picture class=\"glide__slide\">\n\t\t\t\t\t\t\t\t\t\t<img decoding=\"async\" width=\"80\" height=\"53\" src=\"https:\/\/fujifilm-x.b-cdn.net\/wp-content\/uploads\/2026\/03\/Dariusz-Ogloza-8.jpg?fit=80,53\" class=\"object-cover\" alt=\"\" loading=\"lazy\" \/>\t\t\t\t\t\t\t\t\t<\/picture>\n\t\t\t\t\t\t\t\t\t\t\t\t\t\t\t\t\t<picture class=\"glide__slide\">\n\t\t\t\t\t\t\t\t\t\t<img decoding=\"async\" width=\"80\" height=\"53\" src=\"https:\/\/fujifilm-x.b-cdn.net\/wp-content\/uploads\/2026\/03\/Dariusz-Ogloza-9.jpg?fit=80,53\" class=\"object-cover\" alt=\"\" loading=\"lazy\" \/>\t\t\t\t\t\t\t\t\t<\/picture>\n\t\t\t\t\t\t\t\t\t\t\t\t\t\t\t\t\t<picture class=\"glide__slide\">\n\t\t\t\t\t\t\t\t\t\t<img decoding=\"async\" width=\"80\" height=\"53\" src=\"https:\/\/fujifilm-x.b-cdn.net\/wp-content\/uploads\/2026\/03\/Dariusz-Ogloza-11.jpg?fit=80,53\" class=\"object-cover\" alt=\"\" loading=\"lazy\" \/>\t\t\t\t\t\t\t\t\t<\/picture>\n\t\t\t\t\t\t\t\t\t\t\t\t\t\t\t<\/div>\n\t\t\t\t\t\t\t\t\t\t\t<\/div>\n\t\t\t\t<\/div>\n\t\t\t<\/div>\n\t\t\t\t\t<div class=\"main-stage--slide\">\n\t\t\t\t<div class=\"main-stage__left-content\">\n\t\t\t\t\t<div class=\"flex justify-end gap-5 mb-5\">\n\t\t\t\t\t\t<span class=\"font-fjalla-one font-normal sm:text-lg uppercase block\">\n\t\t\t\t\t\t\t\t\t\t\t\t\t<\/span>\n\t\t\t\t\t\t<span class=\"font-fjalla-one font-normal sm:text-lg uppercase block\">\n\t\t\t\t\t\t\t\t\t\t\t\t\t<\/span>\n\t\t\t\t\t<\/div>\n\t\t\t\t\t<div class=\"sm:flex gap-5 justify-between\">\n\t\t\t\t\t\t\t\t\t\t\t\t\t<div class=\"flex gap-3\">\n\t\t\t\t\t\t\t\t<picture class=\"aspect-3\/2 shrink-0\">\n\t\t\t\t\t\t\t\t\t<img decoding=\"async\" width=\"112\" height=\"140\" src=\"https:\/\/fujifilm-x.b-cdn.net\/wp-content\/uploads\/2026\/03\/Tomasz-Lazar-Portret.jpg?fit=112,140\" class=\"h-auto object-cover\" alt=\"\" loading=\"lazy\" \/>\t\t\t\t\t\t\t\t<\/picture>\n\t\t\t\t\t\t\t\t<h5 class=\"wp-block-heading mb-0\">Tomasz Lazar<\/h5>\n\t\t\t\t\t\t\t<\/div>\n\t\t\t\t\t\t\t\t\t\t\t\t<\/div>\n\t\t\t\t\t<div class=\"main-stage__left-content__description\">\n\t\t\t\t\t\t<div class=\"line-clamp-[7] continue-reading\">\n\t\t\t\t\t\t\t<p>Tomasz Lazar \u2013 niezale\u017cny fotograf i artysta. Wyk\u0142adowca Akademii Sztuk Pi\u0119knych w Szczecinie. Od 2014 roku Globalny Ambasador Fujifilm. Laureat wielu nagr\u00f3d, m.in. World Press Photo, Picture of the Year International, CHIPP, Sony World Photography Awards, BZ WBK Press Photo, Grand Press Photo oraz Lumix Festival for Young Visual Journalism. Jego prace by\u0142y publikowane w wielu presti\u017cowych tytu\u0142ach (\u201eThe New York Times\u201d, \u201eNewsweek International\u201d, \u201eThe Sunday Times Magazine\u201d, \u201eThe New Yorker\u201d, \u201eThe Washington Post\u201d oraz \u201eNew York Magazine\u201d). W 2016 roku zosta\u0142 wybrany jednym z 12 uczestnik\u00f3w Joop Swart Masterclass.<\/p>\n<p>Jego projekty prezentowano na ca\u0142ym \u015bwiecie podczas festiwali fotograficznych w Europie, Azji i Ameryce. Za projekt \u201eTeatr \u017cycia\u201d zdoby\u0142 Grand Prix na Festiwalu Fotografii w \u0141odzi.<\/p>\n<p>Interesuj\u0105 go przede wszystkim projekty d\u0142ugoterminowe, koncentruj\u0105ce si\u0119 na spo\u0142ecze\u0144stwie i ludzkim umy\u015ble. Mieszka w Warszawie.<\/p>\n\t\t\t\t\t\t\t<div class=\"continue-reading__gradient\"><\/div>\n\t\t\t\t\t\t<\/div>\n\t\t\t\t\t\t<button type=\"button\" class=\"continue-reading__button\" role=\"button\">\n\t\t\t\t\t\t\t<span class=\"continue-reading__button--arrow\">\n\t\t\t\t\t\t\t\t<span class=\"continue-reading__button--arrow-elems\">\n\t\t\t\t\t\t\t\t\t<span class=\"continue-reading__button--arrow-elems__first\"><\/span>\n\t\t\t\t\t\t\t\t\t<span class=\"continue-reading__button--arrow-elems__second\"><\/span>\n\t\t\t\t\t\t\t\t<\/span>\n\t\t\t\t\t\t\t<\/span>\n\t\t\t\t\t\t<\/button>\n\t\t\t\t\t<\/div>\n\t\t\t\t<\/div>\n\t\t\t\t<div class=\"main-stage__right-content\">\n\t\t\t\t\t<div class=\"glide glide--4\">\n\t\t\t\t\t\t<div class=\"glide__slides glide__slides--4\">\n\t\t\t\t\t\t\t\t\t\t\t\t\t\t\t<div class=\"relative\">\n\t\t\t\t\t\t\t\t\t<picture class=\"glide__slide relative\">\n\t\t\t\t\t\t\t\t\t\t<img decoding=\"async\" width=\"768\" height=\"961\" src=\"https:\/\/fujifilm-x.b-cdn.net\/wp-content\/uploads\/2026\/03\/Fujikina-Tomasz-Lazar01.jpg?width=768&amp;height=961\" class=\"h-auto object-contain\" alt=\"\" loading=\"lazy\" srcset=\"https:\/\/fujifilm-x.b-cdn.net\/wp-content\/uploads\/2026\/03\/Fujikina-Tomasz-Lazar01.jpg?width=240&amp;height=300 240w, https:\/\/fujifilm-x.b-cdn.net\/wp-content\/uploads\/2026\/03\/Fujikina-Tomasz-Lazar01.jpg?width=768&amp;height=961 768w, https:\/\/fujifilm-x.b-cdn.net\/wp-content\/uploads\/2026\/03\/Fujikina-Tomasz-Lazar01.jpg?width=365&amp;height=457 365w, https:\/\/fujifilm-x.b-cdn.net\/wp-content\/uploads\/2026\/03\/Fujikina-Tomasz-Lazar01.jpg?width=600&amp;height=751 600w, https:\/\/fujifilm-x.b-cdn.net\/wp-content\/uploads\/2026\/03\/Fujikina-Tomasz-Lazar01.jpg?width=717&amp;height=897 717w\" sizes=\"auto, (max-width: 768px) 100vw, 768px\" \/>\t\t\t\t\t\t\t\t\t\t\t\t\t\t\t\t\t\t\t<\/picture>\n\t\t\t\t\t\t\t\t<\/div>\n\t\t\t\t\t\t\t\t\t\t\t\t\t\t\t\t<div class=\"relative\">\n\t\t\t\t\t\t\t\t\t<picture class=\"glide__slide relative\">\n\t\t\t\t\t\t\t\t\t\t<img decoding=\"async\" width=\"768\" height=\"512\" src=\"https:\/\/fujifilm-x.b-cdn.net\/wp-content\/uploads\/2026\/03\/Fujikina-Tomasz-Lazar02.jpg?width=768&amp;height=512\" class=\"h-auto object-contain\" alt=\"\" loading=\"lazy\" srcset=\"https:\/\/fujifilm-x.b-cdn.net\/wp-content\/uploads\/2026\/03\/Fujikina-Tomasz-Lazar02.jpg?width=300&amp;height=200 300w, https:\/\/fujifilm-x.b-cdn.net\/wp-content\/uploads\/2026\/03\/Fujikina-Tomasz-Lazar02.jpg?width=768&amp;height=512 768w, https:\/\/fujifilm-x.b-cdn.net\/wp-content\/uploads\/2026\/03\/Fujikina-Tomasz-Lazar02.jpg?width=400&amp;height=267 400w, https:\/\/fujifilm-x.b-cdn.net\/wp-content\/uploads\/2026\/03\/Fujikina-Tomasz-Lazar02.jpg?width=365&amp;height=243 365w, https:\/\/fujifilm-x.b-cdn.net\/wp-content\/uploads\/2026\/03\/Fujikina-Tomasz-Lazar02.jpg?width=600&amp;height=400 600w, https:\/\/fujifilm-x.b-cdn.net\/wp-content\/uploads\/2026\/03\/Fujikina-Tomasz-Lazar02.jpg?width=717&amp;height=478 717w\" sizes=\"auto, (max-width: 768px) 100vw, 768px\" \/>\t\t\t\t\t\t\t\t\t\t\t\t\t\t\t\t\t\t\t\t\t<div class=\"glide__slide--caption\">\n\t\t\t\t\t\t\t\t\t\t\t\tJACQUEMUS show\t\t\t\t\t\t\t\t\t\t\t<\/div>\n\t\t\t\t\t\t\t\t\t\t\t\t\t\t\t\t\t\t\t<\/picture>\n\t\t\t\t\t\t\t\t<\/div>\n\t\t\t\t\t\t\t\t\t\t\t\t\t\t\t\t<div class=\"relative\">\n\t\t\t\t\t\t\t\t\t<picture class=\"glide__slide relative\">\n\t\t\t\t\t\t\t\t\t\t<img decoding=\"async\" width=\"768\" height=\"960\" src=\"https:\/\/fujifilm-x.b-cdn.net\/wp-content\/uploads\/2026\/03\/Fujikina-Tomasz-Lazar03.jpg?width=768&amp;height=960\" class=\"h-auto object-contain\" alt=\"\" loading=\"lazy\" srcset=\"https:\/\/fujifilm-x.b-cdn.net\/wp-content\/uploads\/2026\/03\/Fujikina-Tomasz-Lazar03.jpg?width=240&amp;height=300 240w, https:\/\/fujifilm-x.b-cdn.net\/wp-content\/uploads\/2026\/03\/Fujikina-Tomasz-Lazar03.jpg?width=768&amp;height=960 768w, https:\/\/fujifilm-x.b-cdn.net\/wp-content\/uploads\/2026\/03\/Fujikina-Tomasz-Lazar03.jpg?width=365&amp;height=456 365w, https:\/\/fujifilm-x.b-cdn.net\/wp-content\/uploads\/2026\/03\/Fujikina-Tomasz-Lazar03.jpg?width=600&amp;height=750 600w, https:\/\/fujifilm-x.b-cdn.net\/wp-content\/uploads\/2026\/03\/Fujikina-Tomasz-Lazar03.jpg?width=717&amp;height=896 717w\" sizes=\"auto, (max-width: 768px) 100vw, 768px\" \/>\t\t\t\t\t\t\t\t\t\t\t\t\t\t\t\t\t\t\t<\/picture>\n\t\t\t\t\t\t\t\t<\/div>\n\t\t\t\t\t\t\t\t\t\t\t\t\t\t\t\t<div class=\"relative\">\n\t\t\t\t\t\t\t\t\t<picture class=\"glide__slide relative\">\n\t\t\t\t\t\t\t\t\t\t<img decoding=\"async\" width=\"768\" height=\"576\" src=\"https:\/\/fujifilm-x.b-cdn.net\/wp-content\/uploads\/2026\/03\/Fujikina-Tomasz-Lazar04.jpg?width=768&amp;height=576\" class=\"h-auto object-contain\" alt=\"\" loading=\"lazy\" srcset=\"https:\/\/fujifilm-x.b-cdn.net\/wp-content\/uploads\/2026\/03\/Fujikina-Tomasz-Lazar04.jpg?width=300&amp;height=225 300w, https:\/\/fujifilm-x.b-cdn.net\/wp-content\/uploads\/2026\/03\/Fujikina-Tomasz-Lazar04.jpg?width=768&amp;height=576 768w, https:\/\/fujifilm-x.b-cdn.net\/wp-content\/uploads\/2026\/03\/Fujikina-Tomasz-Lazar04.jpg?width=400&amp;height=300 400w, https:\/\/fujifilm-x.b-cdn.net\/wp-content\/uploads\/2026\/03\/Fujikina-Tomasz-Lazar04.jpg?width=365&amp;height=274 365w, https:\/\/fujifilm-x.b-cdn.net\/wp-content\/uploads\/2026\/03\/Fujikina-Tomasz-Lazar04.jpg?width=600&amp;height=450 600w, https:\/\/fujifilm-x.b-cdn.net\/wp-content\/uploads\/2026\/03\/Fujikina-Tomasz-Lazar04.jpg?width=717&amp;height=538 717w\" sizes=\"auto, (max-width: 768px) 100vw, 768px\" \/>\t\t\t\t\t\t\t\t\t\t\t\t\t\t\t\t\t\t\t<\/picture>\n\t\t\t\t\t\t\t\t<\/div>\n\t\t\t\t\t\t\t\t\t\t\t\t\t\t\t\t<div class=\"relative\">\n\t\t\t\t\t\t\t\t\t<picture class=\"glide__slide relative\">\n\t\t\t\t\t\t\t\t\t\t<img decoding=\"async\" width=\"768\" height=\"960\" src=\"https:\/\/fujifilm-x.b-cdn.net\/wp-content\/uploads\/2026\/03\/Fujikina-Tomasz-Lazar05.jpg?width=768&amp;height=960\" class=\"h-auto object-contain\" alt=\"\" loading=\"lazy\" srcset=\"https:\/\/fujifilm-x.b-cdn.net\/wp-content\/uploads\/2026\/03\/Fujikina-Tomasz-Lazar05.jpg?width=240&amp;height=300 240w, https:\/\/fujifilm-x.b-cdn.net\/wp-content\/uploads\/2026\/03\/Fujikina-Tomasz-Lazar05.jpg?width=768&amp;height=960 768w, https:\/\/fujifilm-x.b-cdn.net\/wp-content\/uploads\/2026\/03\/Fujikina-Tomasz-Lazar05.jpg?width=365&amp;height=456 365w, https:\/\/fujifilm-x.b-cdn.net\/wp-content\/uploads\/2026\/03\/Fujikina-Tomasz-Lazar05.jpg?width=600&amp;height=750 600w, https:\/\/fujifilm-x.b-cdn.net\/wp-content\/uploads\/2026\/03\/Fujikina-Tomasz-Lazar05.jpg?width=717&amp;height=896 717w\" sizes=\"auto, (max-width: 768px) 100vw, 768px\" \/>\t\t\t\t\t\t\t\t\t\t\t\t\t\t\t\t\t\t\t<\/picture>\n\t\t\t\t\t\t\t\t<\/div>\n\t\t\t\t\t\t\t\t\t\t\t\t\t\t\t\t<div class=\"relative\">\n\t\t\t\t\t\t\t\t\t<picture class=\"glide__slide relative\">\n\t\t\t\t\t\t\t\t\t\t<img decoding=\"async\" width=\"768\" height=\"512\" src=\"https:\/\/fujifilm-x.b-cdn.net\/wp-content\/uploads\/2026\/03\/Fujikina-Tomasz-Lazar06.jpg?width=768&amp;height=512\" class=\"h-auto object-contain\" alt=\"\" loading=\"lazy\" srcset=\"https:\/\/fujifilm-x.b-cdn.net\/wp-content\/uploads\/2026\/03\/Fujikina-Tomasz-Lazar06.jpg?width=300&amp;height=200 300w, https:\/\/fujifilm-x.b-cdn.net\/wp-content\/uploads\/2026\/03\/Fujikina-Tomasz-Lazar06.jpg?width=768&amp;height=512 768w, https:\/\/fujifilm-x.b-cdn.net\/wp-content\/uploads\/2026\/03\/Fujikina-Tomasz-Lazar06.jpg?width=400&amp;height=267 400w, https:\/\/fujifilm-x.b-cdn.net\/wp-content\/uploads\/2026\/03\/Fujikina-Tomasz-Lazar06.jpg?width=365&amp;height=243 365w, https:\/\/fujifilm-x.b-cdn.net\/wp-content\/uploads\/2026\/03\/Fujikina-Tomasz-Lazar06.jpg?width=600&amp;height=400 600w, https:\/\/fujifilm-x.b-cdn.net\/wp-content\/uploads\/2026\/03\/Fujikina-Tomasz-Lazar06.jpg?width=717&amp;height=478 717w\" sizes=\"auto, (max-width: 768px) 100vw, 768px\" \/>\t\t\t\t\t\t\t\t\t\t\t\t\t\t\t\t\t\t\t<\/picture>\n\t\t\t\t\t\t\t\t<\/div>\n\t\t\t\t\t\t\t\t\t\t\t\t\t\t<\/div>\n\t\t\t\t\t\t\t\t\t\t\t\t\t<div class=\"glide__slides-nav glide__slides-nav--4\">\n\t\t\t\t\t\t\t\t\t\t\t\t\t\t\t\t\t<picture class=\"glide__slide\">\n\t\t\t\t\t\t\t\t\t\t<img decoding=\"async\" width=\"64\" height=\"80\" src=\"https:\/\/fujifilm-x.b-cdn.net\/wp-content\/uploads\/2026\/03\/Fujikina-Tomasz-Lazar01.jpg?fit=64,80\" class=\"object-cover\" alt=\"\" loading=\"lazy\" \/>\t\t\t\t\t\t\t\t\t<\/picture>\n\t\t\t\t\t\t\t\t\t\t\t\t\t\t\t\t\t<picture class=\"glide__slide\">\n\t\t\t\t\t\t\t\t\t\t<img decoding=\"async\" width=\"80\" height=\"53\" src=\"https:\/\/fujifilm-x.b-cdn.net\/wp-content\/uploads\/2026\/03\/Fujikina-Tomasz-Lazar02.jpg?fit=80,53\" class=\"object-cover\" alt=\"\" loading=\"lazy\" \/>\t\t\t\t\t\t\t\t\t<\/picture>\n\t\t\t\t\t\t\t\t\t\t\t\t\t\t\t\t\t<picture class=\"glide__slide\">\n\t\t\t\t\t\t\t\t\t\t<img decoding=\"async\" width=\"64\" height=\"80\" src=\"https:\/\/fujifilm-x.b-cdn.net\/wp-content\/uploads\/2026\/03\/Fujikina-Tomasz-Lazar03.jpg?fit=64,80\" class=\"object-cover\" alt=\"\" loading=\"lazy\" \/>\t\t\t\t\t\t\t\t\t<\/picture>\n\t\t\t\t\t\t\t\t\t\t\t\t\t\t\t\t\t<picture class=\"glide__slide\">\n\t\t\t\t\t\t\t\t\t\t<img decoding=\"async\" width=\"80\" height=\"60\" src=\"https:\/\/fujifilm-x.b-cdn.net\/wp-content\/uploads\/2026\/03\/Fujikina-Tomasz-Lazar04.jpg?fit=80,60\" class=\"object-cover\" alt=\"\" loading=\"lazy\" \/>\t\t\t\t\t\t\t\t\t<\/picture>\n\t\t\t\t\t\t\t\t\t\t\t\t\t\t\t\t\t<picture class=\"glide__slide\">\n\t\t\t\t\t\t\t\t\t\t<img decoding=\"async\" width=\"64\" height=\"80\" src=\"https:\/\/fujifilm-x.b-cdn.net\/wp-content\/uploads\/2026\/03\/Fujikina-Tomasz-Lazar05.jpg?fit=64,80\" class=\"object-cover\" alt=\"\" loading=\"lazy\" \/>\t\t\t\t\t\t\t\t\t<\/picture>\n\t\t\t\t\t\t\t\t\t\t\t\t\t\t\t\t\t<picture class=\"glide__slide\">\n\t\t\t\t\t\t\t\t\t\t<img decoding=\"async\" width=\"80\" height=\"53\" src=\"https:\/\/fujifilm-x.b-cdn.net\/wp-content\/uploads\/2026\/03\/Fujikina-Tomasz-Lazar06.jpg?fit=80,53\" class=\"object-cover\" alt=\"\" loading=\"lazy\" \/>\t\t\t\t\t\t\t\t\t<\/picture>\n\t\t\t\t\t\t\t\t\t\t\t\t\t\t\t<\/div>\n\t\t\t\t\t\t\t\t\t\t\t<\/div>\n\t\t\t\t<\/div>\n\t\t\t<\/div>\n\t\t\t\t\t<div class=\"main-stage--slide\">\n\t\t\t\t<div class=\"main-stage__left-content\">\n\t\t\t\t\t<div class=\"flex justify-end gap-5 mb-5\">\n\t\t\t\t\t\t<span class=\"font-fjalla-one font-normal sm:text-lg uppercase block\">\n\t\t\t\t\t\t\t\t\t\t\t\t\t<\/span>\n\t\t\t\t\t\t<span class=\"font-fjalla-one font-normal sm:text-lg uppercase block\">\n\t\t\t\t\t\t\t\t\t\t\t\t\t<\/span>\n\t\t\t\t\t<\/div>\n\t\t\t\t\t<div class=\"sm:flex gap-5 justify-between\">\n\t\t\t\t\t\t\t\t\t\t\t\t\t<div class=\"flex gap-3\">\n\t\t\t\t\t\t\t\t<picture class=\"aspect-3\/2 shrink-0\">\n\t\t\t\t\t\t\t\t\t<img decoding=\"async\" width=\"140\" height=\"105\" src=\"https:\/\/fujifilm-x.b-cdn.net\/wp-content\/uploads\/2026\/03\/Jonderko_01portret.jpg?fit=140,105\" class=\"h-auto object-cover\" alt=\"\" loading=\"lazy\" \/>\t\t\t\t\t\t\t\t<\/picture>\n\t\t\t\t\t\t\t\t<h5 class=\"wp-block-heading mb-0\">Karolina Jonderko i Rafa\u0142 Sieradzki<\/h5>\n\t\t\t\t\t\t\t<\/div>\n\t\t\t\t\t\t\t\t\t\t\t\t<\/div>\n\t\t\t\t\t<div class=\"main-stage__left-content__description\">\n\t\t\t\t\t\t<div class=\"line-clamp-[7] continue-reading\">\n\t\t\t\t\t\t\t<p>Karolina Jonderko\u00a0 \u2013 fotografka, cz\u0142onkini Agencji Napo Images i ambasadorka Fujifilm. Doktorantka Uniwersytetu Komisji Edukacji Narodowej (UKEN). Absolwentka fotografii na Wydziale Operatorskim Szko\u0142y Filmowej w \u0141odzi. Laureatka presti\u017cowych nagr\u00f3d, w tym World Press Photo oraz IdeasTap and Magnum Photos Photographic Awards, kt\u00f3re otworzy\u0142y jej drzwi do sta\u017cu w nowojorskiej redakcji Magnum Photos.<\/p>\n<p>C\u00f3rka g\u00f3rnika i nauczycielki muzyki. Mama nazywa\u0142a j\u0105\u00a0Powsinog\u0105 \u2013\u00a0i tak ju\u017c zosta\u0142o. Do dzi\u015b\u00a0nie potrafi usiedzie\u0107\u00a0w miejscu. Zawsze gdzie\u015b\u00a0j\u0105\u00a0ci\u0105gnie: do nowych ludzi, kultur, nieznanych smak\u00f3w i krajobraz\u00f3w. Na co dzie\u0144\u00a0zajmuje si\u0119\u00a0fotografi\u0105\u00a0dokumentaln\u0105.<\/p>\n<p>Rafa\u0142 Sieradzki \u2013 z wykszta\u0142cenia polonista, w praktyce cz\u0142owiek wielu zawod\u00f3w: videographer, operator kamery, speleolog i alpinista. Z kamer\u0105 pracowa\u0142 podczas mi\u0119dzynarodowych ekspedycji, m.in. w trakcie wyprawy do jaskini Cheve w Meksyku (dla Discovery Channel w 2013 roku i National Geographic w 2021 roku), wyprawy wspinaczkowej do Afganistanu w 2010 roku, a tak\u017ce jako specjalista do zdj\u0119\u0107 wysokog\u00f3rskich w filmie \u201eBia\u0142a Odwaga\u201d (2022). Uwielbia Laponi\u0119, kt\u00f3r\u0105 odwiedza\u0142 wielokrotnie, m.in. z projektami filmowymi dla Fujifilm. Na co dzie\u0144 pracuje jako nauczyciel j\u0119zyka polskiego jako obcego.<\/p>\n\t\t\t\t\t\t\t<div class=\"continue-reading__gradient\"><\/div>\n\t\t\t\t\t\t<\/div>\n\t\t\t\t\t\t<button type=\"button\" class=\"continue-reading__button\" role=\"button\">\n\t\t\t\t\t\t\t<span class=\"continue-reading__button--arrow\">\n\t\t\t\t\t\t\t\t<span class=\"continue-reading__button--arrow-elems\">\n\t\t\t\t\t\t\t\t\t<span class=\"continue-reading__button--arrow-elems__first\"><\/span>\n\t\t\t\t\t\t\t\t\t<span class=\"continue-reading__button--arrow-elems__second\"><\/span>\n\t\t\t\t\t\t\t\t<\/span>\n\t\t\t\t\t\t\t<\/span>\n\t\t\t\t\t\t<\/button>\n\t\t\t\t\t<\/div>\n\t\t\t\t<\/div>\n\t\t\t\t<div class=\"main-stage__right-content\">\n\t\t\t\t\t<div class=\"glide glide--5\">\n\t\t\t\t\t\t<div class=\"glide__slides glide__slides--5\">\n\t\t\t\t\t\t\t\t\t\t\t\t\t\t\t<div class=\"relative\">\n\t\t\t\t\t\t\t\t\t<picture class=\"glide__slide relative\">\n\t\t\t\t\t\t\t\t\t\t<img decoding=\"async\" width=\"768\" height=\"576\" src=\"https:\/\/fujifilm-x.b-cdn.net\/wp-content\/uploads\/2026\/03\/Jonderko_04.jpg?width=768&amp;height=576\" class=\"h-auto object-contain\" alt=\"\" loading=\"lazy\" srcset=\"https:\/\/fujifilm-x.b-cdn.net\/wp-content\/uploads\/2026\/03\/Jonderko_04.jpg?width=300&amp;height=225 300w, https:\/\/fujifilm-x.b-cdn.net\/wp-content\/uploads\/2026\/03\/Jonderko_04.jpg?width=768&amp;height=576 768w, https:\/\/fujifilm-x.b-cdn.net\/wp-content\/uploads\/2026\/03\/Jonderko_04.jpg?width=400&amp;height=300 400w, https:\/\/fujifilm-x.b-cdn.net\/wp-content\/uploads\/2026\/03\/Jonderko_04.jpg?width=365&amp;height=274 365w, https:\/\/fujifilm-x.b-cdn.net\/wp-content\/uploads\/2026\/03\/Jonderko_04.jpg?width=600&amp;height=450 600w, https:\/\/fujifilm-x.b-cdn.net\/wp-content\/uploads\/2026\/03\/Jonderko_04.jpg?width=717&amp;height=538 717w\" sizes=\"auto, (max-width: 768px) 100vw, 768px\" \/>\t\t\t\t\t\t\t\t\t\t\t\t\t\t\t\t\t\t\t<\/picture>\n\t\t\t\t\t\t\t\t<\/div>\n\t\t\t\t\t\t\t\t\t\t\t\t\t\t\t\t<div class=\"relative\">\n\t\t\t\t\t\t\t\t\t<picture class=\"glide__slide relative\">\n\t\t\t\t\t\t\t\t\t\t<img decoding=\"async\" width=\"768\" height=\"577\" src=\"https:\/\/fujifilm-x.b-cdn.net\/wp-content\/uploads\/2026\/03\/Jonderko_05.jpg?width=768&amp;height=577\" class=\"h-auto object-contain\" alt=\"\" loading=\"lazy\" srcset=\"https:\/\/fujifilm-x.b-cdn.net\/wp-content\/uploads\/2026\/03\/Jonderko_05.jpg?width=300&amp;height=225 300w, https:\/\/fujifilm-x.b-cdn.net\/wp-content\/uploads\/2026\/03\/Jonderko_05.jpg?width=768&amp;height=577 768w, https:\/\/fujifilm-x.b-cdn.net\/wp-content\/uploads\/2026\/03\/Jonderko_05.jpg?width=400&amp;height=300 400w, https:\/\/fujifilm-x.b-cdn.net\/wp-content\/uploads\/2026\/03\/Jonderko_05.jpg?width=365&amp;height=274 365w, https:\/\/fujifilm-x.b-cdn.net\/wp-content\/uploads\/2026\/03\/Jonderko_05.jpg?width=600&amp;height=451 600w, https:\/\/fujifilm-x.b-cdn.net\/wp-content\/uploads\/2026\/03\/Jonderko_05.jpg?width=717&amp;height=538 717w\" sizes=\"auto, (max-width: 768px) 100vw, 768px\" \/>\t\t\t\t\t\t\t\t\t\t\t\t\t\t\t\t\t\t\t<\/picture>\n\t\t\t\t\t\t\t\t<\/div>\n\t\t\t\t\t\t\t\t\t\t\t\t\t\t\t\t<div class=\"relative\">\n\t\t\t\t\t\t\t\t\t<picture class=\"glide__slide relative\">\n\t\t\t\t\t\t\t\t\t\t<img decoding=\"async\" width=\"768\" height=\"576\" src=\"https:\/\/fujifilm-x.b-cdn.net\/wp-content\/uploads\/2026\/03\/Jonderko_06.jpg?width=768&amp;height=576\" class=\"h-auto object-contain\" alt=\"\" loading=\"lazy\" srcset=\"https:\/\/fujifilm-x.b-cdn.net\/wp-content\/uploads\/2026\/03\/Jonderko_06.jpg?width=300&amp;height=225 300w, https:\/\/fujifilm-x.b-cdn.net\/wp-content\/uploads\/2026\/03\/Jonderko_06.jpg?width=768&amp;height=576 768w, https:\/\/fujifilm-x.b-cdn.net\/wp-content\/uploads\/2026\/03\/Jonderko_06.jpg?width=400&amp;height=300 400w, https:\/\/fujifilm-x.b-cdn.net\/wp-content\/uploads\/2026\/03\/Jonderko_06.jpg?width=365&amp;height=274 365w, https:\/\/fujifilm-x.b-cdn.net\/wp-content\/uploads\/2026\/03\/Jonderko_06.jpg?width=600&amp;height=450 600w, https:\/\/fujifilm-x.b-cdn.net\/wp-content\/uploads\/2026\/03\/Jonderko_06.jpg?width=717&amp;height=538 717w\" sizes=\"auto, (max-width: 768px) 100vw, 768px\" \/>\t\t\t\t\t\t\t\t\t\t\t\t\t\t\t\t\t\t\t<\/picture>\n\t\t\t\t\t\t\t\t<\/div>\n\t\t\t\t\t\t\t\t\t\t\t\t\t\t\t\t<div class=\"relative\">\n\t\t\t\t\t\t\t\t\t<picture class=\"glide__slide relative\">\n\t\t\t\t\t\t\t\t\t\t<img decoding=\"async\" width=\"768\" height=\"576\" src=\"https:\/\/fujifilm-x.b-cdn.net\/wp-content\/uploads\/2026\/03\/Jonderko_07.jpg?width=768&amp;height=576\" class=\"h-auto object-contain\" alt=\"\" loading=\"lazy\" srcset=\"https:\/\/fujifilm-x.b-cdn.net\/wp-content\/uploads\/2026\/03\/Jonderko_07.jpg?width=300&amp;height=225 300w, https:\/\/fujifilm-x.b-cdn.net\/wp-content\/uploads\/2026\/03\/Jonderko_07.jpg?width=768&amp;height=576 768w, https:\/\/fujifilm-x.b-cdn.net\/wp-content\/uploads\/2026\/03\/Jonderko_07.jpg?width=400&amp;height=300 400w, https:\/\/fujifilm-x.b-cdn.net\/wp-content\/uploads\/2026\/03\/Jonderko_07.jpg?width=365&amp;height=274 365w, https:\/\/fujifilm-x.b-cdn.net\/wp-content\/uploads\/2026\/03\/Jonderko_07.jpg?width=600&amp;height=450 600w, https:\/\/fujifilm-x.b-cdn.net\/wp-content\/uploads\/2026\/03\/Jonderko_07.jpg?width=717&amp;height=538 717w\" sizes=\"auto, (max-width: 768px) 100vw, 768px\" \/>\t\t\t\t\t\t\t\t\t\t\t\t\t\t\t\t\t\t\t<\/picture>\n\t\t\t\t\t\t\t\t<\/div>\n\t\t\t\t\t\t\t\t\t\t\t\t\t\t\t\t<div class=\"relative\">\n\t\t\t\t\t\t\t\t\t<picture class=\"glide__slide relative\">\n\t\t\t\t\t\t\t\t\t\t<img decoding=\"async\" width=\"768\" height=\"576\" src=\"https:\/\/fujifilm-x.b-cdn.net\/wp-content\/uploads\/2026\/03\/Jonderko_02.jpg?width=768&amp;height=576\" class=\"h-auto object-contain\" alt=\"\" loading=\"lazy\" srcset=\"https:\/\/fujifilm-x.b-cdn.net\/wp-content\/uploads\/2026\/03\/Jonderko_02.jpg?width=300&amp;height=225 300w, https:\/\/fujifilm-x.b-cdn.net\/wp-content\/uploads\/2026\/03\/Jonderko_02.jpg?width=768&amp;height=576 768w, https:\/\/fujifilm-x.b-cdn.net\/wp-content\/uploads\/2026\/03\/Jonderko_02.jpg?width=400&amp;height=300 400w, https:\/\/fujifilm-x.b-cdn.net\/wp-content\/uploads\/2026\/03\/Jonderko_02.jpg?width=365&amp;height=274 365w, https:\/\/fujifilm-x.b-cdn.net\/wp-content\/uploads\/2026\/03\/Jonderko_02.jpg?width=600&amp;height=450 600w, https:\/\/fujifilm-x.b-cdn.net\/wp-content\/uploads\/2026\/03\/Jonderko_02.jpg?width=717&amp;height=538 717w\" sizes=\"auto, (max-width: 768px) 100vw, 768px\" \/>\t\t\t\t\t\t\t\t\t\t\t\t\t\t\t\t\t\t\t<\/picture>\n\t\t\t\t\t\t\t\t<\/div>\n\t\t\t\t\t\t\t\t\t\t\t\t\t\t\t\t<div class=\"relative\">\n\t\t\t\t\t\t\t\t\t<picture class=\"glide__slide relative\">\n\t\t\t\t\t\t\t\t\t\t<img decoding=\"async\" width=\"768\" height=\"576\" src=\"https:\/\/fujifilm-x.b-cdn.net\/wp-content\/uploads\/2026\/03\/Jonderko_03.jpg?width=768&amp;height=576\" class=\"h-auto object-contain\" alt=\"\" loading=\"lazy\" srcset=\"https:\/\/fujifilm-x.b-cdn.net\/wp-content\/uploads\/2026\/03\/Jonderko_03.jpg?width=300&amp;height=225 300w, https:\/\/fujifilm-x.b-cdn.net\/wp-content\/uploads\/2026\/03\/Jonderko_03.jpg?width=768&amp;height=576 768w, https:\/\/fujifilm-x.b-cdn.net\/wp-content\/uploads\/2026\/03\/Jonderko_03.jpg?width=400&amp;height=300 400w, https:\/\/fujifilm-x.b-cdn.net\/wp-content\/uploads\/2026\/03\/Jonderko_03.jpg?width=365&amp;height=274 365w, https:\/\/fujifilm-x.b-cdn.net\/wp-content\/uploads\/2026\/03\/Jonderko_03.jpg?width=600&amp;height=450 600w, https:\/\/fujifilm-x.b-cdn.net\/wp-content\/uploads\/2026\/03\/Jonderko_03.jpg?width=717&amp;height=538 717w\" sizes=\"auto, (max-width: 768px) 100vw, 768px\" \/>\t\t\t\t\t\t\t\t\t\t\t\t\t\t\t\t\t\t\t<\/picture>\n\t\t\t\t\t\t\t\t<\/div>\n\t\t\t\t\t\t\t\t\t\t\t\t\t\t<\/div>\n\t\t\t\t\t\t\t\t\t\t\t\t\t<div class=\"glide__slides-nav glide__slides-nav--5\">\n\t\t\t\t\t\t\t\t\t\t\t\t\t\t\t\t\t<picture class=\"glide__slide\">\n\t\t\t\t\t\t\t\t\t\t<img decoding=\"async\" width=\"80\" height=\"60\" src=\"https:\/\/fujifilm-x.b-cdn.net\/wp-content\/uploads\/2026\/03\/Jonderko_04.jpg?fit=80,60\" class=\"object-cover\" alt=\"\" loading=\"lazy\" \/>\t\t\t\t\t\t\t\t\t<\/picture>\n\t\t\t\t\t\t\t\t\t\t\t\t\t\t\t\t\t<picture class=\"glide__slide\">\n\t\t\t\t\t\t\t\t\t\t<img decoding=\"async\" width=\"80\" height=\"60\" src=\"https:\/\/fujifilm-x.b-cdn.net\/wp-content\/uploads\/2026\/03\/Jonderko_05.jpg?fit=80,60\" class=\"object-cover\" alt=\"\" loading=\"lazy\" \/>\t\t\t\t\t\t\t\t\t<\/picture>\n\t\t\t\t\t\t\t\t\t\t\t\t\t\t\t\t\t<picture class=\"glide__slide\">\n\t\t\t\t\t\t\t\t\t\t<img decoding=\"async\" width=\"80\" height=\"60\" src=\"https:\/\/fujifilm-x.b-cdn.net\/wp-content\/uploads\/2026\/03\/Jonderko_06.jpg?fit=80,60\" class=\"object-cover\" alt=\"\" loading=\"lazy\" \/>\t\t\t\t\t\t\t\t\t<\/picture>\n\t\t\t\t\t\t\t\t\t\t\t\t\t\t\t\t\t<picture class=\"glide__slide\">\n\t\t\t\t\t\t\t\t\t\t<img decoding=\"async\" width=\"80\" height=\"60\" src=\"https:\/\/fujifilm-x.b-cdn.net\/wp-content\/uploads\/2026\/03\/Jonderko_07.jpg?fit=80,60\" class=\"object-cover\" alt=\"\" loading=\"lazy\" \/>\t\t\t\t\t\t\t\t\t<\/picture>\n\t\t\t\t\t\t\t\t\t\t\t\t\t\t\t\t\t<picture class=\"glide__slide\">\n\t\t\t\t\t\t\t\t\t\t<img decoding=\"async\" width=\"80\" height=\"60\" src=\"https:\/\/fujifilm-x.b-cdn.net\/wp-content\/uploads\/2026\/03\/Jonderko_02.jpg?fit=80,60\" class=\"object-cover\" alt=\"\" loading=\"lazy\" \/>\t\t\t\t\t\t\t\t\t<\/picture>\n\t\t\t\t\t\t\t\t\t\t\t\t\t\t\t\t\t<picture class=\"glide__slide\">\n\t\t\t\t\t\t\t\t\t\t<img decoding=\"async\" width=\"80\" height=\"60\" src=\"https:\/\/fujifilm-x.b-cdn.net\/wp-content\/uploads\/2026\/03\/Jonderko_03.jpg?fit=80,60\" class=\"object-cover\" alt=\"\" loading=\"lazy\" \/>\t\t\t\t\t\t\t\t\t<\/picture>\n\t\t\t\t\t\t\t\t\t\t\t\t\t\t\t<\/div>\n\t\t\t\t\t\t\t\t\t\t\t<\/div>\n\t\t\t\t<\/div>\n\t\t\t<\/div>\n\t\t\t\t\t<div class=\"main-stage--slide\">\n\t\t\t\t<div class=\"main-stage__left-content\">\n\t\t\t\t\t<div class=\"flex justify-end gap-5 mb-5\">\n\t\t\t\t\t\t<span class=\"font-fjalla-one font-normal sm:text-lg uppercase block\">\n\t\t\t\t\t\t\t\t\t\t\t\t\t<\/span>\n\t\t\t\t\t\t<span class=\"font-fjalla-one font-normal sm:text-lg uppercase block\">\n\t\t\t\t\t\t\t\t\t\t\t\t\t<\/span>\n\t\t\t\t\t<\/div>\n\t\t\t\t\t<div class=\"sm:flex gap-5 justify-between\">\n\t\t\t\t\t\t\t\t\t\t\t\t\t<div class=\"flex gap-3\">\n\t\t\t\t\t\t\t\t<picture class=\"aspect-3\/2 shrink-0\">\n\t\t\t\t\t\t\t\t\t<img decoding=\"async\" width=\"140\" height=\"140\" src=\"https:\/\/fujifilm-x.b-cdn.net\/wp-content\/uploads\/2026\/03\/KRUK_MARCIN_portret-s.jpg?fit=140,140\" class=\"h-auto object-cover\" alt=\"\" loading=\"lazy\" srcset=\"https:\/\/fujifilm-x.b-cdn.net\/wp-content\/uploads\/2026\/03\/KRUK_MARCIN_portret-s.jpg?width=80&amp;height=80 80w, https:\/\/fujifilm-x.b-cdn.net\/wp-content\/uploads\/2026\/03\/KRUK_MARCIN_portret-s.jpg?width=140&amp;height=140 140w\" sizes=\"auto, (max-width: 140px) 100vw, 140px\" \/>\t\t\t\t\t\t\t\t<\/picture>\n\t\t\t\t\t\t\t\t<h5 class=\"wp-block-heading mb-0\">Marcin Kruk<\/h5>\n\t\t\t\t\t\t\t<\/div>\n\t\t\t\t\t\t\t\t\t\t\t\t<\/div>\n\t\t\t\t\t<div class=\"main-stage__left-content__description\">\n\t\t\t\t\t\t<div class=\"line-clamp-[7] continue-reading\">\n\t\t\t\t\t\t\t<p>Marcin Kruk \u2013 niezale\u017cny fotograf dokumentalny. Uko\u0144czy\u0142 Instytut Fotografii Tw\u00f3rczej w czeskiej Opawie oraz Wydzia\u0142 Socjologii i Historii Uniwersytetu Rzeszowskiego. Jest stypendyst\u0105 Ministra Kultury i Dziedzictwa Narodowego w kategorii sztuki wizualne, a tak\u017ce uczestnikiem warsztat\u00f3w organizowanych przez Magnum Photos i Noor Agency.\u00a0Wielokrotnie nagradzany i wyr\u00f3\u017cniany w mi\u0119dzynarodowych konkursach fotograficznych, takich jak Grand Press Photo, Slovak Press Photo, Pix House Talent of the Year oraz Pozna\u0144 Photography Award. Znalaz\u0142 si\u0119 r\u00f3wnie\u017c w gronie finalist\u00f3w PH Museum oraz Belfast Photo Festival, by\u0142 nominowany do platformy Futures Photography.<\/p>\n<p>W swojej praktyce koncentruje si\u0119 na d\u0142ugoterminowych projektach dokumentalnych oraz dzia\u0142aniach z zakresu aktywizmu wizualnego. Dokumentuje protesty spo\u0142eczne w ramach Archiwum Protest\u00f3w Publicznych. Jest ambasadorem Fujifilm w Polsce.<\/p>\n<p>Jego fotografie publikowane by\u0142y m.in. w \u201eFisheye Magazine\u201d, \u201eOne Billion Iso\u201d, \u201eFotoEvidence\u201d, \u201eM, le magazine du Monde\u201d, \u201eFoto Casopis\u201d, \u201ePi\u015bmie\u201d, \u201eDer Greif\u201d. Prezentowa\u0142 swoje prace na \u0142amach wielu instytucji i podczas festiwali, m.in. w MOCAK-u, Galerii Labirynt, Galerii Esta, podczas Fotofestiwalu \u0141\u00f3d\u017a, Kranj Foto Fest (S\u0142owenia), Format Festival (Wielka Brytania) oraz Off Festival Bratislava.<\/p>\n\t\t\t\t\t\t\t<div class=\"continue-reading__gradient\"><\/div>\n\t\t\t\t\t\t<\/div>\n\t\t\t\t\t\t<button type=\"button\" class=\"continue-reading__button\" role=\"button\">\n\t\t\t\t\t\t\t<span class=\"continue-reading__button--arrow\">\n\t\t\t\t\t\t\t\t<span class=\"continue-reading__button--arrow-elems\">\n\t\t\t\t\t\t\t\t\t<span class=\"continue-reading__button--arrow-elems__first\"><\/span>\n\t\t\t\t\t\t\t\t\t<span class=\"continue-reading__button--arrow-elems__second\"><\/span>\n\t\t\t\t\t\t\t\t<\/span>\n\t\t\t\t\t\t\t<\/span>\n\t\t\t\t\t\t<\/button>\n\t\t\t\t\t<\/div>\n\t\t\t\t<\/div>\n\t\t\t\t<div class=\"main-stage__right-content\">\n\t\t\t\t\t<div class=\"glide glide--6\">\n\t\t\t\t\t\t<div class=\"glide__slides glide__slides--6\">\n\t\t\t\t\t\t\t\t\t\t\t\t\t\t\t<div class=\"relative\">\n\t\t\t\t\t\t\t\t\t<picture class=\"glide__slide relative\">\n\t\t\t\t\t\t\t\t\t\t<img decoding=\"async\" width=\"768\" height=\"614\" src=\"https:\/\/fujifilm-x.b-cdn.net\/wp-content\/uploads\/2026\/03\/KRUK_MARCIN_1s.jpg?width=768&amp;height=614\" class=\"h-auto object-contain\" alt=\"\" loading=\"lazy\" srcset=\"https:\/\/fujifilm-x.b-cdn.net\/wp-content\/uploads\/2026\/03\/KRUK_MARCIN_1s.jpg?width=300&amp;height=240 300w, https:\/\/fujifilm-x.b-cdn.net\/wp-content\/uploads\/2026\/03\/KRUK_MARCIN_1s.jpg?width=768&amp;height=614 768w, https:\/\/fujifilm-x.b-cdn.net\/wp-content\/uploads\/2026\/03\/KRUK_MARCIN_1s.jpg?width=375&amp;height=300 375w, https:\/\/fujifilm-x.b-cdn.net\/wp-content\/uploads\/2026\/03\/KRUK_MARCIN_1s.jpg?width=365&amp;height=292 365w, https:\/\/fujifilm-x.b-cdn.net\/wp-content\/uploads\/2026\/03\/KRUK_MARCIN_1s.jpg?width=600&amp;height=480 600w, https:\/\/fujifilm-x.b-cdn.net\/wp-content\/uploads\/2026\/03\/KRUK_MARCIN_1s.jpg?width=717&amp;height=574 717w\" sizes=\"auto, (max-width: 768px) 100vw, 768px\" \/>\t\t\t\t\t\t\t\t\t\t\t\t\t\t\t\t\t\t\t<\/picture>\n\t\t\t\t\t\t\t\t<\/div>\n\t\t\t\t\t\t\t\t\t\t\t\t\t\t\t\t<div class=\"relative\">\n\t\t\t\t\t\t\t\t\t<picture class=\"glide__slide relative\">\n\t\t\t\t\t\t\t\t\t\t<img decoding=\"async\" width=\"768\" height=\"614\" src=\"https:\/\/fujifilm-x.b-cdn.net\/wp-content\/uploads\/2026\/03\/KRUK_MARCIN_2s.jpg?width=768&amp;height=614\" class=\"h-auto object-contain\" alt=\"\" loading=\"lazy\" srcset=\"https:\/\/fujifilm-x.b-cdn.net\/wp-content\/uploads\/2026\/03\/KRUK_MARCIN_2s.jpg?width=300&amp;height=240 300w, https:\/\/fujifilm-x.b-cdn.net\/wp-content\/uploads\/2026\/03\/KRUK_MARCIN_2s.jpg?width=768&amp;height=614 768w, https:\/\/fujifilm-x.b-cdn.net\/wp-content\/uploads\/2026\/03\/KRUK_MARCIN_2s.jpg?width=375&amp;height=300 375w, https:\/\/fujifilm-x.b-cdn.net\/wp-content\/uploads\/2026\/03\/KRUK_MARCIN_2s.jpg?width=365&amp;height=292 365w, https:\/\/fujifilm-x.b-cdn.net\/wp-content\/uploads\/2026\/03\/KRUK_MARCIN_2s.jpg?width=600&amp;height=480 600w, https:\/\/fujifilm-x.b-cdn.net\/wp-content\/uploads\/2026\/03\/KRUK_MARCIN_2s.jpg?width=717&amp;height=574 717w\" sizes=\"auto, (max-width: 768px) 100vw, 768px\" \/>\t\t\t\t\t\t\t\t\t\t\t\t\t\t\t\t\t\t\t<\/picture>\n\t\t\t\t\t\t\t\t<\/div>\n\t\t\t\t\t\t\t\t\t\t\t\t\t\t\t\t<div class=\"relative\">\n\t\t\t\t\t\t\t\t\t<picture class=\"glide__slide relative\">\n\t\t\t\t\t\t\t\t\t\t<img decoding=\"async\" width=\"768\" height=\"1024\" src=\"https:\/\/fujifilm-x.b-cdn.net\/wp-content\/uploads\/2026\/03\/KRUK_MARCIN_3s.jpg?width=768&amp;height=1024\" class=\"h-auto object-contain\" alt=\"\" loading=\"lazy\" srcset=\"https:\/\/fujifilm-x.b-cdn.net\/wp-content\/uploads\/2026\/03\/KRUK_MARCIN_3s.jpg?width=225&amp;height=300 225w, https:\/\/fujifilm-x.b-cdn.net\/wp-content\/uploads\/2026\/03\/KRUK_MARCIN_3s.jpg?width=768&amp;height=1024 768w, https:\/\/fujifilm-x.b-cdn.net\/wp-content\/uploads\/2026\/03\/KRUK_MARCIN_3s.jpg?width=365&amp;height=487 365w, https:\/\/fujifilm-x.b-cdn.net\/wp-content\/uploads\/2026\/03\/KRUK_MARCIN_3s.jpg?width=600&amp;height=800 600w, https:\/\/fujifilm-x.b-cdn.net\/wp-content\/uploads\/2026\/03\/KRUK_MARCIN_3s.jpg?width=640&amp;height=854 640w, https:\/\/fujifilm-x.b-cdn.net\/wp-content\/uploads\/2026\/03\/KRUK_MARCIN_3s.jpg?width=717&amp;height=956 717w\" sizes=\"auto, (max-width: 768px) 100vw, 768px\" \/>\t\t\t\t\t\t\t\t\t\t\t\t\t\t\t\t\t\t\t<\/picture>\n\t\t\t\t\t\t\t\t<\/div>\n\t\t\t\t\t\t\t\t\t\t\t\t\t\t\t\t<div class=\"relative\">\n\t\t\t\t\t\t\t\t\t<picture class=\"glide__slide relative\">\n\t\t\t\t\t\t\t\t\t\t<img decoding=\"async\" width=\"768\" height=\"1028\" src=\"https:\/\/fujifilm-x.b-cdn.net\/wp-content\/uploads\/2026\/03\/KRUK_MARCIN_4s.jpg?width=768&amp;height=1028\" class=\"h-auto object-contain\" alt=\"\" loading=\"lazy\" srcset=\"https:\/\/fujifilm-x.b-cdn.net\/wp-content\/uploads\/2026\/03\/KRUK_MARCIN_4s.jpg?width=224&amp;height=300 224w, https:\/\/fujifilm-x.b-cdn.net\/wp-content\/uploads\/2026\/03\/KRUK_MARCIN_4s.jpg?width=765&amp;height=1024 765w, https:\/\/fujifilm-x.b-cdn.net\/wp-content\/uploads\/2026\/03\/KRUK_MARCIN_4s.jpg?width=768&amp;height=1028 768w, https:\/\/fujifilm-x.b-cdn.net\/wp-content\/uploads\/2026\/03\/KRUK_MARCIN_4s.jpg?width=365&amp;height=488 365w, https:\/\/fujifilm-x.b-cdn.net\/wp-content\/uploads\/2026\/03\/KRUK_MARCIN_4s.jpg?width=600&amp;height=803 600w, https:\/\/fujifilm-x.b-cdn.net\/wp-content\/uploads\/2026\/03\/KRUK_MARCIN_4s.jpg?width=717&amp;height=959 717w\" sizes=\"auto, (max-width: 768px) 100vw, 768px\" \/>\t\t\t\t\t\t\t\t\t\t\t\t\t\t\t\t\t\t\t<\/picture>\n\t\t\t\t\t\t\t\t<\/div>\n\t\t\t\t\t\t\t\t\t\t\t\t\t\t\t\t<div class=\"relative\">\n\t\t\t\t\t\t\t\t\t<picture class=\"glide__slide relative\">\n\t\t\t\t\t\t\t\t\t\t<img decoding=\"async\" width=\"768\" height=\"512\" src=\"https:\/\/fujifilm-x.b-cdn.net\/wp-content\/uploads\/2026\/03\/KRUK_MARCIN_5s.jpg?width=768&amp;height=512\" class=\"h-auto object-contain\" alt=\"\" loading=\"lazy\" srcset=\"https:\/\/fujifilm-x.b-cdn.net\/wp-content\/uploads\/2026\/03\/KRUK_MARCIN_5s.jpg?width=300&amp;height=200 300w, https:\/\/fujifilm-x.b-cdn.net\/wp-content\/uploads\/2026\/03\/KRUK_MARCIN_5s.jpg?width=768&amp;height=512 768w, https:\/\/fujifilm-x.b-cdn.net\/wp-content\/uploads\/2026\/03\/KRUK_MARCIN_5s.jpg?width=400&amp;height=267 400w, https:\/\/fujifilm-x.b-cdn.net\/wp-content\/uploads\/2026\/03\/KRUK_MARCIN_5s.jpg?width=365&amp;height=243 365w, https:\/\/fujifilm-x.b-cdn.net\/wp-content\/uploads\/2026\/03\/KRUK_MARCIN_5s.jpg?width=600&amp;height=400 600w, https:\/\/fujifilm-x.b-cdn.net\/wp-content\/uploads\/2026\/03\/KRUK_MARCIN_5s.jpg?width=717&amp;height=478 717w\" sizes=\"auto, (max-width: 768px) 100vw, 768px\" \/>\t\t\t\t\t\t\t\t\t\t\t\t\t\t\t\t\t\t\t<\/picture>\n\t\t\t\t\t\t\t\t<\/div>\n\t\t\t\t\t\t\t\t\t\t\t\t\t\t\t\t<div class=\"relative\">\n\t\t\t\t\t\t\t\t\t<picture class=\"glide__slide relative\">\n\t\t\t\t\t\t\t\t\t\t<img decoding=\"async\" width=\"768\" height=\"512\" src=\"https:\/\/fujifilm-x.b-cdn.net\/wp-content\/uploads\/2026\/03\/KRUK_MARCIN_6s.jpg?width=768&amp;height=512\" class=\"h-auto object-contain\" alt=\"\" loading=\"lazy\" srcset=\"https:\/\/fujifilm-x.b-cdn.net\/wp-content\/uploads\/2026\/03\/KRUK_MARCIN_6s.jpg?width=300&amp;height=200 300w, https:\/\/fujifilm-x.b-cdn.net\/wp-content\/uploads\/2026\/03\/KRUK_MARCIN_6s.jpg?width=768&amp;height=512 768w, https:\/\/fujifilm-x.b-cdn.net\/wp-content\/uploads\/2026\/03\/KRUK_MARCIN_6s.jpg?width=400&amp;height=267 400w, https:\/\/fujifilm-x.b-cdn.net\/wp-content\/uploads\/2026\/03\/KRUK_MARCIN_6s.jpg?width=365&amp;height=243 365w, https:\/\/fujifilm-x.b-cdn.net\/wp-content\/uploads\/2026\/03\/KRUK_MARCIN_6s.jpg?width=600&amp;height=400 600w, https:\/\/fujifilm-x.b-cdn.net\/wp-content\/uploads\/2026\/03\/KRUK_MARCIN_6s.jpg?width=717&amp;height=478 717w\" sizes=\"auto, (max-width: 768px) 100vw, 768px\" \/>\t\t\t\t\t\t\t\t\t\t\t\t\t\t\t\t\t\t\t<\/picture>\n\t\t\t\t\t\t\t\t<\/div>\n\t\t\t\t\t\t\t\t\t\t\t\t\t\t<\/div>\n\t\t\t\t\t\t\t\t\t\t\t\t\t<div class=\"glide__slides-nav glide__slides-nav--6\">\n\t\t\t\t\t\t\t\t\t\t\t\t\t\t\t\t\t<picture class=\"glide__slide\">\n\t\t\t\t\t\t\t\t\t\t<img decoding=\"async\" width=\"80\" height=\"64\" src=\"https:\/\/fujifilm-x.b-cdn.net\/wp-content\/uploads\/2026\/03\/KRUK_MARCIN_1s.jpg?fit=80,64\" class=\"object-cover\" alt=\"\" loading=\"lazy\" \/>\t\t\t\t\t\t\t\t\t<\/picture>\n\t\t\t\t\t\t\t\t\t\t\t\t\t\t\t\t\t<picture class=\"glide__slide\">\n\t\t\t\t\t\t\t\t\t\t<img decoding=\"async\" width=\"80\" height=\"64\" src=\"https:\/\/fujifilm-x.b-cdn.net\/wp-content\/uploads\/2026\/03\/KRUK_MARCIN_2s.jpg?fit=80,64\" class=\"object-cover\" alt=\"\" loading=\"lazy\" \/>\t\t\t\t\t\t\t\t\t<\/picture>\n\t\t\t\t\t\t\t\t\t\t\t\t\t\t\t\t\t<picture class=\"glide__slide\">\n\t\t\t\t\t\t\t\t\t\t<img decoding=\"async\" width=\"60\" height=\"80\" src=\"https:\/\/fujifilm-x.b-cdn.net\/wp-content\/uploads\/2026\/03\/KRUK_MARCIN_3s.jpg?fit=60,80\" class=\"object-cover\" alt=\"\" loading=\"lazy\" \/>\t\t\t\t\t\t\t\t\t<\/picture>\n\t\t\t\t\t\t\t\t\t\t\t\t\t\t\t\t\t<picture class=\"glide__slide\">\n\t\t\t\t\t\t\t\t\t\t<img decoding=\"async\" width=\"60\" height=\"80\" src=\"https:\/\/fujifilm-x.b-cdn.net\/wp-content\/uploads\/2026\/03\/KRUK_MARCIN_4s.jpg?fit=60,80\" class=\"object-cover\" alt=\"\" loading=\"lazy\" \/>\t\t\t\t\t\t\t\t\t<\/picture>\n\t\t\t\t\t\t\t\t\t\t\t\t\t\t\t\t\t<picture class=\"glide__slide\">\n\t\t\t\t\t\t\t\t\t\t<img decoding=\"async\" width=\"80\" height=\"53\" src=\"https:\/\/fujifilm-x.b-cdn.net\/wp-content\/uploads\/2026\/03\/KRUK_MARCIN_5s.jpg?fit=80,53\" class=\"object-cover\" alt=\"\" loading=\"lazy\" \/>\t\t\t\t\t\t\t\t\t<\/picture>\n\t\t\t\t\t\t\t\t\t\t\t\t\t\t\t\t\t<picture class=\"glide__slide\">\n\t\t\t\t\t\t\t\t\t\t<img decoding=\"async\" width=\"80\" height=\"53\" src=\"https:\/\/fujifilm-x.b-cdn.net\/wp-content\/uploads\/2026\/03\/KRUK_MARCIN_6s.jpg?fit=80,53\" class=\"object-cover\" alt=\"\" loading=\"lazy\" \/>\t\t\t\t\t\t\t\t\t<\/picture>\n\t\t\t\t\t\t\t\t\t\t\t\t\t\t\t<\/div>\n\t\t\t\t\t\t\t\t\t\t\t<\/div>\n\t\t\t\t<\/div>\n\t\t\t<\/div>\n\t\t\t\t\t<div class=\"main-stage--slide\">\n\t\t\t\t<div class=\"main-stage__left-content\">\n\t\t\t\t\t<div class=\"flex justify-end gap-5 mb-5\">\n\t\t\t\t\t\t<span class=\"font-fjalla-one font-normal sm:text-lg uppercase block\">\n\t\t\t\t\t\t\t\t\t\t\t\t\t<\/span>\n\t\t\t\t\t\t<span class=\"font-fjalla-one font-normal sm:text-lg uppercase block\">\n\t\t\t\t\t\t\t\t\t\t\t\t\t<\/span>\n\t\t\t\t\t<\/div>\n\t\t\t\t\t<div class=\"sm:flex gap-5 justify-between\">\n\t\t\t\t\t\t\t\t\t\t\t\t\t<div class=\"flex gap-3\">\n\t\t\t\t\t\t\t\t<picture class=\"aspect-3\/2 shrink-0\">\n\t\t\t\t\t\t\t\t\t<img decoding=\"async\" width=\"140\" height=\"93\" src=\"https:\/\/fujifilm-x.b-cdn.net\/wp-content\/uploads\/2026\/03\/Moskwa-PORTRET.jpg?fit=140,93\" class=\"h-auto object-cover\" alt=\"\" loading=\"lazy\" \/>\t\t\t\t\t\t\t\t<\/picture>\n\t\t\t\t\t\t\t\t<h5 class=\"wp-block-heading mb-0\">Maciej Moskwa<\/h5>\n\t\t\t\t\t\t\t<\/div>\n\t\t\t\t\t\t\t\t\t\t\t\t<\/div>\n\t\t\t\t\t<div class=\"main-stage__left-content__description\">\n\t\t\t\t\t\t<div class=\"line-clamp-[7] continue-reading\">\n\t\t\t\t\t\t\t<p>Maciej Moskwa\u00a0 \u2013 dokumentalista, absolwent Sopockich Szk\u00f3\u0142 Fotografii. Zajmuje si\u0119 fotoreporta\u017cem i d\u0142ugoterminowymi projektami fotograficznymi. Od 2011 wielokrotnie podr\u00f3\u017cowa\u0142 do Syrii, gdzie prowadzi\u0142 dokumentacj\u0119 skutk\u00f3w konfliktu i rewolucji antyrz\u0105dowej. Efektem tej pracy s\u0105 wydane w 2016 i 2018 roku ksi\u0105\u017cki \u201eSura\u201d (wsp\u00f3lnie z Rafa\u0142em Grzeni\u0105) oraz \u201eSaraha&#8221;. Od kilkunastu lat dokumentuje losy ludzi uwik\u0142anych w dobrowoln\u0105 oraz przymusow\u0105 migracj\u0119. Jest za\u0142o\u017cycielem powsta\u0142ego w 2009 roku kolektywu \u201eTestigo Documentary\u201d,\u00a0 skupiaj\u0105cego dokumentalist\u00f3w zajmuj\u0105cych si\u0119 tematami spo\u0142ecznymi, \u015brodowiskowymi i politycznymi. Ich celem jest uwypuklenie problem\u00f3w uwa\u017canych za wa\u017cne w lokalnych spo\u0142eczno\u015bciach, a b\u0119d\u0105cych jednocze\u015bnie mikrokosmosami wi\u0119kszych globalnych problem\u00f3w. Mieszka i pracuje w Gda\u0144sku. Ambasador Fujifilm.<\/p>\n\t\t\t\t\t\t\t<div class=\"continue-reading__gradient\"><\/div>\n\t\t\t\t\t\t<\/div>\n\t\t\t\t\t\t<button type=\"button\" class=\"continue-reading__button\" role=\"button\">\n\t\t\t\t\t\t\t<span class=\"continue-reading__button--arrow\">\n\t\t\t\t\t\t\t\t<span class=\"continue-reading__button--arrow-elems\">\n\t\t\t\t\t\t\t\t\t<span class=\"continue-reading__button--arrow-elems__first\"><\/span>\n\t\t\t\t\t\t\t\t\t<span class=\"continue-reading__button--arrow-elems__second\"><\/span>\n\t\t\t\t\t\t\t\t<\/span>\n\t\t\t\t\t\t\t<\/span>\n\t\t\t\t\t\t<\/button>\n\t\t\t\t\t<\/div>\n\t\t\t\t<\/div>\n\t\t\t\t<div class=\"main-stage__right-content\">\n\t\t\t\t\t<div class=\"glide glide--7\">\n\t\t\t\t\t\t<div class=\"glide__slides glide__slides--7\">\n\t\t\t\t\t\t\t\t\t\t\t\t\t\t\t<div class=\"relative\">\n\t\t\t\t\t\t\t\t\t<picture class=\"glide__slide relative\">\n\t\t\t\t\t\t\t\t\t\t<img decoding=\"async\" width=\"768\" height=\"512\" src=\"https:\/\/fujifilm-x.b-cdn.net\/wp-content\/uploads\/2026\/03\/Moskwa_001.jpg?width=768&amp;height=512\" class=\"h-auto object-contain\" alt=\"\" loading=\"lazy\" srcset=\"https:\/\/fujifilm-x.b-cdn.net\/wp-content\/uploads\/2026\/03\/Moskwa_001.jpg?width=300&amp;height=200 300w, https:\/\/fujifilm-x.b-cdn.net\/wp-content\/uploads\/2026\/03\/Moskwa_001.jpg?width=768&amp;height=512 768w, https:\/\/fujifilm-x.b-cdn.net\/wp-content\/uploads\/2026\/03\/Moskwa_001.jpg?width=400&amp;height=267 400w, https:\/\/fujifilm-x.b-cdn.net\/wp-content\/uploads\/2026\/03\/Moskwa_001.jpg?width=365&amp;height=243 365w, https:\/\/fujifilm-x.b-cdn.net\/wp-content\/uploads\/2026\/03\/Moskwa_001.jpg?width=600&amp;height=400 600w, https:\/\/fujifilm-x.b-cdn.net\/wp-content\/uploads\/2026\/03\/Moskwa_001.jpg?width=717&amp;height=478 717w\" sizes=\"auto, (max-width: 768px) 100vw, 768px\" \/>\t\t\t\t\t\t\t\t\t\t\t\t\t\t\t\t\t\t\t<\/picture>\n\t\t\t\t\t\t\t\t<\/div>\n\t\t\t\t\t\t\t\t\t\t\t\t\t\t\t\t<div class=\"relative\">\n\t\t\t\t\t\t\t\t\t<picture class=\"glide__slide relative\">\n\t\t\t\t\t\t\t\t\t\t<img decoding=\"async\" width=\"768\" height=\"512\" src=\"https:\/\/fujifilm-x.b-cdn.net\/wp-content\/uploads\/2026\/03\/Moskwa_002.jpg?width=768&amp;height=512\" class=\"h-auto object-contain\" alt=\"\" loading=\"lazy\" srcset=\"https:\/\/fujifilm-x.b-cdn.net\/wp-content\/uploads\/2026\/03\/Moskwa_002.jpg?width=300&amp;height=200 300w, https:\/\/fujifilm-x.b-cdn.net\/wp-content\/uploads\/2026\/03\/Moskwa_002.jpg?width=768&amp;height=512 768w, https:\/\/fujifilm-x.b-cdn.net\/wp-content\/uploads\/2026\/03\/Moskwa_002.jpg?width=400&amp;height=267 400w, https:\/\/fujifilm-x.b-cdn.net\/wp-content\/uploads\/2026\/03\/Moskwa_002.jpg?width=365&amp;height=243 365w, https:\/\/fujifilm-x.b-cdn.net\/wp-content\/uploads\/2026\/03\/Moskwa_002.jpg?width=600&amp;height=400 600w, https:\/\/fujifilm-x.b-cdn.net\/wp-content\/uploads\/2026\/03\/Moskwa_002.jpg?width=717&amp;height=478 717w\" sizes=\"auto, (max-width: 768px) 100vw, 768px\" \/>\t\t\t\t\t\t\t\t\t\t\t\t\t\t\t\t\t\t\t<\/picture>\n\t\t\t\t\t\t\t\t<\/div>\n\t\t\t\t\t\t\t\t\t\t\t\t\t\t\t\t<div class=\"relative\">\n\t\t\t\t\t\t\t\t\t<picture class=\"glide__slide relative\">\n\t\t\t\t\t\t\t\t\t\t<img decoding=\"async\" width=\"768\" height=\"512\" src=\"https:\/\/fujifilm-x.b-cdn.net\/wp-content\/uploads\/2026\/03\/Moskwa_003.jpg?width=768&amp;height=512\" class=\"h-auto object-contain\" alt=\"\" loading=\"lazy\" srcset=\"https:\/\/fujifilm-x.b-cdn.net\/wp-content\/uploads\/2026\/03\/Moskwa_003.jpg?width=300&amp;height=200 300w, https:\/\/fujifilm-x.b-cdn.net\/wp-content\/uploads\/2026\/03\/Moskwa_003.jpg?width=768&amp;height=512 768w, https:\/\/fujifilm-x.b-cdn.net\/wp-content\/uploads\/2026\/03\/Moskwa_003.jpg?width=400&amp;height=267 400w, https:\/\/fujifilm-x.b-cdn.net\/wp-content\/uploads\/2026\/03\/Moskwa_003.jpg?width=365&amp;height=243 365w, https:\/\/fujifilm-x.b-cdn.net\/wp-content\/uploads\/2026\/03\/Moskwa_003.jpg?width=600&amp;height=400 600w, https:\/\/fujifilm-x.b-cdn.net\/wp-content\/uploads\/2026\/03\/Moskwa_003.jpg?width=717&amp;height=478 717w\" sizes=\"auto, (max-width: 768px) 100vw, 768px\" \/>\t\t\t\t\t\t\t\t\t\t\t\t\t\t\t\t\t\t\t<\/picture>\n\t\t\t\t\t\t\t\t<\/div>\n\t\t\t\t\t\t\t\t\t\t\t\t\t\t\t\t<div class=\"relative\">\n\t\t\t\t\t\t\t\t\t<picture class=\"glide__slide relative\">\n\t\t\t\t\t\t\t\t\t\t<img decoding=\"async\" width=\"768\" height=\"512\" src=\"https:\/\/fujifilm-x.b-cdn.net\/wp-content\/uploads\/2026\/03\/Moskwa_004.jpg?width=768&amp;height=512\" class=\"h-auto object-contain\" alt=\"\" loading=\"lazy\" srcset=\"https:\/\/fujifilm-x.b-cdn.net\/wp-content\/uploads\/2026\/03\/Moskwa_004.jpg?width=300&amp;height=200 300w, https:\/\/fujifilm-x.b-cdn.net\/wp-content\/uploads\/2026\/03\/Moskwa_004.jpg?width=768&amp;height=512 768w, https:\/\/fujifilm-x.b-cdn.net\/wp-content\/uploads\/2026\/03\/Moskwa_004.jpg?width=400&amp;height=267 400w, https:\/\/fujifilm-x.b-cdn.net\/wp-content\/uploads\/2026\/03\/Moskwa_004.jpg?width=365&amp;height=243 365w, https:\/\/fujifilm-x.b-cdn.net\/wp-content\/uploads\/2026\/03\/Moskwa_004.jpg?width=600&amp;height=400 600w, https:\/\/fujifilm-x.b-cdn.net\/wp-content\/uploads\/2026\/03\/Moskwa_004.jpg?width=717&amp;height=478 717w\" sizes=\"auto, (max-width: 768px) 100vw, 768px\" \/>\t\t\t\t\t\t\t\t\t\t\t\t\t\t\t\t\t\t\t<\/picture>\n\t\t\t\t\t\t\t\t<\/div>\n\t\t\t\t\t\t\t\t\t\t\t\t\t\t\t\t<div class=\"relative\">\n\t\t\t\t\t\t\t\t\t<picture class=\"glide__slide relative\">\n\t\t\t\t\t\t\t\t\t\t<img decoding=\"async\" width=\"768\" height=\"512\" src=\"https:\/\/fujifilm-x.b-cdn.net\/wp-content\/uploads\/2026\/03\/Moskwa_005.jpg?width=768&amp;height=512\" class=\"h-auto object-contain\" alt=\"\" loading=\"lazy\" srcset=\"https:\/\/fujifilm-x.b-cdn.net\/wp-content\/uploads\/2026\/03\/Moskwa_005.jpg?width=300&amp;height=200 300w, https:\/\/fujifilm-x.b-cdn.net\/wp-content\/uploads\/2026\/03\/Moskwa_005.jpg?width=768&amp;height=512 768w, https:\/\/fujifilm-x.b-cdn.net\/wp-content\/uploads\/2026\/03\/Moskwa_005.jpg?width=400&amp;height=267 400w, https:\/\/fujifilm-x.b-cdn.net\/wp-content\/uploads\/2026\/03\/Moskwa_005.jpg?width=365&amp;height=243 365w, https:\/\/fujifilm-x.b-cdn.net\/wp-content\/uploads\/2026\/03\/Moskwa_005.jpg?width=600&amp;height=400 600w, https:\/\/fujifilm-x.b-cdn.net\/wp-content\/uploads\/2026\/03\/Moskwa_005.jpg?width=717&amp;height=478 717w\" sizes=\"auto, (max-width: 768px) 100vw, 768px\" \/>\t\t\t\t\t\t\t\t\t\t\t\t\t\t\t\t\t\t\t<\/picture>\n\t\t\t\t\t\t\t\t<\/div>\n\t\t\t\t\t\t\t\t\t\t\t\t\t\t\t\t<div class=\"relative\">\n\t\t\t\t\t\t\t\t\t<picture class=\"glide__slide relative\">\n\t\t\t\t\t\t\t\t\t\t<img decoding=\"async\" width=\"768\" height=\"512\" src=\"https:\/\/fujifilm-x.b-cdn.net\/wp-content\/uploads\/2026\/03\/Moskwa_006.jpg?width=768&amp;height=512\" class=\"h-auto object-contain\" alt=\"\" loading=\"lazy\" srcset=\"https:\/\/fujifilm-x.b-cdn.net\/wp-content\/uploads\/2026\/03\/Moskwa_006.jpg?width=300&amp;height=200 300w, https:\/\/fujifilm-x.b-cdn.net\/wp-content\/uploads\/2026\/03\/Moskwa_006.jpg?width=768&amp;height=512 768w, https:\/\/fujifilm-x.b-cdn.net\/wp-content\/uploads\/2026\/03\/Moskwa_006.jpg?width=400&amp;height=267 400w, https:\/\/fujifilm-x.b-cdn.net\/wp-content\/uploads\/2026\/03\/Moskwa_006.jpg?width=365&amp;height=243 365w, https:\/\/fujifilm-x.b-cdn.net\/wp-content\/uploads\/2026\/03\/Moskwa_006.jpg?width=600&amp;height=400 600w, https:\/\/fujifilm-x.b-cdn.net\/wp-content\/uploads\/2026\/03\/Moskwa_006.jpg?width=717&amp;height=478 717w\" sizes=\"auto, (max-width: 768px) 100vw, 768px\" \/>\t\t\t\t\t\t\t\t\t\t\t\t\t\t\t\t\t\t\t<\/picture>\n\t\t\t\t\t\t\t\t<\/div>\n\t\t\t\t\t\t\t\t\t\t\t\t\t\t\t\t<div class=\"relative\">\n\t\t\t\t\t\t\t\t\t<picture class=\"glide__slide relative\">\n\t\t\t\t\t\t\t\t\t\t<img decoding=\"async\" width=\"768\" height=\"512\" src=\"https:\/\/fujifilm-x.b-cdn.net\/wp-content\/uploads\/2026\/03\/Moskwa_007.jpg?width=768&amp;height=512\" class=\"h-auto object-contain\" alt=\"\" loading=\"lazy\" srcset=\"https:\/\/fujifilm-x.b-cdn.net\/wp-content\/uploads\/2026\/03\/Moskwa_007.jpg?width=300&amp;height=200 300w, https:\/\/fujifilm-x.b-cdn.net\/wp-content\/uploads\/2026\/03\/Moskwa_007.jpg?width=768&amp;height=512 768w, https:\/\/fujifilm-x.b-cdn.net\/wp-content\/uploads\/2026\/03\/Moskwa_007.jpg?width=400&amp;height=267 400w, https:\/\/fujifilm-x.b-cdn.net\/wp-content\/uploads\/2026\/03\/Moskwa_007.jpg?width=365&amp;height=243 365w, https:\/\/fujifilm-x.b-cdn.net\/wp-content\/uploads\/2026\/03\/Moskwa_007.jpg?width=600&amp;height=400 600w, https:\/\/fujifilm-x.b-cdn.net\/wp-content\/uploads\/2026\/03\/Moskwa_007.jpg?width=717&amp;height=478 717w\" sizes=\"auto, (max-width: 768px) 100vw, 768px\" \/>\t\t\t\t\t\t\t\t\t\t\t\t\t\t\t\t\t\t\t<\/picture>\n\t\t\t\t\t\t\t\t<\/div>\n\t\t\t\t\t\t\t\t\t\t\t\t\t\t<\/div>\n\t\t\t\t\t\t\t\t\t\t\t\t\t<div class=\"glide__slides-nav glide__slides-nav--7\">\n\t\t\t\t\t\t\t\t\t\t\t\t\t\t\t\t\t<picture class=\"glide__slide\">\n\t\t\t\t\t\t\t\t\t\t<img decoding=\"async\" width=\"80\" height=\"53\" src=\"https:\/\/fujifilm-x.b-cdn.net\/wp-content\/uploads\/2026\/03\/Moskwa_001.jpg?fit=80,53\" class=\"object-cover\" alt=\"\" loading=\"lazy\" \/>\t\t\t\t\t\t\t\t\t<\/picture>\n\t\t\t\t\t\t\t\t\t\t\t\t\t\t\t\t\t<picture class=\"glide__slide\">\n\t\t\t\t\t\t\t\t\t\t<img decoding=\"async\" width=\"80\" height=\"53\" src=\"https:\/\/fujifilm-x.b-cdn.net\/wp-content\/uploads\/2026\/03\/Moskwa_002.jpg?fit=80,53\" class=\"object-cover\" alt=\"\" loading=\"lazy\" \/>\t\t\t\t\t\t\t\t\t<\/picture>\n\t\t\t\t\t\t\t\t\t\t\t\t\t\t\t\t\t<picture class=\"glide__slide\">\n\t\t\t\t\t\t\t\t\t\t<img decoding=\"async\" width=\"80\" height=\"53\" src=\"https:\/\/fujifilm-x.b-cdn.net\/wp-content\/uploads\/2026\/03\/Moskwa_003.jpg?fit=80,53\" class=\"object-cover\" alt=\"\" loading=\"lazy\" \/>\t\t\t\t\t\t\t\t\t<\/picture>\n\t\t\t\t\t\t\t\t\t\t\t\t\t\t\t\t\t<picture class=\"glide__slide\">\n\t\t\t\t\t\t\t\t\t\t<img decoding=\"async\" width=\"80\" height=\"53\" src=\"https:\/\/fujifilm-x.b-cdn.net\/wp-content\/uploads\/2026\/03\/Moskwa_004.jpg?fit=80,53\" class=\"object-cover\" alt=\"\" loading=\"lazy\" \/>\t\t\t\t\t\t\t\t\t<\/picture>\n\t\t\t\t\t\t\t\t\t\t\t\t\t\t\t\t\t<picture class=\"glide__slide\">\n\t\t\t\t\t\t\t\t\t\t<img decoding=\"async\" width=\"80\" height=\"53\" src=\"https:\/\/fujifilm-x.b-cdn.net\/wp-content\/uploads\/2026\/03\/Moskwa_005.jpg?fit=80,53\" class=\"object-cover\" alt=\"\" loading=\"lazy\" \/>\t\t\t\t\t\t\t\t\t<\/picture>\n\t\t\t\t\t\t\t\t\t\t\t\t\t\t\t\t\t<picture class=\"glide__slide\">\n\t\t\t\t\t\t\t\t\t\t<img decoding=\"async\" width=\"80\" height=\"53\" src=\"https:\/\/fujifilm-x.b-cdn.net\/wp-content\/uploads\/2026\/03\/Moskwa_006.jpg?fit=80,53\" class=\"object-cover\" alt=\"\" loading=\"lazy\" \/>\t\t\t\t\t\t\t\t\t<\/picture>\n\t\t\t\t\t\t\t\t\t\t\t\t\t\t\t\t\t<picture class=\"glide__slide\">\n\t\t\t\t\t\t\t\t\t\t<img decoding=\"async\" width=\"80\" height=\"53\" src=\"https:\/\/fujifilm-x.b-cdn.net\/wp-content\/uploads\/2026\/03\/Moskwa_007.jpg?fit=80,53\" class=\"object-cover\" alt=\"\" loading=\"lazy\" \/>\t\t\t\t\t\t\t\t\t<\/picture>\n\t\t\t\t\t\t\t\t\t\t\t\t\t\t\t<\/div>\n\t\t\t\t\t\t\t\t\t\t\t<\/div>\n\t\t\t\t<\/div>\n\t\t\t<\/div>\n\t\t\t\t\t<div class=\"main-stage--slide\">\n\t\t\t\t<div class=\"main-stage__left-content\">\n\t\t\t\t\t<div class=\"flex justify-end gap-5 mb-5\">\n\t\t\t\t\t\t<span class=\"font-fjalla-one font-normal sm:text-lg uppercase block\">\n\t\t\t\t\t\t\t\t\t\t\t\t\t<\/span>\n\t\t\t\t\t\t<span class=\"font-fjalla-one font-normal sm:text-lg uppercase block\">\n\t\t\t\t\t\t\t\t\t\t\t\t\t<\/span>\n\t\t\t\t\t<\/div>\n\t\t\t\t\t<div class=\"sm:flex gap-5 justify-between\">\n\t\t\t\t\t\t\t\t\t\t\t\t\t<div class=\"flex gap-3\">\n\t\t\t\t\t\t\t\t<picture class=\"aspect-3\/2 shrink-0\">\n\t\t\t\t\t\t\t\t\t<img decoding=\"async\" width=\"104\" height=\"140\" src=\"https:\/\/fujifilm-x.b-cdn.net\/wp-content\/uploads\/2026\/03\/rigamonti_portret.jpg?fit=104,140\" class=\"h-auto object-cover\" alt=\"\" loading=\"lazy\" \/>\t\t\t\t\t\t\t\t<\/picture>\n\t\t\t\t\t\t\t\t<h5 class=\"wp-block-heading mb-0\">Maksymilian Rigamonti<\/h5>\n\t\t\t\t\t\t\t<\/div>\n\t\t\t\t\t\t\t\t\t\t\t\t<\/div>\n\t\t\t\t\t<div class=\"main-stage__left-content__description\">\n\t\t\t\t\t\t<div class=\"line-clamp-[7] continue-reading\">\n\t\t\t\t\t\t\t<p>Maksymilian Rigamonti \u2013 fotograf, wyk\u0142adowca dziennikarstwa i fotografii Wy\u017cszej Szko\u0142y Psychologii Spo\u0142ecznej w Warszawie. Studiowa\u0142 projektowanie graficzne w Akademii Sztuk Pi\u0119knych w \u0141odzi. Jest cz\u0142onkiem Press Club Polska i ZPAF. Zdobywca g\u0142\u00f3wnej nagrody w konkursie Grand Press Photo w 2012 roku, dwa lata p\u00f3\u017aniej zosta\u0142 Stypendyst\u0105 Ministra Kultury, a tak\u017ce otrzyma\u0142 nominacj\u0119 do nagrody Leica Oskar Barnack 2014. Pi\u0119ciokrotnie odwiedza\u0142 Polski Kontyngent Wojskowy w Afganistanie. Autor ksi\u0105\u017cki fotograficznej \u201eEcho\u201d, kt\u00f3ra zosta\u0142a wyr\u00f3\u017cniona przez International Photography Awards w 2018 roku, a tak\u017ce uznana photobookiem roku 2018 podczas Grand Press Photo i Photography Book of the Year 2018 w 76. edycji konkursu Pictures of the Year International. Dwukrotny juror konkursu Grand Press Photo. Od 2020 roku ambasador Fujifilm Polska. Prowadzi autorski program \u201e\u0141\u00f3d\u017a Kultury\u201d w TVP Kultura.<\/p>\n\t\t\t\t\t\t\t<div class=\"continue-reading__gradient\"><\/div>\n\t\t\t\t\t\t<\/div>\n\t\t\t\t\t\t<button type=\"button\" class=\"continue-reading__button\" role=\"button\">\n\t\t\t\t\t\t\t<span class=\"continue-reading__button--arrow\">\n\t\t\t\t\t\t\t\t<span class=\"continue-reading__button--arrow-elems\">\n\t\t\t\t\t\t\t\t\t<span class=\"continue-reading__button--arrow-elems__first\"><\/span>\n\t\t\t\t\t\t\t\t\t<span class=\"continue-reading__button--arrow-elems__second\"><\/span>\n\t\t\t\t\t\t\t\t<\/span>\n\t\t\t\t\t\t\t<\/span>\n\t\t\t\t\t\t<\/button>\n\t\t\t\t\t<\/div>\n\t\t\t\t<\/div>\n\t\t\t\t<div class=\"main-stage__right-content\">\n\t\t\t\t\t<div class=\"glide glide--8\">\n\t\t\t\t\t\t<div class=\"glide__slides glide__slides--8\">\n\t\t\t\t\t\t\t\t\t\t\t\t\t\t\t<div class=\"relative\">\n\t\t\t\t\t\t\t\t\t<picture class=\"glide__slide relative\">\n\t\t\t\t\t\t\t\t\t\t<img decoding=\"async\" width=\"768\" height=\"509\" src=\"https:\/\/fujifilm-x.b-cdn.net\/wp-content\/uploads\/2026\/03\/rigamonti011.jpg?width=768&amp;height=509\" class=\"h-auto object-contain\" alt=\"\" loading=\"lazy\" srcset=\"https:\/\/fujifilm-x.b-cdn.net\/wp-content\/uploads\/2026\/03\/rigamonti011.jpg?width=300&amp;height=199 300w, https:\/\/fujifilm-x.b-cdn.net\/wp-content\/uploads\/2026\/03\/rigamonti011.jpg?width=768&amp;height=509 768w, https:\/\/fujifilm-x.b-cdn.net\/wp-content\/uploads\/2026\/03\/rigamonti011.jpg?width=400&amp;height=265 400w, https:\/\/fujifilm-x.b-cdn.net\/wp-content\/uploads\/2026\/03\/rigamonti011.jpg?width=365&amp;height=242 365w, https:\/\/fujifilm-x.b-cdn.net\/wp-content\/uploads\/2026\/03\/rigamonti011.jpg?width=600&amp;height=398 600w, https:\/\/fujifilm-x.b-cdn.net\/wp-content\/uploads\/2026\/03\/rigamonti011.jpg?width=717&amp;height=475 717w\" sizes=\"auto, (max-width: 768px) 100vw, 768px\" \/>\t\t\t\t\t\t\t\t\t\t\t\t\t\t\t\t\t\t\t<\/picture>\n\t\t\t\t\t\t\t\t<\/div>\n\t\t\t\t\t\t\t\t\t\t\t\t\t\t\t\t<div class=\"relative\">\n\t\t\t\t\t\t\t\t\t<picture class=\"glide__slide relative\">\n\t\t\t\t\t\t\t\t\t\t<img decoding=\"async\" width=\"768\" height=\"512\" src=\"https:\/\/fujifilm-x.b-cdn.net\/wp-content\/uploads\/2026\/03\/rigamonti0111.jpg?width=768&amp;height=512\" class=\"h-auto object-contain\" alt=\"\" loading=\"lazy\" srcset=\"https:\/\/fujifilm-x.b-cdn.net\/wp-content\/uploads\/2026\/03\/rigamonti0111.jpg?width=300&amp;height=200 300w, https:\/\/fujifilm-x.b-cdn.net\/wp-content\/uploads\/2026\/03\/rigamonti0111.jpg?width=768&amp;height=512 768w, https:\/\/fujifilm-x.b-cdn.net\/wp-content\/uploads\/2026\/03\/rigamonti0111.jpg?width=400&amp;height=267 400w, https:\/\/fujifilm-x.b-cdn.net\/wp-content\/uploads\/2026\/03\/rigamonti0111.jpg?width=365&amp;height=243 365w, https:\/\/fujifilm-x.b-cdn.net\/wp-content\/uploads\/2026\/03\/rigamonti0111.jpg?width=600&amp;height=400 600w, https:\/\/fujifilm-x.b-cdn.net\/wp-content\/uploads\/2026\/03\/rigamonti0111.jpg?width=717&amp;height=478 717w\" sizes=\"auto, (max-width: 768px) 100vw, 768px\" \/>\t\t\t\t\t\t\t\t\t\t\t\t\t\t\t\t\t\t\t<\/picture>\n\t\t\t\t\t\t\t\t<\/div>\n\t\t\t\t\t\t\t\t\t\t\t\t\t\t\t\t<div class=\"relative\">\n\t\t\t\t\t\t\t\t\t<picture class=\"glide__slide relative\">\n\t\t\t\t\t\t\t\t\t\t<img decoding=\"async\" width=\"768\" height=\"521\" src=\"https:\/\/fujifilm-x.b-cdn.net\/wp-content\/uploads\/2026\/03\/rigamonti01111.jpg?width=768&amp;height=521\" class=\"h-auto object-contain\" alt=\"\" loading=\"lazy\" srcset=\"https:\/\/fujifilm-x.b-cdn.net\/wp-content\/uploads\/2026\/03\/rigamonti01111.jpg?width=300&amp;height=204 300w, https:\/\/fujifilm-x.b-cdn.net\/wp-content\/uploads\/2026\/03\/rigamonti01111.jpg?width=768&amp;height=521 768w, https:\/\/fujifilm-x.b-cdn.net\/wp-content\/uploads\/2026\/03\/rigamonti01111.jpg?width=400&amp;height=272 400w, https:\/\/fujifilm-x.b-cdn.net\/wp-content\/uploads\/2026\/03\/rigamonti01111.jpg?width=365&amp;height=248 365w, https:\/\/fujifilm-x.b-cdn.net\/wp-content\/uploads\/2026\/03\/rigamonti01111.jpg?width=600&amp;height=407 600w, https:\/\/fujifilm-x.b-cdn.net\/wp-content\/uploads\/2026\/03\/rigamonti01111.jpg?width=717&amp;height=487 717w\" sizes=\"auto, (max-width: 768px) 100vw, 768px\" \/>\t\t\t\t\t\t\t\t\t\t\t\t\t\t\t\t\t\t\t<\/picture>\n\t\t\t\t\t\t\t\t<\/div>\n\t\t\t\t\t\t\t\t\t\t\t\t\t\t\t\t<div class=\"relative\">\n\t\t\t\t\t\t\t\t\t<picture class=\"glide__slide relative\">\n\t\t\t\t\t\t\t\t\t\t<img decoding=\"async\" width=\"768\" height=\"512\" src=\"https:\/\/fujifilm-x.b-cdn.net\/wp-content\/uploads\/2026\/03\/rigamonti011111.jpg?width=768&amp;height=512\" class=\"h-auto object-contain\" alt=\"\" loading=\"lazy\" srcset=\"https:\/\/fujifilm-x.b-cdn.net\/wp-content\/uploads\/2026\/03\/rigamonti011111.jpg?width=300&amp;height=200 300w, https:\/\/fujifilm-x.b-cdn.net\/wp-content\/uploads\/2026\/03\/rigamonti011111.jpg?width=768&amp;height=512 768w, https:\/\/fujifilm-x.b-cdn.net\/wp-content\/uploads\/2026\/03\/rigamonti011111.jpg?width=400&amp;height=267 400w, https:\/\/fujifilm-x.b-cdn.net\/wp-content\/uploads\/2026\/03\/rigamonti011111.jpg?width=365&amp;height=243 365w, https:\/\/fujifilm-x.b-cdn.net\/wp-content\/uploads\/2026\/03\/rigamonti011111.jpg?width=600&amp;height=400 600w, https:\/\/fujifilm-x.b-cdn.net\/wp-content\/uploads\/2026\/03\/rigamonti011111.jpg?width=717&amp;height=478 717w\" sizes=\"auto, (max-width: 768px) 100vw, 768px\" \/>\t\t\t\t\t\t\t\t\t\t\t\t\t\t\t\t\t\t\t<\/picture>\n\t\t\t\t\t\t\t\t<\/div>\n\t\t\t\t\t\t\t\t\t\t\t\t\t\t\t\t<div class=\"relative\">\n\t\t\t\t\t\t\t\t\t<picture class=\"glide__slide relative\">\n\t\t\t\t\t\t\t\t\t\t<img decoding=\"async\" width=\"768\" height=\"519\" src=\"https:\/\/fujifilm-x.b-cdn.net\/wp-content\/uploads\/2026\/03\/rigamonti0111111.jpg?width=768&amp;height=519\" class=\"h-auto object-contain\" alt=\"\" loading=\"lazy\" srcset=\"https:\/\/fujifilm-x.b-cdn.net\/wp-content\/uploads\/2026\/03\/rigamonti0111111.jpg?width=300&amp;height=203 300w, https:\/\/fujifilm-x.b-cdn.net\/wp-content\/uploads\/2026\/03\/rigamonti0111111.jpg?width=768&amp;height=519 768w, https:\/\/fujifilm-x.b-cdn.net\/wp-content\/uploads\/2026\/03\/rigamonti0111111.jpg?width=400&amp;height=270 400w, https:\/\/fujifilm-x.b-cdn.net\/wp-content\/uploads\/2026\/03\/rigamonti0111111.jpg?width=365&amp;height=247 365w, https:\/\/fujifilm-x.b-cdn.net\/wp-content\/uploads\/2026\/03\/rigamonti0111111.jpg?width=600&amp;height=406 600w, https:\/\/fujifilm-x.b-cdn.net\/wp-content\/uploads\/2026\/03\/rigamonti0111111.jpg?width=717&amp;height=485 717w\" sizes=\"auto, (max-width: 768px) 100vw, 768px\" \/>\t\t\t\t\t\t\t\t\t\t\t\t\t\t\t\t\t\t\t<\/picture>\n\t\t\t\t\t\t\t\t<\/div>\n\t\t\t\t\t\t\t\t\t\t\t\t\t\t\t\t<div class=\"relative\">\n\t\t\t\t\t\t\t\t\t<picture class=\"glide__slide relative\">\n\t\t\t\t\t\t\t\t\t\t<img decoding=\"async\" width=\"768\" height=\"513\" src=\"https:\/\/fujifilm-x.b-cdn.net\/wp-content\/uploads\/2026\/03\/rigamonti01111111.jpg?width=768&amp;height=513\" class=\"h-auto object-contain\" alt=\"\" loading=\"lazy\" srcset=\"https:\/\/fujifilm-x.b-cdn.net\/wp-content\/uploads\/2026\/03\/rigamonti01111111.jpg?width=300&amp;height=200 300w, https:\/\/fujifilm-x.b-cdn.net\/wp-content\/uploads\/2026\/03\/rigamonti01111111.jpg?width=768&amp;height=513 768w, https:\/\/fujifilm-x.b-cdn.net\/wp-content\/uploads\/2026\/03\/rigamonti01111111.jpg?width=400&amp;height=267 400w, https:\/\/fujifilm-x.b-cdn.net\/wp-content\/uploads\/2026\/03\/rigamonti01111111.jpg?width=365&amp;height=244 365w, https:\/\/fujifilm-x.b-cdn.net\/wp-content\/uploads\/2026\/03\/rigamonti01111111.jpg?width=600&amp;height=401 600w, https:\/\/fujifilm-x.b-cdn.net\/wp-content\/uploads\/2026\/03\/rigamonti01111111.jpg?width=717&amp;height=479 717w\" sizes=\"auto, (max-width: 768px) 100vw, 768px\" \/>\t\t\t\t\t\t\t\t\t\t\t\t\t\t\t\t\t\t\t<\/picture>\n\t\t\t\t\t\t\t\t<\/div>\n\t\t\t\t\t\t\t\t\t\t\t\t\t\t\t\t<div class=\"relative\">\n\t\t\t\t\t\t\t\t\t<picture class=\"glide__slide relative\">\n\t\t\t\t\t\t\t\t\t\t<img decoding=\"async\" width=\"768\" height=\"518\" src=\"https:\/\/fujifilm-x.b-cdn.net\/wp-content\/uploads\/2026\/03\/rigamonti011111111.jpg?width=768&amp;height=518\" class=\"h-auto object-contain\" alt=\"\" loading=\"lazy\" srcset=\"https:\/\/fujifilm-x.b-cdn.net\/wp-content\/uploads\/2026\/03\/rigamonti011111111.jpg?width=300&amp;height=202 300w, https:\/\/fujifilm-x.b-cdn.net\/wp-content\/uploads\/2026\/03\/rigamonti011111111.jpg?width=768&amp;height=518 768w, https:\/\/fujifilm-x.b-cdn.net\/wp-content\/uploads\/2026\/03\/rigamonti011111111.jpg?width=400&amp;height=270 400w, https:\/\/fujifilm-x.b-cdn.net\/wp-content\/uploads\/2026\/03\/rigamonti011111111.jpg?width=365&amp;height=246 365w, https:\/\/fujifilm-x.b-cdn.net\/wp-content\/uploads\/2026\/03\/rigamonti011111111.jpg?width=600&amp;height=404 600w, https:\/\/fujifilm-x.b-cdn.net\/wp-content\/uploads\/2026\/03\/rigamonti011111111.jpg?width=717&amp;height=483 717w\" sizes=\"auto, (max-width: 768px) 100vw, 768px\" \/>\t\t\t\t\t\t\t\t\t\t\t\t\t\t\t\t\t\t\t<\/picture>\n\t\t\t\t\t\t\t\t<\/div>\n\t\t\t\t\t\t\t\t\t\t\t\t\t\t\t\t<div class=\"relative\">\n\t\t\t\t\t\t\t\t\t<picture class=\"glide__slide relative\">\n\t\t\t\t\t\t\t\t\t\t<img decoding=\"async\" width=\"768\" height=\"503\" src=\"https:\/\/fujifilm-x.b-cdn.net\/wp-content\/uploads\/2026\/03\/rigamonti0111111111.jpg?width=768&amp;height=503\" class=\"h-auto object-contain\" alt=\"\" loading=\"lazy\" srcset=\"https:\/\/fujifilm-x.b-cdn.net\/wp-content\/uploads\/2026\/03\/rigamonti0111111111.jpg?width=300&amp;height=197 300w, https:\/\/fujifilm-x.b-cdn.net\/wp-content\/uploads\/2026\/03\/rigamonti0111111111.jpg?width=768&amp;height=503 768w, https:\/\/fujifilm-x.b-cdn.net\/wp-content\/uploads\/2026\/03\/rigamonti0111111111.jpg?width=400&amp;height=262 400w, https:\/\/fujifilm-x.b-cdn.net\/wp-content\/uploads\/2026\/03\/rigamonti0111111111.jpg?width=365&amp;height=239 365w, https:\/\/fujifilm-x.b-cdn.net\/wp-content\/uploads\/2026\/03\/rigamonti0111111111.jpg?width=600&amp;height=393 600w, https:\/\/fujifilm-x.b-cdn.net\/wp-content\/uploads\/2026\/03\/rigamonti0111111111.jpg?width=717&amp;height=470 717w\" sizes=\"auto, (max-width: 768px) 100vw, 768px\" \/>\t\t\t\t\t\t\t\t\t\t\t\t\t\t\t\t\t\t\t<\/picture>\n\t\t\t\t\t\t\t\t<\/div>\n\t\t\t\t\t\t\t\t\t\t\t\t\t\t<\/div>\n\t\t\t\t\t\t\t\t\t\t\t\t\t<div class=\"glide__slides-nav glide__slides-nav--8\">\n\t\t\t\t\t\t\t\t\t\t\t\t\t\t\t\t\t<picture class=\"glide__slide\">\n\t\t\t\t\t\t\t\t\t\t<img decoding=\"async\" width=\"80\" height=\"53\" src=\"https:\/\/fujifilm-x.b-cdn.net\/wp-content\/uploads\/2026\/03\/rigamonti011.jpg?fit=80,53\" class=\"object-cover\" alt=\"\" loading=\"lazy\" \/>\t\t\t\t\t\t\t\t\t<\/picture>\n\t\t\t\t\t\t\t\t\t\t\t\t\t\t\t\t\t<picture class=\"glide__slide\">\n\t\t\t\t\t\t\t\t\t\t<img decoding=\"async\" width=\"80\" height=\"53\" src=\"https:\/\/fujifilm-x.b-cdn.net\/wp-content\/uploads\/2026\/03\/rigamonti0111.jpg?fit=80,53\" class=\"object-cover\" alt=\"\" loading=\"lazy\" \/>\t\t\t\t\t\t\t\t\t<\/picture>\n\t\t\t\t\t\t\t\t\t\t\t\t\t\t\t\t\t<picture class=\"glide__slide\">\n\t\t\t\t\t\t\t\t\t\t<img decoding=\"async\" width=\"80\" height=\"54\" src=\"https:\/\/fujifilm-x.b-cdn.net\/wp-content\/uploads\/2026\/03\/rigamonti01111.jpg?fit=80,54\" class=\"object-cover\" alt=\"\" loading=\"lazy\" \/>\t\t\t\t\t\t\t\t\t<\/picture>\n\t\t\t\t\t\t\t\t\t\t\t\t\t\t\t\t\t<picture class=\"glide__slide\">\n\t\t\t\t\t\t\t\t\t\t<img decoding=\"async\" width=\"80\" height=\"53\" src=\"https:\/\/fujifilm-x.b-cdn.net\/wp-content\/uploads\/2026\/03\/rigamonti011111.jpg?fit=80,53\" class=\"object-cover\" alt=\"\" loading=\"lazy\" \/>\t\t\t\t\t\t\t\t\t<\/picture>\n\t\t\t\t\t\t\t\t\t\t\t\t\t\t\t\t\t<picture class=\"glide__slide\">\n\t\t\t\t\t\t\t\t\t\t<img decoding=\"async\" width=\"80\" height=\"54\" src=\"https:\/\/fujifilm-x.b-cdn.net\/wp-content\/uploads\/2026\/03\/rigamonti0111111.jpg?fit=80,54\" class=\"object-cover\" alt=\"\" loading=\"lazy\" \/>\t\t\t\t\t\t\t\t\t<\/picture>\n\t\t\t\t\t\t\t\t\t\t\t\t\t\t\t\t\t<picture class=\"glide__slide\">\n\t\t\t\t\t\t\t\t\t\t<img decoding=\"async\" width=\"80\" height=\"53\" src=\"https:\/\/fujifilm-x.b-cdn.net\/wp-content\/uploads\/2026\/03\/rigamonti01111111.jpg?fit=80,53\" class=\"object-cover\" alt=\"\" loading=\"lazy\" \/>\t\t\t\t\t\t\t\t\t<\/picture>\n\t\t\t\t\t\t\t\t\t\t\t\t\t\t\t\t\t<picture class=\"glide__slide\">\n\t\t\t\t\t\t\t\t\t\t<img decoding=\"async\" width=\"80\" height=\"54\" src=\"https:\/\/fujifilm-x.b-cdn.net\/wp-content\/uploads\/2026\/03\/rigamonti011111111.jpg?fit=80,54\" class=\"object-cover\" alt=\"\" loading=\"lazy\" \/>\t\t\t\t\t\t\t\t\t<\/picture>\n\t\t\t\t\t\t\t\t\t\t\t\t\t\t\t\t\t<picture class=\"glide__slide\">\n\t\t\t\t\t\t\t\t\t\t<img decoding=\"async\" width=\"80\" height=\"52\" src=\"https:\/\/fujifilm-x.b-cdn.net\/wp-content\/uploads\/2026\/03\/rigamonti0111111111.jpg?fit=80,52\" class=\"object-cover\" alt=\"\" loading=\"lazy\" \/>\t\t\t\t\t\t\t\t\t<\/picture>\n\t\t\t\t\t\t\t\t\t\t\t\t\t\t\t<\/div>\n\t\t\t\t\t\t\t\t\t\t\t<\/div>\n\t\t\t\t<\/div>\n\t\t\t<\/div>\n\t\t\t\t\t<div class=\"main-stage--slide\">\n\t\t\t\t<div class=\"main-stage__left-content\">\n\t\t\t\t\t<div class=\"flex justify-end gap-5 mb-5\">\n\t\t\t\t\t\t<span class=\"font-fjalla-one font-normal sm:text-lg uppercase block\">\n\t\t\t\t\t\t\t\t\t\t\t\t\t<\/span>\n\t\t\t\t\t\t<span class=\"font-fjalla-one font-normal sm:text-lg uppercase block\">\n\t\t\t\t\t\t\t\t\t\t\t\t\t<\/span>\n\t\t\t\t\t<\/div>\n\t\t\t\t\t<div class=\"sm:flex gap-5 justify-between\">\n\t\t\t\t\t\t\t\t\t\t\t\t\t<div class=\"flex gap-3\">\n\t\t\t\t\t\t\t\t<picture class=\"aspect-3\/2 shrink-0\">\n\t\t\t\t\t\t\t\t\t<img decoding=\"async\" width=\"140\" height=\"93\" src=\"https:\/\/fujifilm-x.b-cdn.net\/wp-content\/uploads\/2026\/03\/siarek_portret.jpg?fit=140,93\" class=\"h-auto object-cover\" alt=\"\" loading=\"lazy\" \/>\t\t\t\t\t\t\t\t<\/picture>\n\t\t\t\t\t\t\t\t<h5 class=\"wp-block-heading mb-0\">Micha\u0142 Siarek<\/h5>\n\t\t\t\t\t\t\t<\/div>\n\t\t\t\t\t\t\t\t\t\t\t\t<\/div>\n\t\t\t\t\t<div class=\"main-stage__left-content__description\">\n\t\t\t\t\t\t<div class=\"line-clamp-[7] continue-reading\">\n\t\t\t\t\t\t\t<p>Micha\u0142 Siarek \u2013 fotograf dokumentalny, absolwent Polskiej Wy\u017cszej Szko\u0142y Filmowej, Telewizyjnej i Teatralnej, laureat konkursu Wildlife Photographer of the Year (organizowanego przez Muzeum Historii Naturalnej w Londynie) i Earth Photo (Kr\u00f3lewskiego Towarzystwa Geograficznego). Autor ksi\u0105\u017cki \u201eAlexander\u201d (2018). Od 2021 roku pracuje jako fotograf-rezydent i opiekun latarni morskiej w niewielkim muzeum na p\u00f3\u0142nocy Norwegii. Publikowa\u0142 m.in. w \u201eThe New York Times\u201d, \u201eGEO\u201d i \u201eBBC Wildlife\u201d. Ambasador Fujifilm.<\/p>\n\t\t\t\t\t\t\t<div class=\"continue-reading__gradient\"><\/div>\n\t\t\t\t\t\t<\/div>\n\t\t\t\t\t\t<button type=\"button\" class=\"continue-reading__button\" role=\"button\">\n\t\t\t\t\t\t\t<span class=\"continue-reading__button--arrow\">\n\t\t\t\t\t\t\t\t<span class=\"continue-reading__button--arrow-elems\">\n\t\t\t\t\t\t\t\t\t<span class=\"continue-reading__button--arrow-elems__first\"><\/span>\n\t\t\t\t\t\t\t\t\t<span class=\"continue-reading__button--arrow-elems__second\"><\/span>\n\t\t\t\t\t\t\t\t<\/span>\n\t\t\t\t\t\t\t<\/span>\n\t\t\t\t\t\t<\/button>\n\t\t\t\t\t<\/div>\n\t\t\t\t<\/div>\n\t\t\t\t<div class=\"main-stage__right-content\">\n\t\t\t\t\t<div class=\"glide glide--9\">\n\t\t\t\t\t\t<div class=\"glide__slides glide__slides--9\">\n\t\t\t\t\t\t\t\t\t\t\t\t\t\t\t<div class=\"relative\">\n\t\t\t\t\t\t\t\t\t<picture class=\"glide__slide relative\">\n\t\t\t\t\t\t\t\t\t\t<img decoding=\"async\" width=\"768\" height=\"576\" src=\"https:\/\/fujifilm-x.b-cdn.net\/wp-content\/uploads\/2026\/03\/siarek001.jpg?width=768&amp;height=576\" class=\"h-auto object-contain\" alt=\"\" loading=\"lazy\" srcset=\"https:\/\/fujifilm-x.b-cdn.net\/wp-content\/uploads\/2026\/03\/siarek001.jpg?width=300&amp;height=225 300w, https:\/\/fujifilm-x.b-cdn.net\/wp-content\/uploads\/2026\/03\/siarek001.jpg?width=768&amp;height=576 768w, https:\/\/fujifilm-x.b-cdn.net\/wp-content\/uploads\/2026\/03\/siarek001.jpg?width=400&amp;height=300 400w, https:\/\/fujifilm-x.b-cdn.net\/wp-content\/uploads\/2026\/03\/siarek001.jpg?width=365&amp;height=274 365w, https:\/\/fujifilm-x.b-cdn.net\/wp-content\/uploads\/2026\/03\/siarek001.jpg?width=600&amp;height=450 600w, https:\/\/fujifilm-x.b-cdn.net\/wp-content\/uploads\/2026\/03\/siarek001.jpg?width=717&amp;height=538 717w\" sizes=\"auto, (max-width: 768px) 100vw, 768px\" \/>\t\t\t\t\t\t\t\t\t\t\t\t\t\t\t\t\t\t\t<\/picture>\n\t\t\t\t\t\t\t\t<\/div>\n\t\t\t\t\t\t\t\t\t\t\t\t\t\t\t\t<div class=\"relative\">\n\t\t\t\t\t\t\t\t\t<picture class=\"glide__slide relative\">\n\t\t\t\t\t\t\t\t\t\t<img decoding=\"async\" width=\"768\" height=\"576\" src=\"https:\/\/fujifilm-x.b-cdn.net\/wp-content\/uploads\/2026\/03\/siarek0011.jpg?width=768&amp;height=576\" class=\"h-auto object-contain\" alt=\"\" loading=\"lazy\" srcset=\"https:\/\/fujifilm-x.b-cdn.net\/wp-content\/uploads\/2026\/03\/siarek0011.jpg?width=300&amp;height=225 300w, https:\/\/fujifilm-x.b-cdn.net\/wp-content\/uploads\/2026\/03\/siarek0011.jpg?width=768&amp;height=576 768w, https:\/\/fujifilm-x.b-cdn.net\/wp-content\/uploads\/2026\/03\/siarek0011.jpg?width=400&amp;height=300 400w, https:\/\/fujifilm-x.b-cdn.net\/wp-content\/uploads\/2026\/03\/siarek0011.jpg?width=365&amp;height=274 365w, https:\/\/fujifilm-x.b-cdn.net\/wp-content\/uploads\/2026\/03\/siarek0011.jpg?width=600&amp;height=450 600w, https:\/\/fujifilm-x.b-cdn.net\/wp-content\/uploads\/2026\/03\/siarek0011.jpg?width=717&amp;height=538 717w\" sizes=\"auto, (max-width: 768px) 100vw, 768px\" \/>\t\t\t\t\t\t\t\t\t\t\t\t\t\t\t\t\t\t\t<\/picture>\n\t\t\t\t\t\t\t\t<\/div>\n\t\t\t\t\t\t\t\t\t\t\t\t\t\t\t\t<div class=\"relative\">\n\t\t\t\t\t\t\t\t\t<picture class=\"glide__slide relative\">\n\t\t\t\t\t\t\t\t\t\t<img decoding=\"async\" width=\"768\" height=\"576\" src=\"https:\/\/fujifilm-x.b-cdn.net\/wp-content\/uploads\/2026\/03\/siarek00111.jpg?width=768&amp;height=576\" class=\"h-auto object-contain\" alt=\"\" loading=\"lazy\" srcset=\"https:\/\/fujifilm-x.b-cdn.net\/wp-content\/uploads\/2026\/03\/siarek00111.jpg?width=300&amp;height=225 300w, https:\/\/fujifilm-x.b-cdn.net\/wp-content\/uploads\/2026\/03\/siarek00111.jpg?width=768&amp;height=576 768w, https:\/\/fujifilm-x.b-cdn.net\/wp-content\/uploads\/2026\/03\/siarek00111.jpg?width=400&amp;height=300 400w, https:\/\/fujifilm-x.b-cdn.net\/wp-content\/uploads\/2026\/03\/siarek00111.jpg?width=365&amp;height=274 365w, https:\/\/fujifilm-x.b-cdn.net\/wp-content\/uploads\/2026\/03\/siarek00111.jpg?width=600&amp;height=450 600w, https:\/\/fujifilm-x.b-cdn.net\/wp-content\/uploads\/2026\/03\/siarek00111.jpg?width=717&amp;height=538 717w\" sizes=\"auto, (max-width: 768px) 100vw, 768px\" \/>\t\t\t\t\t\t\t\t\t\t\t\t\t\t\t\t\t\t\t<\/picture>\n\t\t\t\t\t\t\t\t<\/div>\n\t\t\t\t\t\t\t\t\t\t\t\t\t\t\t\t<div class=\"relative\">\n\t\t\t\t\t\t\t\t\t<picture class=\"glide__slide relative\">\n\t\t\t\t\t\t\t\t\t\t<img decoding=\"async\" width=\"768\" height=\"576\" src=\"https:\/\/fujifilm-x.b-cdn.net\/wp-content\/uploads\/2026\/03\/siarek001111.jpg?width=768&amp;height=576\" class=\"h-auto object-contain\" alt=\"\" loading=\"lazy\" srcset=\"https:\/\/fujifilm-x.b-cdn.net\/wp-content\/uploads\/2026\/03\/siarek001111.jpg?width=300&amp;height=225 300w, https:\/\/fujifilm-x.b-cdn.net\/wp-content\/uploads\/2026\/03\/siarek001111.jpg?width=768&amp;height=576 768w, https:\/\/fujifilm-x.b-cdn.net\/wp-content\/uploads\/2026\/03\/siarek001111.jpg?width=400&amp;height=300 400w, https:\/\/fujifilm-x.b-cdn.net\/wp-content\/uploads\/2026\/03\/siarek001111.jpg?width=365&amp;height=274 365w, https:\/\/fujifilm-x.b-cdn.net\/wp-content\/uploads\/2026\/03\/siarek001111.jpg?width=600&amp;height=450 600w, https:\/\/fujifilm-x.b-cdn.net\/wp-content\/uploads\/2026\/03\/siarek001111.jpg?width=717&amp;height=538 717w\" sizes=\"auto, (max-width: 768px) 100vw, 768px\" \/>\t\t\t\t\t\t\t\t\t\t\t\t\t\t\t\t\t\t\t<\/picture>\n\t\t\t\t\t\t\t\t<\/div>\n\t\t\t\t\t\t\t\t\t\t\t\t\t\t\t\t<div class=\"relative\">\n\t\t\t\t\t\t\t\t\t<picture class=\"glide__slide relative\">\n\t\t\t\t\t\t\t\t\t\t<img decoding=\"async\" width=\"768\" height=\"576\" src=\"https:\/\/fujifilm-x.b-cdn.net\/wp-content\/uploads\/2026\/03\/siarek0011111.jpg?width=768&amp;height=576\" class=\"h-auto object-contain\" alt=\"\" loading=\"lazy\" srcset=\"https:\/\/fujifilm-x.b-cdn.net\/wp-content\/uploads\/2026\/03\/siarek0011111.jpg?width=300&amp;height=225 300w, https:\/\/fujifilm-x.b-cdn.net\/wp-content\/uploads\/2026\/03\/siarek0011111.jpg?width=768&amp;height=576 768w, https:\/\/fujifilm-x.b-cdn.net\/wp-content\/uploads\/2026\/03\/siarek0011111.jpg?width=400&amp;height=300 400w, https:\/\/fujifilm-x.b-cdn.net\/wp-content\/uploads\/2026\/03\/siarek0011111.jpg?width=365&amp;height=274 365w, https:\/\/fujifilm-x.b-cdn.net\/wp-content\/uploads\/2026\/03\/siarek0011111.jpg?width=600&amp;height=450 600w, https:\/\/fujifilm-x.b-cdn.net\/wp-content\/uploads\/2026\/03\/siarek0011111.jpg?width=717&amp;height=538 717w\" sizes=\"auto, (max-width: 768px) 100vw, 768px\" \/>\t\t\t\t\t\t\t\t\t\t\t\t\t\t\t\t\t\t\t<\/picture>\n\t\t\t\t\t\t\t\t<\/div>\n\t\t\t\t\t\t\t\t\t\t\t\t\t\t<\/div>\n\t\t\t\t\t\t\t\t\t\t\t\t\t<div class=\"glide__slides-nav glide__slides-nav--9\">\n\t\t\t\t\t\t\t\t\t\t\t\t\t\t\t\t\t<picture class=\"glide__slide\">\n\t\t\t\t\t\t\t\t\t\t<img decoding=\"async\" width=\"80\" height=\"60\" src=\"https:\/\/fujifilm-x.b-cdn.net\/wp-content\/uploads\/2026\/03\/siarek001.jpg?fit=80,60\" class=\"object-cover\" alt=\"\" loading=\"lazy\" \/>\t\t\t\t\t\t\t\t\t<\/picture>\n\t\t\t\t\t\t\t\t\t\t\t\t\t\t\t\t\t<picture class=\"glide__slide\">\n\t\t\t\t\t\t\t\t\t\t<img decoding=\"async\" width=\"80\" height=\"60\" src=\"https:\/\/fujifilm-x.b-cdn.net\/wp-content\/uploads\/2026\/03\/siarek0011.jpg?fit=80,60\" class=\"object-cover\" alt=\"\" loading=\"lazy\" \/>\t\t\t\t\t\t\t\t\t<\/picture>\n\t\t\t\t\t\t\t\t\t\t\t\t\t\t\t\t\t<picture class=\"glide__slide\">\n\t\t\t\t\t\t\t\t\t\t<img decoding=\"async\" width=\"80\" height=\"60\" src=\"https:\/\/fujifilm-x.b-cdn.net\/wp-content\/uploads\/2026\/03\/siarek00111.jpg?fit=80,60\" class=\"object-cover\" alt=\"\" loading=\"lazy\" \/>\t\t\t\t\t\t\t\t\t<\/picture>\n\t\t\t\t\t\t\t\t\t\t\t\t\t\t\t\t\t<picture class=\"glide__slide\">\n\t\t\t\t\t\t\t\t\t\t<img decoding=\"async\" width=\"80\" height=\"60\" src=\"https:\/\/fujifilm-x.b-cdn.net\/wp-content\/uploads\/2026\/03\/siarek001111.jpg?fit=80,60\" class=\"object-cover\" alt=\"\" loading=\"lazy\" \/>\t\t\t\t\t\t\t\t\t<\/picture>\n\t\t\t\t\t\t\t\t\t\t\t\t\t\t\t\t\t<picture class=\"glide__slide\">\n\t\t\t\t\t\t\t\t\t\t<img decoding=\"async\" width=\"80\" height=\"60\" src=\"https:\/\/fujifilm-x.b-cdn.net\/wp-content\/uploads\/2026\/03\/siarek0011111.jpg?fit=80,60\" class=\"object-cover\" alt=\"\" loading=\"lazy\" \/>\t\t\t\t\t\t\t\t\t<\/picture>\n\t\t\t\t\t\t\t\t\t\t\t\t\t\t\t<\/div>\n\t\t\t\t\t\t\t\t\t\t\t<\/div>\n\t\t\t\t<\/div>\n\t\t\t<\/div>\n\t\t\t\t\t<div class=\"main-stage--slide\">\n\t\t\t\t<div class=\"main-stage__left-content\">\n\t\t\t\t\t<div class=\"flex justify-end gap-5 mb-5\">\n\t\t\t\t\t\t<span class=\"font-fjalla-one font-normal sm:text-lg uppercase block\">\n\t\t\t\t\t\t\t\t\t\t\t\t\t<\/span>\n\t\t\t\t\t\t<span class=\"font-fjalla-one font-normal sm:text-lg uppercase block\">\n\t\t\t\t\t\t\t\t\t\t\t\t\t<\/span>\n\t\t\t\t\t<\/div>\n\t\t\t\t\t<div class=\"sm:flex gap-5 justify-between\">\n\t\t\t\t\t\t\t\t\t\t\t\t\t<div class=\"flex gap-3\">\n\t\t\t\t\t\t\t\t<picture class=\"aspect-3\/2 shrink-0\">\n\t\t\t\t\t\t\t\t\t<img decoding=\"async\" width=\"102\" height=\"140\" src=\"https:\/\/fujifilm-x.b-cdn.net\/wp-content\/uploads\/2026\/03\/sikora_PORTRET.jpg?fit=102,140\" class=\"h-auto object-cover\" alt=\"\" loading=\"lazy\" \/>\t\t\t\t\t\t\t\t<\/picture>\n\t\t\t\t\t\t\t\t<h5 class=\"wp-block-heading mb-0\">Tomek Sikora<\/h5>\n\t\t\t\t\t\t\t<\/div>\n\t\t\t\t\t\t\t\t\t\t\t\t<\/div>\n\t\t\t\t\t<div class=\"main-stage__left-content__description\">\n\t\t\t\t\t\t<div class=\"line-clamp-[7] continue-reading\">\n\t\t\t\t\t\t\t<p>Tomek Sikora \u2013 fotograf, dawniej fotoreporter, doktor sztuk plastycznych. W latach 70. pracowa\u0142 dla tygodnika \u201ePerspektywy\u201d, a tak\u017ce zrealizowa\u0142 z Marcinem Mroszczakiem dwa du\u017ce projekty fotograficzne: \u201eAlbum\u201c i \u201eAlicja w Krainie Czar\u00f3w\u201c, kt\u00f3re zosta\u0142y wystawione w Centrum Sztuki Wsp\u00f3\u0142czesnej Zamek Ujazdowski, podczas Biennale M\u0142odych w Pary\u017cu. W 1982 roku za\u0142o\u017cy\u0142 studio fotografii reklamowej w Melbourne, gdzie dwukrotnie zosta\u0142 wybrany najbardziej kreatywnym fotografem reklamowym w Australii i Oceanii. Od 1986 roku jest w nieustaj\u0105cej podr\u00f3\u017cy po \u015bwiecie. Do dzi\u015b publikuje limitowane edycje ponad stu wydawnictw autorskich i wystawia swoje prace w wielu krajach na \u015bwiecie. Ma si\u0119 \u015bwietnie i wci\u0105\u017c bawi si\u0119 fotografi\u0105. Jego najnowsze projekty mo\u017cna zobaczy\u0107 na stronie tomeksikora.myportfolio.com. Ambasador Fujifilm.<\/p>\n\t\t\t\t\t\t\t<div class=\"continue-reading__gradient\"><\/div>\n\t\t\t\t\t\t<\/div>\n\t\t\t\t\t\t<button type=\"button\" class=\"continue-reading__button\" role=\"button\">\n\t\t\t\t\t\t\t<span class=\"continue-reading__button--arrow\">\n\t\t\t\t\t\t\t\t<span class=\"continue-reading__button--arrow-elems\">\n\t\t\t\t\t\t\t\t\t<span class=\"continue-reading__button--arrow-elems__first\"><\/span>\n\t\t\t\t\t\t\t\t\t<span class=\"continue-reading__button--arrow-elems__second\"><\/span>\n\t\t\t\t\t\t\t\t<\/span>\n\t\t\t\t\t\t\t<\/span>\n\t\t\t\t\t\t<\/button>\n\t\t\t\t\t<\/div>\n\t\t\t\t<\/div>\n\t\t\t\t<div class=\"main-stage__right-content\">\n\t\t\t\t\t<div class=\"glide glide--10\">\n\t\t\t\t\t\t<div class=\"glide__slides glide__slides--10\">\n\t\t\t\t\t\t\t\t\t\t\t\t\t\t\t<div class=\"relative\">\n\t\t\t\t\t\t\t\t\t<picture class=\"glide__slide relative\">\n\t\t\t\t\t\t\t\t\t\t<img decoding=\"async\" width=\"768\" height=\"548\" src=\"https:\/\/fujifilm-x.b-cdn.net\/wp-content\/uploads\/2026\/03\/sikora123.jpg?width=768&amp;height=548\" class=\"h-auto object-contain\" alt=\"\" loading=\"lazy\" srcset=\"https:\/\/fujifilm-x.b-cdn.net\/wp-content\/uploads\/2026\/03\/sikora123.jpg?width=300&amp;height=214 300w, https:\/\/fujifilm-x.b-cdn.net\/wp-content\/uploads\/2026\/03\/sikora123.jpg?width=768&amp;height=548 768w, https:\/\/fujifilm-x.b-cdn.net\/wp-content\/uploads\/2026\/03\/sikora123.jpg?width=400&amp;height=286 400w, https:\/\/fujifilm-x.b-cdn.net\/wp-content\/uploads\/2026\/03\/sikora123.jpg?width=365&amp;height=261 365w, https:\/\/fujifilm-x.b-cdn.net\/wp-content\/uploads\/2026\/03\/sikora123.jpg?width=600&amp;height=428 600w, https:\/\/fujifilm-x.b-cdn.net\/wp-content\/uploads\/2026\/03\/sikora123.jpg?width=717&amp;height=512 717w\" sizes=\"auto, (max-width: 768px) 100vw, 768px\" \/>\t\t\t\t\t\t\t\t\t\t\t\t\t\t\t\t\t\t\t<\/picture>\n\t\t\t\t\t\t\t\t<\/div>\n\t\t\t\t\t\t\t\t\t\t\t\t\t\t\t\t<div class=\"relative\">\n\t\t\t\t\t\t\t\t\t<picture class=\"glide__slide relative\">\n\t\t\t\t\t\t\t\t\t\t<img decoding=\"async\" width=\"768\" height=\"1075\" src=\"https:\/\/fujifilm-x.b-cdn.net\/wp-content\/uploads\/2026\/03\/sikora1234.jpg?width=768&amp;height=1075\" class=\"h-auto object-contain\" alt=\"\" loading=\"lazy\" srcset=\"https:\/\/fujifilm-x.b-cdn.net\/wp-content\/uploads\/2026\/03\/sikora1234.jpg?width=214&amp;height=300 214w, https:\/\/fujifilm-x.b-cdn.net\/wp-content\/uploads\/2026\/03\/sikora1234.jpg?width=731&amp;height=1024 731w, https:\/\/fujifilm-x.b-cdn.net\/wp-content\/uploads\/2026\/03\/sikora1234.jpg?width=768&amp;height=1075 768w, https:\/\/fujifilm-x.b-cdn.net\/wp-content\/uploads\/2026\/03\/sikora1234.jpg?width=365&amp;height=511 365w, https:\/\/fujifilm-x.b-cdn.net\/wp-content\/uploads\/2026\/03\/sikora1234.jpg?width=600&amp;height=840 600w, https:\/\/fujifilm-x.b-cdn.net\/wp-content\/uploads\/2026\/03\/sikora1234.jpg?width=717&amp;height=1004 717w\" sizes=\"auto, (max-width: 768px) 100vw, 768px\" \/>\t\t\t\t\t\t\t\t\t\t\t\t\t\t\t\t\t\t\t<\/picture>\n\t\t\t\t\t\t\t\t<\/div>\n\t\t\t\t\t\t\t\t\t\t\t\t\t\t\t\t<div class=\"relative\">\n\t\t\t\t\t\t\t\t\t<picture class=\"glide__slide relative\">\n\t\t\t\t\t\t\t\t\t\t<img decoding=\"async\" width=\"768\" height=\"548\" src=\"https:\/\/fujifilm-x.b-cdn.net\/wp-content\/uploads\/2026\/03\/sikora12345.jpg?width=768&amp;height=548\" class=\"h-auto object-contain\" alt=\"\" loading=\"lazy\" srcset=\"https:\/\/fujifilm-x.b-cdn.net\/wp-content\/uploads\/2026\/03\/sikora12345.jpg?width=300&amp;height=214 300w, https:\/\/fujifilm-x.b-cdn.net\/wp-content\/uploads\/2026\/03\/sikora12345.jpg?width=768&amp;height=548 768w, https:\/\/fujifilm-x.b-cdn.net\/wp-content\/uploads\/2026\/03\/sikora12345.jpg?width=400&amp;height=286 400w, https:\/\/fujifilm-x.b-cdn.net\/wp-content\/uploads\/2026\/03\/sikora12345.jpg?width=365&amp;height=261 365w, https:\/\/fujifilm-x.b-cdn.net\/wp-content\/uploads\/2026\/03\/sikora12345.jpg?width=600&amp;height=428 600w, https:\/\/fujifilm-x.b-cdn.net\/wp-content\/uploads\/2026\/03\/sikora12345.jpg?width=717&amp;height=512 717w\" sizes=\"auto, (max-width: 768px) 100vw, 768px\" \/>\t\t\t\t\t\t\t\t\t\t\t\t\t\t\t\t\t\t\t<\/picture>\n\t\t\t\t\t\t\t\t<\/div>\n\t\t\t\t\t\t\t\t\t\t\t\t\t\t\t\t<div class=\"relative\">\n\t\t\t\t\t\t\t\t\t<picture class=\"glide__slide relative\">\n\t\t\t\t\t\t\t\t\t\t<img decoding=\"async\" width=\"768\" height=\"548\" src=\"https:\/\/fujifilm-x.b-cdn.net\/wp-content\/uploads\/2026\/03\/sikora123456.jpg?width=768&amp;height=548\" class=\"h-auto object-contain\" alt=\"\" loading=\"lazy\" srcset=\"https:\/\/fujifilm-x.b-cdn.net\/wp-content\/uploads\/2026\/03\/sikora123456.jpg?width=300&amp;height=214 300w, https:\/\/fujifilm-x.b-cdn.net\/wp-content\/uploads\/2026\/03\/sikora123456.jpg?width=768&amp;height=548 768w, https:\/\/fujifilm-x.b-cdn.net\/wp-content\/uploads\/2026\/03\/sikora123456.jpg?width=400&amp;height=286 400w, https:\/\/fujifilm-x.b-cdn.net\/wp-content\/uploads\/2026\/03\/sikora123456.jpg?width=365&amp;height=261 365w, https:\/\/fujifilm-x.b-cdn.net\/wp-content\/uploads\/2026\/03\/sikora123456.jpg?width=600&amp;height=428 600w, https:\/\/fujifilm-x.b-cdn.net\/wp-content\/uploads\/2026\/03\/sikora123456.jpg?width=717&amp;height=512 717w\" sizes=\"auto, (max-width: 768px) 100vw, 768px\" \/>\t\t\t\t\t\t\t\t\t\t\t\t\t\t\t\t\t\t\t<\/picture>\n\t\t\t\t\t\t\t\t<\/div>\n\t\t\t\t\t\t\t\t\t\t\t\t\t\t\t\t<div class=\"relative\">\n\t\t\t\t\t\t\t\t\t<picture class=\"glide__slide relative\">\n\t\t\t\t\t\t\t\t\t\t<img decoding=\"async\" width=\"768\" height=\"548\" src=\"https:\/\/fujifilm-x.b-cdn.net\/wp-content\/uploads\/2026\/03\/sikora1234567.jpg?width=768&amp;height=548\" class=\"h-auto object-contain\" alt=\"\" loading=\"lazy\" srcset=\"https:\/\/fujifilm-x.b-cdn.net\/wp-content\/uploads\/2026\/03\/sikora1234567.jpg?width=300&amp;height=214 300w, https:\/\/fujifilm-x.b-cdn.net\/wp-content\/uploads\/2026\/03\/sikora1234567.jpg?width=768&amp;height=548 768w, https:\/\/fujifilm-x.b-cdn.net\/wp-content\/uploads\/2026\/03\/sikora1234567.jpg?width=400&amp;height=286 400w, https:\/\/fujifilm-x.b-cdn.net\/wp-content\/uploads\/2026\/03\/sikora1234567.jpg?width=365&amp;height=261 365w, https:\/\/fujifilm-x.b-cdn.net\/wp-content\/uploads\/2026\/03\/sikora1234567.jpg?width=600&amp;height=428 600w, https:\/\/fujifilm-x.b-cdn.net\/wp-content\/uploads\/2026\/03\/sikora1234567.jpg?width=717&amp;height=512 717w\" sizes=\"auto, (max-width: 768px) 100vw, 768px\" \/>\t\t\t\t\t\t\t\t\t\t\t\t\t\t\t\t\t\t\t<\/picture>\n\t\t\t\t\t\t\t\t<\/div>\n\t\t\t\t\t\t\t\t\t\t\t\t\t\t\t\t<div class=\"relative\">\n\t\t\t\t\t\t\t\t\t<picture class=\"glide__slide relative\">\n\t\t\t\t\t\t\t\t\t\t<img decoding=\"async\" width=\"768\" height=\"548\" src=\"https:\/\/fujifilm-x.b-cdn.net\/wp-content\/uploads\/2026\/03\/sikora12.jpg?width=768&amp;height=548\" class=\"h-auto object-contain\" alt=\"\" loading=\"lazy\" srcset=\"https:\/\/fujifilm-x.b-cdn.net\/wp-content\/uploads\/2026\/03\/sikora12.jpg?width=300&amp;height=214 300w, https:\/\/fujifilm-x.b-cdn.net\/wp-content\/uploads\/2026\/03\/sikora12.jpg?width=768&amp;height=548 768w, https:\/\/fujifilm-x.b-cdn.net\/wp-content\/uploads\/2026\/03\/sikora12.jpg?width=400&amp;height=286 400w, https:\/\/fujifilm-x.b-cdn.net\/wp-content\/uploads\/2026\/03\/sikora12.jpg?width=365&amp;height=261 365w, https:\/\/fujifilm-x.b-cdn.net\/wp-content\/uploads\/2026\/03\/sikora12.jpg?width=600&amp;height=428 600w, https:\/\/fujifilm-x.b-cdn.net\/wp-content\/uploads\/2026\/03\/sikora12.jpg?width=717&amp;height=512 717w\" sizes=\"auto, (max-width: 768px) 100vw, 768px\" \/>\t\t\t\t\t\t\t\t\t\t\t\t\t\t\t\t\t\t\t<\/picture>\n\t\t\t\t\t\t\t\t<\/div>\n\t\t\t\t\t\t\t\t\t\t\t\t\t\t<\/div>\n\t\t\t\t\t\t\t\t\t\t\t\t\t<div class=\"glide__slides-nav glide__slides-nav--10\">\n\t\t\t\t\t\t\t\t\t\t\t\t\t\t\t\t\t<picture class=\"glide__slide\">\n\t\t\t\t\t\t\t\t\t\t<img decoding=\"async\" width=\"80\" height=\"57\" src=\"https:\/\/fujifilm-x.b-cdn.net\/wp-content\/uploads\/2026\/03\/sikora123.jpg?fit=80,57\" class=\"object-cover\" alt=\"\" loading=\"lazy\" \/>\t\t\t\t\t\t\t\t\t<\/picture>\n\t\t\t\t\t\t\t\t\t\t\t\t\t\t\t\t\t<picture class=\"glide__slide\">\n\t\t\t\t\t\t\t\t\t\t<img decoding=\"async\" width=\"57\" height=\"80\" src=\"https:\/\/fujifilm-x.b-cdn.net\/wp-content\/uploads\/2026\/03\/sikora1234.jpg?fit=57,80\" class=\"object-cover\" alt=\"\" loading=\"lazy\" \/>\t\t\t\t\t\t\t\t\t<\/picture>\n\t\t\t\t\t\t\t\t\t\t\t\t\t\t\t\t\t<picture class=\"glide__slide\">\n\t\t\t\t\t\t\t\t\t\t<img decoding=\"async\" width=\"80\" height=\"57\" src=\"https:\/\/fujifilm-x.b-cdn.net\/wp-content\/uploads\/2026\/03\/sikora12345.jpg?fit=80,57\" class=\"object-cover\" alt=\"\" loading=\"lazy\" \/>\t\t\t\t\t\t\t\t\t<\/picture>\n\t\t\t\t\t\t\t\t\t\t\t\t\t\t\t\t\t<picture class=\"glide__slide\">\n\t\t\t\t\t\t\t\t\t\t<img decoding=\"async\" width=\"80\" height=\"57\" src=\"https:\/\/fujifilm-x.b-cdn.net\/wp-content\/uploads\/2026\/03\/sikora123456.jpg?fit=80,57\" class=\"object-cover\" alt=\"\" loading=\"lazy\" \/>\t\t\t\t\t\t\t\t\t<\/picture>\n\t\t\t\t\t\t\t\t\t\t\t\t\t\t\t\t\t<picture class=\"glide__slide\">\n\t\t\t\t\t\t\t\t\t\t<img decoding=\"async\" width=\"80\" height=\"57\" src=\"https:\/\/fujifilm-x.b-cdn.net\/wp-content\/uploads\/2026\/03\/sikora1234567.jpg?fit=80,57\" class=\"object-cover\" alt=\"\" loading=\"lazy\" \/>\t\t\t\t\t\t\t\t\t<\/picture>\n\t\t\t\t\t\t\t\t\t\t\t\t\t\t\t\t\t<picture class=\"glide__slide\">\n\t\t\t\t\t\t\t\t\t\t<img decoding=\"async\" width=\"80\" height=\"57\" src=\"https:\/\/fujifilm-x.b-cdn.net\/wp-content\/uploads\/2026\/03\/sikora12.jpg?fit=80,57\" class=\"object-cover\" alt=\"\" loading=\"lazy\" \/>\t\t\t\t\t\t\t\t\t<\/picture>\n\t\t\t\t\t\t\t\t\t\t\t\t\t\t\t<\/div>\n\t\t\t\t\t\t\t\t\t\t\t<\/div>\n\t\t\t\t<\/div>\n\t\t\t<\/div>\n\t\t\t\t\t<div class=\"main-stage--slide\">\n\t\t\t\t<div class=\"main-stage__left-content\">\n\t\t\t\t\t<div class=\"flex justify-end gap-5 mb-5\">\n\t\t\t\t\t\t<span class=\"font-fjalla-one font-normal sm:text-lg uppercase block\">\n\t\t\t\t\t\t\t\t\t\t\t\t\t<\/span>\n\t\t\t\t\t\t<span class=\"font-fjalla-one font-normal sm:text-lg uppercase block\">\n\t\t\t\t\t\t\t\t\t\t\t\t\t<\/span>\n\t\t\t\t\t<\/div>\n\t\t\t\t\t<div class=\"sm:flex gap-5 justify-between\">\n\t\t\t\t\t\t\t\t\t\t\t\t\t<div class=\"flex gap-3\">\n\t\t\t\t\t\t\t\t<picture class=\"aspect-3\/2 shrink-0\">\n\t\t\t\t\t\t\t\t\t<img decoding=\"async\" width=\"93\" height=\"140\" src=\"https:\/\/fujifilm-x.b-cdn.net\/wp-content\/uploads\/2026\/03\/Monika-Szewczyk-Wittek-fot.-Anna-Hernik.jpg?fit=93,140\" class=\"h-auto object-cover\" alt=\"\" loading=\"lazy\" \/>\t\t\t\t\t\t\t\t<\/picture>\n\t\t\t\t\t\t\t\t<h5 class=\"wp-block-heading mb-0\">Monika Szewczyk-Wittek<\/h5>\n\t\t\t\t\t\t\t<\/div>\n\t\t\t\t\t\t\t\t\t\t\t\t<\/div>\n\t\t\t\t\t<div class=\"main-stage__left-content__description\">\n\t\t\t\t\t\t<div class=\"line-clamp-[7] continue-reading\">\n\t\t\t\t\t\t\t<p>Ma ponad 15 letnie do\u015bwiadczenie w komunikacji spo\u0142ecznej, zarz\u0105dzaniu projektami, edukacji. Autorka tekst\u00f3w, podcast\u00f3w i projekt\u00f3w badawczych. Tworzy sieci partnerstw i rozwija strategie kampanii spo\u0142ecznych. W swoim dzia\u0142aniu stara si\u0119 \u0142\u0105czy\u0107 ludzi, idee i budowa\u0107 przestrze\u0144 do dialogu. Wspiera fotoreporter\u00f3w i dziennikarzy w pracy nad publikacjami. W 2021 roku ukaza\u0142a si\u0119 jej pierwsza ksi\u0105\u017cka \u201cJedyne. Nieopowiedziane historie polskich fotografek\u201d. Prowadz\u0105ca i autorka podcastu Fotopolis. Wsp\u00f3\u0142tworzy projekt Wszyscy Jeste\u015bmy Fotografami, kt\u00f3ry jest jednym z prze\u0142omowych program\u00f3w edukacji wizualnej w Polsce.<\/p>\n\t\t\t\t\t\t\t<div class=\"continue-reading__gradient\"><\/div>\n\t\t\t\t\t\t<\/div>\n\t\t\t\t\t\t<button type=\"button\" class=\"continue-reading__button\" role=\"button\">\n\t\t\t\t\t\t\t<span class=\"continue-reading__button--arrow\">\n\t\t\t\t\t\t\t\t<span class=\"continue-reading__button--arrow-elems\">\n\t\t\t\t\t\t\t\t\t<span class=\"continue-reading__button--arrow-elems__first\"><\/span>\n\t\t\t\t\t\t\t\t\t<span class=\"continue-reading__button--arrow-elems__second\"><\/span>\n\t\t\t\t\t\t\t\t<\/span>\n\t\t\t\t\t\t\t<\/span>\n\t\t\t\t\t\t<\/button>\n\t\t\t\t\t<\/div>\n\t\t\t\t<\/div>\n\t\t\t\t<div class=\"main-stage__right-content\">\n\t\t\t\t\t<div class=\"glide glide--11\">\n\t\t\t\t\t\t<div class=\"glide__slides glide__slides--11\">\n\t\t\t\t\t\t\t\t\t\t\t\t\t<\/div>\n\t\t\t\t\t\t\t\t\t\t\t<\/div>\n\t\t\t\t<\/div>\n\t\t\t<\/div>\n\t\t\t\t\t<div class=\"main-stage--slide\">\n\t\t\t\t<div class=\"main-stage__left-content\">\n\t\t\t\t\t<div class=\"flex justify-end gap-5 mb-5\">\n\t\t\t\t\t\t<span class=\"font-fjalla-one font-normal sm:text-lg uppercase block\">\n\t\t\t\t\t\t\t\t\t\t\t\t\t<\/span>\n\t\t\t\t\t\t<span class=\"font-fjalla-one font-normal sm:text-lg uppercase block\">\n\t\t\t\t\t\t\t\t\t\t\t\t\t<\/span>\n\t\t\t\t\t<\/div>\n\t\t\t\t\t<div class=\"sm:flex gap-5 justify-between\">\n\t\t\t\t\t\t\t\t\t\t\t\t\t<div class=\"flex gap-3\">\n\t\t\t\t\t\t\t\t<picture class=\"aspect-3\/2 shrink-0\">\n\t\t\t\t\t\t\t\t\t<img decoding=\"async\" width=\"108\" height=\"140\" src=\"https:\/\/fujifilm-x.b-cdn.net\/wp-content\/uploads\/2026\/03\/portret_szczesniak.jpg?fit=108,140\" class=\"h-auto object-cover\" alt=\"\" loading=\"lazy\" \/>\t\t\t\t\t\t\t\t<\/picture>\n\t\t\t\t\t\t\t\t<h5 class=\"wp-block-heading mb-0\">Szymon Szcze\u015bniak<\/h5>\n\t\t\t\t\t\t\t<\/div>\n\t\t\t\t\t\t\t\t\t\t\t\t<\/div>\n\t\t\t\t\t<div class=\"main-stage__left-content__description\">\n\t\t\t\t\t\t<div class=\"line-clamp-[7] continue-reading\">\n\t\t\t\t\t\t\t<p>Szymon Szcze\u015bniak \u2013 portrecista i fotograf komercyjny, ambasador Fujifilm. Absolwent Instytutu Fotografii Tw\u00f3rczej w Opawie w Czechach. Pracuje dla agencji reklamowych i najbardziej znanych tytu\u0142\u00f3w na polskim rynku prasowym, skupiaj\u0105c si\u0119 przede wszystkim na portretach znanych os\u00f3b. W portrecie najbardziej inspiruje go psychologia i wielowymiarowo\u015b\u0107 ludzkiej natury. Pracuje g\u0142\u00f3wnie ze \u015bwiat\u0142em naturalnym. W \u017cyciu prywatnym inspiruje go codzienno\u015b\u0107. Korzysta z aparat\u00f3w <span class=\"cancel-hydrated\">Fujifilm<\/span> serii GFX.<\/p>\n\t\t\t\t\t\t\t<div class=\"continue-reading__gradient\"><\/div>\n\t\t\t\t\t\t<\/div>\n\t\t\t\t\t\t<button type=\"button\" class=\"continue-reading__button\" role=\"button\">\n\t\t\t\t\t\t\t<span class=\"continue-reading__button--arrow\">\n\t\t\t\t\t\t\t\t<span class=\"continue-reading__button--arrow-elems\">\n\t\t\t\t\t\t\t\t\t<span class=\"continue-reading__button--arrow-elems__first\"><\/span>\n\t\t\t\t\t\t\t\t\t<span class=\"continue-reading__button--arrow-elems__second\"><\/span>\n\t\t\t\t\t\t\t\t<\/span>\n\t\t\t\t\t\t\t<\/span>\n\t\t\t\t\t\t<\/button>\n\t\t\t\t\t<\/div>\n\t\t\t\t<\/div>\n\t\t\t\t<div class=\"main-stage__right-content\">\n\t\t\t\t\t<div class=\"glide glide--12\">\n\t\t\t\t\t\t<div class=\"glide__slides glide__slides--12\">\n\t\t\t\t\t\t\t\t\t\t\t\t\t\t\t<div class=\"relative\">\n\t\t\t\t\t\t\t\t\t<picture class=\"glide__slide relative\">\n\t\t\t\t\t\t\t\t\t\t<img decoding=\"async\" width=\"768\" height=\"1075\" src=\"https:\/\/fujifilm-x.b-cdn.net\/wp-content\/uploads\/2026\/03\/Szymon_Szczesniak-1.jpg?width=768&amp;height=1075\" class=\"h-auto object-contain\" alt=\"\" loading=\"lazy\" srcset=\"https:\/\/fujifilm-x.b-cdn.net\/wp-content\/uploads\/2026\/03\/Szymon_Szczesniak-1.jpg?width=214&amp;height=300 214w, https:\/\/fujifilm-x.b-cdn.net\/wp-content\/uploads\/2026\/03\/Szymon_Szczesniak-1.jpg?width=731&amp;height=1024 731w, https:\/\/fujifilm-x.b-cdn.net\/wp-content\/uploads\/2026\/03\/Szymon_Szczesniak-1.jpg?width=768&amp;height=1075 768w, https:\/\/fujifilm-x.b-cdn.net\/wp-content\/uploads\/2026\/03\/Szymon_Szczesniak-1.jpg?width=365&amp;height=511 365w, https:\/\/fujifilm-x.b-cdn.net\/wp-content\/uploads\/2026\/03\/Szymon_Szczesniak-1.jpg?width=600&amp;height=840 600w, https:\/\/fujifilm-x.b-cdn.net\/wp-content\/uploads\/2026\/03\/Szymon_Szczesniak-1.jpg?width=717&amp;height=1004 717w\" sizes=\"auto, (max-width: 768px) 100vw, 768px\" \/>\t\t\t\t\t\t\t\t\t\t\t\t\t\t\t\t\t\t\t<\/picture>\n\t\t\t\t\t\t\t\t<\/div>\n\t\t\t\t\t\t\t\t\t\t\t\t\t\t\t\t<div class=\"relative\">\n\t\t\t\t\t\t\t\t\t<picture class=\"glide__slide relative\">\n\t\t\t\t\t\t\t\t\t\t<img decoding=\"async\" width=\"768\" height=\"1024\" src=\"https:\/\/fujifilm-x.b-cdn.net\/wp-content\/uploads\/2026\/03\/Szymon_Szczesniak-2.jpg?width=768&amp;height=1024\" class=\"h-auto object-contain\" alt=\"\" loading=\"lazy\" srcset=\"https:\/\/fujifilm-x.b-cdn.net\/wp-content\/uploads\/2026\/03\/Szymon_Szczesniak-2.jpg?width=225&amp;height=300 225w, https:\/\/fujifilm-x.b-cdn.net\/wp-content\/uploads\/2026\/03\/Szymon_Szczesniak-2.jpg?width=768&amp;height=1024 768w, https:\/\/fujifilm-x.b-cdn.net\/wp-content\/uploads\/2026\/03\/Szymon_Szczesniak-2.jpg?width=365&amp;height=487 365w, https:\/\/fujifilm-x.b-cdn.net\/wp-content\/uploads\/2026\/03\/Szymon_Szczesniak-2.jpg?width=600&amp;height=800 600w, https:\/\/fujifilm-x.b-cdn.net\/wp-content\/uploads\/2026\/03\/Szymon_Szczesniak-2.jpg?width=640&amp;height=854 640w, https:\/\/fujifilm-x.b-cdn.net\/wp-content\/uploads\/2026\/03\/Szymon_Szczesniak-2.jpg?width=717&amp;height=956 717w\" sizes=\"auto, (max-width: 768px) 100vw, 768px\" \/>\t\t\t\t\t\t\t\t\t\t\t\t\t\t\t\t\t\t\t<\/picture>\n\t\t\t\t\t\t\t\t<\/div>\n\t\t\t\t\t\t\t\t\t\t\t\t\t\t\t\t<div class=\"relative\">\n\t\t\t\t\t\t\t\t\t<picture class=\"glide__slide relative\">\n\t\t\t\t\t\t\t\t\t\t<img decoding=\"async\" width=\"768\" height=\"1075\" src=\"https:\/\/fujifilm-x.b-cdn.net\/wp-content\/uploads\/2026\/03\/Szymon_Szczesniak-3.jpg?width=768&amp;height=1075\" class=\"h-auto object-contain\" alt=\"\" loading=\"lazy\" srcset=\"https:\/\/fujifilm-x.b-cdn.net\/wp-content\/uploads\/2026\/03\/Szymon_Szczesniak-3.jpg?width=214&amp;height=300 214w, https:\/\/fujifilm-x.b-cdn.net\/wp-content\/uploads\/2026\/03\/Szymon_Szczesniak-3.jpg?width=731&amp;height=1024 731w, https:\/\/fujifilm-x.b-cdn.net\/wp-content\/uploads\/2026\/03\/Szymon_Szczesniak-3.jpg?width=768&amp;height=1075 768w, https:\/\/fujifilm-x.b-cdn.net\/wp-content\/uploads\/2026\/03\/Szymon_Szczesniak-3.jpg?width=365&amp;height=511 365w, https:\/\/fujifilm-x.b-cdn.net\/wp-content\/uploads\/2026\/03\/Szymon_Szczesniak-3.jpg?width=600&amp;height=840 600w, https:\/\/fujifilm-x.b-cdn.net\/wp-content\/uploads\/2026\/03\/Szymon_Szczesniak-3.jpg?width=717&amp;height=1004 717w\" sizes=\"auto, (max-width: 768px) 100vw, 768px\" \/>\t\t\t\t\t\t\t\t\t\t\t\t\t\t\t\t\t\t\t<\/picture>\n\t\t\t\t\t\t\t\t<\/div>\n\t\t\t\t\t\t\t\t\t\t\t\t\t\t\t\t<div class=\"relative\">\n\t\t\t\t\t\t\t\t\t<picture class=\"glide__slide relative\">\n\t\t\t\t\t\t\t\t\t\t<img decoding=\"async\" width=\"768\" height=\"1075\" src=\"https:\/\/fujifilm-x.b-cdn.net\/wp-content\/uploads\/2026\/03\/Szymon_Szczesniak-4.jpg?width=768&amp;height=1075\" class=\"h-auto object-contain\" alt=\"\" loading=\"lazy\" srcset=\"https:\/\/fujifilm-x.b-cdn.net\/wp-content\/uploads\/2026\/03\/Szymon_Szczesniak-4.jpg?width=214&amp;height=300 214w, https:\/\/fujifilm-x.b-cdn.net\/wp-content\/uploads\/2026\/03\/Szymon_Szczesniak-4.jpg?width=731&amp;height=1024 731w, https:\/\/fujifilm-x.b-cdn.net\/wp-content\/uploads\/2026\/03\/Szymon_Szczesniak-4.jpg?width=768&amp;height=1075 768w, https:\/\/fujifilm-x.b-cdn.net\/wp-content\/uploads\/2026\/03\/Szymon_Szczesniak-4.jpg?width=365&amp;height=511 365w, https:\/\/fujifilm-x.b-cdn.net\/wp-content\/uploads\/2026\/03\/Szymon_Szczesniak-4.jpg?width=600&amp;height=840 600w, https:\/\/fujifilm-x.b-cdn.net\/wp-content\/uploads\/2026\/03\/Szymon_Szczesniak-4.jpg?width=717&amp;height=1004 717w\" sizes=\"auto, (max-width: 768px) 100vw, 768px\" \/>\t\t\t\t\t\t\t\t\t\t\t\t\t\t\t\t\t\t\t<\/picture>\n\t\t\t\t\t\t\t\t<\/div>\n\t\t\t\t\t\t\t\t\t\t\t\t\t\t\t\t<div class=\"relative\">\n\t\t\t\t\t\t\t\t\t<picture class=\"glide__slide relative\">\n\t\t\t\t\t\t\t\t\t\t<img decoding=\"async\" width=\"768\" height=\"1075\" src=\"https:\/\/fujifilm-x.b-cdn.net\/wp-content\/uploads\/2026\/03\/Szymon_Szczesniak-5.jpg?width=768&amp;height=1075\" class=\"h-auto object-contain\" alt=\"\" loading=\"lazy\" srcset=\"https:\/\/fujifilm-x.b-cdn.net\/wp-content\/uploads\/2026\/03\/Szymon_Szczesniak-5.jpg?width=214&amp;height=300 214w, https:\/\/fujifilm-x.b-cdn.net\/wp-content\/uploads\/2026\/03\/Szymon_Szczesniak-5.jpg?width=731&amp;height=1024 731w, https:\/\/fujifilm-x.b-cdn.net\/wp-content\/uploads\/2026\/03\/Szymon_Szczesniak-5.jpg?width=768&amp;height=1075 768w, https:\/\/fujifilm-x.b-cdn.net\/wp-content\/uploads\/2026\/03\/Szymon_Szczesniak-5.jpg?width=365&amp;height=511 365w, https:\/\/fujifilm-x.b-cdn.net\/wp-content\/uploads\/2026\/03\/Szymon_Szczesniak-5.jpg?width=600&amp;height=840 600w, https:\/\/fujifilm-x.b-cdn.net\/wp-content\/uploads\/2026\/03\/Szymon_Szczesniak-5.jpg?width=717&amp;height=1004 717w\" sizes=\"auto, (max-width: 768px) 100vw, 768px\" \/>\t\t\t\t\t\t\t\t\t\t\t\t\t\t\t\t\t\t\t<\/picture>\n\t\t\t\t\t\t\t\t<\/div>\n\t\t\t\t\t\t\t\t\t\t\t\t\t\t\t\t<div class=\"relative\">\n\t\t\t\t\t\t\t\t\t<picture class=\"glide__slide relative\">\n\t\t\t\t\t\t\t\t\t\t<img decoding=\"async\" width=\"768\" height=\"1075\" src=\"https:\/\/fujifilm-x.b-cdn.net\/wp-content\/uploads\/2026\/03\/Szymon_Szczesniak-6.jpg?width=768&amp;height=1075\" class=\"h-auto object-contain\" alt=\"\" loading=\"lazy\" srcset=\"https:\/\/fujifilm-x.b-cdn.net\/wp-content\/uploads\/2026\/03\/Szymon_Szczesniak-6.jpg?width=214&amp;height=300 214w, https:\/\/fujifilm-x.b-cdn.net\/wp-content\/uploads\/2026\/03\/Szymon_Szczesniak-6.jpg?width=731&amp;height=1024 731w, https:\/\/fujifilm-x.b-cdn.net\/wp-content\/uploads\/2026\/03\/Szymon_Szczesniak-6.jpg?width=768&amp;height=1075 768w, https:\/\/fujifilm-x.b-cdn.net\/wp-content\/uploads\/2026\/03\/Szymon_Szczesniak-6.jpg?width=365&amp;height=511 365w, https:\/\/fujifilm-x.b-cdn.net\/wp-content\/uploads\/2026\/03\/Szymon_Szczesniak-6.jpg?width=600&amp;height=840 600w, https:\/\/fujifilm-x.b-cdn.net\/wp-content\/uploads\/2026\/03\/Szymon_Szczesniak-6.jpg?width=717&amp;height=1004 717w\" sizes=\"auto, (max-width: 768px) 100vw, 768px\" \/>\t\t\t\t\t\t\t\t\t\t\t\t\t\t\t\t\t\t\t<\/picture>\n\t\t\t\t\t\t\t\t<\/div>\n\t\t\t\t\t\t\t\t\t\t\t\t\t\t\t\t<div class=\"relative\">\n\t\t\t\t\t\t\t\t\t<picture class=\"glide__slide relative\">\n\t\t\t\t\t\t\t\t\t\t<img decoding=\"async\" width=\"768\" height=\"1075\" src=\"https:\/\/fujifilm-x.b-cdn.net\/wp-content\/uploads\/2026\/03\/Szymon_Szczesniak-7.jpg?width=768&amp;height=1075\" class=\"h-auto object-contain\" alt=\"\" loading=\"lazy\" srcset=\"https:\/\/fujifilm-x.b-cdn.net\/wp-content\/uploads\/2026\/03\/Szymon_Szczesniak-7.jpg?width=214&amp;height=300 214w, https:\/\/fujifilm-x.b-cdn.net\/wp-content\/uploads\/2026\/03\/Szymon_Szczesniak-7.jpg?width=731&amp;height=1024 731w, https:\/\/fujifilm-x.b-cdn.net\/wp-content\/uploads\/2026\/03\/Szymon_Szczesniak-7.jpg?width=768&amp;height=1075 768w, https:\/\/fujifilm-x.b-cdn.net\/wp-content\/uploads\/2026\/03\/Szymon_Szczesniak-7.jpg?width=365&amp;height=511 365w, https:\/\/fujifilm-x.b-cdn.net\/wp-content\/uploads\/2026\/03\/Szymon_Szczesniak-7.jpg?width=600&amp;height=840 600w, https:\/\/fujifilm-x.b-cdn.net\/wp-content\/uploads\/2026\/03\/Szymon_Szczesniak-7.jpg?width=717&amp;height=1004 717w\" sizes=\"auto, (max-width: 768px) 100vw, 768px\" \/>\t\t\t\t\t\t\t\t\t\t\t\t\t\t\t\t\t\t\t<\/picture>\n\t\t\t\t\t\t\t\t<\/div>\n\t\t\t\t\t\t\t\t\t\t\t\t\t\t\t\t<div class=\"relative\">\n\t\t\t\t\t\t\t\t\t<picture class=\"glide__slide relative\">\n\t\t\t\t\t\t\t\t\t\t<img decoding=\"async\" width=\"768\" height=\"1075\" src=\"https:\/\/fujifilm-x.b-cdn.net\/wp-content\/uploads\/2026\/03\/Szymon_Szczesniak-8.jpg?width=768&amp;height=1075\" class=\"h-auto object-contain\" alt=\"\" loading=\"lazy\" srcset=\"https:\/\/fujifilm-x.b-cdn.net\/wp-content\/uploads\/2026\/03\/Szymon_Szczesniak-8.jpg?width=214&amp;height=300 214w, https:\/\/fujifilm-x.b-cdn.net\/wp-content\/uploads\/2026\/03\/Szymon_Szczesniak-8.jpg?width=731&amp;height=1024 731w, https:\/\/fujifilm-x.b-cdn.net\/wp-content\/uploads\/2026\/03\/Szymon_Szczesniak-8.jpg?width=768&amp;height=1075 768w, https:\/\/fujifilm-x.b-cdn.net\/wp-content\/uploads\/2026\/03\/Szymon_Szczesniak-8.jpg?width=365&amp;height=511 365w, https:\/\/fujifilm-x.b-cdn.net\/wp-content\/uploads\/2026\/03\/Szymon_Szczesniak-8.jpg?width=600&amp;height=840 600w, https:\/\/fujifilm-x.b-cdn.net\/wp-content\/uploads\/2026\/03\/Szymon_Szczesniak-8.jpg?width=717&amp;height=1004 717w\" sizes=\"auto, (max-width: 768px) 100vw, 768px\" \/>\t\t\t\t\t\t\t\t\t\t\t\t\t\t\t\t\t\t\t<\/picture>\n\t\t\t\t\t\t\t\t<\/div>\n\t\t\t\t\t\t\t\t\t\t\t\t\t\t\t\t<div class=\"relative\">\n\t\t\t\t\t\t\t\t\t<picture class=\"glide__slide relative\">\n\t\t\t\t\t\t\t\t\t\t<img decoding=\"async\" width=\"768\" height=\"1075\" src=\"https:\/\/fujifilm-x.b-cdn.net\/wp-content\/uploads\/2026\/03\/Szymon_Szczesniak-9.jpg?width=768&amp;height=1075\" class=\"h-auto object-contain\" alt=\"\" loading=\"lazy\" srcset=\"https:\/\/fujifilm-x.b-cdn.net\/wp-content\/uploads\/2026\/03\/Szymon_Szczesniak-9.jpg?width=214&amp;height=300 214w, https:\/\/fujifilm-x.b-cdn.net\/wp-content\/uploads\/2026\/03\/Szymon_Szczesniak-9.jpg?width=731&amp;height=1024 731w, https:\/\/fujifilm-x.b-cdn.net\/wp-content\/uploads\/2026\/03\/Szymon_Szczesniak-9.jpg?width=768&amp;height=1075 768w, https:\/\/fujifilm-x.b-cdn.net\/wp-content\/uploads\/2026\/03\/Szymon_Szczesniak-9.jpg?width=365&amp;height=511 365w, https:\/\/fujifilm-x.b-cdn.net\/wp-content\/uploads\/2026\/03\/Szymon_Szczesniak-9.jpg?width=600&amp;height=840 600w, https:\/\/fujifilm-x.b-cdn.net\/wp-content\/uploads\/2026\/03\/Szymon_Szczesniak-9.jpg?width=717&amp;height=1004 717w\" sizes=\"auto, (max-width: 768px) 100vw, 768px\" \/>\t\t\t\t\t\t\t\t\t\t\t\t\t\t\t\t\t\t\t<\/picture>\n\t\t\t\t\t\t\t\t<\/div>\n\t\t\t\t\t\t\t\t\t\t\t\t\t\t\t\t<div class=\"relative\">\n\t\t\t\t\t\t\t\t\t<picture class=\"glide__slide relative\">\n\t\t\t\t\t\t\t\t\t\t<img decoding=\"async\" width=\"768\" height=\"1075\" src=\"https:\/\/fujifilm-x.b-cdn.net\/wp-content\/uploads\/2026\/03\/Szymon_Szczesniak-10.jpg?width=768&amp;height=1075\" class=\"h-auto object-contain\" alt=\"\" loading=\"lazy\" srcset=\"https:\/\/fujifilm-x.b-cdn.net\/wp-content\/uploads\/2026\/03\/Szymon_Szczesniak-10.jpg?width=214&amp;height=300 214w, https:\/\/fujifilm-x.b-cdn.net\/wp-content\/uploads\/2026\/03\/Szymon_Szczesniak-10.jpg?width=731&amp;height=1024 731w, https:\/\/fujifilm-x.b-cdn.net\/wp-content\/uploads\/2026\/03\/Szymon_Szczesniak-10.jpg?width=768&amp;height=1075 768w, https:\/\/fujifilm-x.b-cdn.net\/wp-content\/uploads\/2026\/03\/Szymon_Szczesniak-10.jpg?width=365&amp;height=511 365w, https:\/\/fujifilm-x.b-cdn.net\/wp-content\/uploads\/2026\/03\/Szymon_Szczesniak-10.jpg?width=600&amp;height=840 600w, https:\/\/fujifilm-x.b-cdn.net\/wp-content\/uploads\/2026\/03\/Szymon_Szczesniak-10.jpg?width=717&amp;height=1004 717w\" sizes=\"auto, (max-width: 768px) 100vw, 768px\" \/>\t\t\t\t\t\t\t\t\t\t\t\t\t\t\t\t\t\t\t<\/picture>\n\t\t\t\t\t\t\t\t<\/div>\n\t\t\t\t\t\t\t\t\t\t\t\t\t\t\t\t<div class=\"relative\">\n\t\t\t\t\t\t\t\t\t<picture class=\"glide__slide relative\">\n\t\t\t\t\t\t\t\t\t\t<img decoding=\"async\" width=\"768\" height=\"1075\" src=\"https:\/\/fujifilm-x.b-cdn.net\/wp-content\/uploads\/2026\/03\/Szymon_Szczesniak-11.jpg?width=768&amp;height=1075\" class=\"h-auto object-contain\" alt=\"\" loading=\"lazy\" srcset=\"https:\/\/fujifilm-x.b-cdn.net\/wp-content\/uploads\/2026\/03\/Szymon_Szczesniak-11.jpg?width=214&amp;height=300 214w, https:\/\/fujifilm-x.b-cdn.net\/wp-content\/uploads\/2026\/03\/Szymon_Szczesniak-11.jpg?width=731&amp;height=1024 731w, https:\/\/fujifilm-x.b-cdn.net\/wp-content\/uploads\/2026\/03\/Szymon_Szczesniak-11.jpg?width=768&amp;height=1075 768w, https:\/\/fujifilm-x.b-cdn.net\/wp-content\/uploads\/2026\/03\/Szymon_Szczesniak-11.jpg?width=365&amp;height=511 365w, https:\/\/fujifilm-x.b-cdn.net\/wp-content\/uploads\/2026\/03\/Szymon_Szczesniak-11.jpg?width=600&amp;height=840 600w, https:\/\/fujifilm-x.b-cdn.net\/wp-content\/uploads\/2026\/03\/Szymon_Szczesniak-11.jpg?width=717&amp;height=1004 717w\" sizes=\"auto, (max-width: 768px) 100vw, 768px\" \/>\t\t\t\t\t\t\t\t\t\t\t\t\t\t\t\t\t\t\t<\/picture>\n\t\t\t\t\t\t\t\t<\/div>\n\t\t\t\t\t\t\t\t\t\t\t\t\t\t<\/div>\n\t\t\t\t\t\t\t\t\t\t\t\t\t<div class=\"glide__slides-nav glide__slides-nav--12\">\n\t\t\t\t\t\t\t\t\t\t\t\t\t\t\t\t\t<picture class=\"glide__slide\">\n\t\t\t\t\t\t\t\t\t\t<img decoding=\"async\" width=\"57\" height=\"80\" src=\"https:\/\/fujifilm-x.b-cdn.net\/wp-content\/uploads\/2026\/03\/Szymon_Szczesniak-1.jpg?fit=57,80\" class=\"object-cover\" alt=\"\" loading=\"lazy\" \/>\t\t\t\t\t\t\t\t\t<\/picture>\n\t\t\t\t\t\t\t\t\t\t\t\t\t\t\t\t\t<picture class=\"glide__slide\">\n\t\t\t\t\t\t\t\t\t\t<img decoding=\"async\" width=\"60\" height=\"80\" src=\"https:\/\/fujifilm-x.b-cdn.net\/wp-content\/uploads\/2026\/03\/Szymon_Szczesniak-2.jpg?fit=60,80\" class=\"object-cover\" alt=\"\" loading=\"lazy\" \/>\t\t\t\t\t\t\t\t\t<\/picture>\n\t\t\t\t\t\t\t\t\t\t\t\t\t\t\t\t\t<picture class=\"glide__slide\">\n\t\t\t\t\t\t\t\t\t\t<img decoding=\"async\" width=\"57\" height=\"80\" src=\"https:\/\/fujifilm-x.b-cdn.net\/wp-content\/uploads\/2026\/03\/Szymon_Szczesniak-3.jpg?fit=57,80\" class=\"object-cover\" alt=\"\" loading=\"lazy\" \/>\t\t\t\t\t\t\t\t\t<\/picture>\n\t\t\t\t\t\t\t\t\t\t\t\t\t\t\t\t\t<picture class=\"glide__slide\">\n\t\t\t\t\t\t\t\t\t\t<img decoding=\"async\" width=\"57\" height=\"80\" src=\"https:\/\/fujifilm-x.b-cdn.net\/wp-content\/uploads\/2026\/03\/Szymon_Szczesniak-4.jpg?fit=57,80\" class=\"object-cover\" alt=\"\" loading=\"lazy\" \/>\t\t\t\t\t\t\t\t\t<\/picture>\n\t\t\t\t\t\t\t\t\t\t\t\t\t\t\t\t\t<picture class=\"glide__slide\">\n\t\t\t\t\t\t\t\t\t\t<img decoding=\"async\" width=\"57\" height=\"80\" src=\"https:\/\/fujifilm-x.b-cdn.net\/wp-content\/uploads\/2026\/03\/Szymon_Szczesniak-5.jpg?fit=57,80\" class=\"object-cover\" alt=\"\" loading=\"lazy\" \/>\t\t\t\t\t\t\t\t\t<\/picture>\n\t\t\t\t\t\t\t\t\t\t\t\t\t\t\t\t\t<picture class=\"glide__slide\">\n\t\t\t\t\t\t\t\t\t\t<img decoding=\"async\" width=\"57\" height=\"80\" src=\"https:\/\/fujifilm-x.b-cdn.net\/wp-content\/uploads\/2026\/03\/Szymon_Szczesniak-6.jpg?fit=57,80\" class=\"object-cover\" alt=\"\" loading=\"lazy\" \/>\t\t\t\t\t\t\t\t\t<\/picture>\n\t\t\t\t\t\t\t\t\t\t\t\t\t\t\t\t\t<picture class=\"glide__slide\">\n\t\t\t\t\t\t\t\t\t\t<img decoding=\"async\" width=\"57\" height=\"80\" src=\"https:\/\/fujifilm-x.b-cdn.net\/wp-content\/uploads\/2026\/03\/Szymon_Szczesniak-7.jpg?fit=57,80\" class=\"object-cover\" alt=\"\" loading=\"lazy\" \/>\t\t\t\t\t\t\t\t\t<\/picture>\n\t\t\t\t\t\t\t\t\t\t\t\t\t\t\t\t\t<picture class=\"glide__slide\">\n\t\t\t\t\t\t\t\t\t\t<img decoding=\"async\" width=\"57\" height=\"80\" src=\"https:\/\/fujifilm-x.b-cdn.net\/wp-content\/uploads\/2026\/03\/Szymon_Szczesniak-8.jpg?fit=57,80\" class=\"object-cover\" alt=\"\" loading=\"lazy\" \/>\t\t\t\t\t\t\t\t\t<\/picture>\n\t\t\t\t\t\t\t\t\t\t\t\t\t\t\t\t\t<picture class=\"glide__slide\">\n\t\t\t\t\t\t\t\t\t\t<img decoding=\"async\" width=\"57\" height=\"80\" src=\"https:\/\/fujifilm-x.b-cdn.net\/wp-content\/uploads\/2026\/03\/Szymon_Szczesniak-9.jpg?fit=57,80\" class=\"object-cover\" alt=\"\" loading=\"lazy\" \/>\t\t\t\t\t\t\t\t\t<\/picture>\n\t\t\t\t\t\t\t\t\t\t\t\t\t\t\t\t\t<picture class=\"glide__slide\">\n\t\t\t\t\t\t\t\t\t\t<img decoding=\"async\" width=\"57\" height=\"80\" src=\"https:\/\/fujifilm-x.b-cdn.net\/wp-content\/uploads\/2026\/03\/Szymon_Szczesniak-10.jpg?fit=57,80\" class=\"object-cover\" alt=\"\" loading=\"lazy\" \/>\t\t\t\t\t\t\t\t\t<\/picture>\n\t\t\t\t\t\t\t\t\t\t\t\t\t\t\t\t\t<picture class=\"glide__slide\">\n\t\t\t\t\t\t\t\t\t\t<img decoding=\"async\" width=\"57\" height=\"80\" src=\"https:\/\/fujifilm-x.b-cdn.net\/wp-content\/uploads\/2026\/03\/Szymon_Szczesniak-11.jpg?fit=57,80\" class=\"object-cover\" alt=\"\" loading=\"lazy\" \/>\t\t\t\t\t\t\t\t\t<\/picture>\n\t\t\t\t\t\t\t\t\t\t\t\t\t\t\t<\/div>\n\t\t\t\t\t\t\t\t\t\t\t<\/div>\n\t\t\t\t<\/div>\n\t\t\t<\/div>\n\t\t\t\t\t<div class=\"main-stage--slide\">\n\t\t\t\t<div class=\"main-stage__left-content\">\n\t\t\t\t\t<div class=\"flex justify-end gap-5 mb-5\">\n\t\t\t\t\t\t<span class=\"font-fjalla-one font-normal sm:text-lg uppercase block\">\n\t\t\t\t\t\t\t\t\t\t\t\t\t<\/span>\n\t\t\t\t\t\t<span class=\"font-fjalla-one font-normal sm:text-lg uppercase block\">\n\t\t\t\t\t\t\t\t\t\t\t\t\t<\/span>\n\t\t\t\t\t<\/div>\n\t\t\t\t\t<div class=\"sm:flex gap-5 justify-between\">\n\t\t\t\t\t\t\t\t\t\t\t\t\t<div class=\"flex gap-3\">\n\t\t\t\t\t\t\t\t<picture class=\"aspect-3\/2 shrink-0\">\n\t\t\t\t\t\t\t\t\t<img decoding=\"async\" width=\"93\" height=\"140\" src=\"https:\/\/fujifilm-x.b-cdn.net\/wp-content\/uploads\/2026\/03\/Franko_PORTRET.jpg?fit=93,140\" class=\"h-auto object-cover\" alt=\"\" loading=\"lazy\" \/>\t\t\t\t\t\t\t\t<\/picture>\n\t\t\t\t\t\t\t\t<h5 class=\"wp-block-heading mb-0\">Wiktor Franko<\/h5>\n\t\t\t\t\t\t\t<\/div>\n\t\t\t\t\t\t\t\t\t\t\t\t<\/div>\n\t\t\t\t\t<div class=\"main-stage__left-content__description\">\n\t\t\t\t\t\t<div class=\"line-clamp-[7] continue-reading\">\n\t\t\t\t\t\t\t<p>Wiktor Franko \u2013 fotograf z kilkunastoletnim do\u015bwiadczeniem, autor wielu publikacji oraz wystaw, a jego zdj\u0119cia ukazuj\u0105 si\u0119 w czasopismach lifestylowych, modowych i fotograficznych na ca\u0142ym \u015bwiecie, od polskich magazyn\u00f3w (\u201eCharaktery\u201d, \u201eKraft\u201d, \u201eK Mag\u201d, \u201eArt and Business\u201d), przez w\u0142oski \u201eFashion World Magazine\u201d i angielski \u201eOppa Magazine\u201d, a\u017c po islandzki \u201eReykjavik Boulevard\u201d i ameryka\u0144ski \u201ePapercut Magazine\u201d. Specjalizuje si\u0119 r\u00f3wnie\u017c w fotografii muzycznej, realizuje sesje promuj\u0105ce artyst\u00f3w oraz ok\u0142adki p\u0142yt. Wsp\u00f3\u0142pracuje z czo\u0142owymi wytw\u00f3rniami muzycznymi. W 2018 roku wyda\u0142 swoj\u0105 pierwsz\u0105 ksi\u0105\u017ck\u0119 \u2013 album \u201eVol.1\u201d, zawieraj\u0105cy wyb\u00f3r prac wykonanych w ci\u0105gu dekady. Obecnie pracuje nad kolejn\u0105 ksi\u0105\u017ck\u0105.<\/p>\n<p>Jest te\u017c autorem wystaw indywidualnych i zbiorowych prezentowanych m.in. w Londynie, Paryz\u0307u, Berlinie i Warszawie. Dwukrotny laureat Grand Prix w Viva! Photo Awards, od 2018 roku wsp\u00f3\u0142pracuje z mark\u0105 Fujifilm jako jej ambasador. Przygotowuje projekty fotograficzne, prowadzi warsztaty portretowania i tworzenia fotograficznych historii. Pracuje z aparatami X-T5, GFX, X100.<\/p>\n<p>W fotografii \u0142\u0105czy r\u00f3\u017cne style: od klasycznych czarno-bia\u0142ych portret\u00f3w, przez lifestylowe sesje, a\u017c po surrealistyczne, konceptualne projekty. Cz\u0119sto si\u0119ga po aparat analogowy oraz zdj\u0119cia natychmiastowe. Fotografia to dla niego nie tylko obraz \u2013 to r\u00f3wnie\u017c emocje, atmosfera, nastr\u00f3j, a tak\u017ce zaskoczenie, dowcip oraz szczero\u015b\u0107. Mieszka i pracuje w Warszawie.<\/p>\n\t\t\t\t\t\t\t<div class=\"continue-reading__gradient\"><\/div>\n\t\t\t\t\t\t<\/div>\n\t\t\t\t\t\t<button type=\"button\" class=\"continue-reading__button\" role=\"button\">\n\t\t\t\t\t\t\t<span class=\"continue-reading__button--arrow\">\n\t\t\t\t\t\t\t\t<span class=\"continue-reading__button--arrow-elems\">\n\t\t\t\t\t\t\t\t\t<span class=\"continue-reading__button--arrow-elems__first\"><\/span>\n\t\t\t\t\t\t\t\t\t<span class=\"continue-reading__button--arrow-elems__second\"><\/span>\n\t\t\t\t\t\t\t\t<\/span>\n\t\t\t\t\t\t\t<\/span>\n\t\t\t\t\t\t<\/button>\n\t\t\t\t\t<\/div>\n\t\t\t\t<\/div>\n\t\t\t\t<div class=\"main-stage__right-content\">\n\t\t\t\t\t<div class=\"glide glide--13\">\n\t\t\t\t\t\t<div class=\"glide__slides glide__slides--13\">\n\t\t\t\t\t\t\t\t\t\t\t\t\t\t\t<div class=\"relative\">\n\t\t\t\t\t\t\t\t\t<picture class=\"glide__slide relative\">\n\t\t\t\t\t\t\t\t\t\t<img decoding=\"async\" width=\"768\" height=\"512\" src=\"https:\/\/fujifilm-x.b-cdn.net\/wp-content\/uploads\/2026\/03\/Wiktor_Franko_0001.jpg?width=768&amp;height=512\" class=\"h-auto object-contain\" alt=\"\" loading=\"lazy\" srcset=\"https:\/\/fujifilm-x.b-cdn.net\/wp-content\/uploads\/2026\/03\/Wiktor_Franko_0001.jpg?width=300&amp;height=200 300w, https:\/\/fujifilm-x.b-cdn.net\/wp-content\/uploads\/2026\/03\/Wiktor_Franko_0001.jpg?width=768&amp;height=512 768w, https:\/\/fujifilm-x.b-cdn.net\/wp-content\/uploads\/2026\/03\/Wiktor_Franko_0001.jpg?width=400&amp;height=267 400w, https:\/\/fujifilm-x.b-cdn.net\/wp-content\/uploads\/2026\/03\/Wiktor_Franko_0001.jpg?width=365&amp;height=243 365w, https:\/\/fujifilm-x.b-cdn.net\/wp-content\/uploads\/2026\/03\/Wiktor_Franko_0001.jpg?width=600&amp;height=400 600w, https:\/\/fujifilm-x.b-cdn.net\/wp-content\/uploads\/2026\/03\/Wiktor_Franko_0001.jpg?width=717&amp;height=478 717w\" sizes=\"auto, (max-width: 768px) 100vw, 768px\" \/>\t\t\t\t\t\t\t\t\t\t\t\t\t\t\t\t\t\t\t<\/picture>\n\t\t\t\t\t\t\t\t<\/div>\n\t\t\t\t\t\t\t\t\t\t\t\t\t\t\t\t<div class=\"relative\">\n\t\t\t\t\t\t\t\t\t<picture class=\"glide__slide relative\">\n\t\t\t\t\t\t\t\t\t\t<img decoding=\"async\" width=\"768\" height=\"512\" src=\"https:\/\/fujifilm-x.b-cdn.net\/wp-content\/uploads\/2026\/03\/Wiktor_Franko_0002.jpg?width=768&amp;height=512\" class=\"h-auto object-contain\" alt=\"\" loading=\"lazy\" srcset=\"https:\/\/fujifilm-x.b-cdn.net\/wp-content\/uploads\/2026\/03\/Wiktor_Franko_0002.jpg?width=300&amp;height=200 300w, https:\/\/fujifilm-x.b-cdn.net\/wp-content\/uploads\/2026\/03\/Wiktor_Franko_0002.jpg?width=768&amp;height=512 768w, https:\/\/fujifilm-x.b-cdn.net\/wp-content\/uploads\/2026\/03\/Wiktor_Franko_0002.jpg?width=400&amp;height=267 400w, https:\/\/fujifilm-x.b-cdn.net\/wp-content\/uploads\/2026\/03\/Wiktor_Franko_0002.jpg?width=365&amp;height=243 365w, https:\/\/fujifilm-x.b-cdn.net\/wp-content\/uploads\/2026\/03\/Wiktor_Franko_0002.jpg?width=600&amp;height=400 600w, https:\/\/fujifilm-x.b-cdn.net\/wp-content\/uploads\/2026\/03\/Wiktor_Franko_0002.jpg?width=717&amp;height=478 717w\" sizes=\"auto, (max-width: 768px) 100vw, 768px\" \/>\t\t\t\t\t\t\t\t\t\t\t\t\t\t\t\t\t\t\t<\/picture>\n\t\t\t\t\t\t\t\t<\/div>\n\t\t\t\t\t\t\t\t\t\t\t\t\t\t\t\t<div class=\"relative\">\n\t\t\t\t\t\t\t\t\t<picture class=\"glide__slide relative\">\n\t\t\t\t\t\t\t\t\t\t<img decoding=\"async\" width=\"768\" height=\"432\" src=\"https:\/\/fujifilm-x.b-cdn.net\/wp-content\/uploads\/2026\/03\/Wiktor_Franko_0003.jpg?width=768&amp;height=432\" class=\"h-auto object-contain\" alt=\"\" loading=\"lazy\" srcset=\"https:\/\/fujifilm-x.b-cdn.net\/wp-content\/uploads\/2026\/03\/Wiktor_Franko_0003.jpg?width=300&amp;height=169 300w, https:\/\/fujifilm-x.b-cdn.net\/wp-content\/uploads\/2026\/03\/Wiktor_Franko_0003.jpg?width=768&amp;height=432 768w, https:\/\/fujifilm-x.b-cdn.net\/wp-content\/uploads\/2026\/03\/Wiktor_Franko_0003.jpg?width=400&amp;height=225 400w, https:\/\/fujifilm-x.b-cdn.net\/wp-content\/uploads\/2026\/03\/Wiktor_Franko_0003.jpg?width=365&amp;height=205 365w, https:\/\/fujifilm-x.b-cdn.net\/wp-content\/uploads\/2026\/03\/Wiktor_Franko_0003.jpg?width=600&amp;height=338 600w, https:\/\/fujifilm-x.b-cdn.net\/wp-content\/uploads\/2026\/03\/Wiktor_Franko_0003.jpg?width=417&amp;height=235 417w, https:\/\/fujifilm-x.b-cdn.net\/wp-content\/uploads\/2026\/03\/Wiktor_Franko_0003.jpg?width=717&amp;height=404 717w, https:\/\/fujifilm-x.b-cdn.net\/wp-content\/uploads\/2026\/03\/Wiktor_Franko_0003.jpg?width=512&amp;height=288 512w\" sizes=\"auto, (max-width: 768px) 100vw, 768px\" \/>\t\t\t\t\t\t\t\t\t\t\t\t\t\t\t\t\t\t\t<\/picture>\n\t\t\t\t\t\t\t\t<\/div>\n\t\t\t\t\t\t\t\t\t\t\t\t\t\t\t\t<div class=\"relative\">\n\t\t\t\t\t\t\t\t\t<picture class=\"glide__slide relative\">\n\t\t\t\t\t\t\t\t\t\t<img decoding=\"async\" width=\"768\" height=\"432\" src=\"https:\/\/fujifilm-x.b-cdn.net\/wp-content\/uploads\/2026\/03\/Wiktor_Franko_0004.jpg?width=768&amp;height=432\" class=\"h-auto object-contain\" alt=\"\" loading=\"lazy\" srcset=\"https:\/\/fujifilm-x.b-cdn.net\/wp-content\/uploads\/2026\/03\/Wiktor_Franko_0004.jpg?width=300&amp;height=169 300w, https:\/\/fujifilm-x.b-cdn.net\/wp-content\/uploads\/2026\/03\/Wiktor_Franko_0004.jpg?width=768&amp;height=432 768w, https:\/\/fujifilm-x.b-cdn.net\/wp-content\/uploads\/2026\/03\/Wiktor_Franko_0004.jpg?width=400&amp;height=225 400w, https:\/\/fujifilm-x.b-cdn.net\/wp-content\/uploads\/2026\/03\/Wiktor_Franko_0004.jpg?width=365&amp;height=205 365w, https:\/\/fujifilm-x.b-cdn.net\/wp-content\/uploads\/2026\/03\/Wiktor_Franko_0004.jpg?width=600&amp;height=338 600w, https:\/\/fujifilm-x.b-cdn.net\/wp-content\/uploads\/2026\/03\/Wiktor_Franko_0004.jpg?width=417&amp;height=235 417w, https:\/\/fujifilm-x.b-cdn.net\/wp-content\/uploads\/2026\/03\/Wiktor_Franko_0004.jpg?width=717&amp;height=404 717w, https:\/\/fujifilm-x.b-cdn.net\/wp-content\/uploads\/2026\/03\/Wiktor_Franko_0004.jpg?width=512&amp;height=288 512w\" sizes=\"auto, (max-width: 768px) 100vw, 768px\" \/>\t\t\t\t\t\t\t\t\t\t\t\t\t\t\t\t\t\t\t<\/picture>\n\t\t\t\t\t\t\t\t<\/div>\n\t\t\t\t\t\t\t\t\t\t\t\t\t\t\t\t<div class=\"relative\">\n\t\t\t\t\t\t\t\t\t<picture class=\"glide__slide relative\">\n\t\t\t\t\t\t\t\t\t\t<img decoding=\"async\" width=\"768\" height=\"512\" src=\"https:\/\/fujifilm-x.b-cdn.net\/wp-content\/uploads\/2026\/03\/Wiktor_Franko_0005.jpg?width=768&amp;height=512\" class=\"h-auto object-contain\" alt=\"\" loading=\"lazy\" srcset=\"https:\/\/fujifilm-x.b-cdn.net\/wp-content\/uploads\/2026\/03\/Wiktor_Franko_0005.jpg?width=300&amp;height=200 300w, https:\/\/fujifilm-x.b-cdn.net\/wp-content\/uploads\/2026\/03\/Wiktor_Franko_0005.jpg?width=768&amp;height=512 768w, https:\/\/fujifilm-x.b-cdn.net\/wp-content\/uploads\/2026\/03\/Wiktor_Franko_0005.jpg?width=400&amp;height=267 400w, https:\/\/fujifilm-x.b-cdn.net\/wp-content\/uploads\/2026\/03\/Wiktor_Franko_0005.jpg?width=365&amp;height=243 365w, https:\/\/fujifilm-x.b-cdn.net\/wp-content\/uploads\/2026\/03\/Wiktor_Franko_0005.jpg?width=600&amp;height=400 600w, https:\/\/fujifilm-x.b-cdn.net\/wp-content\/uploads\/2026\/03\/Wiktor_Franko_0005.jpg?width=717&amp;height=478 717w\" sizes=\"auto, (max-width: 768px) 100vw, 768px\" \/>\t\t\t\t\t\t\t\t\t\t\t\t\t\t\t\t\t\t\t<\/picture>\n\t\t\t\t\t\t\t\t<\/div>\n\t\t\t\t\t\t\t\t\t\t\t\t\t\t\t\t<div class=\"relative\">\n\t\t\t\t\t\t\t\t\t<picture class=\"glide__slide relative\">\n\t\t\t\t\t\t\t\t\t\t<img decoding=\"async\" width=\"768\" height=\"512\" src=\"https:\/\/fujifilm-x.b-cdn.net\/wp-content\/uploads\/2026\/03\/Wiktor_Franko_0006.jpg?width=768&amp;height=512\" class=\"h-auto object-contain\" alt=\"\" loading=\"lazy\" srcset=\"https:\/\/fujifilm-x.b-cdn.net\/wp-content\/uploads\/2026\/03\/Wiktor_Franko_0006.jpg?width=300&amp;height=200 300w, https:\/\/fujifilm-x.b-cdn.net\/wp-content\/uploads\/2026\/03\/Wiktor_Franko_0006.jpg?width=768&amp;height=512 768w, https:\/\/fujifilm-x.b-cdn.net\/wp-content\/uploads\/2026\/03\/Wiktor_Franko_0006.jpg?width=400&amp;height=267 400w, https:\/\/fujifilm-x.b-cdn.net\/wp-content\/uploads\/2026\/03\/Wiktor_Franko_0006.jpg?width=365&amp;height=243 365w, https:\/\/fujifilm-x.b-cdn.net\/wp-content\/uploads\/2026\/03\/Wiktor_Franko_0006.jpg?width=600&amp;height=400 600w, https:\/\/fujifilm-x.b-cdn.net\/wp-content\/uploads\/2026\/03\/Wiktor_Franko_0006.jpg?width=717&amp;height=478 717w\" sizes=\"auto, (max-width: 768px) 100vw, 768px\" \/>\t\t\t\t\t\t\t\t\t\t\t\t\t\t\t\t\t\t\t<\/picture>\n\t\t\t\t\t\t\t\t<\/div>\n\t\t\t\t\t\t\t\t\t\t\t\t\t\t<\/div>\n\t\t\t\t\t\t\t\t\t\t\t\t\t<div class=\"glide__slides-nav glide__slides-nav--13\">\n\t\t\t\t\t\t\t\t\t\t\t\t\t\t\t\t\t<picture class=\"glide__slide\">\n\t\t\t\t\t\t\t\t\t\t<img decoding=\"async\" width=\"80\" height=\"53\" src=\"https:\/\/fujifilm-x.b-cdn.net\/wp-content\/uploads\/2026\/03\/Wiktor_Franko_0001.jpg?fit=80,53\" class=\"object-cover\" alt=\"\" loading=\"lazy\" \/>\t\t\t\t\t\t\t\t\t<\/picture>\n\t\t\t\t\t\t\t\t\t\t\t\t\t\t\t\t\t<picture class=\"glide__slide\">\n\t\t\t\t\t\t\t\t\t\t<img decoding=\"async\" width=\"80\" height=\"53\" src=\"https:\/\/fujifilm-x.b-cdn.net\/wp-content\/uploads\/2026\/03\/Wiktor_Franko_0002.jpg?fit=80,53\" class=\"object-cover\" alt=\"\" loading=\"lazy\" \/>\t\t\t\t\t\t\t\t\t<\/picture>\n\t\t\t\t\t\t\t\t\t\t\t\t\t\t\t\t\t<picture class=\"glide__slide\">\n\t\t\t\t\t\t\t\t\t\t<img decoding=\"async\" width=\"80\" height=\"45\" src=\"https:\/\/fujifilm-x.b-cdn.net\/wp-content\/uploads\/2026\/03\/Wiktor_Franko_0003.jpg?fit=80,45\" class=\"object-cover\" alt=\"\" loading=\"lazy\" \/>\t\t\t\t\t\t\t\t\t<\/picture>\n\t\t\t\t\t\t\t\t\t\t\t\t\t\t\t\t\t<picture class=\"glide__slide\">\n\t\t\t\t\t\t\t\t\t\t<img decoding=\"async\" width=\"80\" height=\"45\" src=\"https:\/\/fujifilm-x.b-cdn.net\/wp-content\/uploads\/2026\/03\/Wiktor_Franko_0004.jpg?fit=80,45\" class=\"object-cover\" alt=\"\" loading=\"lazy\" \/>\t\t\t\t\t\t\t\t\t<\/picture>\n\t\t\t\t\t\t\t\t\t\t\t\t\t\t\t\t\t<picture class=\"glide__slide\">\n\t\t\t\t\t\t\t\t\t\t<img decoding=\"async\" width=\"80\" height=\"53\" src=\"https:\/\/fujifilm-x.b-cdn.net\/wp-content\/uploads\/2026\/03\/Wiktor_Franko_0005.jpg?fit=80,53\" class=\"object-cover\" alt=\"\" loading=\"lazy\" \/>\t\t\t\t\t\t\t\t\t<\/picture>\n\t\t\t\t\t\t\t\t\t\t\t\t\t\t\t\t\t<picture class=\"glide__slide\">\n\t\t\t\t\t\t\t\t\t\t<img decoding=\"async\" width=\"80\" height=\"53\" src=\"https:\/\/fujifilm-x.b-cdn.net\/wp-content\/uploads\/2026\/03\/Wiktor_Franko_0006.jpg?fit=80,53\" class=\"object-cover\" alt=\"\" loading=\"lazy\" \/>\t\t\t\t\t\t\t\t\t<\/picture>\n\t\t\t\t\t\t\t\t\t\t\t\t\t\t\t<\/div>\n\t\t\t\t\t\t\t\t\t\t\t<\/div>\n\t\t\t\t<\/div>\n\t\t\t<\/div>\n\t\t\t\t\t<div class=\"main-stage--slide\">\n\t\t\t\t<div class=\"main-stage__left-content\">\n\t\t\t\t\t<div class=\"flex justify-end gap-5 mb-5\">\n\t\t\t\t\t\t<span class=\"font-fjalla-one font-normal sm:text-lg uppercase block\">\n\t\t\t\t\t\t\t\t\t\t\t\t\t<\/span>\n\t\t\t\t\t\t<span class=\"font-fjalla-one font-normal sm:text-lg uppercase block\">\n\t\t\t\t\t\t\t\t\t\t\t\t\t<\/span>\n\t\t\t\t\t<\/div>\n\t\t\t\t\t<div class=\"sm:flex gap-5 justify-between\">\n\t\t\t\t\t\t\t\t\t\t\t\t\t<div class=\"flex gap-3\">\n\t\t\t\t\t\t\t\t<picture class=\"aspect-3\/2 shrink-0\">\n\t\t\t\t\t\t\t\t\t<img decoding=\"async\" width=\"140\" height=\"105\" src=\"https:\/\/fujifilm-x.b-cdn.net\/wp-content\/uploads\/2026\/03\/WOJTEK-WIETESKA-F-RITA-ZUSKO-2026.jpg?fit=140,105\" class=\"h-auto object-cover\" alt=\"\" loading=\"lazy\" \/>\t\t\t\t\t\t\t\t<\/picture>\n\t\t\t\t\t\t\t\t<h5 class=\"wp-block-heading mb-0\">Wojtek Wieteska<\/h5>\n\t\t\t\t\t\t\t<\/div>\n\t\t\t\t\t\t\t\t\t\t\t\t<\/div>\n\t\t\t\t\t<div class=\"main-stage__left-content__description\">\n\t\t\t\t\t\t<div class=\"line-clamp-[7] continue-reading\">\n\t\t\t\t\t\t\t<p>Wojtek Wieteska \u2013 fotograf, operator, re\u017cyser i monta\u017cysta filmowy. Uko\u0144czy\u0142 histori\u0119 sztuki na paryskiej Sorbonie oraz na Uniwersytecie Warszawskim, kt\u00f3re to studia uzupe\u0142ni\u0142 doktoratem na wydziale operatorskim Szko\u0142y Filmowej w \u0141odzi. Jest autorem wystaw i ksi\u0105\u017cek fotograficznych, takich jak \u201eFar West\u201d, \u201eNYC#02\u201d, \u201eTokyo\u201d, \u201eStacja Warszawa\u201d, \u201eJestem z Polski\u201d, \u201eNailing Love\u201d, \u201eTravelling\u201d, \u201ePowsta\u0144cy 1944-2014\u201d, \u201eParadise 101\u201d, \u201eFrom One Photograph\u201d, \u201eScratches from Z Ranch\u201d. Realizuje kampanie reklamowe i spo\u0142eczne dla agencji i fundacji oraz dla instytucji pa\u0144stwowych. Wyk\u0142ada\u00a0 na polskich uczelniach artystycznych (w Szkole Filmowej w \u0141odzi, Warszawskiej Szkole Filmowej, Akademii Teatralnej oraz School of Form w Warszawie). Pisze i publikuje artyku\u0142y o fotografii, realizuje dokumentalne projekty filmowe (\u201e100 Years From Now\u201d, \u201eSun\u201d. \u201eNo Exception\u201d i \u201eVirtual Reality \/ Illusive Tale of Angel\u201d). Zanim na sta\u0142e osiad\u0142 w Warszawie, mieszka\u0142 w Berlinie, Pary\u017cu, Tokio i Nowym Jorku. Ambasador Fujifilm.<\/p>\n\t\t\t\t\t\t\t<div class=\"continue-reading__gradient\"><\/div>\n\t\t\t\t\t\t<\/div>\n\t\t\t\t\t\t<button type=\"button\" class=\"continue-reading__button\" role=\"button\">\n\t\t\t\t\t\t\t<span class=\"continue-reading__button--arrow\">\n\t\t\t\t\t\t\t\t<span class=\"continue-reading__button--arrow-elems\">\n\t\t\t\t\t\t\t\t\t<span class=\"continue-reading__button--arrow-elems__first\"><\/span>\n\t\t\t\t\t\t\t\t\t<span class=\"continue-reading__button--arrow-elems__second\"><\/span>\n\t\t\t\t\t\t\t\t<\/span>\n\t\t\t\t\t\t\t<\/span>\n\t\t\t\t\t\t<\/button>\n\t\t\t\t\t<\/div>\n\t\t\t\t<\/div>\n\t\t\t\t<div class=\"main-stage__right-content\">\n\t\t\t\t\t<div class=\"glide glide--14\">\n\t\t\t\t\t\t<div class=\"glide__slides glide__slides--14\">\n\t\t\t\t\t\t\t\t\t\t\t\t\t\t\t<div class=\"relative\">\n\t\t\t\t\t\t\t\t\t<picture class=\"glide__slide relative\">\n\t\t\t\t\t\t\t\t\t\t<img decoding=\"async\" width=\"768\" height=\"288\" src=\"https:\/\/fujifilm-x.b-cdn.net\/wp-content\/uploads\/2026\/03\/WOJTEK-WIETESKA-1.jpg?width=768&amp;height=288\" class=\"h-auto object-contain\" alt=\"\" loading=\"lazy\" srcset=\"https:\/\/fujifilm-x.b-cdn.net\/wp-content\/uploads\/2026\/03\/WOJTEK-WIETESKA-1.jpg?width=300&amp;height=113 300w, https:\/\/fujifilm-x.b-cdn.net\/wp-content\/uploads\/2026\/03\/WOJTEK-WIETESKA-1.jpg?width=768&amp;height=288 768w, https:\/\/fujifilm-x.b-cdn.net\/wp-content\/uploads\/2026\/03\/WOJTEK-WIETESKA-1.jpg?width=400&amp;height=150 400w, https:\/\/fujifilm-x.b-cdn.net\/wp-content\/uploads\/2026\/03\/WOJTEK-WIETESKA-1.jpg?width=365&amp;height=137 365w, https:\/\/fujifilm-x.b-cdn.net\/wp-content\/uploads\/2026\/03\/WOJTEK-WIETESKA-1.jpg?width=600&amp;height=225 600w, https:\/\/fujifilm-x.b-cdn.net\/wp-content\/uploads\/2026\/03\/WOJTEK-WIETESKA-1.jpg?width=717&amp;height=269 717w\" sizes=\"auto, (max-width: 768px) 100vw, 768px\" \/>\t\t\t\t\t\t\t\t\t\t\t\t\t\t\t\t\t\t\t<\/picture>\n\t\t\t\t\t\t\t\t<\/div>\n\t\t\t\t\t\t\t\t\t\t\t\t\t\t\t\t<div class=\"relative\">\n\t\t\t\t\t\t\t\t\t<picture class=\"glide__slide relative\">\n\t\t\t\t\t\t\t\t\t\t<img decoding=\"async\" width=\"768\" height=\"576\" src=\"https:\/\/fujifilm-x.b-cdn.net\/wp-content\/uploads\/2026\/03\/WOJTEK-WIETESKA-2.jpg?width=768&amp;height=576\" class=\"h-auto object-contain\" alt=\"\" loading=\"lazy\" srcset=\"https:\/\/fujifilm-x.b-cdn.net\/wp-content\/uploads\/2026\/03\/WOJTEK-WIETESKA-2.jpg?width=300&amp;height=225 300w, https:\/\/fujifilm-x.b-cdn.net\/wp-content\/uploads\/2026\/03\/WOJTEK-WIETESKA-2.jpg?width=768&amp;height=576 768w, https:\/\/fujifilm-x.b-cdn.net\/wp-content\/uploads\/2026\/03\/WOJTEK-WIETESKA-2.jpg?width=400&amp;height=300 400w, https:\/\/fujifilm-x.b-cdn.net\/wp-content\/uploads\/2026\/03\/WOJTEK-WIETESKA-2.jpg?width=365&amp;height=274 365w, https:\/\/fujifilm-x.b-cdn.net\/wp-content\/uploads\/2026\/03\/WOJTEK-WIETESKA-2.jpg?width=600&amp;height=450 600w, https:\/\/fujifilm-x.b-cdn.net\/wp-content\/uploads\/2026\/03\/WOJTEK-WIETESKA-2.jpg?width=717&amp;height=538 717w\" sizes=\"auto, (max-width: 768px) 100vw, 768px\" \/>\t\t\t\t\t\t\t\t\t\t\t\t\t\t\t\t\t\t\t<\/picture>\n\t\t\t\t\t\t\t\t<\/div>\n\t\t\t\t\t\t\t\t\t\t\t\t\t\t\t\t<div class=\"relative\">\n\t\t\t\t\t\t\t\t\t<picture class=\"glide__slide relative\">\n\t\t\t\t\t\t\t\t\t\t<img decoding=\"async\" width=\"768\" height=\"2081\" src=\"https:\/\/fujifilm-x.b-cdn.net\/wp-content\/uploads\/2026\/03\/WOJTEK-WIETESKA-3-scaled.jpg?width=768&amp;height=2081\" class=\"h-auto object-contain\" alt=\"\" loading=\"lazy\" srcset=\"https:\/\/fujifilm-x.b-cdn.net\/wp-content\/uploads\/2026\/03\/WOJTEK-WIETESKA-3-scaled.jpg?width=111&amp;height=300 111w, https:\/\/fujifilm-x.b-cdn.net\/wp-content\/uploads\/2026\/03\/WOJTEK-WIETESKA-3-scaled.jpg?width=378&amp;height=1024 378w, https:\/\/fujifilm-x.b-cdn.net\/wp-content\/uploads\/2026\/03\/WOJTEK-WIETESKA-3-scaled.jpg?width=768&amp;height=2081 768w, https:\/\/fujifilm-x.b-cdn.net\/wp-content\/uploads\/2026\/03\/WOJTEK-WIETESKA-3-scaled.jpg?width=567&amp;height=1536 567w, https:\/\/fujifilm-x.b-cdn.net\/wp-content\/uploads\/2026\/03\/WOJTEK-WIETESKA-3-scaled.jpg?width=756&amp;height=2048 756w, https:\/\/fujifilm-x.b-cdn.net\/wp-content\/uploads\/2026\/03\/WOJTEK-WIETESKA-3-scaled.jpg?width=365&amp;height=989 365w, https:\/\/fujifilm-x.b-cdn.net\/wp-content\/uploads\/2026\/03\/WOJTEK-WIETESKA-3-scaled.jpg?width=600&amp;height=1625 600w, https:\/\/fujifilm-x.b-cdn.net\/wp-content\/uploads\/2026\/03\/WOJTEK-WIETESKA-3-scaled.jpg?width=717&amp;height=1942 717w\" sizes=\"auto, (max-width: 768px) 100vw, 768px\" \/>\t\t\t\t\t\t\t\t\t\t\t\t\t\t\t\t\t\t\t<\/picture>\n\t\t\t\t\t\t\t\t<\/div>\n\t\t\t\t\t\t\t\t\t\t\t\t\t\t\t\t<div class=\"relative\">\n\t\t\t\t\t\t\t\t\t<picture class=\"glide__slide relative\">\n\t\t\t\t\t\t\t\t\t\t<img decoding=\"async\" width=\"768\" height=\"283\" src=\"https:\/\/fujifilm-x.b-cdn.net\/wp-content\/uploads\/2026\/03\/WOJTEK-WIETESKA-4.jpg?width=768&amp;height=283\" class=\"h-auto object-contain\" alt=\"\" loading=\"lazy\" srcset=\"https:\/\/fujifilm-x.b-cdn.net\/wp-content\/uploads\/2026\/03\/WOJTEK-WIETESKA-4.jpg?width=300&amp;height=111 300w, https:\/\/fujifilm-x.b-cdn.net\/wp-content\/uploads\/2026\/03\/WOJTEK-WIETESKA-4.jpg?width=768&amp;height=283 768w, https:\/\/fujifilm-x.b-cdn.net\/wp-content\/uploads\/2026\/03\/WOJTEK-WIETESKA-4.jpg?width=400&amp;height=148 400w, https:\/\/fujifilm-x.b-cdn.net\/wp-content\/uploads\/2026\/03\/WOJTEK-WIETESKA-4.jpg?width=365&amp;height=135 365w, https:\/\/fujifilm-x.b-cdn.net\/wp-content\/uploads\/2026\/03\/WOJTEK-WIETESKA-4.jpg?width=600&amp;height=221 600w, https:\/\/fujifilm-x.b-cdn.net\/wp-content\/uploads\/2026\/03\/WOJTEK-WIETESKA-4.jpg?width=717&amp;height=265 717w\" sizes=\"auto, (max-width: 768px) 100vw, 768px\" \/>\t\t\t\t\t\t\t\t\t\t\t\t\t\t\t\t\t\t\t<\/picture>\n\t\t\t\t\t\t\t\t<\/div>\n\t\t\t\t\t\t\t\t\t\t\t\t\t\t\t\t<div class=\"relative\">\n\t\t\t\t\t\t\t\t\t<picture class=\"glide__slide relative\">\n\t\t\t\t\t\t\t\t\t\t<img decoding=\"async\" width=\"768\" height=\"283\" src=\"https:\/\/fujifilm-x.b-cdn.net\/wp-content\/uploads\/2026\/03\/WOJTEK-WIETESKA-5.jpg?width=768&amp;height=283\" class=\"h-auto object-contain\" alt=\"\" loading=\"lazy\" srcset=\"https:\/\/fujifilm-x.b-cdn.net\/wp-content\/uploads\/2026\/03\/WOJTEK-WIETESKA-5.jpg?width=300&amp;height=111 300w, https:\/\/fujifilm-x.b-cdn.net\/wp-content\/uploads\/2026\/03\/WOJTEK-WIETESKA-5.jpg?width=768&amp;height=283 768w, https:\/\/fujifilm-x.b-cdn.net\/wp-content\/uploads\/2026\/03\/WOJTEK-WIETESKA-5.jpg?width=400&amp;height=148 400w, https:\/\/fujifilm-x.b-cdn.net\/wp-content\/uploads\/2026\/03\/WOJTEK-WIETESKA-5.jpg?width=365&amp;height=135 365w, https:\/\/fujifilm-x.b-cdn.net\/wp-content\/uploads\/2026\/03\/WOJTEK-WIETESKA-5.jpg?width=600&amp;height=221 600w, https:\/\/fujifilm-x.b-cdn.net\/wp-content\/uploads\/2026\/03\/WOJTEK-WIETESKA-5.jpg?width=717&amp;height=265 717w\" sizes=\"auto, (max-width: 768px) 100vw, 768px\" \/>\t\t\t\t\t\t\t\t\t\t\t\t\t\t\t\t\t\t\t<\/picture>\n\t\t\t\t\t\t\t\t<\/div>\n\t\t\t\t\t\t\t\t\t\t\t\t\t\t\t\t<div class=\"relative\">\n\t\t\t\t\t\t\t\t\t<picture class=\"glide__slide relative\">\n\t\t\t\t\t\t\t\t\t\t<img decoding=\"async\" width=\"768\" height=\"1024\" src=\"https:\/\/fujifilm-x.b-cdn.net\/wp-content\/uploads\/2026\/03\/WOJTEK-WIETESKA-6.jpg?width=768&amp;height=1024\" class=\"h-auto object-contain\" alt=\"\" loading=\"lazy\" srcset=\"https:\/\/fujifilm-x.b-cdn.net\/wp-content\/uploads\/2026\/03\/WOJTEK-WIETESKA-6.jpg?width=225&amp;height=300 225w, https:\/\/fujifilm-x.b-cdn.net\/wp-content\/uploads\/2026\/03\/WOJTEK-WIETESKA-6.jpg?width=768&amp;height=1024 768w, https:\/\/fujifilm-x.b-cdn.net\/wp-content\/uploads\/2026\/03\/WOJTEK-WIETESKA-6.jpg?width=365&amp;height=487 365w, https:\/\/fujifilm-x.b-cdn.net\/wp-content\/uploads\/2026\/03\/WOJTEK-WIETESKA-6.jpg?width=600&amp;height=800 600w, https:\/\/fujifilm-x.b-cdn.net\/wp-content\/uploads\/2026\/03\/WOJTEK-WIETESKA-6.jpg?width=640&amp;height=854 640w, https:\/\/fujifilm-x.b-cdn.net\/wp-content\/uploads\/2026\/03\/WOJTEK-WIETESKA-6.jpg?width=717&amp;height=956 717w\" sizes=\"auto, (max-width: 768px) 100vw, 768px\" \/>\t\t\t\t\t\t\t\t\t\t\t\t\t\t\t\t\t\t\t<\/picture>\n\t\t\t\t\t\t\t\t<\/div>\n\t\t\t\t\t\t\t\t\t\t\t\t\t\t<\/div>\n\t\t\t\t\t\t\t\t\t\t\t\t\t<div class=\"glide__slides-nav glide__slides-nav--14\">\n\t\t\t\t\t\t\t\t\t\t\t\t\t\t\t\t\t<picture class=\"glide__slide\">\n\t\t\t\t\t\t\t\t\t\t<img decoding=\"async\" width=\"80\" height=\"30\" src=\"https:\/\/fujifilm-x.b-cdn.net\/wp-content\/uploads\/2026\/03\/WOJTEK-WIETESKA-1.jpg?fit=80,30\" class=\"object-cover\" alt=\"\" loading=\"lazy\" \/>\t\t\t\t\t\t\t\t\t<\/picture>\n\t\t\t\t\t\t\t\t\t\t\t\t\t\t\t\t\t<picture class=\"glide__slide\">\n\t\t\t\t\t\t\t\t\t\t<img decoding=\"async\" width=\"80\" height=\"60\" src=\"https:\/\/fujifilm-x.b-cdn.net\/wp-content\/uploads\/2026\/03\/WOJTEK-WIETESKA-2.jpg?fit=80,60\" class=\"object-cover\" alt=\"\" loading=\"lazy\" \/>\t\t\t\t\t\t\t\t\t<\/picture>\n\t\t\t\t\t\t\t\t\t\t\t\t\t\t\t\t\t<picture class=\"glide__slide\">\n\t\t\t\t\t\t\t\t\t\t<img decoding=\"async\" width=\"30\" height=\"80\" src=\"https:\/\/fujifilm-x.b-cdn.net\/wp-content\/uploads\/2026\/03\/WOJTEK-WIETESKA-3-scaled.jpg?fit=30,80\" class=\"object-cover\" alt=\"\" loading=\"lazy\" \/>\t\t\t\t\t\t\t\t\t<\/picture>\n\t\t\t\t\t\t\t\t\t\t\t\t\t\t\t\t\t<picture class=\"glide__slide\">\n\t\t\t\t\t\t\t\t\t\t<img decoding=\"async\" width=\"80\" height=\"30\" src=\"https:\/\/fujifilm-x.b-cdn.net\/wp-content\/uploads\/2026\/03\/WOJTEK-WIETESKA-4.jpg?fit=80,30\" class=\"object-cover\" alt=\"\" loading=\"lazy\" \/>\t\t\t\t\t\t\t\t\t<\/picture>\n\t\t\t\t\t\t\t\t\t\t\t\t\t\t\t\t\t<picture class=\"glide__slide\">\n\t\t\t\t\t\t\t\t\t\t<img decoding=\"async\" width=\"80\" height=\"30\" src=\"https:\/\/fujifilm-x.b-cdn.net\/wp-content\/uploads\/2026\/03\/WOJTEK-WIETESKA-5.jpg?fit=80,30\" class=\"object-cover\" alt=\"\" loading=\"lazy\" \/>\t\t\t\t\t\t\t\t\t<\/picture>\n\t\t\t\t\t\t\t\t\t\t\t\t\t\t\t\t\t<picture class=\"glide__slide\">\n\t\t\t\t\t\t\t\t\t\t<img decoding=\"async\" width=\"60\" height=\"80\" src=\"https:\/\/fujifilm-x.b-cdn.net\/wp-content\/uploads\/2026\/03\/WOJTEK-WIETESKA-6.jpg?fit=60,80\" class=\"object-cover\" alt=\"\" loading=\"lazy\" \/>\t\t\t\t\t\t\t\t\t<\/picture>\n\t\t\t\t\t\t\t\t\t\t\t\t\t\t\t<\/div>\n\t\t\t\t\t\t\t\t\t\t\t<\/div>\n\t\t\t\t<\/div>\n\t\t\t<\/div>\n\t\t\t\t\t<div class=\"main-stage--slide\">\n\t\t\t\t<div class=\"main-stage__left-content\">\n\t\t\t\t\t<div class=\"flex justify-end gap-5 mb-5\">\n\t\t\t\t\t\t<span class=\"font-fjalla-one font-normal sm:text-lg uppercase block\">\n\t\t\t\t\t\t\t\t\t\t\t\t\t<\/span>\n\t\t\t\t\t\t<span class=\"font-fjalla-one font-normal sm:text-lg uppercase block\">\n\t\t\t\t\t\t\t\t\t\t\t\t\t<\/span>\n\t\t\t\t\t<\/div>\n\t\t\t\t\t<div class=\"sm:flex gap-5 justify-between\">\n\t\t\t\t\t\t\t\t\t\t\t\t\t<div class=\"flex gap-3\">\n\t\t\t\t\t\t\t\t<picture class=\"aspect-3\/2 shrink-0\">\n\t\t\t\t\t\t\t\t\t<img decoding=\"async\" width=\"140\" height=\"93\" src=\"https:\/\/fujifilm-x.b-cdn.net\/wp-content\/uploads\/2026\/03\/white-smoke-studio-portret.jpg?fit=140,93\" class=\"h-auto object-cover\" alt=\"Magda i Pawel | Paryz | white smoke studio portret\" loading=\"lazy\" \/>\t\t\t\t\t\t\t\t<\/picture>\n\t\t\t\t\t\t\t\t<h5 class=\"wp-block-heading mb-0\">Dorota Kaszuba i Micha\u0142 Warda, WhiteSmoke Studio <\/h5>\n\t\t\t\t\t\t\t<\/div>\n\t\t\t\t\t\t\t\t\t\t\t\t<\/div>\n\t\t\t\t\t<div class=\"main-stage__left-content__description\">\n\t\t\t\t\t\t<div class=\"line-clamp-[7] continue-reading\">\n\t\t\t\t\t\t\t<p>Dorota Kaszuba i Micha\u0142 Warda, WhiteSmoke Studio \u2013 kreatywny duet, kt\u00f3ry od ponad dw\u00f3ch dekad udowadnia, \u017ce w \u015bwiecie domagaj\u0105cym si\u0119 perfekcji najwi\u0119ksz\u0105 warto\u015bci\u0105 staje si\u0119 autentyzm. W pracy zawodowej \u0142\u0105cz\u0105 emocjonalny, intymny reporta\u017c z wysokobud\u017cetowymi produkcjami komercyjnymi dla najwi\u0119kszych marek. Dorota odpowiada za wizj\u0119 artystyczn\u0105 i relacje z lud\u017ami; Micha\u0142 przekuwa te koncepcje w sprawnie dzia\u0142aj\u0105cy system, przy okazji traktuj\u0105c technologi\u0119 jako narz\u0119dzie do opowiadania historii.<\/p>\n<p>Jako Ambasadorzy Fujifilm i do\u015bwiadczeni edukatorzy nie przynosz\u0105 gotowych rozwi\u0105za\u0144. Zamiast tego pokazuj\u0105, jak odnale\u017a\u0107 w\u0142asnych g\u0142os w wizualnym chaosie, a tak\u017ce w jaki spos\u00f3b zoptymalizowa\u0107 prac\u0119 i zbudowa\u0107 zr\u00f3wnowa\u017cony biznes odporny na wypalenie zawodowe.<\/p>\n<p>#KeepMovingKeepShooting<\/p>\n\t\t\t\t\t\t\t<div class=\"continue-reading__gradient\"><\/div>\n\t\t\t\t\t\t<\/div>\n\t\t\t\t\t\t<button type=\"button\" class=\"continue-reading__button\" role=\"button\">\n\t\t\t\t\t\t\t<span class=\"continue-reading__button--arrow\">\n\t\t\t\t\t\t\t\t<span class=\"continue-reading__button--arrow-elems\">\n\t\t\t\t\t\t\t\t\t<span class=\"continue-reading__button--arrow-elems__first\"><\/span>\n\t\t\t\t\t\t\t\t\t<span class=\"continue-reading__button--arrow-elems__second\"><\/span>\n\t\t\t\t\t\t\t\t<\/span>\n\t\t\t\t\t\t\t<\/span>\n\t\t\t\t\t\t<\/button>\n\t\t\t\t\t<\/div>\n\t\t\t\t<\/div>\n\t\t\t\t<div class=\"main-stage__right-content\">\n\t\t\t\t\t<div class=\"glide glide--15\">\n\t\t\t\t\t\t<div class=\"glide__slides glide__slides--15\">\n\t\t\t\t\t\t\t\t\t\t\t\t\t\t\t<div class=\"relative\">\n\t\t\t\t\t\t\t\t\t<picture class=\"glide__slide relative\">\n\t\t\t\t\t\t\t\t\t\t<img decoding=\"async\" width=\"768\" height=\"512\" src=\"https:\/\/fujifilm-x.b-cdn.net\/wp-content\/uploads\/2026\/03\/white-smoke-studio-xpro3.jpg?width=768&amp;height=512\" class=\"h-auto object-contain\" alt=\"\" loading=\"lazy\" srcset=\"https:\/\/fujifilm-x.b-cdn.net\/wp-content\/uploads\/2026\/03\/white-smoke-studio-xpro3.jpg?width=300&amp;height=200 300w, https:\/\/fujifilm-x.b-cdn.net\/wp-content\/uploads\/2026\/03\/white-smoke-studio-xpro3.jpg?width=768&amp;height=512 768w, https:\/\/fujifilm-x.b-cdn.net\/wp-content\/uploads\/2026\/03\/white-smoke-studio-xpro3.jpg?width=400&amp;height=267 400w, https:\/\/fujifilm-x.b-cdn.net\/wp-content\/uploads\/2026\/03\/white-smoke-studio-xpro3.jpg?width=365&amp;height=243 365w, https:\/\/fujifilm-x.b-cdn.net\/wp-content\/uploads\/2026\/03\/white-smoke-studio-xpro3.jpg?width=600&amp;height=400 600w, https:\/\/fujifilm-x.b-cdn.net\/wp-content\/uploads\/2026\/03\/white-smoke-studio-xpro3.jpg?width=717&amp;height=478 717w\" sizes=\"auto, (max-width: 768px) 100vw, 768px\" \/>\t\t\t\t\t\t\t\t\t\t\t\t\t\t\t\t\t\t\t<\/picture>\n\t\t\t\t\t\t\t\t<\/div>\n\t\t\t\t\t\t\t\t\t\t\t\t\t\t\t\t<div class=\"relative\">\n\t\t\t\t\t\t\t\t\t<picture class=\"glide__slide relative\">\n\t\t\t\t\t\t\t\t\t\t<img decoding=\"async\" width=\"768\" height=\"576\" src=\"https:\/\/fujifilm-x.b-cdn.net\/wp-content\/uploads\/2026\/03\/white-smoke-studio-DSCF0938.jpg?width=768&amp;height=576\" class=\"h-auto object-contain\" alt=\"\" loading=\"lazy\" srcset=\"https:\/\/fujifilm-x.b-cdn.net\/wp-content\/uploads\/2026\/03\/white-smoke-studio-DSCF0938.jpg?width=300&amp;height=225 300w, https:\/\/fujifilm-x.b-cdn.net\/wp-content\/uploads\/2026\/03\/white-smoke-studio-DSCF0938.jpg?width=768&amp;height=576 768w, https:\/\/fujifilm-x.b-cdn.net\/wp-content\/uploads\/2026\/03\/white-smoke-studio-DSCF0938.jpg?width=400&amp;height=300 400w, https:\/\/fujifilm-x.b-cdn.net\/wp-content\/uploads\/2026\/03\/white-smoke-studio-DSCF0938.jpg?width=365&amp;height=274 365w, https:\/\/fujifilm-x.b-cdn.net\/wp-content\/uploads\/2026\/03\/white-smoke-studio-DSCF0938.jpg?width=600&amp;height=450 600w, https:\/\/fujifilm-x.b-cdn.net\/wp-content\/uploads\/2026\/03\/white-smoke-studio-DSCF0938.jpg?width=717&amp;height=538 717w\" sizes=\"auto, (max-width: 768px) 100vw, 768px\" \/>\t\t\t\t\t\t\t\t\t\t\t\t\t\t\t\t\t\t\t<\/picture>\n\t\t\t\t\t\t\t\t<\/div>\n\t\t\t\t\t\t\t\t\t\t\t\t\t\t\t\t<div class=\"relative\">\n\t\t\t\t\t\t\t\t\t<picture class=\"glide__slide relative\">\n\t\t\t\t\t\t\t\t\t\t<img decoding=\"async\" width=\"768\" height=\"1024\" src=\"https:\/\/fujifilm-x.b-cdn.net\/wp-content\/uploads\/2026\/03\/white-smoke-studio-DSCF1392.jpg?width=768&amp;height=1024\" class=\"h-auto object-contain\" alt=\"\" loading=\"lazy\" srcset=\"https:\/\/fujifilm-x.b-cdn.net\/wp-content\/uploads\/2026\/03\/white-smoke-studio-DSCF1392.jpg?width=225&amp;height=300 225w, https:\/\/fujifilm-x.b-cdn.net\/wp-content\/uploads\/2026\/03\/white-smoke-studio-DSCF1392.jpg?width=768&amp;height=1024 768w, https:\/\/fujifilm-x.b-cdn.net\/wp-content\/uploads\/2026\/03\/white-smoke-studio-DSCF1392.jpg?width=365&amp;height=487 365w, https:\/\/fujifilm-x.b-cdn.net\/wp-content\/uploads\/2026\/03\/white-smoke-studio-DSCF1392.jpg?width=600&amp;height=800 600w, https:\/\/fujifilm-x.b-cdn.net\/wp-content\/uploads\/2026\/03\/white-smoke-studio-DSCF1392.jpg?width=640&amp;height=854 640w, https:\/\/fujifilm-x.b-cdn.net\/wp-content\/uploads\/2026\/03\/white-smoke-studio-DSCF1392.jpg?width=717&amp;height=956 717w\" sizes=\"auto, (max-width: 768px) 100vw, 768px\" \/>\t\t\t\t\t\t\t\t\t\t\t\t\t\t\t\t\t\t\t<\/picture>\n\t\t\t\t\t\t\t\t<\/div>\n\t\t\t\t\t\t\t\t\t\t\t\t\t\t\t\t<div class=\"relative\">\n\t\t\t\t\t\t\t\t\t<picture class=\"glide__slide relative\">\n\t\t\t\t\t\t\t\t\t\t<img decoding=\"async\" width=\"768\" height=\"1024\" src=\"https:\/\/fujifilm-x.b-cdn.net\/wp-content\/uploads\/2026\/03\/white-smoke-studio-DSCF5686.jpg?width=768&amp;height=1024\" class=\"h-auto object-contain\" alt=\"\" loading=\"lazy\" srcset=\"https:\/\/fujifilm-x.b-cdn.net\/wp-content\/uploads\/2026\/03\/white-smoke-studio-DSCF5686.jpg?width=225&amp;height=300 225w, https:\/\/fujifilm-x.b-cdn.net\/wp-content\/uploads\/2026\/03\/white-smoke-studio-DSCF5686.jpg?width=768&amp;height=1024 768w, https:\/\/fujifilm-x.b-cdn.net\/wp-content\/uploads\/2026\/03\/white-smoke-studio-DSCF5686.jpg?width=365&amp;height=487 365w, https:\/\/fujifilm-x.b-cdn.net\/wp-content\/uploads\/2026\/03\/white-smoke-studio-DSCF5686.jpg?width=600&amp;height=800 600w, https:\/\/fujifilm-x.b-cdn.net\/wp-content\/uploads\/2026\/03\/white-smoke-studio-DSCF5686.jpg?width=640&amp;height=854 640w, https:\/\/fujifilm-x.b-cdn.net\/wp-content\/uploads\/2026\/03\/white-smoke-studio-DSCF5686.jpg?width=717&amp;height=956 717w\" sizes=\"auto, (max-width: 768px) 100vw, 768px\" \/>\t\t\t\t\t\t\t\t\t\t\t\t\t\t\t\t\t\t\t<\/picture>\n\t\t\t\t\t\t\t\t<\/div>\n\t\t\t\t\t\t\t\t\t\t\t\t\t\t\t\t<div class=\"relative\">\n\t\t\t\t\t\t\t\t\t<picture class=\"glide__slide relative\">\n\t\t\t\t\t\t\t\t\t\t<img decoding=\"async\" width=\"768\" height=\"1024\" src=\"https:\/\/fujifilm-x.b-cdn.net\/wp-content\/uploads\/2026\/03\/white-smoke-studio-DSCF6347.jpg?width=768&amp;height=1024\" class=\"h-auto object-contain\" alt=\"\" loading=\"lazy\" srcset=\"https:\/\/fujifilm-x.b-cdn.net\/wp-content\/uploads\/2026\/03\/white-smoke-studio-DSCF6347.jpg?width=225&amp;height=300 225w, https:\/\/fujifilm-x.b-cdn.net\/wp-content\/uploads\/2026\/03\/white-smoke-studio-DSCF6347.jpg?width=768&amp;height=1024 768w, https:\/\/fujifilm-x.b-cdn.net\/wp-content\/uploads\/2026\/03\/white-smoke-studio-DSCF6347.jpg?width=365&amp;height=487 365w, https:\/\/fujifilm-x.b-cdn.net\/wp-content\/uploads\/2026\/03\/white-smoke-studio-DSCF6347.jpg?width=600&amp;height=800 600w, https:\/\/fujifilm-x.b-cdn.net\/wp-content\/uploads\/2026\/03\/white-smoke-studio-DSCF6347.jpg?width=640&amp;height=854 640w, https:\/\/fujifilm-x.b-cdn.net\/wp-content\/uploads\/2026\/03\/white-smoke-studio-DSCF6347.jpg?width=717&amp;height=956 717w\" sizes=\"auto, (max-width: 768px) 100vw, 768px\" \/>\t\t\t\t\t\t\t\t\t\t\t\t\t\t\t\t\t\t\t<\/picture>\n\t\t\t\t\t\t\t\t<\/div>\n\t\t\t\t\t\t\t\t\t\t\t\t\t\t\t\t<div class=\"relative\">\n\t\t\t\t\t\t\t\t\t<picture class=\"glide__slide relative\">\n\t\t\t\t\t\t\t\t\t\t<img decoding=\"async\" width=\"768\" height=\"768\" src=\"https:\/\/fujifilm-x.b-cdn.net\/wp-content\/uploads\/2026\/03\/white-smoke-studio-DSCF6844.jpg?width=768&amp;height=768\" class=\"h-auto object-contain\" alt=\"\" loading=\"lazy\" srcset=\"https:\/\/fujifilm-x.b-cdn.net\/wp-content\/uploads\/2026\/03\/white-smoke-studio-DSCF6844.jpg?width=300&amp;height=300 300w, https:\/\/fujifilm-x.b-cdn.net\/wp-content\/uploads\/2026\/03\/white-smoke-studio-DSCF6844.jpg?width=150&amp;height=150 150w, https:\/\/fujifilm-x.b-cdn.net\/wp-content\/uploads\/2026\/03\/white-smoke-studio-DSCF6844.jpg?width=768&amp;height=768 768w, https:\/\/fujifilm-x.b-cdn.net\/wp-content\/uploads\/2026\/03\/white-smoke-studio-DSCF6844.jpg?width=365&amp;height=365 365w, https:\/\/fujifilm-x.b-cdn.net\/wp-content\/uploads\/2026\/03\/white-smoke-studio-DSCF6844.jpg?width=600&amp;height=600 600w, https:\/\/fujifilm-x.b-cdn.net\/wp-content\/uploads\/2026\/03\/white-smoke-studio-DSCF6844.jpg?width=717&amp;height=717 717w, https:\/\/fujifilm-x.b-cdn.net\/wp-content\/uploads\/2026\/03\/white-smoke-studio-DSCF6844.jpg?width=80&amp;height=80 80w\" sizes=\"auto, (max-width: 768px) 100vw, 768px\" \/>\t\t\t\t\t\t\t\t\t\t\t\t\t\t\t\t\t\t\t<\/picture>\n\t\t\t\t\t\t\t\t<\/div>\n\t\t\t\t\t\t\t\t\t\t\t\t\t\t\t\t<div class=\"relative\">\n\t\t\t\t\t\t\t\t\t<picture class=\"glide__slide relative\">\n\t\t\t\t\t\t\t\t\t\t<img decoding=\"async\" width=\"768\" height=\"576\" src=\"https:\/\/fujifilm-x.b-cdn.net\/wp-content\/uploads\/2026\/03\/white-smoke-studio-gfx100.jpg?width=768&amp;height=576\" class=\"h-auto object-contain\" alt=\"white smoke studio gfx100\" loading=\"lazy\" srcset=\"https:\/\/fujifilm-x.b-cdn.net\/wp-content\/uploads\/2026\/03\/white-smoke-studio-gfx100.jpg?width=300&amp;height=225 300w, https:\/\/fujifilm-x.b-cdn.net\/wp-content\/uploads\/2026\/03\/white-smoke-studio-gfx100.jpg?width=768&amp;height=576 768w, https:\/\/fujifilm-x.b-cdn.net\/wp-content\/uploads\/2026\/03\/white-smoke-studio-gfx100.jpg?width=400&amp;height=300 400w, https:\/\/fujifilm-x.b-cdn.net\/wp-content\/uploads\/2026\/03\/white-smoke-studio-gfx100.jpg?width=365&amp;height=274 365w, https:\/\/fujifilm-x.b-cdn.net\/wp-content\/uploads\/2026\/03\/white-smoke-studio-gfx100.jpg?width=600&amp;height=450 600w, https:\/\/fujifilm-x.b-cdn.net\/wp-content\/uploads\/2026\/03\/white-smoke-studio-gfx100.jpg?width=717&amp;height=538 717w\" sizes=\"auto, (max-width: 768px) 100vw, 768px\" \/>\t\t\t\t\t\t\t\t\t\t\t\t\t\t\t\t\t\t\t<\/picture>\n\t\t\t\t\t\t\t\t<\/div>\n\t\t\t\t\t\t\t\t\t\t\t\t\t\t<\/div>\n\t\t\t\t\t\t\t\t\t\t\t\t\t<div class=\"glide__slides-nav glide__slides-nav--15\">\n\t\t\t\t\t\t\t\t\t\t\t\t\t\t\t\t\t<picture class=\"glide__slide\">\n\t\t\t\t\t\t\t\t\t\t<img decoding=\"async\" width=\"80\" height=\"53\" src=\"https:\/\/fujifilm-x.b-cdn.net\/wp-content\/uploads\/2026\/03\/white-smoke-studio-xpro3.jpg?fit=80,53\" class=\"object-cover\" alt=\"\" loading=\"lazy\" \/>\t\t\t\t\t\t\t\t\t<\/picture>\n\t\t\t\t\t\t\t\t\t\t\t\t\t\t\t\t\t<picture class=\"glide__slide\">\n\t\t\t\t\t\t\t\t\t\t<img decoding=\"async\" width=\"80\" height=\"60\" src=\"https:\/\/fujifilm-x.b-cdn.net\/wp-content\/uploads\/2026\/03\/white-smoke-studio-DSCF0938.jpg?fit=80,60\" class=\"object-cover\" alt=\"\" loading=\"lazy\" \/>\t\t\t\t\t\t\t\t\t<\/picture>\n\t\t\t\t\t\t\t\t\t\t\t\t\t\t\t\t\t<picture class=\"glide__slide\">\n\t\t\t\t\t\t\t\t\t\t<img decoding=\"async\" width=\"60\" height=\"80\" src=\"https:\/\/fujifilm-x.b-cdn.net\/wp-content\/uploads\/2026\/03\/white-smoke-studio-DSCF1392.jpg?fit=60,80\" class=\"object-cover\" alt=\"\" loading=\"lazy\" \/>\t\t\t\t\t\t\t\t\t<\/picture>\n\t\t\t\t\t\t\t\t\t\t\t\t\t\t\t\t\t<picture class=\"glide__slide\">\n\t\t\t\t\t\t\t\t\t\t<img decoding=\"async\" width=\"60\" height=\"80\" src=\"https:\/\/fujifilm-x.b-cdn.net\/wp-content\/uploads\/2026\/03\/white-smoke-studio-DSCF5686.jpg?fit=60,80\" class=\"object-cover\" alt=\"\" loading=\"lazy\" \/>\t\t\t\t\t\t\t\t\t<\/picture>\n\t\t\t\t\t\t\t\t\t\t\t\t\t\t\t\t\t<picture class=\"glide__slide\">\n\t\t\t\t\t\t\t\t\t\t<img decoding=\"async\" width=\"60\" height=\"80\" src=\"https:\/\/fujifilm-x.b-cdn.net\/wp-content\/uploads\/2026\/03\/white-smoke-studio-DSCF6347.jpg?fit=60,80\" class=\"object-cover\" alt=\"\" loading=\"lazy\" \/>\t\t\t\t\t\t\t\t\t<\/picture>\n\t\t\t\t\t\t\t\t\t\t\t\t\t\t\t\t\t<picture class=\"glide__slide\">\n\t\t\t\t\t\t\t\t\t\t<img decoding=\"async\" width=\"80\" height=\"80\" src=\"https:\/\/fujifilm-x.b-cdn.net\/wp-content\/uploads\/2026\/03\/white-smoke-studio-DSCF6844.jpg?fit=80,80\" class=\"object-cover\" alt=\"\" loading=\"lazy\" \/>\t\t\t\t\t\t\t\t\t<\/picture>\n\t\t\t\t\t\t\t\t\t\t\t\t\t\t\t\t\t<picture class=\"glide__slide\">\n\t\t\t\t\t\t\t\t\t\t<img decoding=\"async\" width=\"80\" height=\"60\" src=\"https:\/\/fujifilm-x.b-cdn.net\/wp-content\/uploads\/2026\/03\/white-smoke-studio-gfx100.jpg?fit=80,60\" class=\"object-cover\" alt=\"white smoke studio gfx100\" loading=\"lazy\" \/>\t\t\t\t\t\t\t\t\t<\/picture>\n\t\t\t\t\t\t\t\t\t\t\t\t\t\t\t<\/div>\n\t\t\t\t\t\t\t\t\t\t\t<\/div>\n\t\t\t\t<\/div>\n\t\t\t<\/div>\n\t\t\t\t\t<div class=\"main-stage--slide\">\n\t\t\t\t<div class=\"main-stage__left-content\">\n\t\t\t\t\t<div class=\"flex justify-end gap-5 mb-5\">\n\t\t\t\t\t\t<span class=\"font-fjalla-one font-normal sm:text-lg uppercase block\">\n\t\t\t\t\t\t\t\t\t\t\t\t\t<\/span>\n\t\t\t\t\t\t<span class=\"font-fjalla-one font-normal sm:text-lg uppercase block\">\n\t\t\t\t\t\t\t\t\t\t\t\t\t<\/span>\n\t\t\t\t\t<\/div>\n\t\t\t\t\t<div class=\"sm:flex gap-5 justify-between\">\n\t\t\t\t\t\t\t\t\t\t\t\t\t<div class=\"flex gap-3\">\n\t\t\t\t\t\t\t\t<picture class=\"aspect-3\/2 shrink-0\">\n\t\t\t\t\t\t\t\t\t<img decoding=\"async\" width=\"140\" height=\"140\" src=\"https:\/\/fujifilm-x.b-cdn.net\/wp-content\/uploads\/2026\/03\/Szymon-Kobusinski_portret.jpg?fit=140,140\" class=\"h-auto object-cover\" alt=\"\" loading=\"lazy\" srcset=\"https:\/\/fujifilm-x.b-cdn.net\/wp-content\/uploads\/2026\/03\/Szymon-Kobusinski_portret.jpg?width=80&amp;height=80 80w, https:\/\/fujifilm-x.b-cdn.net\/wp-content\/uploads\/2026\/03\/Szymon-Kobusinski_portret.jpg?width=140&amp;height=140 140w\" sizes=\"auto, (max-width: 140px) 100vw, 140px\" \/>\t\t\t\t\t\t\t\t<\/picture>\n\t\t\t\t\t\t\t\t<h5 class=\"wp-block-heading mb-0\">Szymon Kobusi\u0144ski<\/h5>\n\t\t\t\t\t\t\t<\/div>\n\t\t\t\t\t\t\t\t\t\t\t\t<\/div>\n\t\t\t\t\t<div class=\"main-stage__left-content__description\">\n\t\t\t\t\t\t<div class=\"line-clamp-[7] continue-reading\">\n\t\t\t\t\t\t\t<p>Szymon Kobusi\u0144ski \u2013 warszawski artysta sztuk wizualnych, dla kt\u00f3rego woda jest nie tylko motywem, lecz przede wszystkim medium i partnerem w procesie tw\u00f3rczym. W jej ruchu odnajduje impuls do deformacji, rozpraszania i przeobra\u017cania obrazu &#8211; balansuj\u0105c mi\u0119dzy abstrakcj\u0105 a figuratywno\u015bci\u0105, fotografi\u0105 i obrazem ruchomym. Zafascynowany spontaniczno\u015bci\u0105 i zmienno\u015bci\u0105, czerpie inspiracj\u0119 z jazzu: jego szorstkiej energii, nieoczywistych zwrot\u00f3w i rytmicznego pulsowania. Woda staje si\u0119 w jego r\u0119kach instrumentem improwizacji. Pierwszym nauczycielem fotografii kilkuletniego Szymona by\u0142 jego ojciec &#8211; rze\u017abiarz i scenograf teatralny. Jako dziecko trenowa\u0142 p\u0142ywanie w Legii Warszawa, ta wczesna blisko\u015b\u0107 z wod\u0105 z czasem sta\u0142a si\u0119 fundamentem jego artystycznego j\u0119zyka. Jest absolwentem i wyk\u0142adowc\u0105 Szko\u0142y Filmowej w \u0141odzi, gdzie prowadzi Laboratorium Techniki Zdj\u0119ciowej i O\u015bwietleniowej. Aktualnie realizuje projekt doktorski na Akademii Sztuk Pi\u0119knych w Warszawie. Tw\u00f3rca licznych projekt\u00f3w artystycznych, w tym wystaw indywidualnych takich jak \u201eIntymno\u015b\u0107\u201d (2017), \u201eErynie\u201d (2021) i \u201eFlores\u201d (2023). Jego prace prezentowane by\u0142y m.in. w Teatrze Wielkim Operze Narodowej i Teatrze Narodowym w Warszawie, Muzeum Narodowym w Krakowie, Pa\u0144stwowej Galerii Sztuki w Sopocie oraz w galeriach w Berlinie, Budapeszcie, Londynie i Kopenhadze. Nominowany do Lucie Awards (2014), cz\u0142onek Zwi\u0105zku Polskich Artyst\u00f3w Fotografik\u00f3w. W 2018 roku ukaza\u0142a si\u0119 publikacja prezentuj\u0105ca jego tw\u00f3rczo\u015b\u0107 \u201eNow We&#8217;re Over the Water\u201d. W 2009 roku przekszta\u0142ci\u0142 XIX-wieczny skarbiec Banku Polskiego w Warszawie w swoj\u0105 pracowni\u0119 artystyczn\u0105 &#8211; Studio Bank &#8211; przestrze\u0144, kt\u00f3ra dzi\u015b funkcjonuje r\u00f3wnie\u017c jako miejsce spotka\u0144 \u015brodowiska kultury. W swojej praktyce korzysta z aparatu GFX100 II, kt\u00f3ry spe\u0142nia jego wymagania dotycz\u0105ce rozdzielczo\u015bci, szybko\u015bci i jako\u015bci estetycznej przy tworzeniu wielkogabarytowych odbitek fotograficznych. Do realizacji materia\u0142\u00f3w filmowych u\u017cywa dw\u00f3ch korpus\u00f3w X-H2S.<\/p>\n\t\t\t\t\t\t\t<div class=\"continue-reading__gradient\"><\/div>\n\t\t\t\t\t\t<\/div>\n\t\t\t\t\t\t<button type=\"button\" class=\"continue-reading__button\" role=\"button\">\n\t\t\t\t\t\t\t<span class=\"continue-reading__button--arrow\">\n\t\t\t\t\t\t\t\t<span class=\"continue-reading__button--arrow-elems\">\n\t\t\t\t\t\t\t\t\t<span class=\"continue-reading__button--arrow-elems__first\"><\/span>\n\t\t\t\t\t\t\t\t\t<span class=\"continue-reading__button--arrow-elems__second\"><\/span>\n\t\t\t\t\t\t\t\t<\/span>\n\t\t\t\t\t\t\t<\/span>\n\t\t\t\t\t\t<\/button>\n\t\t\t\t\t<\/div>\n\t\t\t\t<\/div>\n\t\t\t\t<div class=\"main-stage__right-content\">\n\t\t\t\t\t<div class=\"glide glide--16\">\n\t\t\t\t\t\t<div class=\"glide__slides glide__slides--16\">\n\t\t\t\t\t\t\t\t\t\t\t\t\t\t\t<div class=\"relative\">\n\t\t\t\t\t\t\t\t\t<picture class=\"glide__slide relative\">\n\t\t\t\t\t\t\t\t\t\t<img decoding=\"async\" width=\"768\" height=\"768\" src=\"https:\/\/fujifilm-x.b-cdn.net\/wp-content\/uploads\/2026\/03\/1_FLORES-2_Szymon-Kobusinski.jpg?width=768&amp;height=768\" class=\"h-auto object-contain\" alt=\"\" loading=\"lazy\" srcset=\"https:\/\/fujifilm-x.b-cdn.net\/wp-content\/uploads\/2026\/03\/1_FLORES-2_Szymon-Kobusinski.jpg?width=300&amp;height=300 300w, https:\/\/fujifilm-x.b-cdn.net\/wp-content\/uploads\/2026\/03\/1_FLORES-2_Szymon-Kobusinski.jpg?width=150&amp;height=150 150w, https:\/\/fujifilm-x.b-cdn.net\/wp-content\/uploads\/2026\/03\/1_FLORES-2_Szymon-Kobusinski.jpg?width=768&amp;height=768 768w, https:\/\/fujifilm-x.b-cdn.net\/wp-content\/uploads\/2026\/03\/1_FLORES-2_Szymon-Kobusinski.jpg?width=365&amp;height=365 365w, https:\/\/fujifilm-x.b-cdn.net\/wp-content\/uploads\/2026\/03\/1_FLORES-2_Szymon-Kobusinski.jpg?width=600&amp;height=600 600w, https:\/\/fujifilm-x.b-cdn.net\/wp-content\/uploads\/2026\/03\/1_FLORES-2_Szymon-Kobusinski.jpg?width=717&amp;height=717 717w, https:\/\/fujifilm-x.b-cdn.net\/wp-content\/uploads\/2026\/03\/1_FLORES-2_Szymon-Kobusinski.jpg?width=80&amp;height=80 80w\" sizes=\"auto, (max-width: 768px) 100vw, 768px\" \/>\t\t\t\t\t\t\t\t\t\t\t\t\t\t\t\t\t\t\t<\/picture>\n\t\t\t\t\t\t\t\t<\/div>\n\t\t\t\t\t\t\t\t\t\t\t\t\t\t\t\t<div class=\"relative\">\n\t\t\t\t\t\t\t\t\t<picture class=\"glide__slide relative\">\n\t\t\t\t\t\t\t\t\t\t<img decoding=\"async\" width=\"768\" height=\"768\" src=\"https:\/\/fujifilm-x.b-cdn.net\/wp-content\/uploads\/2026\/03\/2_FLORES-13_Szymon-Kobusinski.jpg?width=768&amp;height=768\" class=\"h-auto object-contain\" alt=\"\" loading=\"lazy\" srcset=\"https:\/\/fujifilm-x.b-cdn.net\/wp-content\/uploads\/2026\/03\/2_FLORES-13_Szymon-Kobusinski.jpg?width=300&amp;height=300 300w, https:\/\/fujifilm-x.b-cdn.net\/wp-content\/uploads\/2026\/03\/2_FLORES-13_Szymon-Kobusinski.jpg?width=150&amp;height=150 150w, https:\/\/fujifilm-x.b-cdn.net\/wp-content\/uploads\/2026\/03\/2_FLORES-13_Szymon-Kobusinski.jpg?width=768&amp;height=768 768w, https:\/\/fujifilm-x.b-cdn.net\/wp-content\/uploads\/2026\/03\/2_FLORES-13_Szymon-Kobusinski.jpg?width=365&amp;height=365 365w, https:\/\/fujifilm-x.b-cdn.net\/wp-content\/uploads\/2026\/03\/2_FLORES-13_Szymon-Kobusinski.jpg?width=600&amp;height=600 600w, https:\/\/fujifilm-x.b-cdn.net\/wp-content\/uploads\/2026\/03\/2_FLORES-13_Szymon-Kobusinski.jpg?width=717&amp;height=717 717w, https:\/\/fujifilm-x.b-cdn.net\/wp-content\/uploads\/2026\/03\/2_FLORES-13_Szymon-Kobusinski.jpg?width=80&amp;height=80 80w\" sizes=\"auto, (max-width: 768px) 100vw, 768px\" \/>\t\t\t\t\t\t\t\t\t\t\t\t\t\t\t\t\t\t\t<\/picture>\n\t\t\t\t\t\t\t\t<\/div>\n\t\t\t\t\t\t\t\t\t\t\t\t\t\t\t\t<div class=\"relative\">\n\t\t\t\t\t\t\t\t\t<picture class=\"glide__slide relative\">\n\t\t\t\t\t\t\t\t\t\t<img decoding=\"async\" width=\"768\" height=\"512\" src=\"https:\/\/fujifilm-x.b-cdn.net\/wp-content\/uploads\/2026\/03\/3_TUMULTUS-1_Szymon-Kobusinski.jpg?width=768&amp;height=512\" class=\"h-auto object-contain\" alt=\"\" loading=\"lazy\" srcset=\"https:\/\/fujifilm-x.b-cdn.net\/wp-content\/uploads\/2026\/03\/3_TUMULTUS-1_Szymon-Kobusinski.jpg?width=300&amp;height=200 300w, https:\/\/fujifilm-x.b-cdn.net\/wp-content\/uploads\/2026\/03\/3_TUMULTUS-1_Szymon-Kobusinski.jpg?width=768&amp;height=512 768w, https:\/\/fujifilm-x.b-cdn.net\/wp-content\/uploads\/2026\/03\/3_TUMULTUS-1_Szymon-Kobusinski.jpg?width=400&amp;height=267 400w, https:\/\/fujifilm-x.b-cdn.net\/wp-content\/uploads\/2026\/03\/3_TUMULTUS-1_Szymon-Kobusinski.jpg?width=365&amp;height=243 365w, https:\/\/fujifilm-x.b-cdn.net\/wp-content\/uploads\/2026\/03\/3_TUMULTUS-1_Szymon-Kobusinski.jpg?width=600&amp;height=400 600w, https:\/\/fujifilm-x.b-cdn.net\/wp-content\/uploads\/2026\/03\/3_TUMULTUS-1_Szymon-Kobusinski.jpg?width=717&amp;height=478 717w\" sizes=\"auto, (max-width: 768px) 100vw, 768px\" \/>\t\t\t\t\t\t\t\t\t\t\t\t\t\t\t\t\t\t\t<\/picture>\n\t\t\t\t\t\t\t\t<\/div>\n\t\t\t\t\t\t\t\t\t\t\t\t\t\t\t\t<div class=\"relative\">\n\t\t\t\t\t\t\t\t\t<picture class=\"glide__slide relative\">\n\t\t\t\t\t\t\t\t\t\t<img decoding=\"async\" width=\"768\" height=\"512\" src=\"https:\/\/fujifilm-x.b-cdn.net\/wp-content\/uploads\/2026\/03\/4_TUMULTUS-2_Szymon-Kobusinski.jpg?width=768&amp;height=512\" class=\"h-auto object-contain\" alt=\"\" loading=\"lazy\" srcset=\"https:\/\/fujifilm-x.b-cdn.net\/wp-content\/uploads\/2026\/03\/4_TUMULTUS-2_Szymon-Kobusinski.jpg?width=300&amp;height=200 300w, https:\/\/fujifilm-x.b-cdn.net\/wp-content\/uploads\/2026\/03\/4_TUMULTUS-2_Szymon-Kobusinski.jpg?width=768&amp;height=512 768w, https:\/\/fujifilm-x.b-cdn.net\/wp-content\/uploads\/2026\/03\/4_TUMULTUS-2_Szymon-Kobusinski.jpg?width=400&amp;height=267 400w, https:\/\/fujifilm-x.b-cdn.net\/wp-content\/uploads\/2026\/03\/4_TUMULTUS-2_Szymon-Kobusinski.jpg?width=365&amp;height=243 365w, https:\/\/fujifilm-x.b-cdn.net\/wp-content\/uploads\/2026\/03\/4_TUMULTUS-2_Szymon-Kobusinski.jpg?width=600&amp;height=400 600w, https:\/\/fujifilm-x.b-cdn.net\/wp-content\/uploads\/2026\/03\/4_TUMULTUS-2_Szymon-Kobusinski.jpg?width=717&amp;height=478 717w\" sizes=\"auto, (max-width: 768px) 100vw, 768px\" \/>\t\t\t\t\t\t\t\t\t\t\t\t\t\t\t\t\t\t\t<\/picture>\n\t\t\t\t\t\t\t\t<\/div>\n\t\t\t\t\t\t\t\t\t\t\t\t\t\t\t\t<div class=\"relative\">\n\t\t\t\t\t\t\t\t\t<picture class=\"glide__slide relative\">\n\t\t\t\t\t\t\t\t\t\t<img decoding=\"async\" width=\"768\" height=\"768\" src=\"https:\/\/fujifilm-x.b-cdn.net\/wp-content\/uploads\/2026\/03\/5_BODRUM_Wystawa-ERYNIE_Szymon-Kobusinski.jpg?width=768&amp;height=768\" class=\"h-auto object-contain\" alt=\"\" loading=\"lazy\" srcset=\"https:\/\/fujifilm-x.b-cdn.net\/wp-content\/uploads\/2026\/03\/5_BODRUM_Wystawa-ERYNIE_Szymon-Kobusinski.jpg?width=300&amp;height=300 300w, https:\/\/fujifilm-x.b-cdn.net\/wp-content\/uploads\/2026\/03\/5_BODRUM_Wystawa-ERYNIE_Szymon-Kobusinski.jpg?width=150&amp;height=150 150w, https:\/\/fujifilm-x.b-cdn.net\/wp-content\/uploads\/2026\/03\/5_BODRUM_Wystawa-ERYNIE_Szymon-Kobusinski.jpg?width=768&amp;height=768 768w, https:\/\/fujifilm-x.b-cdn.net\/wp-content\/uploads\/2026\/03\/5_BODRUM_Wystawa-ERYNIE_Szymon-Kobusinski.jpg?width=365&amp;height=365 365w, https:\/\/fujifilm-x.b-cdn.net\/wp-content\/uploads\/2026\/03\/5_BODRUM_Wystawa-ERYNIE_Szymon-Kobusinski.jpg?width=600&amp;height=600 600w, https:\/\/fujifilm-x.b-cdn.net\/wp-content\/uploads\/2026\/03\/5_BODRUM_Wystawa-ERYNIE_Szymon-Kobusinski.jpg?width=717&amp;height=717 717w, https:\/\/fujifilm-x.b-cdn.net\/wp-content\/uploads\/2026\/03\/5_BODRUM_Wystawa-ERYNIE_Szymon-Kobusinski.jpg?width=80&amp;height=80 80w\" sizes=\"auto, (max-width: 768px) 100vw, 768px\" \/>\t\t\t\t\t\t\t\t\t\t\t\t\t\t\t\t\t\t\t<\/picture>\n\t\t\t\t\t\t\t\t<\/div>\n\t\t\t\t\t\t\t\t\t\t\t\t\t\t\t\t<div class=\"relative\">\n\t\t\t\t\t\t\t\t\t<picture class=\"glide__slide relative\">\n\t\t\t\t\t\t\t\t\t\t<img decoding=\"async\" width=\"768\" height=\"768\" src=\"https:\/\/fujifilm-x.b-cdn.net\/wp-content\/uploads\/2026\/03\/6_ESSEX_Wystawa-ERYNIE_Szymon-Kobusinski.jpg?width=768&amp;height=768\" class=\"h-auto object-contain\" alt=\"\" loading=\"lazy\" srcset=\"https:\/\/fujifilm-x.b-cdn.net\/wp-content\/uploads\/2026\/03\/6_ESSEX_Wystawa-ERYNIE_Szymon-Kobusinski.jpg?width=300&amp;height=300 300w, https:\/\/fujifilm-x.b-cdn.net\/wp-content\/uploads\/2026\/03\/6_ESSEX_Wystawa-ERYNIE_Szymon-Kobusinski.jpg?width=150&amp;height=150 150w, https:\/\/fujifilm-x.b-cdn.net\/wp-content\/uploads\/2026\/03\/6_ESSEX_Wystawa-ERYNIE_Szymon-Kobusinski.jpg?width=768&amp;height=768 768w, https:\/\/fujifilm-x.b-cdn.net\/wp-content\/uploads\/2026\/03\/6_ESSEX_Wystawa-ERYNIE_Szymon-Kobusinski.jpg?width=365&amp;height=365 365w, https:\/\/fujifilm-x.b-cdn.net\/wp-content\/uploads\/2026\/03\/6_ESSEX_Wystawa-ERYNIE_Szymon-Kobusinski.jpg?width=600&amp;height=600 600w, https:\/\/fujifilm-x.b-cdn.net\/wp-content\/uploads\/2026\/03\/6_ESSEX_Wystawa-ERYNIE_Szymon-Kobusinski.jpg?width=717&amp;height=717 717w, https:\/\/fujifilm-x.b-cdn.net\/wp-content\/uploads\/2026\/03\/6_ESSEX_Wystawa-ERYNIE_Szymon-Kobusinski.jpg?width=80&amp;height=80 80w\" sizes=\"auto, (max-width: 768px) 100vw, 768px\" \/>\t\t\t\t\t\t\t\t\t\t\t\t\t\t\t\t\t\t\t<\/picture>\n\t\t\t\t\t\t\t\t<\/div>\n\t\t\t\t\t\t\t\t\t\t\t\t\t\t\t\t<div class=\"relative\">\n\t\t\t\t\t\t\t\t\t<picture class=\"glide__slide relative\">\n\t\t\t\t\t\t\t\t\t\t<img decoding=\"async\" width=\"768\" height=\"768\" src=\"https:\/\/fujifilm-x.b-cdn.net\/wp-content\/uploads\/2026\/03\/7_NICEA-2_Wystawa-ERYNIE_Szymon-Kobusinski.jpg?width=768&amp;height=768\" class=\"h-auto object-contain\" alt=\"\" loading=\"lazy\" srcset=\"https:\/\/fujifilm-x.b-cdn.net\/wp-content\/uploads\/2026\/03\/7_NICEA-2_Wystawa-ERYNIE_Szymon-Kobusinski.jpg?width=300&amp;height=300 300w, https:\/\/fujifilm-x.b-cdn.net\/wp-content\/uploads\/2026\/03\/7_NICEA-2_Wystawa-ERYNIE_Szymon-Kobusinski.jpg?width=150&amp;height=150 150w, https:\/\/fujifilm-x.b-cdn.net\/wp-content\/uploads\/2026\/03\/7_NICEA-2_Wystawa-ERYNIE_Szymon-Kobusinski.jpg?width=768&amp;height=768 768w, https:\/\/fujifilm-x.b-cdn.net\/wp-content\/uploads\/2026\/03\/7_NICEA-2_Wystawa-ERYNIE_Szymon-Kobusinski.jpg?width=365&amp;height=365 365w, https:\/\/fujifilm-x.b-cdn.net\/wp-content\/uploads\/2026\/03\/7_NICEA-2_Wystawa-ERYNIE_Szymon-Kobusinski.jpg?width=600&amp;height=600 600w, https:\/\/fujifilm-x.b-cdn.net\/wp-content\/uploads\/2026\/03\/7_NICEA-2_Wystawa-ERYNIE_Szymon-Kobusinski.jpg?width=717&amp;height=717 717w, https:\/\/fujifilm-x.b-cdn.net\/wp-content\/uploads\/2026\/03\/7_NICEA-2_Wystawa-ERYNIE_Szymon-Kobusinski.jpg?width=80&amp;height=80 80w\" sizes=\"auto, (max-width: 768px) 100vw, 768px\" \/>\t\t\t\t\t\t\t\t\t\t\t\t\t\t\t\t\t\t\t<\/picture>\n\t\t\t\t\t\t\t\t<\/div>\n\t\t\t\t\t\t\t\t\t\t\t\t\t\t<\/div>\n\t\t\t\t\t\t\t\t\t\t\t\t\t<div class=\"glide__slides-nav glide__slides-nav--16\">\n\t\t\t\t\t\t\t\t\t\t\t\t\t\t\t\t\t<picture class=\"glide__slide\">\n\t\t\t\t\t\t\t\t\t\t<img decoding=\"async\" width=\"80\" height=\"80\" src=\"https:\/\/fujifilm-x.b-cdn.net\/wp-content\/uploads\/2026\/03\/1_FLORES-2_Szymon-Kobusinski.jpg?fit=80,80\" class=\"object-cover\" alt=\"\" loading=\"lazy\" \/>\t\t\t\t\t\t\t\t\t<\/picture>\n\t\t\t\t\t\t\t\t\t\t\t\t\t\t\t\t\t<picture class=\"glide__slide\">\n\t\t\t\t\t\t\t\t\t\t<img decoding=\"async\" width=\"80\" height=\"80\" src=\"https:\/\/fujifilm-x.b-cdn.net\/wp-content\/uploads\/2026\/03\/2_FLORES-13_Szymon-Kobusinski.jpg?fit=80,80\" class=\"object-cover\" alt=\"\" loading=\"lazy\" \/>\t\t\t\t\t\t\t\t\t<\/picture>\n\t\t\t\t\t\t\t\t\t\t\t\t\t\t\t\t\t<picture class=\"glide__slide\">\n\t\t\t\t\t\t\t\t\t\t<img decoding=\"async\" width=\"80\" height=\"53\" src=\"https:\/\/fujifilm-x.b-cdn.net\/wp-content\/uploads\/2026\/03\/3_TUMULTUS-1_Szymon-Kobusinski.jpg?fit=80,53\" class=\"object-cover\" alt=\"\" loading=\"lazy\" \/>\t\t\t\t\t\t\t\t\t<\/picture>\n\t\t\t\t\t\t\t\t\t\t\t\t\t\t\t\t\t<picture class=\"glide__slide\">\n\t\t\t\t\t\t\t\t\t\t<img decoding=\"async\" width=\"80\" height=\"53\" src=\"https:\/\/fujifilm-x.b-cdn.net\/wp-content\/uploads\/2026\/03\/4_TUMULTUS-2_Szymon-Kobusinski.jpg?fit=80,53\" class=\"object-cover\" alt=\"\" loading=\"lazy\" \/>\t\t\t\t\t\t\t\t\t<\/picture>\n\t\t\t\t\t\t\t\t\t\t\t\t\t\t\t\t\t<picture class=\"glide__slide\">\n\t\t\t\t\t\t\t\t\t\t<img decoding=\"async\" width=\"80\" height=\"80\" src=\"https:\/\/fujifilm-x.b-cdn.net\/wp-content\/uploads\/2026\/03\/5_BODRUM_Wystawa-ERYNIE_Szymon-Kobusinski.jpg?fit=80,80\" class=\"object-cover\" alt=\"\" loading=\"lazy\" \/>\t\t\t\t\t\t\t\t\t<\/picture>\n\t\t\t\t\t\t\t\t\t\t\t\t\t\t\t\t\t<picture class=\"glide__slide\">\n\t\t\t\t\t\t\t\t\t\t<img decoding=\"async\" width=\"80\" height=\"80\" src=\"https:\/\/fujifilm-x.b-cdn.net\/wp-content\/uploads\/2026\/03\/6_ESSEX_Wystawa-ERYNIE_Szymon-Kobusinski.jpg?fit=80,80\" class=\"object-cover\" alt=\"\" loading=\"lazy\" \/>\t\t\t\t\t\t\t\t\t<\/picture>\n\t\t\t\t\t\t\t\t\t\t\t\t\t\t\t\t\t<picture class=\"glide__slide\">\n\t\t\t\t\t\t\t\t\t\t<img decoding=\"async\" width=\"80\" height=\"80\" src=\"https:\/\/fujifilm-x.b-cdn.net\/wp-content\/uploads\/2026\/03\/7_NICEA-2_Wystawa-ERYNIE_Szymon-Kobusinski.jpg?fit=80,80\" class=\"object-cover\" alt=\"\" loading=\"lazy\" \/>\t\t\t\t\t\t\t\t\t<\/picture>\n\t\t\t\t\t\t\t\t\t\t\t\t\t\t\t<\/div>\n\t\t\t\t\t\t\t\t\t\t\t<\/div>\n\t\t\t\t<\/div>\n\t\t\t<\/div>\n\t\t\t\t\t<div class=\"main-stage--slide\">\n\t\t\t\t<div class=\"main-stage__left-content\">\n\t\t\t\t\t<div class=\"flex justify-end gap-5 mb-5\">\n\t\t\t\t\t\t<span class=\"font-fjalla-one font-normal sm:text-lg uppercase block\">\n\t\t\t\t\t\t\t\t\t\t\t\t\t<\/span>\n\t\t\t\t\t\t<span class=\"font-fjalla-one font-normal sm:text-lg uppercase block\">\n\t\t\t\t\t\t\t\t\t\t\t\t\t<\/span>\n\t\t\t\t\t<\/div>\n\t\t\t\t\t<div class=\"sm:flex gap-5 justify-between\">\n\t\t\t\t\t\t\t\t\t\t\t\t\t<div class=\"flex gap-3\">\n\t\t\t\t\t\t\t\t<picture class=\"aspect-3\/2 shrink-0\">\n\t\t\t\t\t\t\t\t\t<img decoding=\"async\" width=\"112\" height=\"140\" src=\"https:\/\/fujifilm-x.b-cdn.net\/wp-content\/uploads\/2026\/03\/Milach-Portret.jpg?fit=112,140\" class=\"h-auto object-cover\" alt=\"\" loading=\"lazy\" \/>\t\t\t\t\t\t\t\t<\/picture>\n\t\t\t\t\t\t\t\t<h5 class=\"wp-block-heading mb-0\">Rafa\u0142 Milach<\/h5>\n\t\t\t\t\t\t\t<\/div>\n\t\t\t\t\t\t\t\t\t\t\t\t<\/div>\n\t\t\t\t\t<div class=\"main-stage__left-content__description\">\n\t\t\t\t\t\t<div class=\"line-clamp-[7] continue-reading\">\n\t\t\t\t\t\t\t<p>Rafa\u0142 Milach \u2013 fotograf, artywista (dzia\u0142aj\u0105cy na styku sztuki i aktywizmu). Wyk\u0142adowca Szko\u0142y Filmowej im. Krzysztofa Kie\u015blowskiego na Uniwersytecie \u015al\u0105skim w Katowicach. Stypendysta Ministra Kultury i Dziedzictwa Narodowego, Departamentu Stanu USA oraz Europejskiej Fundacji Kultury. Laureat nagr\u00f3d World Press Photo, nagrody im. dr. Ericha Salomona, Author\u2019s Book Award na festiwalu Les Rencontres Photographiques d&#8217;Arles. Finalista The Deutsche B\u00f6rse Photography Foundation Prize oraz Paszport\u00f3w \u201ePolityki\u201d. Wsp\u00f3\u0142za\u0142o\u017cyciel kolektyw\u00f3w Archiwum Protest\u00f3w Publicznych oraz Sputnik Photos. Jego prace znajduj\u0105 si\u0119 w kolekcjach Muzeum Sztuki Nowoczesnej w Warszawie, Folkwang Museum, Muzeum Narodowego w Warszawie oraz Centrum Sztuki Wsp\u00f3\u0142czesnej Zamek Ujazdowski. Od 2023 roku cz\u0142onek agencji Magnum Photos. Autor publikacji fotograficznych krytycznie przygl\u0105daj\u0105cych si\u0119 systemom kontroli i strategiom protestu. Podejmuje tematy dotycz\u0105ce napi\u0119\u0107 polityczno-spo\u0142ecznych w regionie by\u0142ego bloku wschodniego.<\/p>\n\t\t\t\t\t\t\t<div class=\"continue-reading__gradient\"><\/div>\n\t\t\t\t\t\t<\/div>\n\t\t\t\t\t\t<button type=\"button\" class=\"continue-reading__button\" role=\"button\">\n\t\t\t\t\t\t\t<span class=\"continue-reading__button--arrow\">\n\t\t\t\t\t\t\t\t<span class=\"continue-reading__button--arrow-elems\">\n\t\t\t\t\t\t\t\t\t<span class=\"continue-reading__button--arrow-elems__first\"><\/span>\n\t\t\t\t\t\t\t\t\t<span class=\"continue-reading__button--arrow-elems__second\"><\/span>\n\t\t\t\t\t\t\t\t<\/span>\n\t\t\t\t\t\t\t<\/span>\n\t\t\t\t\t\t<\/button>\n\t\t\t\t\t<\/div>\n\t\t\t\t<\/div>\n\t\t\t\t<div class=\"main-stage__right-content\">\n\t\t\t\t\t<div class=\"glide glide--17\">\n\t\t\t\t\t\t<div class=\"glide__slides glide__slides--17\">\n\t\t\t\t\t\t\t\t\t\t\t\t\t\t\t<div class=\"relative\">\n\t\t\t\t\t\t\t\t\t<picture class=\"glide__slide relative\">\n\t\t\t\t\t\t\t\t\t\t<img decoding=\"async\" width=\"768\" height=\"610\" src=\"https:\/\/fujifilm-x.b-cdn.net\/wp-content\/uploads\/2026\/03\/milach001.jpg?width=768&amp;height=610\" class=\"h-auto object-contain\" alt=\"\" loading=\"lazy\" srcset=\"https:\/\/fujifilm-x.b-cdn.net\/wp-content\/uploads\/2026\/03\/milach001.jpg?width=300&amp;height=238 300w, https:\/\/fujifilm-x.b-cdn.net\/wp-content\/uploads\/2026\/03\/milach001.jpg?width=768&amp;height=610 768w, https:\/\/fujifilm-x.b-cdn.net\/wp-content\/uploads\/2026\/03\/milach001.jpg?width=378&amp;height=300 378w, https:\/\/fujifilm-x.b-cdn.net\/wp-content\/uploads\/2026\/03\/milach001.jpg?width=365&amp;height=290 365w, https:\/\/fujifilm-x.b-cdn.net\/wp-content\/uploads\/2026\/03\/milach001.jpg?width=600&amp;height=476 600w, https:\/\/fujifilm-x.b-cdn.net\/wp-content\/uploads\/2026\/03\/milach001.jpg?width=717&amp;height=569 717w\" sizes=\"auto, (max-width: 768px) 100vw, 768px\" \/>\t\t\t\t\t\t\t\t\t\t\t\t\t\t\t\t\t\t\t<\/picture>\n\t\t\t\t\t\t\t\t<\/div>\n\t\t\t\t\t\t\t\t\t\t\t\t\t\t\t\t<div class=\"relative\">\n\t\t\t\t\t\t\t\t\t<picture class=\"glide__slide relative\">\n\t\t\t\t\t\t\t\t\t\t<img decoding=\"async\" width=\"768\" height=\"610\" src=\"https:\/\/fujifilm-x.b-cdn.net\/wp-content\/uploads\/2026\/03\/milach002.jpg?width=768&amp;height=610\" class=\"h-auto object-contain\" alt=\"\" loading=\"lazy\" srcset=\"https:\/\/fujifilm-x.b-cdn.net\/wp-content\/uploads\/2026\/03\/milach002.jpg?width=300&amp;height=238 300w, https:\/\/fujifilm-x.b-cdn.net\/wp-content\/uploads\/2026\/03\/milach002.jpg?width=768&amp;height=610 768w, https:\/\/fujifilm-x.b-cdn.net\/wp-content\/uploads\/2026\/03\/milach002.jpg?width=378&amp;height=300 378w, https:\/\/fujifilm-x.b-cdn.net\/wp-content\/uploads\/2026\/03\/milach002.jpg?width=365&amp;height=290 365w, https:\/\/fujifilm-x.b-cdn.net\/wp-content\/uploads\/2026\/03\/milach002.jpg?width=600&amp;height=476 600w, https:\/\/fujifilm-x.b-cdn.net\/wp-content\/uploads\/2026\/03\/milach002.jpg?width=717&amp;height=569 717w\" sizes=\"auto, (max-width: 768px) 100vw, 768px\" \/>\t\t\t\t\t\t\t\t\t\t\t\t\t\t\t\t\t\t\t<\/picture>\n\t\t\t\t\t\t\t\t<\/div>\n\t\t\t\t\t\t\t\t\t\t\t\t\t\t\t\t<div class=\"relative\">\n\t\t\t\t\t\t\t\t\t<picture class=\"glide__slide relative\">\n\t\t\t\t\t\t\t\t\t\t<img decoding=\"async\" width=\"768\" height=\"960\" src=\"https:\/\/fujifilm-x.b-cdn.net\/wp-content\/uploads\/2026\/03\/milach003.jpg?width=768&amp;height=960\" class=\"h-auto object-contain\" alt=\"\" loading=\"lazy\" srcset=\"https:\/\/fujifilm-x.b-cdn.net\/wp-content\/uploads\/2026\/03\/milach003.jpg?width=240&amp;height=300 240w, https:\/\/fujifilm-x.b-cdn.net\/wp-content\/uploads\/2026\/03\/milach003.jpg?width=768&amp;height=960 768w, https:\/\/fujifilm-x.b-cdn.net\/wp-content\/uploads\/2026\/03\/milach003.jpg?width=365&amp;height=456 365w, https:\/\/fujifilm-x.b-cdn.net\/wp-content\/uploads\/2026\/03\/milach003.jpg?width=600&amp;height=750 600w, https:\/\/fujifilm-x.b-cdn.net\/wp-content\/uploads\/2026\/03\/milach003.jpg?width=717&amp;height=896 717w\" sizes=\"auto, (max-width: 768px) 100vw, 768px\" \/>\t\t\t\t\t\t\t\t\t\t\t\t\t\t\t\t\t\t\t<\/picture>\n\t\t\t\t\t\t\t\t<\/div>\n\t\t\t\t\t\t\t\t\t\t\t\t\t\t\t\t<div class=\"relative\">\n\t\t\t\t\t\t\t\t\t<picture class=\"glide__slide relative\">\n\t\t\t\t\t\t\t\t\t\t<img decoding=\"async\" width=\"768\" height=\"611\" src=\"https:\/\/fujifilm-x.b-cdn.net\/wp-content\/uploads\/2026\/03\/milach004.jpg?width=768&amp;height=611\" class=\"h-auto object-contain\" alt=\"\" loading=\"lazy\" srcset=\"https:\/\/fujifilm-x.b-cdn.net\/wp-content\/uploads\/2026\/03\/milach004.jpg?width=300&amp;height=239 300w, https:\/\/fujifilm-x.b-cdn.net\/wp-content\/uploads\/2026\/03\/milach004.jpg?width=768&amp;height=611 768w, https:\/\/fujifilm-x.b-cdn.net\/wp-content\/uploads\/2026\/03\/milach004.jpg?width=377&amp;height=300 377w, https:\/\/fujifilm-x.b-cdn.net\/wp-content\/uploads\/2026\/03\/milach004.jpg?width=365&amp;height=291 365w, https:\/\/fujifilm-x.b-cdn.net\/wp-content\/uploads\/2026\/03\/milach004.jpg?width=600&amp;height=478 600w, https:\/\/fujifilm-x.b-cdn.net\/wp-content\/uploads\/2026\/03\/milach004.jpg?width=717&amp;height=571 717w\" sizes=\"auto, (max-width: 768px) 100vw, 768px\" \/>\t\t\t\t\t\t\t\t\t\t\t\t\t\t\t\t\t\t\t<\/picture>\n\t\t\t\t\t\t\t\t<\/div>\n\t\t\t\t\t\t\t\t\t\t\t\t\t\t\t\t<div class=\"relative\">\n\t\t\t\t\t\t\t\t\t<picture class=\"glide__slide relative\">\n\t\t\t\t\t\t\t\t\t\t<img decoding=\"async\" width=\"768\" height=\"968\" src=\"https:\/\/fujifilm-x.b-cdn.net\/wp-content\/uploads\/2026\/03\/milach005.jpg?width=768&amp;height=968\" class=\"h-auto object-contain\" alt=\"\" loading=\"lazy\" srcset=\"https:\/\/fujifilm-x.b-cdn.net\/wp-content\/uploads\/2026\/03\/milach005.jpg?width=238&amp;height=300 238w, https:\/\/fujifilm-x.b-cdn.net\/wp-content\/uploads\/2026\/03\/milach005.jpg?width=768&amp;height=968 768w, https:\/\/fujifilm-x.b-cdn.net\/wp-content\/uploads\/2026\/03\/milach005.jpg?width=365&amp;height=460 365w, https:\/\/fujifilm-x.b-cdn.net\/wp-content\/uploads\/2026\/03\/milach005.jpg?width=600&amp;height=756 600w, https:\/\/fujifilm-x.b-cdn.net\/wp-content\/uploads\/2026\/03\/milach005.jpg?width=717&amp;height=903 717w\" sizes=\"auto, (max-width: 768px) 100vw, 768px\" \/>\t\t\t\t\t\t\t\t\t\t\t\t\t\t\t\t\t\t\t<\/picture>\n\t\t\t\t\t\t\t\t<\/div>\n\t\t\t\t\t\t\t\t\t\t\t\t\t\t\t\t<div class=\"relative\">\n\t\t\t\t\t\t\t\t\t<picture class=\"glide__slide relative\">\n\t\t\t\t\t\t\t\t\t\t<img decoding=\"async\" width=\"768\" height=\"968\" src=\"https:\/\/fujifilm-x.b-cdn.net\/wp-content\/uploads\/2026\/03\/milach006.jpg?width=768&amp;height=968\" class=\"h-auto object-contain\" alt=\"\" loading=\"lazy\" srcset=\"https:\/\/fujifilm-x.b-cdn.net\/wp-content\/uploads\/2026\/03\/milach006.jpg?width=238&amp;height=300 238w, https:\/\/fujifilm-x.b-cdn.net\/wp-content\/uploads\/2026\/03\/milach006.jpg?width=768&amp;height=968 768w, https:\/\/fujifilm-x.b-cdn.net\/wp-content\/uploads\/2026\/03\/milach006.jpg?width=365&amp;height=460 365w, https:\/\/fujifilm-x.b-cdn.net\/wp-content\/uploads\/2026\/03\/milach006.jpg?width=600&amp;height=756 600w, https:\/\/fujifilm-x.b-cdn.net\/wp-content\/uploads\/2026\/03\/milach006.jpg?width=717&amp;height=903 717w\" sizes=\"auto, (max-width: 768px) 100vw, 768px\" \/>\t\t\t\t\t\t\t\t\t\t\t\t\t\t\t\t\t\t\t<\/picture>\n\t\t\t\t\t\t\t\t<\/div>\n\t\t\t\t\t\t\t\t\t\t\t\t\t\t\t\t<div class=\"relative\">\n\t\t\t\t\t\t\t\t\t<picture class=\"glide__slide relative\">\n\t\t\t\t\t\t\t\t\t\t<img decoding=\"async\" width=\"768\" height=\"610\" src=\"https:\/\/fujifilm-x.b-cdn.net\/wp-content\/uploads\/2026\/03\/milach007.jpg?width=768&amp;height=610\" class=\"h-auto object-contain\" alt=\"\" loading=\"lazy\" srcset=\"https:\/\/fujifilm-x.b-cdn.net\/wp-content\/uploads\/2026\/03\/milach007.jpg?width=300&amp;height=238 300w, https:\/\/fujifilm-x.b-cdn.net\/wp-content\/uploads\/2026\/03\/milach007.jpg?width=768&amp;height=610 768w, https:\/\/fujifilm-x.b-cdn.net\/wp-content\/uploads\/2026\/03\/milach007.jpg?width=378&amp;height=300 378w, https:\/\/fujifilm-x.b-cdn.net\/wp-content\/uploads\/2026\/03\/milach007.jpg?width=365&amp;height=290 365w, https:\/\/fujifilm-x.b-cdn.net\/wp-content\/uploads\/2026\/03\/milach007.jpg?width=600&amp;height=476 600w, https:\/\/fujifilm-x.b-cdn.net\/wp-content\/uploads\/2026\/03\/milach007.jpg?width=717&amp;height=569 717w\" sizes=\"auto, (max-width: 768px) 100vw, 768px\" \/>\t\t\t\t\t\t\t\t\t\t\t\t\t\t\t\t\t\t\t<\/picture>\n\t\t\t\t\t\t\t\t<\/div>\n\t\t\t\t\t\t\t\t\t\t\t\t\t\t<\/div>\n\t\t\t\t\t\t\t\t\t\t\t\t\t<div class=\"glide__slides-nav glide__slides-nav--17\">\n\t\t\t\t\t\t\t\t\t\t\t\t\t\t\t\t\t<picture class=\"glide__slide\">\n\t\t\t\t\t\t\t\t\t\t<img decoding=\"async\" width=\"80\" height=\"64\" src=\"https:\/\/fujifilm-x.b-cdn.net\/wp-content\/uploads\/2026\/03\/milach001.jpg?fit=80,64\" class=\"object-cover\" alt=\"\" loading=\"lazy\" \/>\t\t\t\t\t\t\t\t\t<\/picture>\n\t\t\t\t\t\t\t\t\t\t\t\t\t\t\t\t\t<picture class=\"glide__slide\">\n\t\t\t\t\t\t\t\t\t\t<img decoding=\"async\" width=\"80\" height=\"64\" src=\"https:\/\/fujifilm-x.b-cdn.net\/wp-content\/uploads\/2026\/03\/milach002.jpg?fit=80,64\" class=\"object-cover\" alt=\"\" loading=\"lazy\" \/>\t\t\t\t\t\t\t\t\t<\/picture>\n\t\t\t\t\t\t\t\t\t\t\t\t\t\t\t\t\t<picture class=\"glide__slide\">\n\t\t\t\t\t\t\t\t\t\t<img decoding=\"async\" width=\"64\" height=\"80\" src=\"https:\/\/fujifilm-x.b-cdn.net\/wp-content\/uploads\/2026\/03\/milach003.jpg?fit=64,80\" class=\"object-cover\" alt=\"\" loading=\"lazy\" \/>\t\t\t\t\t\t\t\t\t<\/picture>\n\t\t\t\t\t\t\t\t\t\t\t\t\t\t\t\t\t<picture class=\"glide__slide\">\n\t\t\t\t\t\t\t\t\t\t<img decoding=\"async\" width=\"80\" height=\"64\" src=\"https:\/\/fujifilm-x.b-cdn.net\/wp-content\/uploads\/2026\/03\/milach004.jpg?fit=80,64\" class=\"object-cover\" alt=\"\" loading=\"lazy\" \/>\t\t\t\t\t\t\t\t\t<\/picture>\n\t\t\t\t\t\t\t\t\t\t\t\t\t\t\t\t\t<picture class=\"glide__slide\">\n\t\t\t\t\t\t\t\t\t\t<img decoding=\"async\" width=\"63\" height=\"80\" src=\"https:\/\/fujifilm-x.b-cdn.net\/wp-content\/uploads\/2026\/03\/milach005.jpg?fit=63,80\" class=\"object-cover\" alt=\"\" loading=\"lazy\" \/>\t\t\t\t\t\t\t\t\t<\/picture>\n\t\t\t\t\t\t\t\t\t\t\t\t\t\t\t\t\t<picture class=\"glide__slide\">\n\t\t\t\t\t\t\t\t\t\t<img decoding=\"async\" width=\"63\" height=\"80\" src=\"https:\/\/fujifilm-x.b-cdn.net\/wp-content\/uploads\/2026\/03\/milach006.jpg?fit=63,80\" class=\"object-cover\" alt=\"\" loading=\"lazy\" \/>\t\t\t\t\t\t\t\t\t<\/picture>\n\t\t\t\t\t\t\t\t\t\t\t\t\t\t\t\t\t<picture class=\"glide__slide\">\n\t\t\t\t\t\t\t\t\t\t<img decoding=\"async\" width=\"80\" height=\"64\" src=\"https:\/\/fujifilm-x.b-cdn.net\/wp-content\/uploads\/2026\/03\/milach007.jpg?fit=80,64\" class=\"object-cover\" alt=\"\" loading=\"lazy\" \/>\t\t\t\t\t\t\t\t\t<\/picture>\n\t\t\t\t\t\t\t\t\t\t\t\t\t\t\t<\/div>\n\t\t\t\t\t\t\t\t\t\t\t<\/div>\n\t\t\t\t<\/div>\n\t\t\t<\/div>\n\t\t\t\t\t<div class=\"main-stage--slide\">\n\t\t\t\t<div class=\"main-stage__left-content\">\n\t\t\t\t\t<div class=\"flex justify-end gap-5 mb-5\">\n\t\t\t\t\t\t<span class=\"font-fjalla-one font-normal sm:text-lg uppercase block\">\n\t\t\t\t\t\t\t\t\t\t\t\t\t<\/span>\n\t\t\t\t\t\t<span class=\"font-fjalla-one font-normal sm:text-lg uppercase block\">\n\t\t\t\t\t\t\t\t\t\t\t\t\t<\/span>\n\t\t\t\t\t<\/div>\n\t\t\t\t\t<div class=\"sm:flex gap-5 justify-between\">\n\t\t\t\t\t\t\t\t\t\t\t\t\t<div class=\"flex gap-3\">\n\t\t\t\t\t\t\t\t<picture class=\"aspect-3\/2 shrink-0\">\n\t\t\t\t\t\t\t\t\t<img decoding=\"async\" width=\"112\" height=\"140\" src=\"https:\/\/fujifilm-x.b-cdn.net\/wp-content\/uploads\/2026\/03\/portret_Silvia_Pogoda.jpg?fit=112,140\" class=\"h-auto object-cover\" alt=\"Silvia Pogoda\" loading=\"lazy\" \/>\t\t\t\t\t\t\t\t<\/picture>\n\t\t\t\t\t\t\t\t<h5 class=\"wp-block-heading mb-0\">Silvia Pogoda<\/h5>\n\t\t\t\t\t\t\t<\/div>\n\t\t\t\t\t\t\t\t\t\t\t\t<\/div>\n\t\t\t\t\t<div class=\"main-stage__left-content__description\">\n\t\t\t\t\t\t<div class=\"line-clamp-[7] continue-reading\">\n\t\t\t\t\t\t\t<p>Silvia Pogoda\u00a0&#8211; fotografka, ilustratorka, felietonistka. Uko\u0144czy\u0142a studia doktoranckie na kierunku nauki polityczne na s\u0142owackim Uniwersytecie Mateja Bela w Ba\u0144skiej Bystrzycy. Kszta\u0142ci\u0142a si\u0119 w Instytucie Tw\u00f3rczej Fotografii na Uniwersytecie \u015al\u0105skim w Opawie w Czechach i r\u00f3wnocze\u015bnie w Akademii Sztuk Pi\u0119knych w Wiedniu, gdzie mieszka\u0142a. Od wielu lat prowadzi nomadyczne \u017cycie, przemieszczaj\u0105c si\u0119 pomi\u0119dzy trzema krajami: Polsk\u0105, S\u0142owacj\u0105 i Chorwacj\u0105. Opr\u00f3cz realizowania projekt\u00f3w osobistych fotografuje te\u017c zawodowo, tworzy rysunki dla magazyn\u00f3w, pisze teksty oraz prowadzi wyk\u0142ady. Jej prace by\u0142y prezentowane na licznych wystawach indywidualnych i zbiorowych w Serbii, Rumunii, Austrii, S\u0142owacji, Czechach i Polsce.<\/p>\n\t\t\t\t\t\t\t<div class=\"continue-reading__gradient\"><\/div>\n\t\t\t\t\t\t<\/div>\n\t\t\t\t\t\t<button type=\"button\" class=\"continue-reading__button\" role=\"button\">\n\t\t\t\t\t\t\t<span class=\"continue-reading__button--arrow\">\n\t\t\t\t\t\t\t\t<span class=\"continue-reading__button--arrow-elems\">\n\t\t\t\t\t\t\t\t\t<span class=\"continue-reading__button--arrow-elems__first\"><\/span>\n\t\t\t\t\t\t\t\t\t<span class=\"continue-reading__button--arrow-elems__second\"><\/span>\n\t\t\t\t\t\t\t\t<\/span>\n\t\t\t\t\t\t\t<\/span>\n\t\t\t\t\t\t<\/button>\n\t\t\t\t\t<\/div>\n\t\t\t\t<\/div>\n\t\t\t\t<div class=\"main-stage__right-content\">\n\t\t\t\t\t<div class=\"glide glide--18\">\n\t\t\t\t\t\t<div class=\"glide__slides glide__slides--18\">\n\t\t\t\t\t\t\t\t\t\t\t\t\t\t\t<div class=\"relative\">\n\t\t\t\t\t\t\t\t\t<picture class=\"glide__slide relative\">\n\t\t\t\t\t\t\t\t\t\t<img decoding=\"async\" width=\"768\" height=\"960\" src=\"https:\/\/fujifilm-x.b-cdn.net\/wp-content\/uploads\/2026\/03\/silvia_pogoda_1.jpg?width=768&amp;height=960\" class=\"h-auto object-contain\" alt=\"\" loading=\"lazy\" srcset=\"https:\/\/fujifilm-x.b-cdn.net\/wp-content\/uploads\/2026\/03\/silvia_pogoda_1.jpg?width=240&amp;height=300 240w, https:\/\/fujifilm-x.b-cdn.net\/wp-content\/uploads\/2026\/03\/silvia_pogoda_1.jpg?width=768&amp;height=960 768w, https:\/\/fujifilm-x.b-cdn.net\/wp-content\/uploads\/2026\/03\/silvia_pogoda_1.jpg?width=365&amp;height=456 365w, https:\/\/fujifilm-x.b-cdn.net\/wp-content\/uploads\/2026\/03\/silvia_pogoda_1.jpg?width=600&amp;height=750 600w, https:\/\/fujifilm-x.b-cdn.net\/wp-content\/uploads\/2026\/03\/silvia_pogoda_1.jpg?width=717&amp;height=896 717w\" sizes=\"auto, (max-width: 768px) 100vw, 768px\" \/>\t\t\t\t\t\t\t\t\t\t\t\t\t\t\t\t\t\t\t<\/picture>\n\t\t\t\t\t\t\t\t<\/div>\n\t\t\t\t\t\t\t\t\t\t\t\t\t\t\t\t<div class=\"relative\">\n\t\t\t\t\t\t\t\t\t<picture class=\"glide__slide relative\">\n\t\t\t\t\t\t\t\t\t\t<img decoding=\"async\" width=\"768\" height=\"960\" src=\"https:\/\/fujifilm-x.b-cdn.net\/wp-content\/uploads\/2026\/03\/silvia_pogoda_2.jpg?width=768&amp;height=960\" class=\"h-auto object-contain\" alt=\"\" loading=\"lazy\" srcset=\"https:\/\/fujifilm-x.b-cdn.net\/wp-content\/uploads\/2026\/03\/silvia_pogoda_2.jpg?width=240&amp;height=300 240w, https:\/\/fujifilm-x.b-cdn.net\/wp-content\/uploads\/2026\/03\/silvia_pogoda_2.jpg?width=768&amp;height=960 768w, https:\/\/fujifilm-x.b-cdn.net\/wp-content\/uploads\/2026\/03\/silvia_pogoda_2.jpg?width=365&amp;height=456 365w, https:\/\/fujifilm-x.b-cdn.net\/wp-content\/uploads\/2026\/03\/silvia_pogoda_2.jpg?width=600&amp;height=750 600w, https:\/\/fujifilm-x.b-cdn.net\/wp-content\/uploads\/2026\/03\/silvia_pogoda_2.jpg?width=717&amp;height=896 717w\" sizes=\"auto, (max-width: 768px) 100vw, 768px\" \/>\t\t\t\t\t\t\t\t\t\t\t\t\t\t\t\t\t\t\t<\/picture>\n\t\t\t\t\t\t\t\t<\/div>\n\t\t\t\t\t\t\t\t\t\t\t\t\t\t\t\t<div class=\"relative\">\n\t\t\t\t\t\t\t\t\t<picture class=\"glide__slide relative\">\n\t\t\t\t\t\t\t\t\t\t<img decoding=\"async\" width=\"768\" height=\"960\" src=\"https:\/\/fujifilm-x.b-cdn.net\/wp-content\/uploads\/2026\/03\/silvia_pogoda_3.jpg?width=768&amp;height=960\" class=\"h-auto object-contain\" alt=\"\" loading=\"lazy\" srcset=\"https:\/\/fujifilm-x.b-cdn.net\/wp-content\/uploads\/2026\/03\/silvia_pogoda_3.jpg?width=240&amp;height=300 240w, https:\/\/fujifilm-x.b-cdn.net\/wp-content\/uploads\/2026\/03\/silvia_pogoda_3.jpg?width=768&amp;height=960 768w, https:\/\/fujifilm-x.b-cdn.net\/wp-content\/uploads\/2026\/03\/silvia_pogoda_3.jpg?width=365&amp;height=456 365w, https:\/\/fujifilm-x.b-cdn.net\/wp-content\/uploads\/2026\/03\/silvia_pogoda_3.jpg?width=600&amp;height=750 600w, https:\/\/fujifilm-x.b-cdn.net\/wp-content\/uploads\/2026\/03\/silvia_pogoda_3.jpg?width=717&amp;height=896 717w\" sizes=\"auto, (max-width: 768px) 100vw, 768px\" \/>\t\t\t\t\t\t\t\t\t\t\t\t\t\t\t\t\t\t\t<\/picture>\n\t\t\t\t\t\t\t\t<\/div>\n\t\t\t\t\t\t\t\t\t\t\t\t\t\t\t\t<div class=\"relative\">\n\t\t\t\t\t\t\t\t\t<picture class=\"glide__slide relative\">\n\t\t\t\t\t\t\t\t\t\t<img decoding=\"async\" width=\"768\" height=\"1024\" src=\"https:\/\/fujifilm-x.b-cdn.net\/wp-content\/uploads\/2026\/03\/silvia_pogoda_4.jpg?width=768&amp;height=1024\" class=\"h-auto object-contain\" alt=\"\" loading=\"lazy\" srcset=\"https:\/\/fujifilm-x.b-cdn.net\/wp-content\/uploads\/2026\/03\/silvia_pogoda_4.jpg?width=225&amp;height=300 225w, https:\/\/fujifilm-x.b-cdn.net\/wp-content\/uploads\/2026\/03\/silvia_pogoda_4.jpg?width=768&amp;height=1024 768w, https:\/\/fujifilm-x.b-cdn.net\/wp-content\/uploads\/2026\/03\/silvia_pogoda_4.jpg?width=365&amp;height=487 365w, https:\/\/fujifilm-x.b-cdn.net\/wp-content\/uploads\/2026\/03\/silvia_pogoda_4.jpg?width=600&amp;height=800 600w, https:\/\/fujifilm-x.b-cdn.net\/wp-content\/uploads\/2026\/03\/silvia_pogoda_4.jpg?width=640&amp;height=854 640w, https:\/\/fujifilm-x.b-cdn.net\/wp-content\/uploads\/2026\/03\/silvia_pogoda_4.jpg?width=717&amp;height=956 717w\" sizes=\"auto, (max-width: 768px) 100vw, 768px\" \/>\t\t\t\t\t\t\t\t\t\t\t\t\t\t\t\t\t\t\t<\/picture>\n\t\t\t\t\t\t\t\t<\/div>\n\t\t\t\t\t\t\t\t\t\t\t\t\t\t\t\t<div class=\"relative\">\n\t\t\t\t\t\t\t\t\t<picture class=\"glide__slide relative\">\n\t\t\t\t\t\t\t\t\t\t<img decoding=\"async\" width=\"768\" height=\"960\" src=\"https:\/\/fujifilm-x.b-cdn.net\/wp-content\/uploads\/2026\/03\/silvia_pogoda_6.jpg?width=768&amp;height=960\" class=\"h-auto object-contain\" alt=\"\" loading=\"lazy\" srcset=\"https:\/\/fujifilm-x.b-cdn.net\/wp-content\/uploads\/2026\/03\/silvia_pogoda_6.jpg?width=240&amp;height=300 240w, https:\/\/fujifilm-x.b-cdn.net\/wp-content\/uploads\/2026\/03\/silvia_pogoda_6.jpg?width=768&amp;height=960 768w, https:\/\/fujifilm-x.b-cdn.net\/wp-content\/uploads\/2026\/03\/silvia_pogoda_6.jpg?width=365&amp;height=456 365w, https:\/\/fujifilm-x.b-cdn.net\/wp-content\/uploads\/2026\/03\/silvia_pogoda_6.jpg?width=600&amp;height=750 600w, https:\/\/fujifilm-x.b-cdn.net\/wp-content\/uploads\/2026\/03\/silvia_pogoda_6.jpg?width=717&amp;height=896 717w\" sizes=\"auto, (max-width: 768px) 100vw, 768px\" \/>\t\t\t\t\t\t\t\t\t\t\t\t\t\t\t\t\t\t\t<\/picture>\n\t\t\t\t\t\t\t\t<\/div>\n\t\t\t\t\t\t\t\t\t\t\t\t\t\t\t\t<div class=\"relative\">\n\t\t\t\t\t\t\t\t\t<picture class=\"glide__slide relative\">\n\t\t\t\t\t\t\t\t\t\t<img decoding=\"async\" width=\"768\" height=\"960\" src=\"https:\/\/fujifilm-x.b-cdn.net\/wp-content\/uploads\/2026\/03\/silvia_pogoda_7.jpg?width=768&amp;height=960\" class=\"h-auto object-contain\" alt=\"\" loading=\"lazy\" srcset=\"https:\/\/fujifilm-x.b-cdn.net\/wp-content\/uploads\/2026\/03\/silvia_pogoda_7.jpg?width=240&amp;height=300 240w, https:\/\/fujifilm-x.b-cdn.net\/wp-content\/uploads\/2026\/03\/silvia_pogoda_7.jpg?width=768&amp;height=960 768w, https:\/\/fujifilm-x.b-cdn.net\/wp-content\/uploads\/2026\/03\/silvia_pogoda_7.jpg?width=365&amp;height=456 365w, https:\/\/fujifilm-x.b-cdn.net\/wp-content\/uploads\/2026\/03\/silvia_pogoda_7.jpg?width=600&amp;height=750 600w, https:\/\/fujifilm-x.b-cdn.net\/wp-content\/uploads\/2026\/03\/silvia_pogoda_7.jpg?width=717&amp;height=896 717w\" sizes=\"auto, (max-width: 768px) 100vw, 768px\" \/>\t\t\t\t\t\t\t\t\t\t\t\t\t\t\t\t\t\t\t<\/picture>\n\t\t\t\t\t\t\t\t<\/div>\n\t\t\t\t\t\t\t\t\t\t\t\t\t\t\t\t<div class=\"relative\">\n\t\t\t\t\t\t\t\t\t<picture class=\"glide__slide relative\">\n\t\t\t\t\t\t\t\t\t\t<img decoding=\"async\" width=\"768\" height=\"960\" src=\"https:\/\/fujifilm-x.b-cdn.net\/wp-content\/uploads\/2026\/03\/silvia_pogoda_8.jpg?width=768&amp;height=960\" class=\"h-auto object-contain\" alt=\"\" loading=\"lazy\" srcset=\"https:\/\/fujifilm-x.b-cdn.net\/wp-content\/uploads\/2026\/03\/silvia_pogoda_8.jpg?width=240&amp;height=300 240w, https:\/\/fujifilm-x.b-cdn.net\/wp-content\/uploads\/2026\/03\/silvia_pogoda_8.jpg?width=768&amp;height=960 768w, https:\/\/fujifilm-x.b-cdn.net\/wp-content\/uploads\/2026\/03\/silvia_pogoda_8.jpg?width=365&amp;height=456 365w, https:\/\/fujifilm-x.b-cdn.net\/wp-content\/uploads\/2026\/03\/silvia_pogoda_8.jpg?width=600&amp;height=750 600w, https:\/\/fujifilm-x.b-cdn.net\/wp-content\/uploads\/2026\/03\/silvia_pogoda_8.jpg?width=717&amp;height=896 717w\" sizes=\"auto, (max-width: 768px) 100vw, 768px\" \/>\t\t\t\t\t\t\t\t\t\t\t\t\t\t\t\t\t\t\t<\/picture>\n\t\t\t\t\t\t\t\t<\/div>\n\t\t\t\t\t\t\t\t\t\t\t\t\t\t\t\t<div class=\"relative\">\n\t\t\t\t\t\t\t\t\t<picture class=\"glide__slide relative\">\n\t\t\t\t\t\t\t\t\t\t<img decoding=\"async\" width=\"768\" height=\"960\" src=\"https:\/\/fujifilm-x.b-cdn.net\/wp-content\/uploads\/2026\/03\/silvia_pogoda_9.jpg?width=768&amp;height=960\" class=\"h-auto object-contain\" alt=\"\" loading=\"lazy\" srcset=\"https:\/\/fujifilm-x.b-cdn.net\/wp-content\/uploads\/2026\/03\/silvia_pogoda_9.jpg?width=240&amp;height=300 240w, https:\/\/fujifilm-x.b-cdn.net\/wp-content\/uploads\/2026\/03\/silvia_pogoda_9.jpg?width=768&amp;height=960 768w, https:\/\/fujifilm-x.b-cdn.net\/wp-content\/uploads\/2026\/03\/silvia_pogoda_9.jpg?width=365&amp;height=456 365w, https:\/\/fujifilm-x.b-cdn.net\/wp-content\/uploads\/2026\/03\/silvia_pogoda_9.jpg?width=600&amp;height=750 600w, https:\/\/fujifilm-x.b-cdn.net\/wp-content\/uploads\/2026\/03\/silvia_pogoda_9.jpg?width=717&amp;height=896 717w\" sizes=\"auto, (max-width: 768px) 100vw, 768px\" \/>\t\t\t\t\t\t\t\t\t\t\t\t\t\t\t\t\t\t\t<\/picture>\n\t\t\t\t\t\t\t\t<\/div>\n\t\t\t\t\t\t\t\t\t\t\t\t\t\t\t\t<div class=\"relative\">\n\t\t\t\t\t\t\t\t\t<picture class=\"glide__slide relative\">\n\t\t\t\t\t\t\t\t\t\t<img decoding=\"async\" width=\"768\" height=\"960\" src=\"https:\/\/fujifilm-x.b-cdn.net\/wp-content\/uploads\/2026\/03\/silvia_pogoda_10.jpg?width=768&amp;height=960\" class=\"h-auto object-contain\" alt=\"\" loading=\"lazy\" srcset=\"https:\/\/fujifilm-x.b-cdn.net\/wp-content\/uploads\/2026\/03\/silvia_pogoda_10.jpg?width=240&amp;height=300 240w, https:\/\/fujifilm-x.b-cdn.net\/wp-content\/uploads\/2026\/03\/silvia_pogoda_10.jpg?width=768&amp;height=960 768w, https:\/\/fujifilm-x.b-cdn.net\/wp-content\/uploads\/2026\/03\/silvia_pogoda_10.jpg?width=365&amp;height=456 365w, https:\/\/fujifilm-x.b-cdn.net\/wp-content\/uploads\/2026\/03\/silvia_pogoda_10.jpg?width=600&amp;height=750 600w, https:\/\/fujifilm-x.b-cdn.net\/wp-content\/uploads\/2026\/03\/silvia_pogoda_10.jpg?width=717&amp;height=896 717w\" sizes=\"auto, (max-width: 768px) 100vw, 768px\" \/>\t\t\t\t\t\t\t\t\t\t\t\t\t\t\t\t\t\t\t<\/picture>\n\t\t\t\t\t\t\t\t<\/div>\n\t\t\t\t\t\t\t\t\t\t\t\t\t\t<\/div>\n\t\t\t\t\t\t\t\t\t\t\t\t\t<div class=\"glide__slides-nav glide__slides-nav--18\">\n\t\t\t\t\t\t\t\t\t\t\t\t\t\t\t\t\t<picture class=\"glide__slide\">\n\t\t\t\t\t\t\t\t\t\t<img decoding=\"async\" width=\"64\" height=\"80\" src=\"https:\/\/fujifilm-x.b-cdn.net\/wp-content\/uploads\/2026\/03\/silvia_pogoda_1.jpg?fit=64,80\" class=\"object-cover\" alt=\"\" loading=\"lazy\" \/>\t\t\t\t\t\t\t\t\t<\/picture>\n\t\t\t\t\t\t\t\t\t\t\t\t\t\t\t\t\t<picture class=\"glide__slide\">\n\t\t\t\t\t\t\t\t\t\t<img decoding=\"async\" width=\"64\" height=\"80\" src=\"https:\/\/fujifilm-x.b-cdn.net\/wp-content\/uploads\/2026\/03\/silvia_pogoda_2.jpg?fit=64,80\" class=\"object-cover\" alt=\"\" loading=\"lazy\" \/>\t\t\t\t\t\t\t\t\t<\/picture>\n\t\t\t\t\t\t\t\t\t\t\t\t\t\t\t\t\t<picture class=\"glide__slide\">\n\t\t\t\t\t\t\t\t\t\t<img decoding=\"async\" width=\"64\" height=\"80\" src=\"https:\/\/fujifilm-x.b-cdn.net\/wp-content\/uploads\/2026\/03\/silvia_pogoda_3.jpg?fit=64,80\" class=\"object-cover\" alt=\"\" loading=\"lazy\" \/>\t\t\t\t\t\t\t\t\t<\/picture>\n\t\t\t\t\t\t\t\t\t\t\t\t\t\t\t\t\t<picture class=\"glide__slide\">\n\t\t\t\t\t\t\t\t\t\t<img decoding=\"async\" width=\"60\" height=\"80\" src=\"https:\/\/fujifilm-x.b-cdn.net\/wp-content\/uploads\/2026\/03\/silvia_pogoda_4.jpg?fit=60,80\" class=\"object-cover\" alt=\"\" loading=\"lazy\" \/>\t\t\t\t\t\t\t\t\t<\/picture>\n\t\t\t\t\t\t\t\t\t\t\t\t\t\t\t\t\t<picture class=\"glide__slide\">\n\t\t\t\t\t\t\t\t\t\t<img decoding=\"async\" width=\"64\" height=\"80\" src=\"https:\/\/fujifilm-x.b-cdn.net\/wp-content\/uploads\/2026\/03\/silvia_pogoda_6.jpg?fit=64,80\" class=\"object-cover\" alt=\"\" loading=\"lazy\" \/>\t\t\t\t\t\t\t\t\t<\/picture>\n\t\t\t\t\t\t\t\t\t\t\t\t\t\t\t\t\t<picture class=\"glide__slide\">\n\t\t\t\t\t\t\t\t\t\t<img decoding=\"async\" width=\"64\" height=\"80\" src=\"https:\/\/fujifilm-x.b-cdn.net\/wp-content\/uploads\/2026\/03\/silvia_pogoda_7.jpg?fit=64,80\" class=\"object-cover\" alt=\"\" loading=\"lazy\" \/>\t\t\t\t\t\t\t\t\t<\/picture>\n\t\t\t\t\t\t\t\t\t\t\t\t\t\t\t\t\t<picture class=\"glide__slide\">\n\t\t\t\t\t\t\t\t\t\t<img decoding=\"async\" width=\"64\" height=\"80\" src=\"https:\/\/fujifilm-x.b-cdn.net\/wp-content\/uploads\/2026\/03\/silvia_pogoda_8.jpg?fit=64,80\" class=\"object-cover\" alt=\"\" loading=\"lazy\" \/>\t\t\t\t\t\t\t\t\t<\/picture>\n\t\t\t\t\t\t\t\t\t\t\t\t\t\t\t\t\t<picture class=\"glide__slide\">\n\t\t\t\t\t\t\t\t\t\t<img decoding=\"async\" width=\"64\" height=\"80\" src=\"https:\/\/fujifilm-x.b-cdn.net\/wp-content\/uploads\/2026\/03\/silvia_pogoda_9.jpg?fit=64,80\" class=\"object-cover\" alt=\"\" loading=\"lazy\" \/>\t\t\t\t\t\t\t\t\t<\/picture>\n\t\t\t\t\t\t\t\t\t\t\t\t\t\t\t\t\t<picture class=\"glide__slide\">\n\t\t\t\t\t\t\t\t\t\t<img decoding=\"async\" width=\"64\" height=\"80\" src=\"https:\/\/fujifilm-x.b-cdn.net\/wp-content\/uploads\/2026\/03\/silvia_pogoda_10.jpg?fit=64,80\" class=\"object-cover\" alt=\"\" loading=\"lazy\" \/>\t\t\t\t\t\t\t\t\t<\/picture>\n\t\t\t\t\t\t\t\t\t\t\t\t\t\t\t<\/div>\n\t\t\t\t\t\t\t\t\t\t\t<\/div>\n\t\t\t\t<\/div>\n\t\t\t<\/div>\n\t\t\t\t\t<div class=\"main-stage--slide\">\n\t\t\t\t<div class=\"main-stage__left-content\">\n\t\t\t\t\t<div class=\"flex justify-end gap-5 mb-5\">\n\t\t\t\t\t\t<span class=\"font-fjalla-one font-normal sm:text-lg uppercase block\">\n\t\t\t\t\t\t\t\t\t\t\t\t\t<\/span>\n\t\t\t\t\t\t<span class=\"font-fjalla-one font-normal sm:text-lg uppercase block\">\n\t\t\t\t\t\t\t\t\t\t\t\t\t<\/span>\n\t\t\t\t\t<\/div>\n\t\t\t\t\t<div class=\"sm:flex gap-5 justify-between\">\n\t\t\t\t\t\t\t\t\t\t\t\t\t<div class=\"flex gap-3\">\n\t\t\t\t\t\t\t\t<picture class=\"aspect-3\/2 shrink-0\">\n\t\t\t\t\t\t\t\t\t<img decoding=\"async\" width=\"140\" height=\"93\" src=\"https:\/\/fujifilm-x.b-cdn.net\/wp-content\/uploads\/2026\/03\/Tomek_TOMKOWIAK-1.jpg?fit=140,93\" class=\"h-auto object-cover\" alt=\"\" loading=\"lazy\" \/>\t\t\t\t\t\t\t\t<\/picture>\n\t\t\t\t\t\t\t\t<h5 class=\"wp-block-heading mb-0\">Tomek Tomkowiak<\/h5>\n\t\t\t\t\t\t\t<\/div>\n\t\t\t\t\t\t\t\t\t\t\t\t<\/div>\n\t\t\t\t\t<div class=\"main-stage__left-content__description\">\n\t\t\t\t\t\t<div class=\"line-clamp-[7] continue-reading\">\n\t\t\t\t\t\t\t<p>Tomek Tomkowiak \u2013 z wykszta\u0142cenia filozof, z zami\u0142owania podr\u00f3\u017cnik, z pasji fotograf. Specjalizuje si\u0119 w sesjach komercyjnych, g\u0142\u00f3wnie czarno-bia\u0142ych, projektach autorskich, a tak\u017ce w zdj\u0119ciach typu glamour, fashion i nude.<\/p>\n<p>Dwukrotny laureat konkursu Photo Erotica organizowanego przez polsk\u0105 edycj\u0119 \u201ePlayboya\u201d (raz otrzyma\u0142 pierwsze miejsce). Jest te\u017c laureatem mi\u0119dzynarodowych konkurs\u00f3w PX3 (Prix de la Photographie Paris), IPA (Los Angeles) i Viva! Photo Awards. Publikowa\u0142 w magazynach modowych, podr\u00f3\u017cniczych i lifestylowych, takich jak: \u201eViva!\u201d, \u201eCosmopolitan\u201d, \u201eElle\u201d, \u201ePodr\u00f3\u017ce\u201d, \u201ePoznaj \u015bwiat\u201d, \u201eNational Geographic Traveler Polska\u201d, \u201eVoyage\u201d, \u201eKontynenty\u201d, \u201eLaif\u201d, \u201eDigital Photographer\u201d, \u201eDigital Camera\u201d. Na sta\u0142e wsp\u00f3\u0142pracowa\u0142 z ameryka\u0144skimi magazynami \u201eVOLO Magazine\u201d, \u201eVOLOGLAM\u201d oraz \u201eFSHN\u201d, dla kt\u00f3rych realizowa\u0142 sesje zdj\u0119ciowe w Nowym Jorku, Los Angeles i San Francisco. Jego zdj\u0119cia znalaz\u0142y si\u0119 r\u00f3wnie\u017c w mi\u0119dzynarodowych edycjach \u201ePlayboya\u201d.<\/p>\n<p>0d pa\u017adziernika 2017 roku jest ambasadorem Fujifilm. Prowadzi warsztaty w Japonii, Tanzanii, Wietnamie i Birmie, podczas kt\u00f3rych \u0142\u0105czy pasj\u0119 fotografowania z podr\u00f3\u017cami. W fotograficznych w\u0119dr\u00f3wkach najcz\u0119\u015bciej odwiedza jednak Afryk\u0119. Regularnie wraca na Zanzibar, kt\u00f3ry sta\u0142 si\u0119 jego drugim domem, a tak\u017ce obiektem zainteresowa\u0144 zawodowych. W 2011 roku Tomkowiak wyda\u0142 pierwszy w Polsce fotograficzny album o Zanzibarze, a jedena\u015bcie lat p\u00f3\u017aniej zanzibarsk\u0105 odysej\u0119 zamkn\u0105\u0142 drug\u0105 publikacj\u0105 \u201e6 Degree\u201d.<\/p>\n<p>Ambasador Fujifilm.<\/p>\n\t\t\t\t\t\t\t<div class=\"continue-reading__gradient\"><\/div>\n\t\t\t\t\t\t<\/div>\n\t\t\t\t\t\t<button type=\"button\" class=\"continue-reading__button\" role=\"button\">\n\t\t\t\t\t\t\t<span class=\"continue-reading__button--arrow\">\n\t\t\t\t\t\t\t\t<span class=\"continue-reading__button--arrow-elems\">\n\t\t\t\t\t\t\t\t\t<span class=\"continue-reading__button--arrow-elems__first\"><\/span>\n\t\t\t\t\t\t\t\t\t<span class=\"continue-reading__button--arrow-elems__second\"><\/span>\n\t\t\t\t\t\t\t\t<\/span>\n\t\t\t\t\t\t\t<\/span>\n\t\t\t\t\t\t<\/button>\n\t\t\t\t\t<\/div>\n\t\t\t\t<\/div>\n\t\t\t\t<div class=\"main-stage__right-content\">\n\t\t\t\t\t<div class=\"glide glide--19\">\n\t\t\t\t\t\t<div class=\"glide__slides glide__slides--19\">\n\t\t\t\t\t\t\t\t\t\t\t\t\t\t\t<div class=\"relative\">\n\t\t\t\t\t\t\t\t\t<picture class=\"glide__slide relative\">\n\t\t\t\t\t\t\t\t\t\t<img decoding=\"async\" width=\"768\" height=\"1158\" src=\"https:\/\/fujifilm-x.b-cdn.net\/wp-content\/uploads\/2026\/03\/Tomek_TOMKOWIAK-2.jpg?width=768&amp;height=1158\" class=\"h-auto object-contain\" alt=\"\" loading=\"lazy\" srcset=\"https:\/\/fujifilm-x.b-cdn.net\/wp-content\/uploads\/2026\/03\/Tomek_TOMKOWIAK-2.jpg?width=199&amp;height=300 199w, https:\/\/fujifilm-x.b-cdn.net\/wp-content\/uploads\/2026\/03\/Tomek_TOMKOWIAK-2.jpg?width=679&amp;height=1024 679w, https:\/\/fujifilm-x.b-cdn.net\/wp-content\/uploads\/2026\/03\/Tomek_TOMKOWIAK-2.jpg?width=768&amp;height=1158 768w, https:\/\/fujifilm-x.b-cdn.net\/wp-content\/uploads\/2026\/03\/Tomek_TOMKOWIAK-2.jpg?width=365&amp;height=550 365w, https:\/\/fujifilm-x.b-cdn.net\/wp-content\/uploads\/2026\/03\/Tomek_TOMKOWIAK-2.jpg?width=600&amp;height=905 600w, https:\/\/fujifilm-x.b-cdn.net\/wp-content\/uploads\/2026\/03\/Tomek_TOMKOWIAK-2.jpg?width=717&amp;height=1081 717w\" sizes=\"auto, (max-width: 768px) 100vw, 768px\" \/>\t\t\t\t\t\t\t\t\t\t\t\t\t\t\t\t\t\t\t<\/picture>\n\t\t\t\t\t\t\t\t<\/div>\n\t\t\t\t\t\t\t\t\t\t\t\t\t\t\t\t<div class=\"relative\">\n\t\t\t\t\t\t\t\t\t<picture class=\"glide__slide relative\">\n\t\t\t\t\t\t\t\t\t\t<img decoding=\"async\" width=\"768\" height=\"1024\" src=\"https:\/\/fujifilm-x.b-cdn.net\/wp-content\/uploads\/2026\/03\/Tomek_TOMKOWIAK-3.jpg?width=768&amp;height=1024\" class=\"h-auto object-contain\" alt=\"\" loading=\"lazy\" srcset=\"https:\/\/fujifilm-x.b-cdn.net\/wp-content\/uploads\/2026\/03\/Tomek_TOMKOWIAK-3.jpg?width=225&amp;height=300 225w, https:\/\/fujifilm-x.b-cdn.net\/wp-content\/uploads\/2026\/03\/Tomek_TOMKOWIAK-3.jpg?width=768&amp;height=1024 768w, https:\/\/fujifilm-x.b-cdn.net\/wp-content\/uploads\/2026\/03\/Tomek_TOMKOWIAK-3.jpg?width=365&amp;height=487 365w, https:\/\/fujifilm-x.b-cdn.net\/wp-content\/uploads\/2026\/03\/Tomek_TOMKOWIAK-3.jpg?width=600&amp;height=800 600w, https:\/\/fujifilm-x.b-cdn.net\/wp-content\/uploads\/2026\/03\/Tomek_TOMKOWIAK-3.jpg?width=640&amp;height=854 640w, https:\/\/fujifilm-x.b-cdn.net\/wp-content\/uploads\/2026\/03\/Tomek_TOMKOWIAK-3.jpg?width=717&amp;height=956 717w\" sizes=\"auto, (max-width: 768px) 100vw, 768px\" \/>\t\t\t\t\t\t\t\t\t\t\t\t\t\t\t\t\t\t\t<\/picture>\n\t\t\t\t\t\t\t\t<\/div>\n\t\t\t\t\t\t\t\t\t\t\t\t\t\t\t\t<div class=\"relative\">\n\t\t\t\t\t\t\t\t\t<picture class=\"glide__slide relative\">\n\t\t\t\t\t\t\t\t\t\t<img decoding=\"async\" width=\"768\" height=\"1115\" src=\"https:\/\/fujifilm-x.b-cdn.net\/wp-content\/uploads\/2026\/03\/Tomek_TOMKOWIAK-4.jpg?width=768&amp;height=1115\" class=\"h-auto object-contain\" alt=\"\" loading=\"lazy\" srcset=\"https:\/\/fujifilm-x.b-cdn.net\/wp-content\/uploads\/2026\/03\/Tomek_TOMKOWIAK-4.jpg?width=207&amp;height=300 207w, https:\/\/fujifilm-x.b-cdn.net\/wp-content\/uploads\/2026\/03\/Tomek_TOMKOWIAK-4.jpg?width=705&amp;height=1024 705w, https:\/\/fujifilm-x.b-cdn.net\/wp-content\/uploads\/2026\/03\/Tomek_TOMKOWIAK-4.jpg?width=768&amp;height=1115 768w, https:\/\/fujifilm-x.b-cdn.net\/wp-content\/uploads\/2026\/03\/Tomek_TOMKOWIAK-4.jpg?width=365&amp;height=530 365w, https:\/\/fujifilm-x.b-cdn.net\/wp-content\/uploads\/2026\/03\/Tomek_TOMKOWIAK-4.jpg?width=600&amp;height=871 600w, https:\/\/fujifilm-x.b-cdn.net\/wp-content\/uploads\/2026\/03\/Tomek_TOMKOWIAK-4.jpg?width=717&amp;height=1041 717w\" sizes=\"auto, (max-width: 768px) 100vw, 768px\" \/>\t\t\t\t\t\t\t\t\t\t\t\t\t\t\t\t\t\t\t<\/picture>\n\t\t\t\t\t\t\t\t<\/div>\n\t\t\t\t\t\t\t\t\t\t\t\t\t\t\t\t<div class=\"relative\">\n\t\t\t\t\t\t\t\t\t<picture class=\"glide__slide relative\">\n\t\t\t\t\t\t\t\t\t\t<img decoding=\"async\" width=\"768\" height=\"960\" src=\"https:\/\/fujifilm-x.b-cdn.net\/wp-content\/uploads\/2026\/03\/Tomek_TOMKOWIAK-5.jpg?width=768&amp;height=960\" class=\"h-auto object-contain\" alt=\"\" loading=\"lazy\" srcset=\"https:\/\/fujifilm-x.b-cdn.net\/wp-content\/uploads\/2026\/03\/Tomek_TOMKOWIAK-5.jpg?width=240&amp;height=300 240w, https:\/\/fujifilm-x.b-cdn.net\/wp-content\/uploads\/2026\/03\/Tomek_TOMKOWIAK-5.jpg?width=768&amp;height=960 768w, https:\/\/fujifilm-x.b-cdn.net\/wp-content\/uploads\/2026\/03\/Tomek_TOMKOWIAK-5.jpg?width=365&amp;height=456 365w, https:\/\/fujifilm-x.b-cdn.net\/wp-content\/uploads\/2026\/03\/Tomek_TOMKOWIAK-5.jpg?width=600&amp;height=750 600w, https:\/\/fujifilm-x.b-cdn.net\/wp-content\/uploads\/2026\/03\/Tomek_TOMKOWIAK-5.jpg?width=717&amp;height=896 717w\" sizes=\"auto, (max-width: 768px) 100vw, 768px\" \/>\t\t\t\t\t\t\t\t\t\t\t\t\t\t\t\t\t\t\t<\/picture>\n\t\t\t\t\t\t\t\t<\/div>\n\t\t\t\t\t\t\t\t\t\t\t\t\t\t\t\t<div class=\"relative\">\n\t\t\t\t\t\t\t\t\t<picture class=\"glide__slide relative\">\n\t\t\t\t\t\t\t\t\t\t<img decoding=\"async\" width=\"768\" height=\"1024\" src=\"https:\/\/fujifilm-x.b-cdn.net\/wp-content\/uploads\/2026\/03\/Tomek_TOMKOWIAK-6.jpg?width=768&amp;height=1024\" class=\"h-auto object-contain\" alt=\"\" loading=\"lazy\" srcset=\"https:\/\/fujifilm-x.b-cdn.net\/wp-content\/uploads\/2026\/03\/Tomek_TOMKOWIAK-6.jpg?width=225&amp;height=300 225w, https:\/\/fujifilm-x.b-cdn.net\/wp-content\/uploads\/2026\/03\/Tomek_TOMKOWIAK-6.jpg?width=768&amp;height=1024 768w, https:\/\/fujifilm-x.b-cdn.net\/wp-content\/uploads\/2026\/03\/Tomek_TOMKOWIAK-6.jpg?width=365&amp;height=487 365w, https:\/\/fujifilm-x.b-cdn.net\/wp-content\/uploads\/2026\/03\/Tomek_TOMKOWIAK-6.jpg?width=600&amp;height=800 600w, https:\/\/fujifilm-x.b-cdn.net\/wp-content\/uploads\/2026\/03\/Tomek_TOMKOWIAK-6.jpg?width=640&amp;height=854 640w, https:\/\/fujifilm-x.b-cdn.net\/wp-content\/uploads\/2026\/03\/Tomek_TOMKOWIAK-6.jpg?width=717&amp;height=956 717w\" sizes=\"auto, (max-width: 768px) 100vw, 768px\" \/>\t\t\t\t\t\t\t\t\t\t\t\t\t\t\t\t\t\t\t<\/picture>\n\t\t\t\t\t\t\t\t<\/div>\n\t\t\t\t\t\t\t\t\t\t\t\t\t\t\t\t<div class=\"relative\">\n\t\t\t\t\t\t\t\t\t<picture class=\"glide__slide relative\">\n\t\t\t\t\t\t\t\t\t\t<img decoding=\"async\" width=\"768\" height=\"1038\" src=\"https:\/\/fujifilm-x.b-cdn.net\/wp-content\/uploads\/2026\/03\/Tomek_TOMKOWIAK-7.jpg?width=768&amp;height=1038\" class=\"h-auto object-contain\" alt=\"\" loading=\"lazy\" srcset=\"https:\/\/fujifilm-x.b-cdn.net\/wp-content\/uploads\/2026\/03\/Tomek_TOMKOWIAK-7.jpg?width=222&amp;height=300 222w, https:\/\/fujifilm-x.b-cdn.net\/wp-content\/uploads\/2026\/03\/Tomek_TOMKOWIAK-7.jpg?width=758&amp;height=1024 758w, https:\/\/fujifilm-x.b-cdn.net\/wp-content\/uploads\/2026\/03\/Tomek_TOMKOWIAK-7.jpg?width=768&amp;height=1038 768w, https:\/\/fujifilm-x.b-cdn.net\/wp-content\/uploads\/2026\/03\/Tomek_TOMKOWIAK-7.jpg?width=365&amp;height=493 365w, https:\/\/fujifilm-x.b-cdn.net\/wp-content\/uploads\/2026\/03\/Tomek_TOMKOWIAK-7.jpg?width=600&amp;height=811 600w, https:\/\/fujifilm-x.b-cdn.net\/wp-content\/uploads\/2026\/03\/Tomek_TOMKOWIAK-7.jpg?width=717&amp;height=969 717w\" sizes=\"auto, (max-width: 768px) 100vw, 768px\" \/>\t\t\t\t\t\t\t\t\t\t\t\t\t\t\t\t\t\t\t<\/picture>\n\t\t\t\t\t\t\t\t<\/div>\n\t\t\t\t\t\t\t\t\t\t\t\t\t\t\t\t<div class=\"relative\">\n\t\t\t\t\t\t\t\t\t<picture class=\"glide__slide relative\">\n\t\t\t\t\t\t\t\t\t\t<img decoding=\"async\" width=\"768\" height=\"1152\" src=\"https:\/\/fujifilm-x.b-cdn.net\/wp-content\/uploads\/2026\/03\/Tomek_TOMKOWIAK-8.jpg?width=768&amp;height=1152\" class=\"h-auto object-contain\" alt=\"\" loading=\"lazy\" srcset=\"https:\/\/fujifilm-x.b-cdn.net\/wp-content\/uploads\/2026\/03\/Tomek_TOMKOWIAK-8.jpg?width=200&amp;height=300 200w, https:\/\/fujifilm-x.b-cdn.net\/wp-content\/uploads\/2026\/03\/Tomek_TOMKOWIAK-8.jpg?width=683&amp;height=1024 683w, https:\/\/fujifilm-x.b-cdn.net\/wp-content\/uploads\/2026\/03\/Tomek_TOMKOWIAK-8.jpg?width=768&amp;height=1152 768w, https:\/\/fujifilm-x.b-cdn.net\/wp-content\/uploads\/2026\/03\/Tomek_TOMKOWIAK-8.jpg?width=365&amp;height=548 365w, https:\/\/fujifilm-x.b-cdn.net\/wp-content\/uploads\/2026\/03\/Tomek_TOMKOWIAK-8.jpg?width=600&amp;height=900 600w, https:\/\/fujifilm-x.b-cdn.net\/wp-content\/uploads\/2026\/03\/Tomek_TOMKOWIAK-8.jpg?width=717&amp;height=1076 717w, https:\/\/fujifilm-x.b-cdn.net\/wp-content\/uploads\/2026\/03\/Tomek_TOMKOWIAK-8.jpg?width=390&amp;height=585 390w, https:\/\/fujifilm-x.b-cdn.net\/wp-content\/uploads\/2026\/03\/Tomek_TOMKOWIAK-8.jpg?width=480&amp;height=720 480w\" sizes=\"auto, (max-width: 768px) 100vw, 768px\" \/>\t\t\t\t\t\t\t\t\t\t\t\t\t\t\t\t\t\t\t<\/picture>\n\t\t\t\t\t\t\t\t<\/div>\n\t\t\t\t\t\t\t\t\t\t\t\t\t\t\t\t<div class=\"relative\">\n\t\t\t\t\t\t\t\t\t<picture class=\"glide__slide relative\">\n\t\t\t\t\t\t\t\t\t\t<img decoding=\"async\" width=\"768\" height=\"1024\" src=\"https:\/\/fujifilm-x.b-cdn.net\/wp-content\/uploads\/2026\/03\/Tomek_TOMKOWIAK-9.jpg?width=768&amp;height=1024\" class=\"h-auto object-contain\" alt=\"\" loading=\"lazy\" srcset=\"https:\/\/fujifilm-x.b-cdn.net\/wp-content\/uploads\/2026\/03\/Tomek_TOMKOWIAK-9.jpg?width=225&amp;height=300 225w, https:\/\/fujifilm-x.b-cdn.net\/wp-content\/uploads\/2026\/03\/Tomek_TOMKOWIAK-9.jpg?width=768&amp;height=1024 768w, https:\/\/fujifilm-x.b-cdn.net\/wp-content\/uploads\/2026\/03\/Tomek_TOMKOWIAK-9.jpg?width=365&amp;height=487 365w, https:\/\/fujifilm-x.b-cdn.net\/wp-content\/uploads\/2026\/03\/Tomek_TOMKOWIAK-9.jpg?width=600&amp;height=800 600w, https:\/\/fujifilm-x.b-cdn.net\/wp-content\/uploads\/2026\/03\/Tomek_TOMKOWIAK-9.jpg?width=640&amp;height=854 640w, https:\/\/fujifilm-x.b-cdn.net\/wp-content\/uploads\/2026\/03\/Tomek_TOMKOWIAK-9.jpg?width=717&amp;height=956 717w\" sizes=\"auto, (max-width: 768px) 100vw, 768px\" \/>\t\t\t\t\t\t\t\t\t\t\t\t\t\t\t\t\t\t\t<\/picture>\n\t\t\t\t\t\t\t\t<\/div>\n\t\t\t\t\t\t\t\t\t\t\t\t\t\t\t\t<div class=\"relative\">\n\t\t\t\t\t\t\t\t\t<picture class=\"glide__slide relative\">\n\t\t\t\t\t\t\t\t\t\t<img decoding=\"async\" width=\"768\" height=\"1024\" src=\"https:\/\/fujifilm-x.b-cdn.net\/wp-content\/uploads\/2026\/03\/Tomek_TOMKOWIAK-10.jpg?width=768&amp;height=1024\" class=\"h-auto object-contain\" alt=\"\" loading=\"lazy\" srcset=\"https:\/\/fujifilm-x.b-cdn.net\/wp-content\/uploads\/2026\/03\/Tomek_TOMKOWIAK-10.jpg?width=225&amp;height=300 225w, https:\/\/fujifilm-x.b-cdn.net\/wp-content\/uploads\/2026\/03\/Tomek_TOMKOWIAK-10.jpg?width=768&amp;height=1024 768w, https:\/\/fujifilm-x.b-cdn.net\/wp-content\/uploads\/2026\/03\/Tomek_TOMKOWIAK-10.jpg?width=365&amp;height=487 365w, https:\/\/fujifilm-x.b-cdn.net\/wp-content\/uploads\/2026\/03\/Tomek_TOMKOWIAK-10.jpg?width=600&amp;height=800 600w, https:\/\/fujifilm-x.b-cdn.net\/wp-content\/uploads\/2026\/03\/Tomek_TOMKOWIAK-10.jpg?width=640&amp;height=854 640w, https:\/\/fujifilm-x.b-cdn.net\/wp-content\/uploads\/2026\/03\/Tomek_TOMKOWIAK-10.jpg?width=717&amp;height=956 717w\" sizes=\"auto, (max-width: 768px) 100vw, 768px\" \/>\t\t\t\t\t\t\t\t\t\t\t\t\t\t\t\t\t\t\t<\/picture>\n\t\t\t\t\t\t\t\t<\/div>\n\t\t\t\t\t\t\t\t\t\t\t\t\t\t\t\t<div class=\"relative\">\n\t\t\t\t\t\t\t\t\t<picture class=\"glide__slide relative\">\n\t\t\t\t\t\t\t\t\t\t<img decoding=\"async\" width=\"768\" height=\"576\" src=\"https:\/\/fujifilm-x.b-cdn.net\/wp-content\/uploads\/2026\/03\/Tomek_TOMKOWIAK-11.jpg?width=768&amp;height=576\" class=\"h-auto object-contain\" alt=\"\" loading=\"lazy\" srcset=\"https:\/\/fujifilm-x.b-cdn.net\/wp-content\/uploads\/2026\/03\/Tomek_TOMKOWIAK-11.jpg?width=300&amp;height=225 300w, https:\/\/fujifilm-x.b-cdn.net\/wp-content\/uploads\/2026\/03\/Tomek_TOMKOWIAK-11.jpg?width=768&amp;height=576 768w, https:\/\/fujifilm-x.b-cdn.net\/wp-content\/uploads\/2026\/03\/Tomek_TOMKOWIAK-11.jpg?width=400&amp;height=300 400w, https:\/\/fujifilm-x.b-cdn.net\/wp-content\/uploads\/2026\/03\/Tomek_TOMKOWIAK-11.jpg?width=365&amp;height=274 365w, https:\/\/fujifilm-x.b-cdn.net\/wp-content\/uploads\/2026\/03\/Tomek_TOMKOWIAK-11.jpg?width=600&amp;height=450 600w, https:\/\/fujifilm-x.b-cdn.net\/wp-content\/uploads\/2026\/03\/Tomek_TOMKOWIAK-11.jpg?width=717&amp;height=538 717w\" sizes=\"auto, (max-width: 768px) 100vw, 768px\" \/>\t\t\t\t\t\t\t\t\t\t\t\t\t\t\t\t\t\t\t<\/picture>\n\t\t\t\t\t\t\t\t<\/div>\n\t\t\t\t\t\t\t\t\t\t\t\t\t\t\t\t<div class=\"relative\">\n\t\t\t\t\t\t\t\t\t<picture class=\"glide__slide relative\">\n\t\t\t\t\t\t\t\t\t\t<img decoding=\"async\" width=\"768\" height=\"707\" src=\"https:\/\/fujifilm-x.b-cdn.net\/wp-content\/uploads\/2026\/03\/Tomek_TOMKOWIAK-12.jpg?width=768&amp;height=707\" class=\"h-auto object-contain\" alt=\"\" loading=\"lazy\" srcset=\"https:\/\/fujifilm-x.b-cdn.net\/wp-content\/uploads\/2026\/03\/Tomek_TOMKOWIAK-12.jpg?width=300&amp;height=276 300w, https:\/\/fujifilm-x.b-cdn.net\/wp-content\/uploads\/2026\/03\/Tomek_TOMKOWIAK-12.jpg?width=768&amp;height=707 768w, https:\/\/fujifilm-x.b-cdn.net\/wp-content\/uploads\/2026\/03\/Tomek_TOMKOWIAK-12.jpg?width=326&amp;height=300 326w, https:\/\/fujifilm-x.b-cdn.net\/wp-content\/uploads\/2026\/03\/Tomek_TOMKOWIAK-12.jpg?width=365&amp;height=336 365w, https:\/\/fujifilm-x.b-cdn.net\/wp-content\/uploads\/2026\/03\/Tomek_TOMKOWIAK-12.jpg?width=600&amp;height=552 600w, https:\/\/fujifilm-x.b-cdn.net\/wp-content\/uploads\/2026\/03\/Tomek_TOMKOWIAK-12.jpg?width=717&amp;height=660 717w\" sizes=\"auto, (max-width: 768px) 100vw, 768px\" \/>\t\t\t\t\t\t\t\t\t\t\t\t\t\t\t\t\t\t\t<\/picture>\n\t\t\t\t\t\t\t\t<\/div>\n\t\t\t\t\t\t\t\t\t\t\t\t\t\t\t\t<div class=\"relative\">\n\t\t\t\t\t\t\t\t\t<picture class=\"glide__slide relative\">\n\t\t\t\t\t\t\t\t\t\t<img decoding=\"async\" width=\"768\" height=\"1024\" src=\"https:\/\/fujifilm-x.b-cdn.net\/wp-content\/uploads\/2026\/03\/Tomek_TOMKOWIAK-13.jpg?width=768&amp;height=1024\" class=\"h-auto object-contain\" alt=\"\" loading=\"lazy\" srcset=\"https:\/\/fujifilm-x.b-cdn.net\/wp-content\/uploads\/2026\/03\/Tomek_TOMKOWIAK-13.jpg?width=225&amp;height=300 225w, https:\/\/fujifilm-x.b-cdn.net\/wp-content\/uploads\/2026\/03\/Tomek_TOMKOWIAK-13.jpg?width=768&amp;height=1024 768w, https:\/\/fujifilm-x.b-cdn.net\/wp-content\/uploads\/2026\/03\/Tomek_TOMKOWIAK-13.jpg?width=365&amp;height=487 365w, https:\/\/fujifilm-x.b-cdn.net\/wp-content\/uploads\/2026\/03\/Tomek_TOMKOWIAK-13.jpg?width=600&amp;height=800 600w, https:\/\/fujifilm-x.b-cdn.net\/wp-content\/uploads\/2026\/03\/Tomek_TOMKOWIAK-13.jpg?width=640&amp;height=854 640w, https:\/\/fujifilm-x.b-cdn.net\/wp-content\/uploads\/2026\/03\/Tomek_TOMKOWIAK-13.jpg?width=717&amp;height=956 717w\" sizes=\"auto, (max-width: 768px) 100vw, 768px\" \/>\t\t\t\t\t\t\t\t\t\t\t\t\t\t\t\t\t\t\t<\/picture>\n\t\t\t\t\t\t\t\t<\/div>\n\t\t\t\t\t\t\t\t\t\t\t\t\t\t\t\t<div class=\"relative\">\n\t\t\t\t\t\t\t\t\t<picture class=\"glide__slide relative\">\n\t\t\t\t\t\t\t\t\t\t<img decoding=\"async\" width=\"768\" height=\"1008\" src=\"https:\/\/fujifilm-x.b-cdn.net\/wp-content\/uploads\/2026\/03\/Tomek_TOMKOWIAK-14.jpg?width=768&amp;height=1008\" class=\"h-auto object-contain\" alt=\"\" loading=\"lazy\" srcset=\"https:\/\/fujifilm-x.b-cdn.net\/wp-content\/uploads\/2026\/03\/Tomek_TOMKOWIAK-14.jpg?width=229&amp;height=300 229w, https:\/\/fujifilm-x.b-cdn.net\/wp-content\/uploads\/2026\/03\/Tomek_TOMKOWIAK-14.jpg?width=768&amp;height=1008 768w, https:\/\/fujifilm-x.b-cdn.net\/wp-content\/uploads\/2026\/03\/Tomek_TOMKOWIAK-14.jpg?width=365&amp;height=479 365w, https:\/\/fujifilm-x.b-cdn.net\/wp-content\/uploads\/2026\/03\/Tomek_TOMKOWIAK-14.jpg?width=600&amp;height=787 600w, https:\/\/fujifilm-x.b-cdn.net\/wp-content\/uploads\/2026\/03\/Tomek_TOMKOWIAK-14.jpg?width=717&amp;height=941 717w\" sizes=\"auto, (max-width: 768px) 100vw, 768px\" \/>\t\t\t\t\t\t\t\t\t\t\t\t\t\t\t\t\t\t\t<\/picture>\n\t\t\t\t\t\t\t\t<\/div>\n\t\t\t\t\t\t\t\t\t\t\t\t\t\t\t\t<div class=\"relative\">\n\t\t\t\t\t\t\t\t\t<picture class=\"glide__slide relative\">\n\t\t\t\t\t\t\t\t\t\t<img decoding=\"async\" width=\"768\" height=\"1024\" src=\"https:\/\/fujifilm-x.b-cdn.net\/wp-content\/uploads\/2026\/03\/Tomek_TOMKOWIAK-15.jpg?width=768&amp;height=1024\" class=\"h-auto object-contain\" alt=\"\" loading=\"lazy\" srcset=\"https:\/\/fujifilm-x.b-cdn.net\/wp-content\/uploads\/2026\/03\/Tomek_TOMKOWIAK-15.jpg?width=225&amp;height=300 225w, https:\/\/fujifilm-x.b-cdn.net\/wp-content\/uploads\/2026\/03\/Tomek_TOMKOWIAK-15.jpg?width=768&amp;height=1024 768w, https:\/\/fujifilm-x.b-cdn.net\/wp-content\/uploads\/2026\/03\/Tomek_TOMKOWIAK-15.jpg?width=365&amp;height=487 365w, https:\/\/fujifilm-x.b-cdn.net\/wp-content\/uploads\/2026\/03\/Tomek_TOMKOWIAK-15.jpg?width=600&amp;height=800 600w, https:\/\/fujifilm-x.b-cdn.net\/wp-content\/uploads\/2026\/03\/Tomek_TOMKOWIAK-15.jpg?width=640&amp;height=854 640w, https:\/\/fujifilm-x.b-cdn.net\/wp-content\/uploads\/2026\/03\/Tomek_TOMKOWIAK-15.jpg?width=717&amp;height=956 717w\" sizes=\"auto, (max-width: 768px) 100vw, 768px\" \/>\t\t\t\t\t\t\t\t\t\t\t\t\t\t\t\t\t\t\t<\/picture>\n\t\t\t\t\t\t\t\t<\/div>\n\t\t\t\t\t\t\t\t\t\t\t\t\t\t<\/div>\n\t\t\t\t\t\t\t\t\t\t\t\t\t<div class=\"glide__slides-nav glide__slides-nav--19\">\n\t\t\t\t\t\t\t\t\t\t\t\t\t\t\t\t\t<picture class=\"glide__slide\">\n\t\t\t\t\t\t\t\t\t\t<img decoding=\"async\" width=\"53\" height=\"80\" src=\"https:\/\/fujifilm-x.b-cdn.net\/wp-content\/uploads\/2026\/03\/Tomek_TOMKOWIAK-2.jpg?fit=53,80\" class=\"object-cover\" alt=\"\" loading=\"lazy\" \/>\t\t\t\t\t\t\t\t\t<\/picture>\n\t\t\t\t\t\t\t\t\t\t\t\t\t\t\t\t\t<picture class=\"glide__slide\">\n\t\t\t\t\t\t\t\t\t\t<img decoding=\"async\" width=\"60\" height=\"80\" src=\"https:\/\/fujifilm-x.b-cdn.net\/wp-content\/uploads\/2026\/03\/Tomek_TOMKOWIAK-3.jpg?fit=60,80\" class=\"object-cover\" alt=\"\" loading=\"lazy\" \/>\t\t\t\t\t\t\t\t\t<\/picture>\n\t\t\t\t\t\t\t\t\t\t\t\t\t\t\t\t\t<picture class=\"glide__slide\">\n\t\t\t\t\t\t\t\t\t\t<img decoding=\"async\" width=\"55\" height=\"80\" src=\"https:\/\/fujifilm-x.b-cdn.net\/wp-content\/uploads\/2026\/03\/Tomek_TOMKOWIAK-4.jpg?fit=55,80\" class=\"object-cover\" alt=\"\" loading=\"lazy\" \/>\t\t\t\t\t\t\t\t\t<\/picture>\n\t\t\t\t\t\t\t\t\t\t\t\t\t\t\t\t\t<picture class=\"glide__slide\">\n\t\t\t\t\t\t\t\t\t\t<img decoding=\"async\" width=\"64\" height=\"80\" src=\"https:\/\/fujifilm-x.b-cdn.net\/wp-content\/uploads\/2026\/03\/Tomek_TOMKOWIAK-5.jpg?fit=64,80\" class=\"object-cover\" alt=\"\" loading=\"lazy\" \/>\t\t\t\t\t\t\t\t\t<\/picture>\n\t\t\t\t\t\t\t\t\t\t\t\t\t\t\t\t\t<picture class=\"glide__slide\">\n\t\t\t\t\t\t\t\t\t\t<img decoding=\"async\" width=\"60\" height=\"80\" src=\"https:\/\/fujifilm-x.b-cdn.net\/wp-content\/uploads\/2026\/03\/Tomek_TOMKOWIAK-6.jpg?fit=60,80\" class=\"object-cover\" alt=\"\" loading=\"lazy\" \/>\t\t\t\t\t\t\t\t\t<\/picture>\n\t\t\t\t\t\t\t\t\t\t\t\t\t\t\t\t\t<picture class=\"glide__slide\">\n\t\t\t\t\t\t\t\t\t\t<img decoding=\"async\" width=\"59\" height=\"80\" src=\"https:\/\/fujifilm-x.b-cdn.net\/wp-content\/uploads\/2026\/03\/Tomek_TOMKOWIAK-7.jpg?fit=59,80\" class=\"object-cover\" alt=\"\" loading=\"lazy\" \/>\t\t\t\t\t\t\t\t\t<\/picture>\n\t\t\t\t\t\t\t\t\t\t\t\t\t\t\t\t\t<picture class=\"glide__slide\">\n\t\t\t\t\t\t\t\t\t\t<img decoding=\"async\" width=\"53\" height=\"80\" src=\"https:\/\/fujifilm-x.b-cdn.net\/wp-content\/uploads\/2026\/03\/Tomek_TOMKOWIAK-8.jpg?fit=53,80\" class=\"object-cover\" alt=\"\" loading=\"lazy\" \/>\t\t\t\t\t\t\t\t\t<\/picture>\n\t\t\t\t\t\t\t\t\t\t\t\t\t\t\t\t\t<picture class=\"glide__slide\">\n\t\t\t\t\t\t\t\t\t\t<img decoding=\"async\" width=\"60\" height=\"80\" src=\"https:\/\/fujifilm-x.b-cdn.net\/wp-content\/uploads\/2026\/03\/Tomek_TOMKOWIAK-9.jpg?fit=60,80\" class=\"object-cover\" alt=\"\" loading=\"lazy\" \/>\t\t\t\t\t\t\t\t\t<\/picture>\n\t\t\t\t\t\t\t\t\t\t\t\t\t\t\t\t\t<picture class=\"glide__slide\">\n\t\t\t\t\t\t\t\t\t\t<img decoding=\"async\" width=\"60\" height=\"80\" src=\"https:\/\/fujifilm-x.b-cdn.net\/wp-content\/uploads\/2026\/03\/Tomek_TOMKOWIAK-10.jpg?fit=60,80\" class=\"object-cover\" alt=\"\" loading=\"lazy\" \/>\t\t\t\t\t\t\t\t\t<\/picture>\n\t\t\t\t\t\t\t\t\t\t\t\t\t\t\t\t\t<picture class=\"glide__slide\">\n\t\t\t\t\t\t\t\t\t\t<img decoding=\"async\" width=\"80\" height=\"60\" src=\"https:\/\/fujifilm-x.b-cdn.net\/wp-content\/uploads\/2026\/03\/Tomek_TOMKOWIAK-11.jpg?fit=80,60\" class=\"object-cover\" alt=\"\" loading=\"lazy\" \/>\t\t\t\t\t\t\t\t\t<\/picture>\n\t\t\t\t\t\t\t\t\t\t\t\t\t\t\t\t\t<picture class=\"glide__slide\">\n\t\t\t\t\t\t\t\t\t\t<img decoding=\"async\" width=\"80\" height=\"74\" src=\"https:\/\/fujifilm-x.b-cdn.net\/wp-content\/uploads\/2026\/03\/Tomek_TOMKOWIAK-12.jpg?fit=80,74\" class=\"object-cover\" alt=\"\" loading=\"lazy\" \/>\t\t\t\t\t\t\t\t\t<\/picture>\n\t\t\t\t\t\t\t\t\t\t\t\t\t\t\t\t\t<picture class=\"glide__slide\">\n\t\t\t\t\t\t\t\t\t\t<img decoding=\"async\" width=\"60\" height=\"80\" src=\"https:\/\/fujifilm-x.b-cdn.net\/wp-content\/uploads\/2026\/03\/Tomek_TOMKOWIAK-13.jpg?fit=60,80\" class=\"object-cover\" alt=\"\" loading=\"lazy\" \/>\t\t\t\t\t\t\t\t\t<\/picture>\n\t\t\t\t\t\t\t\t\t\t\t\t\t\t\t\t\t<picture class=\"glide__slide\">\n\t\t\t\t\t\t\t\t\t\t<img decoding=\"async\" width=\"61\" height=\"80\" src=\"https:\/\/fujifilm-x.b-cdn.net\/wp-content\/uploads\/2026\/03\/Tomek_TOMKOWIAK-14.jpg?fit=61,80\" class=\"object-cover\" alt=\"\" loading=\"lazy\" \/>\t\t\t\t\t\t\t\t\t<\/picture>\n\t\t\t\t\t\t\t\t\t\t\t\t\t\t\t\t\t<picture class=\"glide__slide\">\n\t\t\t\t\t\t\t\t\t\t<img decoding=\"async\" width=\"60\" height=\"80\" src=\"https:\/\/fujifilm-x.b-cdn.net\/wp-content\/uploads\/2026\/03\/Tomek_TOMKOWIAK-15.jpg?fit=60,80\" class=\"object-cover\" alt=\"\" loading=\"lazy\" \/>\t\t\t\t\t\t\t\t\t<\/picture>\n\t\t\t\t\t\t\t\t\t\t\t\t\t\t\t<\/div>\n\t\t\t\t\t\t\t\t\t\t\t<\/div>\n\t\t\t\t<\/div>\n\t\t\t<\/div>\n\t\t\t\t\t<div class=\"main-stage--slide\">\n\t\t\t\t<div class=\"main-stage__left-content\">\n\t\t\t\t\t<div class=\"flex justify-end gap-5 mb-5\">\n\t\t\t\t\t\t<span class=\"font-fjalla-one font-normal sm:text-lg uppercase block\">\n\t\t\t\t\t\t\t\t\t\t\t\t\t<\/span>\n\t\t\t\t\t\t<span class=\"font-fjalla-one font-normal sm:text-lg uppercase block\">\n\t\t\t\t\t\t\t\t\t\t\t\t\t<\/span>\n\t\t\t\t\t<\/div>\n\t\t\t\t\t<div class=\"sm:flex gap-5 justify-between\">\n\t\t\t\t\t\t\t\t\t\t\t\t\t<div class=\"flex gap-3\">\n\t\t\t\t\t\t\t\t<picture class=\"aspect-3\/2 shrink-0\">\n\t\t\t\t\t\t\t\t\t<img decoding=\"async\" width=\"94\" height=\"140\" src=\"https:\/\/fujifilm-x.b-cdn.net\/wp-content\/uploads\/2026\/03\/Bartek-Warzecha-zdjecie-autorstwa-Marka-Szczepanskiego.jpg?fit=94,140\" class=\"h-auto object-cover\" alt=\"Bartek Warzecha\" loading=\"lazy\" \/>\t\t\t\t\t\t\t\t<\/picture>\n\t\t\t\t\t\t\t\t<h5 class=\"wp-block-heading mb-0\">Bartek Warzecha<\/h5>\n\t\t\t\t\t\t\t<\/div>\n\t\t\t\t\t\t\t\t\t\t\t\t<\/div>\n\t\t\t\t\t<div class=\"main-stage__left-content__description\">\n\t\t\t\t\t\t<div class=\"line-clamp-[7] continue-reading\">\n\t\t\t\t\t\t\t<p>Fotograf, tw\u00f3rca wizualny, absolwent Wydzia\u0142u Aktorskiego Akademii Teatralnej im. Aleksandra Zelwerowicza w Warszawie i Programu Mentorskiego Sputnik Photos. Pracuje komercyjnie, jest autorem fotografii do plakat\u00f3w teatralnych i operowych, a tak\u017ce dokumentacji kilkuset spektakli w teatrach dramatycznych, muzycznych i lalkowych. Wsp\u00f3\u0142pracuje z najwa\u017cniejszymi instytucjami kultury. Laureat stypendium M\u0142oda Polska oraz rocznego stypendium tw\u00f3rczego Ministra Kultury i Dziedzictwa Narodowego. Czterokrotny laureat nagrody Klubu Tw\u00f3rc\u00f3w Reklamy KTR, dwukrotny laureat Grand Press Photo. Laureat i dwukrotny finalista og\u00f3lnopolskiego Konkursu Fotografii Teatralnej, a p\u00f3\u017aniej jego juror. Laureat 3 nagrody w konkursie Cover awArts za opraw\u0119 p\u0142yty Expo 2000 ad hoc. Autor trzech wystaw indywidualnych: Pierwsza Generalna, IN\/OUT i RDZA, a tak\u017ce dw\u00f3ch ksi\u0105\u017cek fotograficznych: Bartek Warzecha \/ Przedstawienia oraz RDZA. By\u0142 tutorem w programie Gaude Polonia. Od roku 2025 prowadzi zaj\u0119cia na Wydziale Sztuki Uniwersytetu Jana D\u0142ugosza w Cz\u0119stochowie.<\/p>\n\t\t\t\t\t\t\t<div class=\"continue-reading__gradient\"><\/div>\n\t\t\t\t\t\t<\/div>\n\t\t\t\t\t\t<button type=\"button\" class=\"continue-reading__button\" role=\"button\">\n\t\t\t\t\t\t\t<span class=\"continue-reading__button--arrow\">\n\t\t\t\t\t\t\t\t<span class=\"continue-reading__button--arrow-elems\">\n\t\t\t\t\t\t\t\t\t<span class=\"continue-reading__button--arrow-elems__first\"><\/span>\n\t\t\t\t\t\t\t\t\t<span class=\"continue-reading__button--arrow-elems__second\"><\/span>\n\t\t\t\t\t\t\t\t<\/span>\n\t\t\t\t\t\t\t<\/span>\n\t\t\t\t\t\t<\/button>\n\t\t\t\t\t<\/div>\n\t\t\t\t<\/div>\n\t\t\t\t<div class=\"main-stage__right-content\">\n\t\t\t\t\t<div class=\"glide glide--20\">\n\t\t\t\t\t\t<div class=\"glide__slides glide__slides--20\">\n\t\t\t\t\t\t\t\t\t\t\t\t\t\t\t<div class=\"relative\">\n\t\t\t\t\t\t\t\t\t<picture class=\"glide__slide relative\">\n\t\t\t\t\t\t\t\t\t\t<img decoding=\"async\" width=\"768\" height=\"512\" src=\"https:\/\/fujifilm-x.b-cdn.net\/wp-content\/uploads\/2026\/03\/BARTEK_WARZECHA_FUJIKINA_05.jpg?width=768&amp;height=512\" class=\"h-auto object-contain\" alt=\"\" loading=\"lazy\" srcset=\"https:\/\/fujifilm-x.b-cdn.net\/wp-content\/uploads\/2026\/03\/BARTEK_WARZECHA_FUJIKINA_05.jpg?width=300&amp;height=200 300w, https:\/\/fujifilm-x.b-cdn.net\/wp-content\/uploads\/2026\/03\/BARTEK_WARZECHA_FUJIKINA_05.jpg?width=768&amp;height=512 768w, https:\/\/fujifilm-x.b-cdn.net\/wp-content\/uploads\/2026\/03\/BARTEK_WARZECHA_FUJIKINA_05.jpg?width=400&amp;height=267 400w, https:\/\/fujifilm-x.b-cdn.net\/wp-content\/uploads\/2026\/03\/BARTEK_WARZECHA_FUJIKINA_05.jpg?width=365&amp;height=243 365w, https:\/\/fujifilm-x.b-cdn.net\/wp-content\/uploads\/2026\/03\/BARTEK_WARZECHA_FUJIKINA_05.jpg?width=600&amp;height=400 600w, https:\/\/fujifilm-x.b-cdn.net\/wp-content\/uploads\/2026\/03\/BARTEK_WARZECHA_FUJIKINA_05.jpg?width=717&amp;height=478 717w\" sizes=\"auto, (max-width: 768px) 100vw, 768px\" \/>\t\t\t\t\t\t\t\t\t\t\t\t\t\t\t\t\t\t\t<\/picture>\n\t\t\t\t\t\t\t\t<\/div>\n\t\t\t\t\t\t\t\t\t\t\t\t\t\t\t\t<div class=\"relative\">\n\t\t\t\t\t\t\t\t\t<picture class=\"glide__slide relative\">\n\t\t\t\t\t\t\t\t\t\t<img decoding=\"async\" width=\"768\" height=\"512\" src=\"https:\/\/fujifilm-x.b-cdn.net\/wp-content\/uploads\/2026\/03\/BARTEK_WARZECHA_FUJIKINA_01.jpg?width=768&amp;height=512\" class=\"h-auto object-contain\" alt=\"\" loading=\"lazy\" srcset=\"https:\/\/fujifilm-x.b-cdn.net\/wp-content\/uploads\/2026\/03\/BARTEK_WARZECHA_FUJIKINA_01.jpg?width=300&amp;height=200 300w, https:\/\/fujifilm-x.b-cdn.net\/wp-content\/uploads\/2026\/03\/BARTEK_WARZECHA_FUJIKINA_01.jpg?width=768&amp;height=512 768w, https:\/\/fujifilm-x.b-cdn.net\/wp-content\/uploads\/2026\/03\/BARTEK_WARZECHA_FUJIKINA_01.jpg?width=400&amp;height=267 400w, https:\/\/fujifilm-x.b-cdn.net\/wp-content\/uploads\/2026\/03\/BARTEK_WARZECHA_FUJIKINA_01.jpg?width=365&amp;height=243 365w, https:\/\/fujifilm-x.b-cdn.net\/wp-content\/uploads\/2026\/03\/BARTEK_WARZECHA_FUJIKINA_01.jpg?width=600&amp;height=400 600w, https:\/\/fujifilm-x.b-cdn.net\/wp-content\/uploads\/2026\/03\/BARTEK_WARZECHA_FUJIKINA_01.jpg?width=717&amp;height=478 717w\" sizes=\"auto, (max-width: 768px) 100vw, 768px\" \/>\t\t\t\t\t\t\t\t\t\t\t\t\t\t\t\t\t\t\t<\/picture>\n\t\t\t\t\t\t\t\t<\/div>\n\t\t\t\t\t\t\t\t\t\t\t\t\t\t\t\t<div class=\"relative\">\n\t\t\t\t\t\t\t\t\t<picture class=\"glide__slide relative\">\n\t\t\t\t\t\t\t\t\t\t<img decoding=\"async\" width=\"768\" height=\"512\" src=\"https:\/\/fujifilm-x.b-cdn.net\/wp-content\/uploads\/2026\/03\/BARTEK_WARZECHA_FUJIKINA_02.jpg?width=768&amp;height=512\" class=\"h-auto object-contain\" alt=\"\" loading=\"lazy\" srcset=\"https:\/\/fujifilm-x.b-cdn.net\/wp-content\/uploads\/2026\/03\/BARTEK_WARZECHA_FUJIKINA_02.jpg?width=300&amp;height=200 300w, https:\/\/fujifilm-x.b-cdn.net\/wp-content\/uploads\/2026\/03\/BARTEK_WARZECHA_FUJIKINA_02.jpg?width=768&amp;height=512 768w, https:\/\/fujifilm-x.b-cdn.net\/wp-content\/uploads\/2026\/03\/BARTEK_WARZECHA_FUJIKINA_02.jpg?width=400&amp;height=267 400w, https:\/\/fujifilm-x.b-cdn.net\/wp-content\/uploads\/2026\/03\/BARTEK_WARZECHA_FUJIKINA_02.jpg?width=365&amp;height=243 365w, https:\/\/fujifilm-x.b-cdn.net\/wp-content\/uploads\/2026\/03\/BARTEK_WARZECHA_FUJIKINA_02.jpg?width=600&amp;height=400 600w, https:\/\/fujifilm-x.b-cdn.net\/wp-content\/uploads\/2026\/03\/BARTEK_WARZECHA_FUJIKINA_02.jpg?width=717&amp;height=478 717w\" sizes=\"auto, (max-width: 768px) 100vw, 768px\" \/>\t\t\t\t\t\t\t\t\t\t\t\t\t\t\t\t\t\t\t<\/picture>\n\t\t\t\t\t\t\t\t<\/div>\n\t\t\t\t\t\t\t\t\t\t\t\t\t\t\t\t<div class=\"relative\">\n\t\t\t\t\t\t\t\t\t<picture class=\"glide__slide relative\">\n\t\t\t\t\t\t\t\t\t\t<img decoding=\"async\" width=\"768\" height=\"512\" src=\"https:\/\/fujifilm-x.b-cdn.net\/wp-content\/uploads\/2026\/03\/BARTEK_WARZECHA_FUJIKINA_03.jpg?width=768&amp;height=512\" class=\"h-auto object-contain\" alt=\"\" loading=\"lazy\" srcset=\"https:\/\/fujifilm-x.b-cdn.net\/wp-content\/uploads\/2026\/03\/BARTEK_WARZECHA_FUJIKINA_03.jpg?width=300&amp;height=200 300w, https:\/\/fujifilm-x.b-cdn.net\/wp-content\/uploads\/2026\/03\/BARTEK_WARZECHA_FUJIKINA_03.jpg?width=768&amp;height=512 768w, https:\/\/fujifilm-x.b-cdn.net\/wp-content\/uploads\/2026\/03\/BARTEK_WARZECHA_FUJIKINA_03.jpg?width=400&amp;height=267 400w, https:\/\/fujifilm-x.b-cdn.net\/wp-content\/uploads\/2026\/03\/BARTEK_WARZECHA_FUJIKINA_03.jpg?width=365&amp;height=243 365w, https:\/\/fujifilm-x.b-cdn.net\/wp-content\/uploads\/2026\/03\/BARTEK_WARZECHA_FUJIKINA_03.jpg?width=600&amp;height=400 600w, https:\/\/fujifilm-x.b-cdn.net\/wp-content\/uploads\/2026\/03\/BARTEK_WARZECHA_FUJIKINA_03.jpg?width=717&amp;height=478 717w\" sizes=\"auto, (max-width: 768px) 100vw, 768px\" \/>\t\t\t\t\t\t\t\t\t\t\t\t\t\t\t\t\t\t\t<\/picture>\n\t\t\t\t\t\t\t\t<\/div>\n\t\t\t\t\t\t\t\t\t\t\t\t\t\t\t\t<div class=\"relative\">\n\t\t\t\t\t\t\t\t\t<picture class=\"glide__slide relative\">\n\t\t\t\t\t\t\t\t\t\t<img decoding=\"async\" width=\"768\" height=\"512\" src=\"https:\/\/fujifilm-x.b-cdn.net\/wp-content\/uploads\/2026\/03\/BARTEK_WARZECHA_FUJIKINA_04.jpg?width=768&amp;height=512\" class=\"h-auto object-contain\" alt=\"\" loading=\"lazy\" srcset=\"https:\/\/fujifilm-x.b-cdn.net\/wp-content\/uploads\/2026\/03\/BARTEK_WARZECHA_FUJIKINA_04.jpg?width=300&amp;height=200 300w, https:\/\/fujifilm-x.b-cdn.net\/wp-content\/uploads\/2026\/03\/BARTEK_WARZECHA_FUJIKINA_04.jpg?width=768&amp;height=512 768w, https:\/\/fujifilm-x.b-cdn.net\/wp-content\/uploads\/2026\/03\/BARTEK_WARZECHA_FUJIKINA_04.jpg?width=400&amp;height=267 400w, https:\/\/fujifilm-x.b-cdn.net\/wp-content\/uploads\/2026\/03\/BARTEK_WARZECHA_FUJIKINA_04.jpg?width=365&amp;height=243 365w, https:\/\/fujifilm-x.b-cdn.net\/wp-content\/uploads\/2026\/03\/BARTEK_WARZECHA_FUJIKINA_04.jpg?width=600&amp;height=400 600w, https:\/\/fujifilm-x.b-cdn.net\/wp-content\/uploads\/2026\/03\/BARTEK_WARZECHA_FUJIKINA_04.jpg?width=717&amp;height=478 717w\" sizes=\"auto, (max-width: 768px) 100vw, 768px\" \/>\t\t\t\t\t\t\t\t\t\t\t\t\t\t\t\t\t\t\t<\/picture>\n\t\t\t\t\t\t\t\t<\/div>\n\t\t\t\t\t\t\t\t\t\t\t\t\t\t<\/div>\n\t\t\t\t\t\t\t\t\t\t\t\t\t<div class=\"glide__slides-nav glide__slides-nav--20\">\n\t\t\t\t\t\t\t\t\t\t\t\t\t\t\t\t\t<picture class=\"glide__slide\">\n\t\t\t\t\t\t\t\t\t\t<img decoding=\"async\" width=\"80\" height=\"53\" src=\"https:\/\/fujifilm-x.b-cdn.net\/wp-content\/uploads\/2026\/03\/BARTEK_WARZECHA_FUJIKINA_05.jpg?fit=80,53\" class=\"object-cover\" alt=\"\" loading=\"lazy\" \/>\t\t\t\t\t\t\t\t\t<\/picture>\n\t\t\t\t\t\t\t\t\t\t\t\t\t\t\t\t\t<picture class=\"glide__slide\">\n\t\t\t\t\t\t\t\t\t\t<img decoding=\"async\" width=\"80\" height=\"53\" src=\"https:\/\/fujifilm-x.b-cdn.net\/wp-content\/uploads\/2026\/03\/BARTEK_WARZECHA_FUJIKINA_01.jpg?fit=80,53\" class=\"object-cover\" alt=\"\" loading=\"lazy\" \/>\t\t\t\t\t\t\t\t\t<\/picture>\n\t\t\t\t\t\t\t\t\t\t\t\t\t\t\t\t\t<picture class=\"glide__slide\">\n\t\t\t\t\t\t\t\t\t\t<img decoding=\"async\" width=\"80\" height=\"53\" src=\"https:\/\/fujifilm-x.b-cdn.net\/wp-content\/uploads\/2026\/03\/BARTEK_WARZECHA_FUJIKINA_02.jpg?fit=80,53\" class=\"object-cover\" alt=\"\" loading=\"lazy\" \/>\t\t\t\t\t\t\t\t\t<\/picture>\n\t\t\t\t\t\t\t\t\t\t\t\t\t\t\t\t\t<picture class=\"glide__slide\">\n\t\t\t\t\t\t\t\t\t\t<img decoding=\"async\" width=\"80\" height=\"53\" src=\"https:\/\/fujifilm-x.b-cdn.net\/wp-content\/uploads\/2026\/03\/BARTEK_WARZECHA_FUJIKINA_03.jpg?fit=80,53\" class=\"object-cover\" alt=\"\" loading=\"lazy\" \/>\t\t\t\t\t\t\t\t\t<\/picture>\n\t\t\t\t\t\t\t\t\t\t\t\t\t\t\t\t\t<picture class=\"glide__slide\">\n\t\t\t\t\t\t\t\t\t\t<img decoding=\"async\" width=\"80\" height=\"53\" src=\"https:\/\/fujifilm-x.b-cdn.net\/wp-content\/uploads\/2026\/03\/BARTEK_WARZECHA_FUJIKINA_04.jpg?fit=80,53\" class=\"object-cover\" alt=\"\" loading=\"lazy\" \/>\t\t\t\t\t\t\t\t\t<\/picture>\n\t\t\t\t\t\t\t\t\t\t\t\t\t\t\t<\/div>\n\t\t\t\t\t\t\t\t\t\t\t<\/div>\n\t\t\t\t<\/div>\n\t\t\t<\/div>\n\t\t\t\t\t<div class=\"main-stage--slide\">\n\t\t\t\t<div class=\"main-stage__left-content\">\n\t\t\t\t\t<div class=\"flex justify-end gap-5 mb-5\">\n\t\t\t\t\t\t<span class=\"font-fjalla-one font-normal sm:text-lg uppercase block\">\n\t\t\t\t\t\t\t\t\t\t\t\t\t<\/span>\n\t\t\t\t\t\t<span class=\"font-fjalla-one font-normal sm:text-lg uppercase block\">\n\t\t\t\t\t\t\t\t\t\t\t\t\t<\/span>\n\t\t\t\t\t<\/div>\n\t\t\t\t\t<div class=\"sm:flex gap-5 justify-between\">\n\t\t\t\t\t\t\t\t\t\t\t\t\t<div class=\"flex gap-3\">\n\t\t\t\t\t\t\t\t<picture class=\"aspect-3\/2 shrink-0\">\n\t\t\t\t\t\t\t\t\t<img decoding=\"async\" width=\"140\" height=\"140\" src=\"https:\/\/fujifilm-x.b-cdn.net\/wp-content\/uploads\/2026\/03\/Tomek-Wilczynski-portret.jpeg?fit=140,140\" class=\"h-auto object-cover\" alt=\"\" loading=\"lazy\" srcset=\"https:\/\/fujifilm-x.b-cdn.net\/wp-content\/uploads\/2026\/03\/Tomek-Wilczynski-portret.jpeg?width=80&amp;height=80 80w, https:\/\/fujifilm-x.b-cdn.net\/wp-content\/uploads\/2026\/03\/Tomek-Wilczynski-portret.jpeg?width=140&amp;height=140 140w\" sizes=\"auto, (max-width: 140px) 100vw, 140px\" \/>\t\t\t\t\t\t\t\t<\/picture>\n\t\t\t\t\t\t\t\t<h5 class=\"wp-block-heading mb-0\">Tomek Wilczy\u0144ski<\/h5>\n\t\t\t\t\t\t\t<\/div>\n\t\t\t\t\t\t\t\t\t\t\t\t<\/div>\n\t\t\t\t\t<div class=\"main-stage__left-content__description\">\n\t\t\t\t\t\t<div class=\"line-clamp-[7] continue-reading\">\n\t\t\t\t\t\t\t<p>Re\u017cyser i producent, za\u0142o\u017cyciel domu produkcyjnego Studio Hologram.<br \/>\nDwukrotny zwyci\u0119zca warszawskiej edycji\u00a048 Hour Film Project. Jego film\u00a0<em>Dziewczyna z walizk\u0105<\/em>\u00a0zosta\u0142 zaprezentowany w sekcji\u00a0Short Film Corner\u00a0na festiwalu filmowym w Cannes. Autor fabularnych teledysk\u00f3w o wielomilionowych zasi\u0119gach oraz kampanii spo\u0142ecznej\u00a0<em>\u201eNie widz\u0119 przeszk\u00f3d\u201d<\/em>\u00a0o niewidomych, nagrodzonej\u00a0Z\u0142otym Mieczem KTR. Wyre\u017cyserowa\u0142 tak\u017ce g\u0142o\u015bny performens\u00a0#MATA2040, za kt\u00f3ry otrzyma\u0142\u00a0Grand Video Awards\u00a0w kategorii Kultura i sztuka.<br \/>\nSwoj\u0105 drog\u0119 w bran\u017cy filmowej zaczyna\u0142 od monta\u017cu i pracy operatorskiej, co do dzi\u015b wp\u0142ywa na jego spos\u00f3b my\u015blenia o obrazie i rytmie narracji. Dzi\u0119ki temu w swoich realizacjach szczeg\u00f3ln\u0105 wag\u0119 przywi\u0105zuje do wizualnej strony opowie\u015bci.<br \/>\nPomys\u0142odawca i za\u0142o\u017cyciel\u00a0Studio Hologram, w ramach kt\u00f3rego realizuje projekty filmowe, reklamowe i artystyczne. Wsp\u00f3\u0142pracowa\u0142\u00a0m.in. z\u00a0Netflixem, Warner Bros. Discovery, TVN i Polsatem. Absolwent\u00a0Warszawskiej Szko\u0142y Filmowej.<\/p>\n\t\t\t\t\t\t\t<div class=\"continue-reading__gradient\"><\/div>\n\t\t\t\t\t\t<\/div>\n\t\t\t\t\t\t<button type=\"button\" class=\"continue-reading__button\" role=\"button\">\n\t\t\t\t\t\t\t<span class=\"continue-reading__button--arrow\">\n\t\t\t\t\t\t\t\t<span class=\"continue-reading__button--arrow-elems\">\n\t\t\t\t\t\t\t\t\t<span class=\"continue-reading__button--arrow-elems__first\"><\/span>\n\t\t\t\t\t\t\t\t\t<span class=\"continue-reading__button--arrow-elems__second\"><\/span>\n\t\t\t\t\t\t\t\t<\/span>\n\t\t\t\t\t\t\t<\/span>\n\t\t\t\t\t\t<\/button>\n\t\t\t\t\t<\/div>\n\t\t\t\t<\/div>\n\t\t\t\t<div class=\"main-stage__right-content\">\n\t\t\t\t\t<div class=\"glide glide--21\">\n\t\t\t\t\t\t<div class=\"glide__slides glide__slides--21\">\n\t\t\t\t\t\t\t\t\t\t\t\t\t\t\t<div class=\"relative\">\n\t\t\t\t\t\t\t\t\t<picture class=\"glide__slide relative\">\n\t\t\t\t\t\t\t\t\t\t<img decoding=\"async\" width=\"768\" height=\"1152\" src=\"https:\/\/fujifilm-x.b-cdn.net\/wp-content\/uploads\/2026\/03\/Tomek-Wilczynski-48Hour_Jury.jpeg?width=768&amp;height=1152\" class=\"h-auto object-contain\" alt=\"\" loading=\"lazy\" srcset=\"https:\/\/fujifilm-x.b-cdn.net\/wp-content\/uploads\/2026\/03\/Tomek-Wilczynski-48Hour_Jury.jpeg?width=200&amp;height=300 200w, https:\/\/fujifilm-x.b-cdn.net\/wp-content\/uploads\/2026\/03\/Tomek-Wilczynski-48Hour_Jury.jpeg?width=682&amp;height=1024 682w, https:\/\/fujifilm-x.b-cdn.net\/wp-content\/uploads\/2026\/03\/Tomek-Wilczynski-48Hour_Jury.jpeg?width=768&amp;height=1152 768w, https:\/\/fujifilm-x.b-cdn.net\/wp-content\/uploads\/2026\/03\/Tomek-Wilczynski-48Hour_Jury.jpeg?width=365&amp;height=548 365w, https:\/\/fujifilm-x.b-cdn.net\/wp-content\/uploads\/2026\/03\/Tomek-Wilczynski-48Hour_Jury.jpeg?width=600&amp;height=900 600w, https:\/\/fujifilm-x.b-cdn.net\/wp-content\/uploads\/2026\/03\/Tomek-Wilczynski-48Hour_Jury.jpeg?width=717&amp;height=1076 717w, https:\/\/fujifilm-x.b-cdn.net\/wp-content\/uploads\/2026\/03\/Tomek-Wilczynski-48Hour_Jury.jpeg?width=390&amp;height=585 390w, https:\/\/fujifilm-x.b-cdn.net\/wp-content\/uploads\/2026\/03\/Tomek-Wilczynski-48Hour_Jury.jpeg?width=480&amp;height=720 480w\" sizes=\"auto, (max-width: 768px) 100vw, 768px\" \/>\t\t\t\t\t\t\t\t\t\t\t\t\t\t\t\t\t\t\t<\/picture>\n\t\t\t\t\t\t\t\t<\/div>\n\t\t\t\t\t\t\t\t\t\t\t\t\t\t\t\t<div class=\"relative\">\n\t\t\t\t\t\t\t\t\t<picture class=\"glide__slide relative\">\n\t\t\t\t\t\t\t\t\t\t<img decoding=\"async\" width=\"768\" height=\"1152\" src=\"https:\/\/fujifilm-x.b-cdn.net\/wp-content\/uploads\/2026\/03\/Tomek-Wilczynski-fota-plan.jpeg?width=768&amp;height=1152\" class=\"h-auto object-contain\" alt=\"\" loading=\"lazy\" srcset=\"https:\/\/fujifilm-x.b-cdn.net\/wp-content\/uploads\/2026\/03\/Tomek-Wilczynski-fota-plan.jpeg?width=200&amp;height=300 200w, https:\/\/fujifilm-x.b-cdn.net\/wp-content\/uploads\/2026\/03\/Tomek-Wilczynski-fota-plan.jpeg?width=682&amp;height=1024 682w, https:\/\/fujifilm-x.b-cdn.net\/wp-content\/uploads\/2026\/03\/Tomek-Wilczynski-fota-plan.jpeg?width=768&amp;height=1152 768w, https:\/\/fujifilm-x.b-cdn.net\/wp-content\/uploads\/2026\/03\/Tomek-Wilczynski-fota-plan.jpeg?width=365&amp;height=548 365w, https:\/\/fujifilm-x.b-cdn.net\/wp-content\/uploads\/2026\/03\/Tomek-Wilczynski-fota-plan.jpeg?width=600&amp;height=900 600w, https:\/\/fujifilm-x.b-cdn.net\/wp-content\/uploads\/2026\/03\/Tomek-Wilczynski-fota-plan.jpeg?width=717&amp;height=1076 717w, https:\/\/fujifilm-x.b-cdn.net\/wp-content\/uploads\/2026\/03\/Tomek-Wilczynski-fota-plan.jpeg?width=390&amp;height=585 390w, https:\/\/fujifilm-x.b-cdn.net\/wp-content\/uploads\/2026\/03\/Tomek-Wilczynski-fota-plan.jpeg?width=480&amp;height=720 480w\" sizes=\"auto, (max-width: 768px) 100vw, 768px\" \/>\t\t\t\t\t\t\t\t\t\t\t\t\t\t\t\t\t\t\t<\/picture>\n\t\t\t\t\t\t\t\t<\/div>\n\t\t\t\t\t\t\t\t\t\t\t\t\t\t<\/div>\n\t\t\t\t\t\t\t\t\t\t\t\t\t<div class=\"glide__slides-nav glide__slides-nav--21\">\n\t\t\t\t\t\t\t\t\t\t\t\t\t\t\t\t\t<picture class=\"glide__slide\">\n\t\t\t\t\t\t\t\t\t\t<img decoding=\"async\" width=\"53\" height=\"80\" src=\"https:\/\/fujifilm-x.b-cdn.net\/wp-content\/uploads\/2026\/03\/Tomek-Wilczynski-48Hour_Jury.jpeg?fit=53,80\" class=\"object-cover\" alt=\"\" loading=\"lazy\" \/>\t\t\t\t\t\t\t\t\t<\/picture>\n\t\t\t\t\t\t\t\t\t\t\t\t\t\t\t\t\t<picture class=\"glide__slide\">\n\t\t\t\t\t\t\t\t\t\t<img decoding=\"async\" width=\"53\" height=\"80\" src=\"https:\/\/fujifilm-x.b-cdn.net\/wp-content\/uploads\/2026\/03\/Tomek-Wilczynski-fota-plan.jpeg?fit=53,80\" class=\"object-cover\" alt=\"\" loading=\"lazy\" \/>\t\t\t\t\t\t\t\t\t<\/picture>\n\t\t\t\t\t\t\t\t\t\t\t\t\t\t\t<\/div>\n\t\t\t\t\t\t\t\t\t\t\t<\/div>\n\t\t\t\t<\/div>\n\t\t\t<\/div>\n\t\t\t\t\t<div class=\"main-stage--slide\">\n\t\t\t\t<div class=\"main-stage__left-content\">\n\t\t\t\t\t<div class=\"flex justify-end gap-5 mb-5\">\n\t\t\t\t\t\t<span class=\"font-fjalla-one font-normal sm:text-lg uppercase block\">\n\t\t\t\t\t\t\t\t\t\t\t\t\t<\/span>\n\t\t\t\t\t\t<span class=\"font-fjalla-one font-normal sm:text-lg uppercase block\">\n\t\t\t\t\t\t\t\t\t\t\t\t\t<\/span>\n\t\t\t\t\t<\/div>\n\t\t\t\t\t<div class=\"sm:flex gap-5 justify-between\">\n\t\t\t\t\t\t\t\t\t\t\t\t\t<div class=\"flex gap-3\">\n\t\t\t\t\t\t\t\t<picture class=\"aspect-3\/2 shrink-0\">\n\t\t\t\t\t\t\t\t\t<img decoding=\"async\" width=\"140\" height=\"93\" src=\"https:\/\/fujifilm-x.b-cdn.net\/wp-content\/uploads\/2026\/03\/Jacek-Marczewski_PORTRET.jpg?fit=140,93\" class=\"h-auto object-cover\" alt=\"\" loading=\"lazy\" \/>\t\t\t\t\t\t\t\t<\/picture>\n\t\t\t\t\t\t\t\t<h5 class=\"wp-block-heading mb-0\">Jacek Marczewski<\/h5>\n\t\t\t\t\t\t\t<\/div>\n\t\t\t\t\t\t\t\t\t\t\t\t<\/div>\n\t\t\t\t\t<div class=\"main-stage__left-content__description\">\n\t\t\t\t\t\t<div class=\"line-clamp-[7] continue-reading\">\n\t\t\t\t\t\t\t<p>Fotografuje od pocz\u0105tku lat 80. Plakat jego autorstwa by\u0142\u00a0 oficjalnym plakatem wybor\u00f3w w 1989 roku. By\u0142 w pierwszym zespole tworz\u0105cym Gazet\u0119 Wyborcz\u0105. Pracuje tam do dzisiaj. Pracowa\u0142 tak\u017ce w \u017byciu Warszawy, Tygodniku Spotkania, Dzienniku Gazecie Prawnej, Wpro\u015bcie, Super Ekspresie. Jest cz\u0142onkiem ZPAF, za\u0142o\u017cycielem Press Club Polska i cz\u0142onkiem Rady Press Club Polska. Tysi\u0105ce godzin sp\u0119dzi\u0142 fotografuj\u0105c ulice Warszawy i innych polskich miast.<\/p>\n\t\t\t\t\t\t\t<div class=\"continue-reading__gradient\"><\/div>\n\t\t\t\t\t\t<\/div>\n\t\t\t\t\t\t<button type=\"button\" class=\"continue-reading__button\" role=\"button\">\n\t\t\t\t\t\t\t<span class=\"continue-reading__button--arrow\">\n\t\t\t\t\t\t\t\t<span class=\"continue-reading__button--arrow-elems\">\n\t\t\t\t\t\t\t\t\t<span class=\"continue-reading__button--arrow-elems__first\"><\/span>\n\t\t\t\t\t\t\t\t\t<span class=\"continue-reading__button--arrow-elems__second\"><\/span>\n\t\t\t\t\t\t\t\t<\/span>\n\t\t\t\t\t\t\t<\/span>\n\t\t\t\t\t\t<\/button>\n\t\t\t\t\t<\/div>\n\t\t\t\t<\/div>\n\t\t\t\t<div class=\"main-stage__right-content\">\n\t\t\t\t\t<div class=\"glide glide--22\">\n\t\t\t\t\t\t<div class=\"glide__slides glide__slides--22\">\n\t\t\t\t\t\t\t\t\t\t\t\t\t\t\t<div class=\"relative\">\n\t\t\t\t\t\t\t\t\t<picture class=\"glide__slide relative\">\n\t\t\t\t\t\t\t\t\t\t<img decoding=\"async\" width=\"768\" height=\"516\" src=\"https:\/\/fujifilm-x.b-cdn.net\/wp-content\/uploads\/2026\/03\/Jacek-Marczewski_008.jpg?width=768&amp;height=516\" class=\"h-auto object-contain\" alt=\"\" loading=\"lazy\" srcset=\"https:\/\/fujifilm-x.b-cdn.net\/wp-content\/uploads\/2026\/03\/Jacek-Marczewski_008.jpg?width=300&amp;height=201 300w, https:\/\/fujifilm-x.b-cdn.net\/wp-content\/uploads\/2026\/03\/Jacek-Marczewski_008.jpg?width=768&amp;height=516 768w, https:\/\/fujifilm-x.b-cdn.net\/wp-content\/uploads\/2026\/03\/Jacek-Marczewski_008.jpg?width=400&amp;height=269 400w, https:\/\/fujifilm-x.b-cdn.net\/wp-content\/uploads\/2026\/03\/Jacek-Marczewski_008.jpg?width=365&amp;height=245 365w, https:\/\/fujifilm-x.b-cdn.net\/wp-content\/uploads\/2026\/03\/Jacek-Marczewski_008.jpg?width=600&amp;height=403 600w, https:\/\/fujifilm-x.b-cdn.net\/wp-content\/uploads\/2026\/03\/Jacek-Marczewski_008.jpg?width=717&amp;height=481 717w\" sizes=\"auto, (max-width: 768px) 100vw, 768px\" \/>\t\t\t\t\t\t\t\t\t\t\t\t\t\t\t\t\t\t\t<\/picture>\n\t\t\t\t\t\t\t\t<\/div>\n\t\t\t\t\t\t\t\t\t\t\t\t\t\t\t\t<div class=\"relative\">\n\t\t\t\t\t\t\t\t\t<picture class=\"glide__slide relative\">\n\t\t\t\t\t\t\t\t\t\t<img decoding=\"async\" width=\"768\" height=\"517\" src=\"https:\/\/fujifilm-x.b-cdn.net\/wp-content\/uploads\/2026\/03\/Jacek-Marczewski_009.jpg?width=768&amp;height=517\" class=\"h-auto object-contain\" alt=\"\" loading=\"lazy\" srcset=\"https:\/\/fujifilm-x.b-cdn.net\/wp-content\/uploads\/2026\/03\/Jacek-Marczewski_009.jpg?width=300&amp;height=202 300w, https:\/\/fujifilm-x.b-cdn.net\/wp-content\/uploads\/2026\/03\/Jacek-Marczewski_009.jpg?width=768&amp;height=517 768w, https:\/\/fujifilm-x.b-cdn.net\/wp-content\/uploads\/2026\/03\/Jacek-Marczewski_009.jpg?width=400&amp;height=270 400w, https:\/\/fujifilm-x.b-cdn.net\/wp-content\/uploads\/2026\/03\/Jacek-Marczewski_009.jpg?width=365&amp;height=246 365w, https:\/\/fujifilm-x.b-cdn.net\/wp-content\/uploads\/2026\/03\/Jacek-Marczewski_009.jpg?width=600&amp;height=404 600w, https:\/\/fujifilm-x.b-cdn.net\/wp-content\/uploads\/2026\/03\/Jacek-Marczewski_009.jpg?width=717&amp;height=483 717w\" sizes=\"auto, (max-width: 768px) 100vw, 768px\" \/>\t\t\t\t\t\t\t\t\t\t\t\t\t\t\t\t\t\t\t<\/picture>\n\t\t\t\t\t\t\t\t<\/div>\n\t\t\t\t\t\t\t\t\t\t\t\t\t\t\t\t<div class=\"relative\">\n\t\t\t\t\t\t\t\t\t<picture class=\"glide__slide relative\">\n\t\t\t\t\t\t\t\t\t\t<img decoding=\"async\" width=\"768\" height=\"511\" src=\"https:\/\/fujifilm-x.b-cdn.net\/wp-content\/uploads\/2026\/03\/Jacek-Marczewski_010.jpg?width=768&amp;height=511\" class=\"h-auto object-contain\" alt=\"\" loading=\"lazy\" srcset=\"https:\/\/fujifilm-x.b-cdn.net\/wp-content\/uploads\/2026\/03\/Jacek-Marczewski_010.jpg?width=300&amp;height=200 300w, https:\/\/fujifilm-x.b-cdn.net\/wp-content\/uploads\/2026\/03\/Jacek-Marczewski_010.jpg?width=768&amp;height=511 768w, https:\/\/fujifilm-x.b-cdn.net\/wp-content\/uploads\/2026\/03\/Jacek-Marczewski_010.jpg?width=400&amp;height=266 400w, https:\/\/fujifilm-x.b-cdn.net\/wp-content\/uploads\/2026\/03\/Jacek-Marczewski_010.jpg?width=365&amp;height=243 365w, https:\/\/fujifilm-x.b-cdn.net\/wp-content\/uploads\/2026\/03\/Jacek-Marczewski_010.jpg?width=600&amp;height=399 600w, https:\/\/fujifilm-x.b-cdn.net\/wp-content\/uploads\/2026\/03\/Jacek-Marczewski_010.jpg?width=717&amp;height=477 717w\" sizes=\"auto, (max-width: 768px) 100vw, 768px\" \/>\t\t\t\t\t\t\t\t\t\t\t\t\t\t\t\t\t\t\t<\/picture>\n\t\t\t\t\t\t\t\t<\/div>\n\t\t\t\t\t\t\t\t\t\t\t\t\t\t\t\t<div class=\"relative\">\n\t\t\t\t\t\t\t\t\t<picture class=\"glide__slide relative\">\n\t\t\t\t\t\t\t\t\t\t<img decoding=\"async\" width=\"768\" height=\"505\" src=\"https:\/\/fujifilm-x.b-cdn.net\/wp-content\/uploads\/2026\/03\/Jacek-Marczewski_011.jpg?width=768&amp;height=505\" class=\"h-auto object-contain\" alt=\"\" loading=\"lazy\" srcset=\"https:\/\/fujifilm-x.b-cdn.net\/wp-content\/uploads\/2026\/03\/Jacek-Marczewski_011.jpg?width=300&amp;height=197 300w, https:\/\/fujifilm-x.b-cdn.net\/wp-content\/uploads\/2026\/03\/Jacek-Marczewski_011.jpg?width=768&amp;height=505 768w, https:\/\/fujifilm-x.b-cdn.net\/wp-content\/uploads\/2026\/03\/Jacek-Marczewski_011.jpg?width=400&amp;height=263 400w, https:\/\/fujifilm-x.b-cdn.net\/wp-content\/uploads\/2026\/03\/Jacek-Marczewski_011.jpg?width=365&amp;height=240 365w, https:\/\/fujifilm-x.b-cdn.net\/wp-content\/uploads\/2026\/03\/Jacek-Marczewski_011.jpg?width=600&amp;height=394 600w, https:\/\/fujifilm-x.b-cdn.net\/wp-content\/uploads\/2026\/03\/Jacek-Marczewski_011.jpg?width=717&amp;height=471 717w\" sizes=\"auto, (max-width: 768px) 100vw, 768px\" \/>\t\t\t\t\t\t\t\t\t\t\t\t\t\t\t\t\t\t\t<\/picture>\n\t\t\t\t\t\t\t\t<\/div>\n\t\t\t\t\t\t\t\t\t\t\t\t\t\t\t\t<div class=\"relative\">\n\t\t\t\t\t\t\t\t\t<picture class=\"glide__slide relative\">\n\t\t\t\t\t\t\t\t\t\t<img decoding=\"async\" width=\"768\" height=\"509\" src=\"https:\/\/fujifilm-x.b-cdn.net\/wp-content\/uploads\/2026\/03\/Jacek-Marczewski_014.jpg?width=768&amp;height=509\" class=\"h-auto object-contain\" alt=\"\" loading=\"lazy\" srcset=\"https:\/\/fujifilm-x.b-cdn.net\/wp-content\/uploads\/2026\/03\/Jacek-Marczewski_014.jpg?width=300&amp;height=199 300w, https:\/\/fujifilm-x.b-cdn.net\/wp-content\/uploads\/2026\/03\/Jacek-Marczewski_014.jpg?width=768&amp;height=509 768w, https:\/\/fujifilm-x.b-cdn.net\/wp-content\/uploads\/2026\/03\/Jacek-Marczewski_014.jpg?width=400&amp;height=265 400w, https:\/\/fujifilm-x.b-cdn.net\/wp-content\/uploads\/2026\/03\/Jacek-Marczewski_014.jpg?width=365&amp;height=242 365w, https:\/\/fujifilm-x.b-cdn.net\/wp-content\/uploads\/2026\/03\/Jacek-Marczewski_014.jpg?width=600&amp;height=398 600w, https:\/\/fujifilm-x.b-cdn.net\/wp-content\/uploads\/2026\/03\/Jacek-Marczewski_014.jpg?width=717&amp;height=475 717w\" sizes=\"auto, (max-width: 768px) 100vw, 768px\" \/>\t\t\t\t\t\t\t\t\t\t\t\t\t\t\t\t\t\t\t<\/picture>\n\t\t\t\t\t\t\t\t<\/div>\n\t\t\t\t\t\t\t\t\t\t\t\t\t\t\t\t<div class=\"relative\">\n\t\t\t\t\t\t\t\t\t<picture class=\"glide__slide relative\">\n\t\t\t\t\t\t\t\t\t\t<img decoding=\"async\" width=\"768\" height=\"518\" src=\"https:\/\/fujifilm-x.b-cdn.net\/wp-content\/uploads\/2026\/03\/Jacek-Marczewski_015.jpg?width=768&amp;height=518\" class=\"h-auto object-contain\" alt=\"\" loading=\"lazy\" srcset=\"https:\/\/fujifilm-x.b-cdn.net\/wp-content\/uploads\/2026\/03\/Jacek-Marczewski_015.jpg?width=300&amp;height=203 300w, https:\/\/fujifilm-x.b-cdn.net\/wp-content\/uploads\/2026\/03\/Jacek-Marczewski_015.jpg?width=768&amp;height=518 768w, https:\/\/fujifilm-x.b-cdn.net\/wp-content\/uploads\/2026\/03\/Jacek-Marczewski_015.jpg?width=400&amp;height=270 400w, https:\/\/fujifilm-x.b-cdn.net\/wp-content\/uploads\/2026\/03\/Jacek-Marczewski_015.jpg?width=365&amp;height=246 365w, https:\/\/fujifilm-x.b-cdn.net\/wp-content\/uploads\/2026\/03\/Jacek-Marczewski_015.jpg?width=600&amp;height=405 600w, https:\/\/fujifilm-x.b-cdn.net\/wp-content\/uploads\/2026\/03\/Jacek-Marczewski_015.jpg?width=717&amp;height=484 717w\" sizes=\"auto, (max-width: 768px) 100vw, 768px\" \/>\t\t\t\t\t\t\t\t\t\t\t\t\t\t\t\t\t\t\t<\/picture>\n\t\t\t\t\t\t\t\t<\/div>\n\t\t\t\t\t\t\t\t\t\t\t\t\t\t\t\t<div class=\"relative\">\n\t\t\t\t\t\t\t\t\t<picture class=\"glide__slide relative\">\n\t\t\t\t\t\t\t\t\t\t<img decoding=\"async\" width=\"768\" height=\"305\" src=\"https:\/\/fujifilm-x.b-cdn.net\/wp-content\/uploads\/2026\/03\/Jacek-Marczewski_007.jpg?width=768&amp;height=305\" class=\"h-auto object-contain\" alt=\"\" loading=\"lazy\" srcset=\"https:\/\/fujifilm-x.b-cdn.net\/wp-content\/uploads\/2026\/03\/Jacek-Marczewski_007.jpg?width=300&amp;height=119 300w, https:\/\/fujifilm-x.b-cdn.net\/wp-content\/uploads\/2026\/03\/Jacek-Marczewski_007.jpg?width=768&amp;height=305 768w, https:\/\/fujifilm-x.b-cdn.net\/wp-content\/uploads\/2026\/03\/Jacek-Marczewski_007.jpg?width=400&amp;height=159 400w, https:\/\/fujifilm-x.b-cdn.net\/wp-content\/uploads\/2026\/03\/Jacek-Marczewski_007.jpg?width=365&amp;height=145 365w, https:\/\/fujifilm-x.b-cdn.net\/wp-content\/uploads\/2026\/03\/Jacek-Marczewski_007.jpg?width=600&amp;height=239 600w, https:\/\/fujifilm-x.b-cdn.net\/wp-content\/uploads\/2026\/03\/Jacek-Marczewski_007.jpg?width=717&amp;height=285 717w\" sizes=\"auto, (max-width: 768px) 100vw, 768px\" \/>\t\t\t\t\t\t\t\t\t\t\t\t\t\t\t\t\t\t\t<\/picture>\n\t\t\t\t\t\t\t\t<\/div>\n\t\t\t\t\t\t\t\t\t\t\t\t\t\t\t\t<div class=\"relative\">\n\t\t\t\t\t\t\t\t\t<picture class=\"glide__slide relative\">\n\t\t\t\t\t\t\t\t\t\t<img decoding=\"async\" width=\"768\" height=\"307\" src=\"https:\/\/fujifilm-x.b-cdn.net\/wp-content\/uploads\/2026\/03\/Jacek-Marczewski_005.jpg?width=768&amp;height=307\" class=\"h-auto object-contain\" alt=\"\" loading=\"lazy\" srcset=\"https:\/\/fujifilm-x.b-cdn.net\/wp-content\/uploads\/2026\/03\/Jacek-Marczewski_005.jpg?width=300&amp;height=120 300w, https:\/\/fujifilm-x.b-cdn.net\/wp-content\/uploads\/2026\/03\/Jacek-Marczewski_005.jpg?width=768&amp;height=307 768w, https:\/\/fujifilm-x.b-cdn.net\/wp-content\/uploads\/2026\/03\/Jacek-Marczewski_005.jpg?width=400&amp;height=160 400w, https:\/\/fujifilm-x.b-cdn.net\/wp-content\/uploads\/2026\/03\/Jacek-Marczewski_005.jpg?width=365&amp;height=146 365w, https:\/\/fujifilm-x.b-cdn.net\/wp-content\/uploads\/2026\/03\/Jacek-Marczewski_005.jpg?width=600&amp;height=240 600w, https:\/\/fujifilm-x.b-cdn.net\/wp-content\/uploads\/2026\/03\/Jacek-Marczewski_005.jpg?width=717&amp;height=287 717w\" sizes=\"auto, (max-width: 768px) 100vw, 768px\" \/>\t\t\t\t\t\t\t\t\t\t\t\t\t\t\t\t\t\t\t<\/picture>\n\t\t\t\t\t\t\t\t<\/div>\n\t\t\t\t\t\t\t\t\t\t\t\t\t\t\t\t<div class=\"relative\">\n\t\t\t\t\t\t\t\t\t<picture class=\"glide__slide relative\">\n\t\t\t\t\t\t\t\t\t\t<img decoding=\"async\" width=\"768\" height=\"304\" src=\"https:\/\/fujifilm-x.b-cdn.net\/wp-content\/uploads\/2026\/03\/Jacek-Marczewski_006.jpg?width=768&amp;height=304\" class=\"h-auto object-contain\" alt=\"\" loading=\"lazy\" srcset=\"https:\/\/fujifilm-x.b-cdn.net\/wp-content\/uploads\/2026\/03\/Jacek-Marczewski_006.jpg?width=300&amp;height=119 300w, https:\/\/fujifilm-x.b-cdn.net\/wp-content\/uploads\/2026\/03\/Jacek-Marczewski_006.jpg?width=768&amp;height=304 768w, https:\/\/fujifilm-x.b-cdn.net\/wp-content\/uploads\/2026\/03\/Jacek-Marczewski_006.jpg?width=400&amp;height=159 400w, https:\/\/fujifilm-x.b-cdn.net\/wp-content\/uploads\/2026\/03\/Jacek-Marczewski_006.jpg?width=365&amp;height=145 365w, https:\/\/fujifilm-x.b-cdn.net\/wp-content\/uploads\/2026\/03\/Jacek-Marczewski_006.jpg?width=600&amp;height=238 600w, https:\/\/fujifilm-x.b-cdn.net\/wp-content\/uploads\/2026\/03\/Jacek-Marczewski_006.jpg?width=717&amp;height=284 717w\" sizes=\"auto, (max-width: 768px) 100vw, 768px\" \/>\t\t\t\t\t\t\t\t\t\t\t\t\t\t\t\t\t\t\t<\/picture>\n\t\t\t\t\t\t\t\t<\/div>\n\t\t\t\t\t\t\t\t\t\t\t\t\t\t<\/div>\n\t\t\t\t\t\t\t\t\t\t\t\t\t<div class=\"glide__slides-nav glide__slides-nav--22\">\n\t\t\t\t\t\t\t\t\t\t\t\t\t\t\t\t\t<picture class=\"glide__slide\">\n\t\t\t\t\t\t\t\t\t\t<img decoding=\"async\" width=\"80\" height=\"54\" src=\"https:\/\/fujifilm-x.b-cdn.net\/wp-content\/uploads\/2026\/03\/Jacek-Marczewski_008.jpg?fit=80,54\" class=\"object-cover\" alt=\"\" loading=\"lazy\" \/>\t\t\t\t\t\t\t\t\t<\/picture>\n\t\t\t\t\t\t\t\t\t\t\t\t\t\t\t\t\t<picture class=\"glide__slide\">\n\t\t\t\t\t\t\t\t\t\t<img decoding=\"async\" width=\"80\" height=\"54\" src=\"https:\/\/fujifilm-x.b-cdn.net\/wp-content\/uploads\/2026\/03\/Jacek-Marczewski_009.jpg?fit=80,54\" class=\"object-cover\" alt=\"\" loading=\"lazy\" \/>\t\t\t\t\t\t\t\t\t<\/picture>\n\t\t\t\t\t\t\t\t\t\t\t\t\t\t\t\t\t<picture class=\"glide__slide\">\n\t\t\t\t\t\t\t\t\t\t<img decoding=\"async\" width=\"80\" height=\"53\" src=\"https:\/\/fujifilm-x.b-cdn.net\/wp-content\/uploads\/2026\/03\/Jacek-Marczewski_010.jpg?fit=80,53\" class=\"object-cover\" alt=\"\" loading=\"lazy\" \/>\t\t\t\t\t\t\t\t\t<\/picture>\n\t\t\t\t\t\t\t\t\t\t\t\t\t\t\t\t\t<picture class=\"glide__slide\">\n\t\t\t\t\t\t\t\t\t\t<img decoding=\"async\" width=\"80\" height=\"53\" src=\"https:\/\/fujifilm-x.b-cdn.net\/wp-content\/uploads\/2026\/03\/Jacek-Marczewski_011.jpg?fit=80,53\" class=\"object-cover\" alt=\"\" loading=\"lazy\" \/>\t\t\t\t\t\t\t\t\t<\/picture>\n\t\t\t\t\t\t\t\t\t\t\t\t\t\t\t\t\t<picture class=\"glide__slide\">\n\t\t\t\t\t\t\t\t\t\t<img decoding=\"async\" width=\"80\" height=\"53\" src=\"https:\/\/fujifilm-x.b-cdn.net\/wp-content\/uploads\/2026\/03\/Jacek-Marczewski_014.jpg?fit=80,53\" class=\"object-cover\" alt=\"\" loading=\"lazy\" \/>\t\t\t\t\t\t\t\t\t<\/picture>\n\t\t\t\t\t\t\t\t\t\t\t\t\t\t\t\t\t<picture class=\"glide__slide\">\n\t\t\t\t\t\t\t\t\t\t<img decoding=\"async\" width=\"80\" height=\"54\" src=\"https:\/\/fujifilm-x.b-cdn.net\/wp-content\/uploads\/2026\/03\/Jacek-Marczewski_015.jpg?fit=80,54\" class=\"object-cover\" alt=\"\" loading=\"lazy\" \/>\t\t\t\t\t\t\t\t\t<\/picture>\n\t\t\t\t\t\t\t\t\t\t\t\t\t\t\t\t\t<picture class=\"glide__slide\">\n\t\t\t\t\t\t\t\t\t\t<img decoding=\"async\" width=\"80\" height=\"32\" src=\"https:\/\/fujifilm-x.b-cdn.net\/wp-content\/uploads\/2026\/03\/Jacek-Marczewski_007.jpg?fit=80,32\" class=\"object-cover\" alt=\"\" loading=\"lazy\" \/>\t\t\t\t\t\t\t\t\t<\/picture>\n\t\t\t\t\t\t\t\t\t\t\t\t\t\t\t\t\t<picture class=\"glide__slide\">\n\t\t\t\t\t\t\t\t\t\t<img decoding=\"async\" width=\"80\" height=\"32\" src=\"https:\/\/fujifilm-x.b-cdn.net\/wp-content\/uploads\/2026\/03\/Jacek-Marczewski_005.jpg?fit=80,32\" class=\"object-cover\" alt=\"\" loading=\"lazy\" \/>\t\t\t\t\t\t\t\t\t<\/picture>\n\t\t\t\t\t\t\t\t\t\t\t\t\t\t\t\t\t<picture class=\"glide__slide\">\n\t\t\t\t\t\t\t\t\t\t<img decoding=\"async\" width=\"80\" height=\"32\" src=\"https:\/\/fujifilm-x.b-cdn.net\/wp-content\/uploads\/2026\/03\/Jacek-Marczewski_006.jpg?fit=80,32\" class=\"object-cover\" alt=\"\" loading=\"lazy\" \/>\t\t\t\t\t\t\t\t\t<\/picture>\n\t\t\t\t\t\t\t\t\t\t\t\t\t\t\t<\/div>\n\t\t\t\t\t\t\t\t\t\t\t<\/div>\n\t\t\t\t<\/div>\n\t\t\t<\/div>\n\t\t\t\t\t<div class=\"main-stage--slide\">\n\t\t\t\t<div class=\"main-stage__left-content\">\n\t\t\t\t\t<div class=\"flex justify-end gap-5 mb-5\">\n\t\t\t\t\t\t<span class=\"font-fjalla-one font-normal sm:text-lg uppercase block\">\n\t\t\t\t\t\t\t\t\t\t\t\t\t<\/span>\n\t\t\t\t\t\t<span class=\"font-fjalla-one font-normal sm:text-lg uppercase block\">\n\t\t\t\t\t\t\t\t\t\t\t\t\t<\/span>\n\t\t\t\t\t<\/div>\n\t\t\t\t\t<div class=\"sm:flex gap-5 justify-between\">\n\t\t\t\t\t\t\t\t\t\t\t\t\t<div class=\"flex gap-3\">\n\t\t\t\t\t\t\t\t<picture class=\"aspect-3\/2 shrink-0\">\n\t\t\t\t\t\t\t\t\t<img decoding=\"async\" width=\"140\" height=\"131\" src=\"https:\/\/fujifilm-x.b-cdn.net\/wp-content\/uploads\/2026\/03\/Ewa-Meissner-portret-Fujifilm.jpg?fit=140,131\" class=\"h-auto object-cover\" alt=\"\" loading=\"lazy\" \/>\t\t\t\t\t\t\t\t<\/picture>\n\t\t\t\t\t\t\t\t<h5 class=\"wp-block-heading mb-0\">Ewa Meissner<\/h5>\n\t\t\t\t\t\t\t<\/div>\n\t\t\t\t\t\t\t\t\t\t\t\t<\/div>\n\t\t\t\t\t<div class=\"main-stage__left-content__description\">\n\t\t\t\t\t\t<div class=\"line-clamp-[7] continue-reading\">\n\t\t\t\t\t\t\t<p>Ewa Meissner urodzi\u0142a si\u0119 w 1971 roku w Warszawie.<\/p>\n<p>W latach 2000-2005 studiowa\u0142a dziennikarstwo na Wydziale Politologii Collegium Civitas w Warszawie. Wsp\u00f3\u0142za\u0142o\u017cycielka i fotografka dokumentalna agencji Napo Images. Cz\u0142onkini Press Club Polska. Ambasadorka Fujifilm Polska.<\/p>\n<p>Wsp\u00f3\u0142pracowa\u0142a jako kurator i wsp\u00f3\u0142organizator wystaw fotograficznych min. z Centrum Sztuki Wsp\u00f3\u0142czesnej w Warszawie, Star\u0105 Galeri\u0105 Zwi\u0105zku Polskich Artyst\u00f3w Fotografik\u00f3w w Warszawie, Zamkiem Kr\u00f3lewskim w Warszawie, Centrum Sztuki i Techniki Japo\u0144skiej &#8220;Manngha&#8221; w Krakowie, Galeri\u0105 im. Sle\u0144dzi\u0144skich w Bia\u0142ymstoku, Domem Spotka\u0144 z Histori\u0105 w Warszawie, Ministerstwem Spraw Zagranicznych RP, Fundacj\u0105 Gda\u0144sk\u0105 i Miastem Gda\u0144sk. Od 2010 roku wsp\u00f3\u0142pracuje z Instytutem Dziennikarstwa Uniwersytetu Warszawskiego prowadz\u0105c zaj\u0119cia z fotografii prasowej, historii fotografii mody i historii fotografii japo\u0144skiej.<\/p>\n<p>Fotoedytorka ksi\u0105\u017cek fotograficznych, min. &#8220;BEBOK&#8221; Karoliny Jonderko, &#8220;Echo&#8221; Maksymiliana Rigamontiego, &#8220;Stos&#8221; Maksymiliana Rigamontiego, &#8220;Two tailed dog&#8221; Micha\u0142a Adamskiego, &#8220;Stigmy&#8221; Adama Lacha, &#8220;Message&#8221; Macieja Jeziorka, &#8220;Some Things are Quieter Then Others&#8221; Jacka Foty, &#8220;N.Y.C.#02&#8221; Wojtka Wieteski.<br \/>\nAutorka strony Polish Documentary Photography Links (PDPL) na Facebooku promuj\u0105cej polsk\u0105 fotografi\u0119 dokumentaln\u0105.<\/p>\n<p>Jej prace, oscyluj\u0105ce pomi\u0119dzy fotografi\u0105 socjologiczno-dokumentaln\u0105 a fotografi\u0105 streetow\u0105, wystawiane by\u0142y min. w Polsce, Francji, Czechach, Anglii i Stanach Zjednoczonych.<\/p>\n\t\t\t\t\t\t\t<div class=\"continue-reading__gradient\"><\/div>\n\t\t\t\t\t\t<\/div>\n\t\t\t\t\t\t<button type=\"button\" class=\"continue-reading__button\" role=\"button\">\n\t\t\t\t\t\t\t<span class=\"continue-reading__button--arrow\">\n\t\t\t\t\t\t\t\t<span class=\"continue-reading__button--arrow-elems\">\n\t\t\t\t\t\t\t\t\t<span class=\"continue-reading__button--arrow-elems__first\"><\/span>\n\t\t\t\t\t\t\t\t\t<span class=\"continue-reading__button--arrow-elems__second\"><\/span>\n\t\t\t\t\t\t\t\t<\/span>\n\t\t\t\t\t\t\t<\/span>\n\t\t\t\t\t\t<\/button>\n\t\t\t\t\t<\/div>\n\t\t\t\t<\/div>\n\t\t\t\t<div class=\"main-stage__right-content\">\n\t\t\t\t\t<div class=\"glide glide--23\">\n\t\t\t\t\t\t<div class=\"glide__slides glide__slides--23\">\n\t\t\t\t\t\t\t\t\t\t\t\t\t\t\t<div class=\"relative\">\n\t\t\t\t\t\t\t\t\t<picture class=\"glide__slide relative\">\n\t\t\t\t\t\t\t\t\t\t<img decoding=\"async\" width=\"768\" height=\"576\" src=\"https:\/\/fujifilm-x.b-cdn.net\/wp-content\/uploads\/2026\/03\/Ewa-Meissner_Fujifilm_001.jpg?width=768&amp;height=576\" class=\"h-auto object-contain\" alt=\"\" loading=\"lazy\" srcset=\"https:\/\/fujifilm-x.b-cdn.net\/wp-content\/uploads\/2026\/03\/Ewa-Meissner_Fujifilm_001.jpg?width=300&amp;height=225 300w, https:\/\/fujifilm-x.b-cdn.net\/wp-content\/uploads\/2026\/03\/Ewa-Meissner_Fujifilm_001.jpg?width=768&amp;height=576 768w, https:\/\/fujifilm-x.b-cdn.net\/wp-content\/uploads\/2026\/03\/Ewa-Meissner_Fujifilm_001.jpg?width=400&amp;height=300 400w, https:\/\/fujifilm-x.b-cdn.net\/wp-content\/uploads\/2026\/03\/Ewa-Meissner_Fujifilm_001.jpg?width=365&amp;height=274 365w, https:\/\/fujifilm-x.b-cdn.net\/wp-content\/uploads\/2026\/03\/Ewa-Meissner_Fujifilm_001.jpg?width=600&amp;height=450 600w, https:\/\/fujifilm-x.b-cdn.net\/wp-content\/uploads\/2026\/03\/Ewa-Meissner_Fujifilm_001.jpg?width=717&amp;height=538 717w\" sizes=\"auto, (max-width: 768px) 100vw, 768px\" \/>\t\t\t\t\t\t\t\t\t\t\t\t\t\t\t\t\t\t\t\t\t<div class=\"glide__slide--caption\">\n\t\t\t\t\t\t\t\t\t\t\t\tSniadeckich Street, Warsaw.\t\t\t\t\t\t\t\t\t\t\t<\/div>\n\t\t\t\t\t\t\t\t\t\t\t\t\t\t\t\t\t\t\t<\/picture>\n\t\t\t\t\t\t\t\t<\/div>\n\t\t\t\t\t\t\t\t\t\t\t\t\t\t\t\t<div class=\"relative\">\n\t\t\t\t\t\t\t\t\t<picture class=\"glide__slide relative\">\n\t\t\t\t\t\t\t\t\t\t<img decoding=\"async\" width=\"768\" height=\"512\" src=\"https:\/\/fujifilm-x.b-cdn.net\/wp-content\/uploads\/2026\/03\/Ewa-Meissner_Fujifilm_002.jpg?width=768&amp;height=512\" class=\"h-auto object-contain\" alt=\"\" loading=\"lazy\" srcset=\"https:\/\/fujifilm-x.b-cdn.net\/wp-content\/uploads\/2026\/03\/Ewa-Meissner_Fujifilm_002.jpg?width=300&amp;height=200 300w, https:\/\/fujifilm-x.b-cdn.net\/wp-content\/uploads\/2026\/03\/Ewa-Meissner_Fujifilm_002.jpg?width=768&amp;height=512 768w, https:\/\/fujifilm-x.b-cdn.net\/wp-content\/uploads\/2026\/03\/Ewa-Meissner_Fujifilm_002.jpg?width=400&amp;height=267 400w, https:\/\/fujifilm-x.b-cdn.net\/wp-content\/uploads\/2026\/03\/Ewa-Meissner_Fujifilm_002.jpg?width=365&amp;height=243 365w, https:\/\/fujifilm-x.b-cdn.net\/wp-content\/uploads\/2026\/03\/Ewa-Meissner_Fujifilm_002.jpg?width=600&amp;height=400 600w, https:\/\/fujifilm-x.b-cdn.net\/wp-content\/uploads\/2026\/03\/Ewa-Meissner_Fujifilm_002.jpg?width=717&amp;height=478 717w\" sizes=\"auto, (max-width: 768px) 100vw, 768px\" \/>\t\t\t\t\t\t\t\t\t\t\t\t\t\t\t\t\t\t\t\t\t<div class=\"glide__slide--caption\">\n\t\t\t\t\t\t\t\t\t\t\t\tWarszawa\t\t\t\t\t\t\t\t\t\t\t<\/div>\n\t\t\t\t\t\t\t\t\t\t\t\t\t\t\t\t\t\t\t<\/picture>\n\t\t\t\t\t\t\t\t<\/div>\n\t\t\t\t\t\t\t\t\t\t\t\t\t\t\t\t<div class=\"relative\">\n\t\t\t\t\t\t\t\t\t<picture class=\"glide__slide relative\">\n\t\t\t\t\t\t\t\t\t\t<img decoding=\"async\" width=\"768\" height=\"512\" src=\"https:\/\/fujifilm-x.b-cdn.net\/wp-content\/uploads\/2026\/03\/Ewa-Meissner_Fujifilm_003.jpg?width=768&amp;height=512\" class=\"h-auto object-contain\" alt=\"\" loading=\"lazy\" srcset=\"https:\/\/fujifilm-x.b-cdn.net\/wp-content\/uploads\/2026\/03\/Ewa-Meissner_Fujifilm_003.jpg?width=300&amp;height=200 300w, https:\/\/fujifilm-x.b-cdn.net\/wp-content\/uploads\/2026\/03\/Ewa-Meissner_Fujifilm_003.jpg?width=768&amp;height=512 768w, https:\/\/fujifilm-x.b-cdn.net\/wp-content\/uploads\/2026\/03\/Ewa-Meissner_Fujifilm_003.jpg?width=400&amp;height=267 400w, https:\/\/fujifilm-x.b-cdn.net\/wp-content\/uploads\/2026\/03\/Ewa-Meissner_Fujifilm_003.jpg?width=365&amp;height=243 365w, https:\/\/fujifilm-x.b-cdn.net\/wp-content\/uploads\/2026\/03\/Ewa-Meissner_Fujifilm_003.jpg?width=600&amp;height=400 600w, https:\/\/fujifilm-x.b-cdn.net\/wp-content\/uploads\/2026\/03\/Ewa-Meissner_Fujifilm_003.jpg?width=717&amp;height=478 717w\" sizes=\"auto, (max-width: 768px) 100vw, 768px\" \/>\t\t\t\t\t\t\t\t\t\t\t\t\t\t\t\t\t\t\t\t\t<div class=\"glide__slide--caption\">\n\t\t\t\t\t\t\t\t\t\t\t\tWarszawa\t\t\t\t\t\t\t\t\t\t\t<\/div>\n\t\t\t\t\t\t\t\t\t\t\t\t\t\t\t\t\t\t\t<\/picture>\n\t\t\t\t\t\t\t\t<\/div>\n\t\t\t\t\t\t\t\t\t\t\t\t\t\t\t\t<div class=\"relative\">\n\t\t\t\t\t\t\t\t\t<picture class=\"glide__slide relative\">\n\t\t\t\t\t\t\t\t\t\t<img decoding=\"async\" width=\"768\" height=\"576\" src=\"https:\/\/fujifilm-x.b-cdn.net\/wp-content\/uploads\/2026\/03\/Ewa-Meissner_Fujifilm_004.jpg?width=768&amp;height=576\" class=\"h-auto object-contain\" alt=\"\" loading=\"lazy\" srcset=\"https:\/\/fujifilm-x.b-cdn.net\/wp-content\/uploads\/2026\/03\/Ewa-Meissner_Fujifilm_004.jpg?width=300&amp;height=225 300w, https:\/\/fujifilm-x.b-cdn.net\/wp-content\/uploads\/2026\/03\/Ewa-Meissner_Fujifilm_004.jpg?width=768&amp;height=576 768w, https:\/\/fujifilm-x.b-cdn.net\/wp-content\/uploads\/2026\/03\/Ewa-Meissner_Fujifilm_004.jpg?width=400&amp;height=300 400w, https:\/\/fujifilm-x.b-cdn.net\/wp-content\/uploads\/2026\/03\/Ewa-Meissner_Fujifilm_004.jpg?width=365&amp;height=274 365w, https:\/\/fujifilm-x.b-cdn.net\/wp-content\/uploads\/2026\/03\/Ewa-Meissner_Fujifilm_004.jpg?width=600&amp;height=450 600w, https:\/\/fujifilm-x.b-cdn.net\/wp-content\/uploads\/2026\/03\/Ewa-Meissner_Fujifilm_004.jpg?width=717&amp;height=538 717w\" sizes=\"auto, (max-width: 768px) 100vw, 768px\" \/>\t\t\t\t\t\t\t\t\t\t\t\t\t\t\t\t\t\t\t\t\t<div class=\"glide__slide--caption\">\n\t\t\t\t\t\t\t\t\t\t\t\t03.01.2025; SOPOT, POLAND\t\t\t\t\t\t\t\t\t\t\t<\/div>\n\t\t\t\t\t\t\t\t\t\t\t\t\t\t\t\t\t\t\t<\/picture>\n\t\t\t\t\t\t\t\t<\/div>\n\t\t\t\t\t\t\t\t\t\t\t\t\t\t\t\t<div class=\"relative\">\n\t\t\t\t\t\t\t\t\t<picture class=\"glide__slide relative\">\n\t\t\t\t\t\t\t\t\t\t<img decoding=\"async\" width=\"768\" height=\"512\" src=\"https:\/\/fujifilm-x.b-cdn.net\/wp-content\/uploads\/2026\/03\/Ewa-Meissner_Fujifilm_005.jpg?width=768&amp;height=512\" class=\"h-auto object-contain\" alt=\"\" loading=\"lazy\" srcset=\"https:\/\/fujifilm-x.b-cdn.net\/wp-content\/uploads\/2026\/03\/Ewa-Meissner_Fujifilm_005.jpg?width=300&amp;height=200 300w, https:\/\/fujifilm-x.b-cdn.net\/wp-content\/uploads\/2026\/03\/Ewa-Meissner_Fujifilm_005.jpg?width=768&amp;height=512 768w, https:\/\/fujifilm-x.b-cdn.net\/wp-content\/uploads\/2026\/03\/Ewa-Meissner_Fujifilm_005.jpg?width=400&amp;height=267 400w, https:\/\/fujifilm-x.b-cdn.net\/wp-content\/uploads\/2026\/03\/Ewa-Meissner_Fujifilm_005.jpg?width=365&amp;height=243 365w, https:\/\/fujifilm-x.b-cdn.net\/wp-content\/uploads\/2026\/03\/Ewa-Meissner_Fujifilm_005.jpg?width=600&amp;height=400 600w, https:\/\/fujifilm-x.b-cdn.net\/wp-content\/uploads\/2026\/03\/Ewa-Meissner_Fujifilm_005.jpg?width=717&amp;height=478 717w\" sizes=\"auto, (max-width: 768px) 100vw, 768px\" \/>\t\t\t\t\t\t\t\t\t\t\t\t\t\t\t\t\t\t\t\t\t<div class=\"glide__slide--caption\">\n\t\t\t\t\t\t\t\t\t\t\t\tJarmark \u015awiateczny , Warszawa, Polska\t\t\t\t\t\t\t\t\t\t\t<\/div>\n\t\t\t\t\t\t\t\t\t\t\t\t\t\t\t\t\t\t\t<\/picture>\n\t\t\t\t\t\t\t\t<\/div>\n\t\t\t\t\t\t\t\t\t\t\t\t\t\t\t\t<div class=\"relative\">\n\t\t\t\t\t\t\t\t\t<picture class=\"glide__slide relative\">\n\t\t\t\t\t\t\t\t\t\t<img decoding=\"async\" width=\"768\" height=\"512\" src=\"https:\/\/fujifilm-x.b-cdn.net\/wp-content\/uploads\/2026\/03\/Ewa-Meissner_Fujifilm_006.jpg?width=768&amp;height=512\" class=\"h-auto object-contain\" alt=\"\" loading=\"lazy\" srcset=\"https:\/\/fujifilm-x.b-cdn.net\/wp-content\/uploads\/2026\/03\/Ewa-Meissner_Fujifilm_006.jpg?width=300&amp;height=200 300w, https:\/\/fujifilm-x.b-cdn.net\/wp-content\/uploads\/2026\/03\/Ewa-Meissner_Fujifilm_006.jpg?width=768&amp;height=512 768w, https:\/\/fujifilm-x.b-cdn.net\/wp-content\/uploads\/2026\/03\/Ewa-Meissner_Fujifilm_006.jpg?width=400&amp;height=267 400w, https:\/\/fujifilm-x.b-cdn.net\/wp-content\/uploads\/2026\/03\/Ewa-Meissner_Fujifilm_006.jpg?width=365&amp;height=243 365w, https:\/\/fujifilm-x.b-cdn.net\/wp-content\/uploads\/2026\/03\/Ewa-Meissner_Fujifilm_006.jpg?width=600&amp;height=400 600w, https:\/\/fujifilm-x.b-cdn.net\/wp-content\/uploads\/2026\/03\/Ewa-Meissner_Fujifilm_006.jpg?width=717&amp;height=478 717w\" sizes=\"auto, (max-width: 768px) 100vw, 768px\" \/>\t\t\t\t\t\t\t\t\t\t\t\t\t\t\t\t\t\t\t\t\t<div class=\"glide__slide--caption\">\n\t\t\t\t\t\t\t\t\t\t\t\tWarszawa\t\t\t\t\t\t\t\t\t\t\t<\/div>\n\t\t\t\t\t\t\t\t\t\t\t\t\t\t\t\t\t\t\t<\/picture>\n\t\t\t\t\t\t\t\t<\/div>\n\t\t\t\t\t\t\t\t\t\t\t\t\t\t<\/div>\n\t\t\t\t\t\t\t\t\t\t\t\t\t<div class=\"glide__slides-nav glide__slides-nav--23\">\n\t\t\t\t\t\t\t\t\t\t\t\t\t\t\t\t\t<picture class=\"glide__slide\">\n\t\t\t\t\t\t\t\t\t\t<img decoding=\"async\" width=\"80\" height=\"60\" src=\"https:\/\/fujifilm-x.b-cdn.net\/wp-content\/uploads\/2026\/03\/Ewa-Meissner_Fujifilm_001.jpg?fit=80,60\" class=\"object-cover\" alt=\"\" loading=\"lazy\" \/>\t\t\t\t\t\t\t\t\t<\/picture>\n\t\t\t\t\t\t\t\t\t\t\t\t\t\t\t\t\t<picture class=\"glide__slide\">\n\t\t\t\t\t\t\t\t\t\t<img decoding=\"async\" width=\"80\" height=\"53\" src=\"https:\/\/fujifilm-x.b-cdn.net\/wp-content\/uploads\/2026\/03\/Ewa-Meissner_Fujifilm_002.jpg?fit=80,53\" class=\"object-cover\" alt=\"\" loading=\"lazy\" \/>\t\t\t\t\t\t\t\t\t<\/picture>\n\t\t\t\t\t\t\t\t\t\t\t\t\t\t\t\t\t<picture class=\"glide__slide\">\n\t\t\t\t\t\t\t\t\t\t<img decoding=\"async\" width=\"80\" height=\"53\" src=\"https:\/\/fujifilm-x.b-cdn.net\/wp-content\/uploads\/2026\/03\/Ewa-Meissner_Fujifilm_003.jpg?fit=80,53\" class=\"object-cover\" alt=\"\" loading=\"lazy\" \/>\t\t\t\t\t\t\t\t\t<\/picture>\n\t\t\t\t\t\t\t\t\t\t\t\t\t\t\t\t\t<picture class=\"glide__slide\">\n\t\t\t\t\t\t\t\t\t\t<img decoding=\"async\" width=\"80\" height=\"60\" src=\"https:\/\/fujifilm-x.b-cdn.net\/wp-content\/uploads\/2026\/03\/Ewa-Meissner_Fujifilm_004.jpg?fit=80,60\" class=\"object-cover\" alt=\"\" loading=\"lazy\" \/>\t\t\t\t\t\t\t\t\t<\/picture>\n\t\t\t\t\t\t\t\t\t\t\t\t\t\t\t\t\t<picture class=\"glide__slide\">\n\t\t\t\t\t\t\t\t\t\t<img decoding=\"async\" width=\"80\" height=\"53\" src=\"https:\/\/fujifilm-x.b-cdn.net\/wp-content\/uploads\/2026\/03\/Ewa-Meissner_Fujifilm_005.jpg?fit=80,53\" class=\"object-cover\" alt=\"\" loading=\"lazy\" \/>\t\t\t\t\t\t\t\t\t<\/picture>\n\t\t\t\t\t\t\t\t\t\t\t\t\t\t\t\t\t<picture class=\"glide__slide\">\n\t\t\t\t\t\t\t\t\t\t<img decoding=\"async\" width=\"80\" height=\"53\" src=\"https:\/\/fujifilm-x.b-cdn.net\/wp-content\/uploads\/2026\/03\/Ewa-Meissner_Fujifilm_006.jpg?fit=80,53\" class=\"object-cover\" alt=\"\" loading=\"lazy\" \/>\t\t\t\t\t\t\t\t\t<\/picture>\n\t\t\t\t\t\t\t\t\t\t\t\t\t\t\t<\/div>\n\t\t\t\t\t\t\t\t\t\t\t<\/div>\n\t\t\t\t<\/div>\n\t\t\t<\/div>\n\t\t\t\t\t<div class=\"main-stage--slide\">\n\t\t\t\t<div class=\"main-stage__left-content\">\n\t\t\t\t\t<div class=\"flex justify-end gap-5 mb-5\">\n\t\t\t\t\t\t<span class=\"font-fjalla-one font-normal sm:text-lg uppercase block\">\n\t\t\t\t\t\t\t\t\t\t\t\t\t<\/span>\n\t\t\t\t\t\t<span class=\"font-fjalla-one font-normal sm:text-lg uppercase block\">\n\t\t\t\t\t\t\t\t\t\t\t\t\t<\/span>\n\t\t\t\t\t<\/div>\n\t\t\t\t\t<div class=\"sm:flex gap-5 justify-between\">\n\t\t\t\t\t\t\t\t\t\t\t\t\t<div class=\"flex gap-3\">\n\t\t\t\t\t\t\t\t<picture class=\"aspect-3\/2 shrink-0\">\n\t\t\t\t\t\t\t\t\t<img decoding=\"async\" width=\"119\" height=\"140\" src=\"https:\/\/fujifilm-x.b-cdn.net\/wp-content\/uploads\/2026\/03\/Bartek-Hlawka.jpg?fit=119,140\" class=\"h-auto object-cover\" alt=\"\" loading=\"lazy\" \/>\t\t\t\t\t\t\t\t<\/picture>\n\t\t\t\t\t\t\t\t<h5 class=\"wp-block-heading mb-0\">Bartek H\u0142awka<\/h5>\n\t\t\t\t\t\t\t<\/div>\n\t\t\t\t\t\t\t\t\t\t\t\t<\/div>\n\t\t\t\t\t<div class=\"main-stage__left-content__description\">\n\t\t\t\t\t\t<div class=\"line-clamp-[7] continue-reading\">\n\t\t\t\t\t\t\t<p>Bartek H\u0142awka to autor zdj\u0119\u0107, realizuj\u0105cy projekty reklamowe, teledyski oraz filmy kr\u00f3tkometra\u017cowe.\u00a0Szczeg\u00f3lnie interesuje si\u0119 motoryzacj\u0105, ale swobodnie porusza si\u0119 mi\u0119dzy r\u00f3\u017cnymi formami i estetykami, dopasowuj\u0105c styl pracy do charakteru projektu i wizji re\u017cysera. W swojej pracy \u0142\u0105czy klasyczne podej\u015bcie operatorskie z nowoczesnymi narz\u0119dziami, takimi jak Unreal Engine. Realizuje projekty zar\u00f3wno na planie zdj\u0119ciowym, jak i w \u015brodowisku CGI, przenosz\u0105c do\u015bwiadczenia z pracy z kamer\u0105 na planie do \u015bwiata cyfrowego. Wsp\u00f3\u0142pracowa\u0142 z mi\u0119dzynarodowymi markami\u00a0<a href=\"http:\/\/m.in\/\" target=\"overview-panel\" rel=\"nofollow\">m.in<\/a>. Porsche, Mercedes-Benz, Audi, Volkswagen, Hyundai, Toyota, Skoda, rozwijaj\u0105c projekty o zasi\u0119gu europejskim i globalnym. Poza prac\u0105 filmow\u0105 aktywnie interesuje si\u0119 motoryzacj\u0105, co przek\u0142ada si\u0119 na jego wyczucie dynamiki i detalu w obrazie.<\/p>\n\t\t\t\t\t\t\t<div class=\"continue-reading__gradient\"><\/div>\n\t\t\t\t\t\t<\/div>\n\t\t\t\t\t\t<button type=\"button\" class=\"continue-reading__button\" role=\"button\">\n\t\t\t\t\t\t\t<span class=\"continue-reading__button--arrow\">\n\t\t\t\t\t\t\t\t<span class=\"continue-reading__button--arrow-elems\">\n\t\t\t\t\t\t\t\t\t<span class=\"continue-reading__button--arrow-elems__first\"><\/span>\n\t\t\t\t\t\t\t\t\t<span class=\"continue-reading__button--arrow-elems__second\"><\/span>\n\t\t\t\t\t\t\t\t<\/span>\n\t\t\t\t\t\t\t<\/span>\n\t\t\t\t\t\t<\/button>\n\t\t\t\t\t<\/div>\n\t\t\t\t<\/div>\n\t\t\t\t<div class=\"main-stage__right-content\">\n\t\t\t\t\t<div class=\"glide glide--24\">\n\t\t\t\t\t\t<div class=\"glide__slides glide__slides--24\">\n\t\t\t\t\t\t\t\t\t\t\t\t\t<\/div>\n\t\t\t\t\t\t\t\t\t\t\t<\/div>\n\t\t\t\t<\/div>\n\t\t\t<\/div>\n\t\t\t<\/div>\n\t<button type=\"button\" class=\"slick-right-arrow button-bg-transparent button-bg-transparent--black-arrow\" aria-label=\"Next\" role=\"button\">\n\t\t<span class=\"slick-right-arrow__custom-arrow !hidden sm:flex\">\n\t\t\t\t\t<svg class=\"svg-slick-right-arrow-svg \"\n\t\t width=\"24\" height=\"22\"\t\talt=\"Svg Slick Right Arrow Svg\"\n\t\trole=\"img\">\n\t\t\t<use href=\"#svg-slick-right-arrow-svg\"\n\t\t\t width=\"24\" height=\"22\"\t\t\t><\/use>\n\t\t<\/svg>\n\t\t\t<\/span>\n\t\t<span class=\"slick-right-arrow__custom-arrow flex sm:!hidden\">\n\t\t\t\t\t<svg class=\"svg-slick-right-arrow-svg \"\n\t\t width=\"14\" height=\"12\"\t\talt=\"Svg Slick Right Arrow Svg\"\n\t\trole=\"img\">\n\t\t\t<use href=\"#svg-slick-right-arrow-svg\"\n\t\t\t width=\"14\" height=\"12\"\t\t\t><\/use>\n\t\t<\/svg>\n\t\t\t<\/span>\n\t<\/button>\n<\/div>\n<\/div>\n\n\n\n<div class=\"wp-block-group alignfull has-dark-gray-background-color has-background is-layout-constrained wp-container-core-group-is-layout-f48a9ac1 wp-block-group-is-layout-constrained\" id=\"serwis-aparatow\" style=\"padding-top:var(--wp--preset--spacing--60);padding-right:var(--wp--preset--spacing--50);padding-bottom:var(--wp--preset--spacing--60);padding-left:var(--wp--preset--spacing--50)\">\n<div class=\"wp-block-columns alignwide has-spacing-large has-no-design is-layout-flex wp-container-core-columns-is-layout-9d6595d7 wp-block-columns-is-layout-flex\">\n<div class=\"wp-block-column is-layout-flow wp-block-column-is-layout-flow\">\n<h2 class=\"wp-block-heading has-red-color has-text-color has-link-color wp-elements-a17b50bdb1f91cd434df3fdd0f8a3e40\">Serwis aparat\u00f3w<\/h2>\n\n\n\n<h3 class=\"wp-block-heading\">Darmowy serwis Check &amp; Clean<\/h3>\n\n\n\n<p>Cz\u0119sto korzystasz ze sprz\u0119tu FUJIFILM? Je\u015bli tak, to w ramach wdzi\u0119czno\u015bci za okazane nam zaufanie, oferujemy bezp\u0142atn\u0105 kontrol\u0119 serwisow\u0105 twoich aparat\u00f3w i obiektyw\u00f3w.<\/p>\n\n\n\n<p>Zakres oferowanej us\u0142ugi obejmuje:&nbsp;&nbsp;<\/p>\n\n\n\n<ul class=\"wp-block-list\">\n<li>dok\u0142adne czyszczenie zewn\u0119trznych element\u00f3w korpusu aparatu oraz obiektywu,<\/li>\n\n\n\n<li>kompleksow\u0105 weryfikacj\u0119 prawid\u0142owego dzia\u0142ania urz\u0105dze\u0144,<\/li>\n\n\n\n<li>profesjonalne czyszczenie filtra matrycy w aparatach systemowych,<\/li>\n\n\n\n<li>instalacj\u0119 najnowszej wersji oprogramowania zapewniaj\u0105cego optymaln\u0105 prac\u0119 sprz\u0119tu.<\/li>\n<\/ul>\n\n\n\n<p>Pami\u0119taj, \u017ce us\u0142uga serwisowa Check &amp; Clean jest ograniczona do jednego korpusu aparatu i jednego obiektywu na osob\u0119. Ograniczona jest tak\u017ce liczba miejsc, dlatego zach\u0119camy do skorzystania z us\u0142ugi jak najszybciej.<\/p>\n<\/div>\n\n\n\n<div class=\"wp-block-column is-layout-flow wp-block-column-is-layout-flow\">\n<figure class=\"wp-block-image size-full\"><img loading=\"lazy\" decoding=\"async\" width=\"1024\" height=\"768\" src=\"https:\/\/fujifilm-x.b-cdn.net\/wp-content\/uploads\/2026\/02\/CC-4.3.webp?width=1024&#038;height=768\" alt=\"\" class=\"wp-image-350636\" style=\"aspect-ratio:4\/3;object-fit:cover\" srcset=\"https:\/\/fujifilm-x.b-cdn.net\/wp-content\/uploads\/2026\/02\/CC-4.3.webp?width=1024 1024w, https:\/\/fujifilm-x.b-cdn.net\/wp-content\/uploads\/2026\/02\/CC-4.3.webp?width=300&amp;height=225 300w, https:\/\/fujifilm-x.b-cdn.net\/wp-content\/uploads\/2026\/02\/CC-4.3.webp?width=768&amp;height=576 768w, https:\/\/fujifilm-x.b-cdn.net\/wp-content\/uploads\/2026\/02\/CC-4.3.webp?width=400&amp;height=300 400w, https:\/\/fujifilm-x.b-cdn.net\/wp-content\/uploads\/2026\/02\/CC-4.3.webp?width=365&amp;height=274 365w, https:\/\/fujifilm-x.b-cdn.net\/wp-content\/uploads\/2026\/02\/CC-4.3.webp?width=600&amp;height=450 600w, https:\/\/fujifilm-x.b-cdn.net\/wp-content\/uploads\/2026\/02\/CC-4.3.webp?width=717&amp;height=538 717w, https:\/\/fujifilm-x.b-cdn.net\/wp-content\/uploads\/2026\/02\/CC-4.3.webp?width=936&amp;height=702 936w\" sizes=\"auto, (max-width: 1000px) 100vw, 1000px\" data-recalc-dims=\"1\" \/><\/figure>\n<\/div>\n<\/div>\n<\/div>\n\n\n\n<div class=\"wp-block-group alignfull has-white-background-color has-background is-layout-constrained wp-container-core-group-is-layout-f48a9ac1 wp-block-group-is-layout-constrained\" id=\"touch-and-try\" style=\"padding-top:var(--wp--preset--spacing--60);padding-right:var(--wp--preset--spacing--50);padding-bottom:var(--wp--preset--spacing--60);padding-left:var(--wp--preset--spacing--50)\">\n<div class=\"wp-block-columns alignwide are-vertically-aligned-top has-spacing-large has-no-design is-layout-flex wp-container-core-columns-is-layout-9d6595d7 wp-block-columns-is-layout-flex\">\n<div class=\"wp-block-column is-vertically-aligned-top is-layout-flow wp-block-column-is-layout-flow\">\n<figure class=\"wp-block-image size-full\"><img loading=\"lazy\" decoding=\"async\" width=\"1024\" height=\"768\" src=\"https:\/\/fujifilm-x.b-cdn.net\/wp-content\/uploads\/2026\/02\/TT-4.3.webp?width=1024&#038;height=768\" alt=\"\" class=\"wp-image-350635\" style=\"aspect-ratio:4\/3;object-fit:cover\" srcset=\"https:\/\/fujifilm-x.b-cdn.net\/wp-content\/uploads\/2026\/02\/TT-4.3.webp?width=1024 1024w, https:\/\/fujifilm-x.b-cdn.net\/wp-content\/uploads\/2026\/02\/TT-4.3.webp?width=300&amp;height=225 300w, https:\/\/fujifilm-x.b-cdn.net\/wp-content\/uploads\/2026\/02\/TT-4.3.webp?width=768&amp;height=576 768w, https:\/\/fujifilm-x.b-cdn.net\/wp-content\/uploads\/2026\/02\/TT-4.3.webp?width=400&amp;height=300 400w, https:\/\/fujifilm-x.b-cdn.net\/wp-content\/uploads\/2026\/02\/TT-4.3.webp?width=365&amp;height=274 365w, https:\/\/fujifilm-x.b-cdn.net\/wp-content\/uploads\/2026\/02\/TT-4.3.webp?width=600&amp;height=450 600w, https:\/\/fujifilm-x.b-cdn.net\/wp-content\/uploads\/2026\/02\/TT-4.3.webp?width=717&amp;height=538 717w, https:\/\/fujifilm-x.b-cdn.net\/wp-content\/uploads\/2026\/02\/TT-4.3.webp?width=936&amp;height=702 936w\" sizes=\"auto, (max-width: 1000px) 100vw, 1000px\" data-recalc-dims=\"1\" \/><\/figure>\n<\/div>\n\n\n\n<div class=\"wp-block-column is-vertically-aligned-top is-layout-flow wp-block-column-is-layout-flow\">\n<h2 class=\"wp-block-heading has-red-color has-text-color has-link-color wp-elements-fd89bd8fd3c22a72af7e2a5ce1c90b2b\">Touch &amp; Try<\/h2>\n\n\n\n<h3 class=\"wp-block-heading\">Odwied\u017a nasze stoiska Touch &amp; Try<\/h3>\n\n\n\n<p>Je\u017celi jeszcze nie posiadasz aparatu FUJIFILM, a rozwa\u017casz jego zakup lub zastanawiasz si\u0119 nad wyborem odpowiedniego obiektywu, zapraszamy do skorzystania z naszego stoiska Touch &amp; Try. Na miejscu wypr\u00f3bujesz najnowsze modele aparat\u00f3w oraz obiektyw\u00f3w, a tak\u017ce uzyskasz fachowe porady specjalist\u00f3w do spraw produkt\u00f3w, kt\u00f3rzy ch\u0119tnie odpowiedz\u0105 na wszystkie pytania. Skorzystaj z okazji i przetestuj jako\u015b\u0107 i funkcjonalno\u015b\u0107 produkt\u00f3w Fujifilm!<\/p>\n\n\n\n<p>Oferujemy r\u00f3wnie\u017c mo\u017cliwo\u015b\u0107 skorzystania z bezp\u0142atnej wypo\u017cyczalni sprz\u0119tu*, dzi\u0119ki kt\u00f3rej w dogodnym dla siebie czasie przetestujesz wybrane urz\u0105dzenia w dzia\u0142aniu.<\/p>\n\n\n\n<p>* Czas wypo\u017cyczenia sprz\u0119tu jest ograniczony do dw\u00f3ch godzin lub do czasu trwania warsztat\u00f3w. Konieczne b\u0119dzie okazanie wa\u017cnego dokumentu to\u017csamo\u015bci.<\/p>\n<\/div>\n<\/div>\n<\/div>\n\n\n\n<div class=\"wp-block-group alignfull has-dark-gray-background-color has-background is-layout-flow wp-block-group-is-layout-flow\" id=\"przeglad-portfolio\" style=\"padding-top:var(--wp--preset--spacing--60);padding-right:var(--wp--preset--spacing--50);padding-bottom:var(--wp--preset--spacing--60);padding-left:var(--wp--preset--spacing--50)\">\n<div class=\"wp-block-group alignwide is-layout-constrained wp-container-core-group-is-layout-15d06abd wp-block-group-is-layout-constrained\" style=\"padding-top:0;padding-right:0;padding-bottom:0;padding-left:0\">\n<h2 class=\"wp-block-heading alignwide has-text-align-center has-spacing-extra-large has-no-design mobile-reverse has-red-color has-text-color has-link-color wp-elements-59a8388cf6535582571c9e67cb9ffab3\">Przegl\u0105d portfolio<\/h2>\n\n\n\n<p class=\"has-text-align-center\">Zapraszamy na indywidualne 20 minutowe spotkania, podczas kt\u00f3rych b\u0119dzie mo\u017cliwo\u015b\u0107 skonsultowania swojego portfolio z do\u015bwiadczonymi fotografami. Przegl\u0105d portfolio to doskona\u0142a okazja, by otrzyma\u0107 feedback oraz us\u0142ysze\u0107 ocen\u0119 ekspert\u00f3w, co pozwala wy\u0142oni\u0107 najlepsze prace oraz \u015bwiadomie wybra\u0107 kierunki dalszego rozwoju.<\/p>\n\n\n\n<p class=\"has-text-align-center\"><strong>Z uwagi na ograniczon\u0105 liczb\u0119 miejsc obowi\u0105zuje rekrutacja. Aby wzi\u0105\u0107 w niej udzia\u0142 nale\u017cy wype\u0142ni\u0107 formularz, kt\u00f3ry b\u0119dzie tutaj dost\u0119pny w dniach 4 &#8211; 24 maja br. Osoby zakwalifikowane zostan\u0105 poinformowane drog\u0105 mailow\u0105 do 3 czerwca br.<\/strong><br>&nbsp;<br>Na spotkanie nale\u017cy przygotowa\u0107 materia\u0142 &#8211; projekt, zdj\u0119cia, portfolio, kt\u00f3ry chcia\u0142oby si\u0119 skonsultowa\u0107.<\/p>\n\n\n\n<div style=\"height:40px\" aria-hidden=\"true\" class=\"wp-block-spacer\"><\/div>\n<\/div>\n\n\n\n<div class=\"wp-block-columns has-spacing-none has-no-design is-layout-flex wp-container-core-columns-is-layout-9d6595d7 wp-block-columns-is-layout-flex\">\n<div class=\"wp-block-column is-layout-constrained wp-block-column-is-layout-constrained\">\n<figure class=\"wp-block-image aligncenter size-medium is-resized\"><img loading=\"lazy\" decoding=\"async\" width=\"1000\" height=\"939\" src=\"https:\/\/fujifilm-x.b-cdn.net\/wp-content\/uploads\/2026\/03\/Ewa-Meissner-portret-Fujifilm.jpg?width=300&amp;height=282\" alt=\"\" class=\"wp-image-351925\" style=\"width:auto;height:300px\" srcset=\"https:\/\/fujifilm-x.b-cdn.net\/wp-content\/uploads\/2026\/03\/Ewa-Meissner-portret-Fujifilm.jpg?width=1000 1000w, https:\/\/fujifilm-x.b-cdn.net\/wp-content\/uploads\/2026\/03\/Ewa-Meissner-portret-Fujifilm.jpg?width=300&amp;height=282 300w, https:\/\/fujifilm-x.b-cdn.net\/wp-content\/uploads\/2026\/03\/Ewa-Meissner-portret-Fujifilm.jpg?width=768&amp;height=721 768w, https:\/\/fujifilm-x.b-cdn.net\/wp-content\/uploads\/2026\/03\/Ewa-Meissner-portret-Fujifilm.jpg?width=319&amp;height=300 319w, https:\/\/fujifilm-x.b-cdn.net\/wp-content\/uploads\/2026\/03\/Ewa-Meissner-portret-Fujifilm.jpg?width=365&amp;height=343 365w, https:\/\/fujifilm-x.b-cdn.net\/wp-content\/uploads\/2026\/03\/Ewa-Meissner-portret-Fujifilm.jpg?width=600&amp;height=563 600w, https:\/\/fujifilm-x.b-cdn.net\/wp-content\/uploads\/2026\/03\/Ewa-Meissner-portret-Fujifilm.jpg?width=717&amp;height=673 717w, https:\/\/fujifilm-x.b-cdn.net\/wp-content\/uploads\/2026\/03\/Ewa-Meissner-portret-Fujifilm.jpg?width=936&amp;height=879 936w\" sizes=\"auto, (max-width: 1000px) 100vw, 1000px\" \/><\/figure>\n\n\n\n<p class=\"has-text-align-center\"><strong>Ewa Meissner<\/strong><\/p>\n<\/div>\n\n\n\n<div class=\"wp-block-column is-layout-constrained wp-block-column-is-layout-constrained\">\n<figure class=\"wp-block-image aligncenter size-medium is-resized\"><img loading=\"lazy\" decoding=\"async\" width=\"300\" height=\"300\" src=\"https:\/\/fujifilm-x.b-cdn.net\/wp-content\/uploads\/2026\/03\/KRUK_MARCIN_portret-s.jpg?width=300&#038;height=300\" alt=\"\" class=\"wp-image-351849\" style=\"width:auto;height:300px\" srcset=\"https:\/\/fujifilm-x.b-cdn.net\/wp-content\/uploads\/2026\/03\/KRUK_MARCIN_portret-s.jpg?width=300&amp;height=300 300w, https:\/\/fujifilm-x.b-cdn.net\/wp-content\/uploads\/2026\/03\/KRUK_MARCIN_portret-s.jpg?width=150&amp;height=150 150w, https:\/\/fujifilm-x.b-cdn.net\/wp-content\/uploads\/2026\/03\/KRUK_MARCIN_portret-s.jpg?width=80&amp;height=80 80w\" sizes=\"auto, (max-width: 300px) 100vw, 300px\" data-recalc-dims=\"1\" \/><\/figure>\n\n\n\n<p class=\"has-text-align-center\"><strong>Marcin Kruk<\/strong><\/p>\n<\/div>\n\n\n\n<div class=\"wp-block-column is-layout-constrained wp-block-column-is-layout-constrained\">\n<figure class=\"wp-block-image aligncenter size-medium is-resized\"><img loading=\"lazy\" decoding=\"async\" width=\"300\" height=\"300\" src=\"https:\/\/fujifilm-x.b-cdn.net\/wp-content\/uploads\/2026\/03\/WOJTEK-WIETESKA-F-RITA-ZUSKO-2026-fujikina.jpg?width=300&#038;height=300\" alt=\"\" class=\"wp-image-353317\" style=\"width:auto;height:300px\" srcset=\"https:\/\/fujifilm-x.b-cdn.net\/wp-content\/uploads\/2026\/03\/WOJTEK-WIETESKA-F-RITA-ZUSKO-2026-fujikina.jpg?width=300&amp;height=300 300w, https:\/\/fujifilm-x.b-cdn.net\/wp-content\/uploads\/2026\/03\/WOJTEK-WIETESKA-F-RITA-ZUSKO-2026-fujikina.jpg?width=150&amp;height=150 150w, https:\/\/fujifilm-x.b-cdn.net\/wp-content\/uploads\/2026\/03\/WOJTEK-WIETESKA-F-RITA-ZUSKO-2026-fujikina.jpg?width=80&amp;height=80 80w\" sizes=\"auto, (max-width: 300px) 100vw, 300px\" data-recalc-dims=\"1\" \/><\/figure>\n\n\n\n<p class=\"has-text-align-center\"><strong>Wojtek Wieteska<\/strong><\/p>\n<\/div>\n\n\n\n<div class=\"wp-block-column is-layout-constrained wp-block-column-is-layout-constrained\">\n<figure class=\"wp-block-image aligncenter size-medium is-resized\"><img loading=\"lazy\" decoding=\"async\" width=\"300\" height=\"300\" src=\"https:\/\/fujifilm-x.b-cdn.net\/wp-content\/uploads\/2026\/03\/Szymon-Kobusinski_portret.jpg?width=300&#038;height=300\" alt=\"\" class=\"wp-image-351914\" style=\"width:auto;height:300px\" srcset=\"https:\/\/fujifilm-x.b-cdn.net\/wp-content\/uploads\/2026\/03\/Szymon-Kobusinski_portret.jpg?width=300&amp;height=300 300w, https:\/\/fujifilm-x.b-cdn.net\/wp-content\/uploads\/2026\/03\/Szymon-Kobusinski_portret.jpg?width=150&amp;height=150 150w, https:\/\/fujifilm-x.b-cdn.net\/wp-content\/uploads\/2026\/03\/Szymon-Kobusinski_portret.jpg?width=80&amp;height=80 80w\" sizes=\"auto, (max-width: 300px) 100vw, 300px\" data-recalc-dims=\"1\" \/><\/figure>\n\n\n\n<p class=\"has-text-align-center\"><strong>Szymon Kobusi\u0144ski<\/strong><\/p>\n<\/div>\n<\/div>\n<\/div>\n\n\n\n<div class=\"wp-block-group alignfull has-white-background-color has-background is-layout-constrained wp-container-core-group-is-layout-a4033b42 wp-block-group-is-layout-constrained\" id=\"faq\" style=\"padding-top:var(--wp--preset--spacing--60);padding-right:var(--wp--preset--spacing--50);padding-bottom:var(--wp--preset--spacing--60);padding-left:var(--wp--preset--spacing--50)\">\n<h2 class=\"wp-block-heading has-red-color has-text-color has-link-color wp-elements-1092c3de353938dccb4345f0419c71ef\">FAQ<\/h2>\n\n\n<div id=\"block_e5a5044492b5ee93049d8d02e8dd3e2c\" class=\"wp-block block-faq\">\n\t<div class=\"accordion\">\n\t\t\t\t\t<div class=\"accordion-item open\">\n\t\t\t\t<a class=\"accordion-title\" href=\"javascript:;\">\n\t\t\t\t\tKiedy i gdzie odb\u0119dzie si\u0119 festiwal FUJIKINA Warsaw 2026?\t\t\t\t<\/a>\n\t\t\t\t<div class=\"accordion-content\">\n\t\t\t\t\tFUJIKINA, wyj\u0105tkowy festiwal fotografii organizowany przez Fujifilm, odb\u0119dzie si\u0119 w dniach 12 \u2013 13 czerwca 2026 roku w Domu Towarowym Braci Jab\u0142kowskich w Warszawie, w godzinach 9.30 \u2013 18.30 (cz\u0119\u015b\u0107 ze sprz\u0119tem), wyk\u0142ady\/spotkania wg agendy. Czeka nas wiele inspiruj\u0105cych prezentacji oraz spotka\u0144 z profesjonalistami z bran\u017cy fotograficznej.\t\t\t\t<\/div>\n\t\t\t<\/div>\n\t\t\t\t\t<div class=\"accordion-item \">\n\t\t\t\t<a class=\"accordion-title\" href=\"javascript:;\">\n\t\t\t\t\tCzy do udzia\u0142u w wydarzeniu FUJIKINA Warsaw 2026 konieczne jest posiadanie aparatu marki Fujifilm?\t\t\t\t<\/a>\n\t\t\t\t<div class=\"accordion-content\">\n\t\t\t\t\tUdzia\u0142 w festiwalu FUJIKINA nie wymaga posiadania sprz\u0119tu Fujifilm. Impreza jest otwarta dla wszystkich entuzjast\u00f3w fotografii, niezale\u017cnie od marki sprz\u0119tu, z kt\u00f3rego korzystaj\u0105. Zapraszamy zar\u00f3wno profesjonalist\u00f3w, jak i amator\u00f3w, a tak\u017ce osoby, kt\u00f3re jeszcze nie posiadaj\u0105 w\u0142asnego aparatu. Podczas festiwalu wsp\u00f3lnie odkryjemy tajniki fotografii, wymienimy si\u0119 do\u015bwiadczeniami oraz wzajemnie zainspirujemy do przysz\u0142ych dzia\u0142a\u0144. \t\t\t\t<\/div>\n\t\t\t<\/div>\n\t\t\t\t\t<div class=\"accordion-item \">\n\t\t\t\t<a class=\"accordion-title\" href=\"javascript:;\">\n\t\t\t\t\tCzy wydarzenie jest odpowiednie dla dzieci?\t\t\t\t<\/a>\n\t\t\t\t<div class=\"accordion-content\">\n\t\t\t\t\tDo uczestnictwa w wydarzeniu zapraszamy uczestnik\u00f3w i uczestniczki w ka\u017cdym wieku. Zwracamy jednak uwag\u0119 na to, \u017ce dzieci i m\u0142odzie\u017c poni\u017cej 16. roku \u017cycia musz\u0105 przebywa\u0107 pod opiek\u0105 osoby doros\u0142ej przez ca\u0142y czas trwania festiwalu. Poza tym niekt\u00f3re prezentowane podczas festiwalu tre\u015bci o charakterze artystycznym lub dokumentalnym mog\u0105 by\u0107 nieodpowiednie dla najm\u0142odszych uczestnik\u00f3w.\t\t\t\t<\/div>\n\t\t\t<\/div>\n\t\t\t\t\t<div class=\"accordion-item \">\n\t\t\t\t<a class=\"accordion-title\" href=\"javascript:;\">\n\t\t\t\t\tCzy w wydarzeniu mog\u0105 uczestniczy\u0107 osoby z niepe\u0142nosprawno\u015bci\u0105?\t\t\t\t<\/a>\n\t\t\t\t<div class=\"accordion-content\">\n\t\t\t\t\tWydarzenie odbywa si\u0119 w przestrzeni przystosowanej dla os\u00f3b z niepe\u0142nosprawno\u015bciami, dlatego gor\u0105co zapraszamy do udzia\u0142u tak\u017ce osoby o ograniczonej sprawno\u015bci ruchowej.\t\t\t\t<\/div>\n\t\t\t<\/div>\n\t\t\t\t\t<div class=\"accordion-item \">\n\t\t\t\t<a class=\"accordion-title\" href=\"javascript:;\">\n\t\t\t\t\tCzy wydarzenie jest biletowane?\t\t\t\t<\/a>\n\t\t\t\t<div class=\"accordion-content\">\n\t\t\t\t\tZa udzia\u0142 w festiwalu pobierana jest jednorazowa op\u0142ata w wysoko\u015bci 59 PLN. Obejmuje ona dost\u0119p do wszystkich atrakcji przez oba dni trwania imprezy, z wy\u0142\u0105czeniem warsztat\u00f3w masterclass. Istnieje r\u00f3wnie\u017c mo\u017cliwo\u015b\u0107 zakupu biletu jednodniowego w cenie 39 PLN, zapewniaj\u0105cego wst\u0119p na teren festiwalu w wybrany dzie\u0144, na kt\u00f3ry kupi\u0142o si\u0119 bilet. Udzia\u0142 w warsztatach masterclass jest dodatkowo p\u0142atny. Szczeg\u00f3\u0142owe informacje dotycz\u0105ce bilet\u00f3w znajdziesz tutaj: https:\/\/bilety.io\/fujikina\t\t\t\t<\/div>\n\t\t\t<\/div>\n\t\t\t\t\t<div class=\"accordion-item \">\n\t\t\t\t<a class=\"accordion-title\" href=\"javascript:;\">\n\t\t\t\t\tChcia\u0142bym wypo\u017cyczy\u0107 sprz\u0119t Fujifilm podczas festiwalu. Jak to dzia\u0142a?\t\t\t\t<\/a>\n\t\t\t\t<div class=\"accordion-content\">\n\t\t\t\t\tSerdecznie zapraszamy do odwiedzenia naszego stoiska Touch &amp; Try. Nasz wykwalifikowany personel wyja\u015bni procedur\u0119 wypo\u017cyczenia sprz\u0119tu fotograficznego. Uczestnicy b\u0119d\u0105 mie\u0107 mo\u017cliwo\u015b\u0107 przetestowania aparatu oraz obiektywu przez maksymalnie dwie godziny lub do ko\u0144ca trwania wybranego warsztatu.\t\t\t\t<\/div>\n\t\t\t<\/div>\n\t\t\t\t\t<div class=\"accordion-item \">\n\t\t\t\t<a class=\"accordion-title\" href=\"javascript:;\">\n\t\t\t\t\tCzy bilet na warsztat upowa\u017cnia do uczestnictwa w ca\u0142o\u015bci wydarzenia?\t\t\t\t<\/a>\n\t\t\t\t<div class=\"accordion-content\">\n\t\t\t\t\tBilet na warsztat upowa\u017cnia do uczestnictwa w wybranym warsztacie i ca\u0142ym wydarzeniu. Je\u015bli chcesz skorzysta\u0107 z pe\u0142nego programu festiwalu i wzi\u0105\u0107 udzia\u0142 we wszystkich jego atrakcjach, nie musisz wykupowa\u0107 standardowego biletu na ca\u0142e wydarzenie.\t\t\t\t<\/div>\n\t\t\t<\/div>\n\t\t\t\t\t<div class=\"accordion-item \">\n\t\t\t\t<a class=\"accordion-title\" href=\"javascript:;\">\n\t\t\t\t\tChcia\u0142bym wzi\u0105\u0107 udzia\u0142 w spacerze fotograficznym. Jak to zrobi\u0107?\t\t\t\t<\/a>\n\t\t\t\t<div class=\"accordion-content\">\n\t\t\t\t\tNa spacery fotograficzne zapisy prowadzone b\u0119d\u0105 w dniu spaceru na targach. Obowi\u0105zuje kolejno\u015b\u0107 zg\u0142osze\u0144 i limit 20 os\u00f3b\/spacer. W trakcie rejestracji nale\u017cy poda\u0107 numer posiadanego biletu. Przypominamy, \u017ce w spacerze mog\u0105 wzi\u0105\u0107 udzia\u0142 wy\u0142\u0105cznie osoby posiadaj\u0105ce wa\u017cny bilet wst\u0119pu na festiwal.\t\t\t\t<\/div>\n\t\t\t<\/div>\n\t\t\t\t\t<div class=\"accordion-item \">\n\t\t\t\t<a class=\"accordion-title\" href=\"javascript:;\">\n\t\t\t\t\tChcia\u0142bym skorzysta\u0107 z przegl\u0105du portfolio. Jak to zrobi\u0107?\t\t\t\t<\/a>\n\t\t\t\t<div class=\"accordion-content\">\n\t\t\t\t\tZ uwagi na ograniczon\u0105 liczb\u0119 miejsc obowi\u0105zuje rekrutacja. Aby wzi\u0105\u0107 w niej udzia\u0142 nale\u017cy wype\u0142ni\u0107 formularz, kt\u00f3ry b\u0119dzie dost\u0119pny na tej stronie w dniach 4 &#8211; 24 maja br. Osoby zakwalifikowane zostan\u0105 poinformowane drog\u0105 mailow\u0105 do 3 czerwca br. W trakcie rekrutacji  nale\u017cy poda\u0107 numer posiadanego biletu. Przypominamy, \u017ce w przegl\u0105dzie portfolio mog\u0105 wzi\u0105\u0107 udzia\u0142 wy\u0142\u0105cznie osoby posiadaj\u0105ce wa\u017cny bilet wst\u0119pu na wydarzenie.\t\t\t\t<\/div>\n\t\t\t<\/div>\n\t\t\t\t\t<div class=\"accordion-item \">\n\t\t\t\t<a class=\"accordion-title\" href=\"javascript:;\">\n\t\t\t\t\tCzy mog\u0119 wzi\u0105\u0107 udzia\u0142 zar\u00f3wno w spacerze fotograficznym, jak i w przegl\u0105dzie portfolio?\t\t\t\t<\/a>\n\t\t\t\t<div class=\"accordion-content\">\n\t\t\t\t\tZale\u017cy nam, aby jak najwi\u0119cej os\u00f3b wzi\u0119\u0142o udzia\u0142 w zaj\u0119ciach, dlatego dopuszczamy udzia\u0142 ka\u017cdego uczestnika i uczestniczki tylko w jednym spacerze oraz jednocze\u015bnie jednym przegl\u0105dzie portfolio.  Podobnego limitu nie ma w przypadku udzia\u0142u w wyk\u0142adach.\t\t\t\t<\/div>\n\t\t\t<\/div>\n\t\t\t\t\t<div class=\"accordion-item \">\n\t\t\t\t<a class=\"accordion-title\" href=\"javascript:;\">\n\t\t\t\t\tCzy mog\u0119 uczestniczy\u0107 w wydarzeniu w towarzystwie zwierz\u0119cia?\t\t\t\t<\/a>\n\t\t\t\t<div class=\"accordion-content\">\n\t\t\t\t\tZ uwagi na komfort i bezpiecze\u0144stwo innych uczestnik\u00f3w i uczestniczek, obecno\u015b\u0107 zwierz\u0105t, w tym ps\u00f3w, nie jest mo\u017cliwa. Liczymy na wasze zrozumienie.\t\t\t\t<\/div>\n\t\t\t<\/div>\n\t\t\t\t\t<div class=\"accordion-item \">\n\t\t\t\t<a class=\"accordion-title\" href=\"javascript:;\">\n\t\t\t\t\tNagrania fotograficzne i wideo.\t\t\t\t<\/a>\n\t\t\t\t<div class=\"accordion-content\">\n\t\t\t\t\tInformujemy, \u017ce podczas trwania wydarzenia wykonywane b\u0119d\u0105 zdj\u0119cia oraz nagrania wideo, na kt\u00f3rych mog\u0105 si\u0119 Pa\u0144stwo znale\u017a\u0107. Materia\u0142y b\u0119d\u0105 wykorzystywane wy\u0142\u0105cznie do cel\u00f3w promocyjnych oraz dokumentacji festiwalu FUJIKINA. Pa\u0144stwa udzia\u0142 w wydarzeniu oznacza zgod\u0119 na nieograniczone czasowo wykorzystywanie przez firm\u0119 Fujifilm, w ramach dzia\u0142a\u0144 reklamowych i marketingowych, materia\u0142\u00f3w zwi\u0105zanych z wydarzeniem. Materia\u0142y mog\u0105 by\u0107 publikowane we wszystkich dost\u0119pnych mediach, w tym na oficjalnych stronach internetowych, platformach spo\u0142eczno\u015bciowych oraz innych kana\u0142ach komunikacji.\t\t\t\t<\/div>\n\t\t\t<\/div>\n\t\t\t<\/div>\n<\/div>\n<\/div>\n\n\n\n<div id=\"kup-bilet\" class=\"wp-block-group is-layout-constrained wp-container-core-group-is-layout-807fa3c2 wp-block-group-is-layout-constrained\" style=\"padding-top:var(--wp--preset--spacing--70);padding-right:var(--wp--preset--spacing--40);padding-bottom:var(--wp--preset--spacing--70);padding-left:var(--wp--preset--spacing--40)\">\n<h2 class=\"wp-block-heading alignwide has-spacing-extra-large has-no-design mobile-reverse\">Kup bilet<\/h2>\n\n\n\n<p class=\"has-text-align-left\">Za udzia\u0142 w festiwalu przez dwa dni pobierana jest jednorazowa op\u0142ata w wysoko\u015bci 59 PLN. Istnieje r\u00f3wnie\u017c mo\u017cliwo\u015b\u0107 zakupu biletu jednodniowego w cenie 39 PLN, zapewniaj\u0105cego wst\u0119p na teren festiwalu w wybrany dzie\u0144, na kt\u00f3ry kupi\u0142o si\u0119 bilet. Udzia\u0142 w warsztatach masterclass jest dodatkowo p\u0142atny. Szczeg\u00f3\u0142owe informacje dotycz\u0105ce bilet\u00f3w znajdziesz tutaj:<\/p>\n\n\n\n<div style=\"height:30px\" aria-hidden=\"true\" class=\"wp-block-spacer\"><\/div>\n\n\n\n<div style=\"height:30px\" aria-hidden=\"true\" class=\"wp-block-spacer\"><\/div>\n\n\n\n<div class=\"wp-block-buttons is-content-justification-center is-layout-flex wp-container-core-buttons-is-layout-16018d1d wp-block-buttons-is-layout-flex\">\n<div class=\"wp-block-button\"><a class=\"wp-block-button__link has-white-color has-red-background-color has-text-color has-background has-link-color wp-element-button\" href=\"https:\/\/biletyna.pl\/inne\/FUJIKINA-Warsaw?utm_source=fujifilm&amp;utm_medium=affiliate&amp;utm_campaign=general)\" target=\"_blank\" rel=\"noreferrer noopener nofollow\">Kup bilet!<\/a><\/div>\n<\/div>\n<\/div>\n\n\n\n<div class=\"wp-block-group alignfull has-dark-gray-background-color has-background is-layout-constrained wp-container-core-group-is-layout-23522ca3 wp-block-group-is-layout-constrained\" style=\"padding-top:var(--wp--preset--spacing--60);padding-right:var(--wp--preset--spacing--50);padding-bottom:var(--wp--preset--spacing--60);padding-left:var(--wp--preset--spacing--50)\">\n<div class=\"wp-block-columns has-spacing-extra-large has-no-design is-layout-flex wp-container-core-columns-is-layout-9d6595d7 wp-block-columns-is-layout-flex\">\n<div class=\"wp-block-column is-layout-flow wp-block-column-is-layout-flow\">\n<h2 class=\"wp-block-heading has-red-color has-text-color has-link-color wp-elements-e15022da5cf41bce8ea8fd82d3765d28\">Lokalizacja FUJIKINA Warsaw 2026<\/h2>\n\n\n\n<figure class=\"wp-block-table alignfull has-none-or-default\"><table><tbody><tr><td><strong>Adres<\/strong><\/td><td>Dom Towarowy Bracia Jab\u0142kowscy<br>Bracka 25, 00-021 Warszawa<\/td><\/tr><tr><td><strong>W dniach<\/strong><\/td><td>12 \u2013 13 czerwca 2026 roku<\/td><\/tr><tr><td><strong>Godziny otwarcia<\/strong><\/td><td>09:30 &#8211; 18:30<\/td><\/tr><\/tbody><\/table><\/figure>\n<\/div>\n\n\n\n<div class=\"wp-block-column is-layout-flow wp-block-column-is-layout-flow\">\n<iframe src=\"https:\/\/www.google.com\/maps\/embed?pb=!1m14!1m8!1m3!1d39093.47414388415!2d21.014233!3d52.237169!3m2!1i1024!2i768!4f13.1!3m3!1m2!1s0x471eccf46450d371%3A0x9652a59950c42bf7!2sWarszawa%20Dom%20towarowy%20Bracia%20Jab%C5%82kowscy!5e0!3m2!1spl!2spl!4v1772029480303!5m2!1spl!2spl\" width=\"600\" height=\"450\" style=\"border:0;\" allowfullscreen=\"\" loading=\"lazy\" referrerpolicy=\"no-referrer-when-downgrade\"><\/iframe>\n<\/div>\n<\/div>\n<\/div>\n\n\n\n<div class=\"wp-block-group alignfull is-layout-constrained wp-container-core-group-is-layout-f48a9ac1 wp-block-group-is-layout-constrained\" id=\"partnerzy\" style=\"padding-top:var(--wp--preset--spacing--60);padding-right:var(--wp--preset--spacing--50);padding-bottom:var(--wp--preset--spacing--60);padding-left:var(--wp--preset--spacing--50)\">\n<h2 class=\"wp-block-heading has-red-color has-text-color has-link-color wp-elements-5310012179811c2424a2888eb95d914b\">Partnerzy<\/h2>\n\n\n\n<div style=\"height:30px\" aria-hidden=\"true\" class=\"wp-block-spacer\"><\/div>\n\n\n\n<div class=\"wp-block-group wp-block-group--partners is-layout-flow wp-block-group-is-layout-flow\">\n<figure class=\"wp-block-image size-full\"><img loading=\"lazy\" decoding=\"async\" width=\"290\" height=\"139\" src=\"https:\/\/fujifilm-x.b-cdn.net\/wp-content\/uploads\/2026\/03\/Partnerzy-48h-290.png?width=290&#038;height=139\" alt=\"\" class=\"wp-image-353310\" data-recalc-dims=\"1\"\/><\/figure>\n\n\n\n<figure class=\"wp-block-image size-full\"><img loading=\"lazy\" decoding=\"async\" width=\"290\" height=\"105\" src=\"https:\/\/fujifilm-x.b-cdn.net\/wp-content\/uploads\/2026\/03\/Partnerzy-logo_DCP_black-290.png?width=290&#038;height=105\" alt=\"\" class=\"wp-image-353315\" data-recalc-dims=\"1\"\/><\/figure>\n\n\n\n<figure class=\"wp-block-image size-full\"><img loading=\"lazy\" decoding=\"async\" width=\"290\" height=\"69\" src=\"https:\/\/fujifilm-x.b-cdn.net\/wp-content\/uploads\/2026\/03\/Partnerzy-FOTOFUJIFILM_PL_logo-290.png?width=290&#038;height=69\" alt=\"\" class=\"wp-image-353312\" srcset=\"https:\/\/fujifilm-x.b-cdn.net\/wp-content\/uploads\/2026\/03\/Partnerzy-FOTOFUJIFILM_PL_logo-290.png?width=290 290w, https:\/\/fujifilm-x.b-cdn.net\/wp-content\/uploads\/2026\/03\/Partnerzy-FOTOFUJIFILM_PL_logo-290.png?width=284&amp;height=69 284w\" sizes=\"auto, (max-width: 290px) 100vw, 290px\" data-recalc-dims=\"1\" \/><\/figure>\n\n\n\n<figure class=\"wp-block-image size-full\"><img loading=\"lazy\" decoding=\"async\" width=\"290\" height=\"67\" src=\"https:\/\/fujifilm-x.b-cdn.net\/wp-content\/uploads\/2026\/03\/Partnerzy-fotopolis_logoBlack-290.png?width=290&#038;height=67\" alt=\"\" class=\"wp-image-353313\" srcset=\"https:\/\/fujifilm-x.b-cdn.net\/wp-content\/uploads\/2026\/03\/Partnerzy-fotopolis_logoBlack-290.png?width=290 290w, https:\/\/fujifilm-x.b-cdn.net\/wp-content\/uploads\/2026\/03\/Partnerzy-fotopolis_logoBlack-290.png?width=284&amp;height=67 284w\" sizes=\"auto, (max-width: 290px) 100vw, 290px\" data-recalc-dims=\"1\" \/><\/figure>\n\n\n\n<figure class=\"wp-block-image size-full\"><img loading=\"lazy\" decoding=\"async\" width=\"260\" height=\"148\" src=\"https:\/\/fujifilm-x.b-cdn.net\/wp-content\/uploads\/2026\/03\/Partnerzy-faf-logo.png?width=260&#038;height=148\" alt=\"\" class=\"wp-image-353311\" data-recalc-dims=\"1\"\/><\/figure>\n\n\n\n<figure class=\"wp-block-image size-full\"><img loading=\"lazy\" decoding=\"async\" width=\"290\" height=\"160\" src=\"https:\/\/fujifilm-x.b-cdn.net\/wp-content\/uploads\/2026\/03\/Partnerzy-przestrzen-filmowa-290.png?width=290&#038;height=160\" alt=\"\" class=\"wp-image-353309\" data-recalc-dims=\"1\"\/><\/figure>\n\n\n\n<figure class=\"wp-block-image size-full\"><img loading=\"lazy\" decoding=\"async\" width=\"290\" height=\"86\" src=\"https:\/\/fujifilm-x.b-cdn.net\/wp-content\/uploads\/2026\/03\/Partnerzy-instax_logo-with_TM_Mark-290.png?width=290&#038;height=86\" alt=\"\" class=\"wp-image-353314\" data-recalc-dims=\"1\"\/><\/figure>\n<\/div>\n<\/div>\n\n\n\n<div style=\"height:50px\" aria-hidden=\"true\" class=\"wp-block-spacer\"><\/div>\n\n\n\n<p><\/p>\n","protected":false},"author":432,"featured_media":353016,"template":"page-templates\/page-fujikina.php","category":[13955],"post_tag":[],"local_category":[12710],"local_tag":[12955,12952,12940,12947,12924,12913],"event_type":[],"class_list":["post-350615","event","type-event","status-publish","has-post-thumbnail","hentry","category-event-landing-page","local_category-events-18","local_tag-ambasadorzy","local_tag-event-2","local_tag-maksymilian-rigamonti","local_tag-rafal-milach","local_tag-warsztaty-fotograficzne","local_tag-warsztaty-fujifilm"],"pp_statuses_selecting_workflow":false,"pp_workflow_action":"current","pp_status_selection":"publish","acf":{"events_redirect":{"events_redirect_url":"","events_redirect_blank":false},"event_country":"","event_city":"","event_location_name":"","event_active_message":"","event_concluded_message":"","event_buy_tickets_link":"https:\/\/biletyna.pl\/inne\/FUJIKINA-Warsaw?utm_source=fujifilm&utm_medium=affiliate&utm_campaign=general)","event_date_text":"","event_timezone":"Europe\/Warsaw","event_start_date":"20260612","event_start_time":"09:30:00","event_end_date":"20260613","event_end_time":"18:30:00","event_status_type":"EventScheduled","event_attendance_mode":"OfflineEventAttendanceMode","event_location_type":"Text","event_location_address":false,"event_location_text":"Warsaw","event_location_platform_name":"","event_location_access_link":""},"publishpress_future_action":{"enabled":false,"date":"2026-05-09 10:13:01","action":"change-status","newStatus":"draft","terms":[],"taxonomy":"category","extraData":[]},"publishpress_future_workflow_manual_trigger":{"enabledWorkflows":[]},"_links":{"self":[{"href":"https:\/\/www.fujifilm-x.com\/pl-pl\/wp-json\/wp\/v2\/event\/350615","targetHints":{"allow":["GET"]}}],"collection":[{"href":"https:\/\/www.fujifilm-x.com\/pl-pl\/wp-json\/wp\/v2\/event"}],"about":[{"href":"https:\/\/www.fujifilm-x.com\/pl-pl\/wp-json\/wp\/v2\/types\/event"}],"author":[{"embeddable":true,"href":"https:\/\/www.fujifilm-x.com\/pl-pl\/wp-json\/wp\/v2\/users\/432"}],"wp:featuredmedia":[{"embeddable":true,"href":"https:\/\/www.fujifilm-x.com\/pl-pl\/wp-json\/wp\/v2\/media\/353016"}],"wp:attachment":[{"href":"https:\/\/www.fujifilm-x.com\/pl-pl\/wp-json\/wp\/v2\/media?parent=350615"}],"wp:term":[{"taxonomy":"category","embeddable":true,"href":"https:\/\/www.fujifilm-x.com\/pl-pl\/wp-json\/wp\/v2\/category?post=350615"},{"taxonomy":"post_tag","embeddable":true,"href":"https:\/\/www.fujifilm-x.com\/pl-pl\/wp-json\/wp\/v2\/post_tag?post=350615"},{"taxonomy":"local_category","embeddable":true,"href":"https:\/\/www.fujifilm-x.com\/pl-pl\/wp-json\/wp\/v2\/local_category?post=350615"},{"taxonomy":"local_tag","embeddable":true,"href":"https:\/\/www.fujifilm-x.com\/pl-pl\/wp-json\/wp\/v2\/local_tag?post=350615"},{"taxonomy":"event_type","embeddable":true,"href":"https:\/\/www.fujifilm-x.com\/pl-pl\/wp-json\/wp\/v2\/event_type?post=350615"}],"curies":[{"name":"wp","href":"https:\/\/api.w.org\/{rel}","templated":true}]}},{"id":287215,"date":"2025-08-12T01:33:18","date_gmt":"2025-08-12T01:33:18","guid":{"rendered":"https:\/\/www.fujifilm-x.com\/?post_type=event&#038;p=287215"},"modified":"2025-08-12T01:33:26","modified_gmt":"2025-08-12T01:33:26","slug":"gfx-challenge-grant-program-stworz-swoj-kolejny-wspanialy-obraz","status":"publish","type":"event","link":"https:\/\/www.fujifilm-x.com\/pl-pl\/events\/gfx-challenge-grant-program-stworz-swoj-kolejny-wspanialy-obraz\/","title":{"rendered":"GFX Challenge Grant Program &#8211; stw\u00f3rz sw\u00f3j kolejny wspania\u0142y obraz"},"content":{"rendered":"\n<p><strong>GFX Challenge Grant Program<\/strong>\u00a0to inicjatywa grantowa Fujifilm, kt\u00f3ra ruszy\u0142a w 2021 roku. Co roku przyznawanych jest 5 nagr\u00f3d globalnych i 10 regionalnych. Celem programu jest wspieranie kreatywnych tw\u00f3rc\u00f3w &#8211; Fujifilm daje im szans\u0119 na realizacj\u0119 projekt\u00f3w, kt\u00f3re s\u0105 dla nich wa\u017cne, przy jednoczesnym zdobywaniu do\u015bwiadczenia z u\u017cyciem sprz\u0119tu systemu FUJIFILM GFX.<\/p>\n\n\n\n<p>Proponowane projekty mog\u0105 by\u0107 zg\u0142aszane jako zdj\u0119cia lub w formacie filmowym. Po zako\u0144czeniu produkcji nagrodzone projekty zostan\u0105 pokazane na stronie fujifilm-x.com, a dodatkowo planowane s\u0105 wystawy w r\u00f3\u017cnych krajach.<\/p>\n\n\n\n<p>Do wygrania jest nawet 10 000 USD (nagroda globalna) albo 5 000 USD (nagroda regionalna). &nbsp;Wystarczy przes\u0142a\u0107 sw\u00f3j pomys\u0142 i tym samym zrobi\u0107 pierwszy krok w kierunku urzeczywistnienia kreatywnego pomys\u0142u!<\/p>\n\n\n\n<p><strong>Globalna nagroda w postaci grantu obejmuje:<\/strong><\/p>\n\n\n\n<ul class=\"wp-block-list\">\n<li>Bezp\u0142atne korzystanie z korpusu aparatu systemu GFX i dw\u00f3ch obiektyw\u00f3w GF przez czas trwania projektu<\/li>\n\n\n\n<li>Mentoring i pomoc techniczn\u0105 ze strony technik\u00f3w\/ekspert\u00f3w produktowych Fujifilm<\/li>\n\n\n\n<li>Grant w wysoko\u015bci 10 000 USD<\/li>\n<\/ul>\n\n\n\n<p><strong>Regionalna nagroda w postaci grantu obejmuje:<\/strong><\/p>\n\n\n\n<ul class=\"wp-block-list\">\n<li>Bezp\u0142atne korzystanie z korpusu aparatu systemu GFX i dw\u00f3ch obiektyw\u00f3w GF przez czas trwania projektu<\/li>\n\n\n\n<li>Mentoring i pomoc techniczn\u0105 ze strony technik\u00f3w\/ekspert\u00f3w produktowych Fujifilm<\/li>\n\n\n\n<li>Grant w wysoko\u015bci 5000 USD<\/li>\n<\/ul>\n\n\n\n<p>*Aby wzi\u0105\u0107 udzia\u0142 w konkursie lub wygra\u0107 nie trzeba dokonywa\u0107 \u017cadnych zakup\u00f3w.<\/p>\n\n\n\n<p>*\u0141\u0105czna przybli\u017cona warto\u015b\u0107 detaliczna wszystkich grant\u00f3w oferowanych w zwi\u0105zku z tym programem wynosi 229 500 USD.<\/p>\n\n\n\n<p><strong>Okres przyjmowania zg\u0142osze\u0144:<br><\/strong>Aplikacja otwarta jest do 31 sierpnia 2025 r.<\/p>\n\n\n\n<p><strong>Kwalifikowalno\u015b\u0107<\/strong><\/p>\n\n\n\n<ul class=\"wp-block-list\">\n<li>Program jest otwarty wy\u0142\u0105cznie dla os\u00f3b zamieszka\u0142ych w krajach\/regionach wymienionych w sekcji \u201eZg\u0142oszenie udzia\u0142u\u201d (Entry Submission) na dole tej strony: <a href=\"https:\/\/www.fujifilm-x.com\/pl-pl\/special\/gfx-challenge-program\/2025\/\">https:\/\/www.fujifilm-x.com\/global\/special\/gfx-challenge-program\/2025\/<\/a><\/li>\n\n\n\n<li>Program jest otwarty zar\u00f3wno dla amator\u00f3w, jak i profesjonalist\u00f3w.<\/li>\n\n\n\n<li>Program nie jest otwarty dla pracownik\u00f3w ani cz\u0142onk\u00f3w kadry kierowniczej FUJIFILM i jej sp\u00f3\u0142ek zale\u017cnych.<\/li>\n<\/ul>\n\n\n\n<p><strong>Zaproponuj kreatywny projekt<\/strong><\/p>\n\n\n\n<p>Projekt jest szans\u0105 na dzia\u0142anie na wielk\u0105 skal\u0119 i podzielenie si\u0119 ze \u015bwiatem swoj\u0105 kreatywno\u015bci\u0105! Zg\u0142oszenie musi jasno informowa\u0107 o tym, co mo\u017cna osi\u0105gn\u0105\u0107 po otrzymaniu jednego z globalnych lub regionalnych grant\u00f3w. Program ma charakter globalny i aby traktowa\u0107 wszystkie zg\u0142oszenia jednakowo, ustalono j\u0119zyk angielski jako wsp\u00f3lny j\u0119zyk programu. Wniosek musi by\u0107 z\u0142o\u017cony w j\u0119zyku angielskim. Je\u015bli jednak angielski nie jest pierwszym, stosowanym j\u0119zykiem, do wniosku mo\u017cna do\u0142\u0105czy\u0107 wybrany j\u0119zyk. Znajomo\u015b\u0107 j\u0119zyka nie jest jednym z kryteri\u00f3w oceny.<br><br><\/p>\n\n\n\n<p><strong>Przygotowanie propozycji projektu<\/strong><\/p>\n\n\n\n<p>Aby zg\u0142osi\u0107 si\u0119 do programu, nale\u017cy przygotowa\u0107 poni\u017csze informacje i po\u0142\u0105czy\u0107 je w jeden dokument PDF:<br>1. Wst\u0119pnie sformatowany list przewodni (do pobrania na stronie <a href=\"https:\/\/dl.fujifilm-x.com\/global\/special\/gfx-challenge-program\/2025\/gfx_challenge_grant_program_2025_coverletter.pdf\">https:\/\/dl.fujifilm-x.com\/global\/special\/gfx-challenge-program\/2025\/gfx_challenge_grant_program_2025_coverletter.pdf<\/a>).<\/p>\n\n\n\n<p>2. Propozycja projektu &#8211; zawiaraj\u0105ca szczeg\u00f3\u0142y projektu.<\/p>\n\n\n\n<p>3. Portfolio ka\u017cdej osoby zaanga\u017cowanej w projekt.<\/p>\n\n\n\n<p><br>*Zg\u0142oszenie musi by\u0107 pojedynczym dokumentem w formacie PDF.<\/p>\n\n\n\n<p>*Plik musi zawiera\u0107 wst\u0119pnie sformatowany list motywacyjny, propozycj\u0119 projektu i portfolio.<\/p>\n\n\n\n<p>*Rozmiar pliku nie mo\u017ce przekracza\u0107 10 MB.<\/p>\n\n\n\n<p>*Dokument musi by\u0107 napisany w j\u0119zyku angielskim, ale mo\u017cna do niego do\u0142\u0105czy\u0107 t\u0142umaczenie w wybranym j\u0119zyku.<\/p>\n\n\n\n<p>*Znajomo\u015b\u0107 j\u0119zyk\u00f3w nie jest brana pod uwag\u0119 przy ocenie zg\u0142osze\u0144.<\/p>\n\n\n\n<p><strong>Proces selekcji<\/strong><\/p>\n\n\n\n<p><strong>Okres nadsy\u0142ania zg\u0142osze\u0144<\/strong>: do 31 sierpnia 2025 r.<\/p>\n\n\n\n<p>W tym terminie nale\u017cy przygotowa\u0107 propozycj\u0119 projektu i przes\u0142a\u0107 j\u0105 za po\u015brednictwem formularza zg\u0142oszeniowego. Zg\u0142oszenie musi zawiera\u0107 j\u0119zyk angielski i by\u0107 zapisane w formacie PDF.<\/p>\n\n\n\n<p><strong>1. runda:<\/strong> 1 wrze\u015bnia \u2013 19 wrze\u015bnia 2025 r.<\/p>\n\n\n\n<p>Przegl\u0105d zg\u0142osze\u0144 i wybranie 15 propozycji projekt\u00f3w z 3 region\u00f3w geograficznych (\u0142\u0105cznie 45 zg\u0142osze\u0144), kt\u00f3re zostan\u0105 ocenione w 2. rundzie. Do 26 wrze\u015bnia 2025 r. ka\u017cdy z wybranych finalist\u00f3w regionalnych zostanie poinformowany e-mailem i zostan\u0105 zaplanowane niezb\u0119dne rozmowy kwalifikacyjne za po\u015brednictwem platformy Zoom (lub jej odpowiednika).<\/p>\n\n\n\n<p><strong>2. runda:<\/strong> 29 wrze\u015bnia \u2013 17 pa\u017adziernika 2025 r.<\/p>\n\n\n\n<p>Kandydaci zostan\u0105 poproszeni o udzia\u0142 w rozmowie kwalifikacyjnej z przedstawicielami Fujifilm. Rozmowa mo\u017ce odby\u0107 si\u0119 w wybranym przez kandydata j\u0119zyku, o ile firma Fujifilm b\u0119dzie w stanie to zapewni\u0107. Do rundy fina\u0142owej zostanie wybranych 5 finalist\u00f3w z ka\u017cdego regionu geograficznego, \u0142\u0105cznie 15 os\u00f3b.<\/p>\n\n\n\n<p><strong>Runda fina\u0142owa:<\/strong> 20 pa\u017adziernika &#8211; 10 listopada 2025 r.<\/p>\n\n\n\n<p>Zesp\u00f3\u0142 oceniaj\u0105cy dokona przegl\u0105du wszystkich kandydat\u00f3w i wybierze 5 laureat\u00f3w globalnej nagrody grantowej, a pozosta\u0142ych 10 finalist\u00f3w otrzyma nagrody regionalne. Laureaci zostan\u0105 og\u0142oszeni w styczniu 2026 r.<\/p>\n\n\n\n<p><br>*Pierwsza i druga runda selekcji odb\u0119dzie si\u0119 na poziomie regionalnym. Regiony te to: 1. Ameryka, 2. Europa \/ Bliski Wsch\u00f3d \/ Afryka, 3. Azja i Pacyfik (Azja Po\u0142udniowa \/ Oceania \/ Chiny kontynentalne \/ Hongkong \/ Tajwan \/ Japonia \/ Korea).<\/p>\n\n\n\n<p>*Pisemne propozycje projekt\u00f3w b\u0119d\u0105 oceniane w j\u0119zyku angielskim. Jednak\u017ce rozmowa kwalifikacyjna w drugiej rundzie mo\u017ce zosta\u0107 przeprowadzona w innym j\u0119zyku, je\u015bli firma Fujifilm b\u0119dzie w stanie to zapewni\u0107.<\/p>\n\n\n\n<p>*Znajomo\u015b\u0107 j\u0119zyka nie jest jednym z kryteri\u00f3w oceny.<\/p>\n\n\n\n<p>*Tylko kandydaci, kt\u00f3rzy przejd\u0105 do kolejnego etapu selekcji, zostan\u0105 powiadomieni o post\u0119pach. Og\u0142oszenie ostatecznych laureat\u00f3w grantu nast\u0105pi po zako\u0144czeniu ostatniej rundy.<\/p>\n\n\n\n<p>*Projekt fotograficzny powinien zosta\u0107 uko\u0144czony, a wszystkie stworzone zdj\u0119cia i\/lub filmy powinny zosta\u0107 dostarczone do Fujifilm do 31 maja 2026 r.<\/p>\n\n\n\n<p><strong>Jury<\/strong><\/p>\n\n\n\n<p>Runda fina\u0142owa zostanie oceniona przez zesp\u00f3\u0142 s\u0119dziowski Global Grant Award. Do wsp\u00f3\u0142pracy przy projekcie zosta\u0142o zaproszonych pi\u0119ciu s\u0119dzi\u00f3w:<strong> Brendan Embser, Amanda Maddox, Lesley A. Martin, Masako Sato, Pauline Vermare.<\/strong><\/p>\n\n\n\n<p>Szczeg\u00f3\u0142owe informacje na temat GFX Challenge Grant Program dostepne s\u0105 na stronie: <a href=\"https:\/\/www.fujifilm-x.com\/pl-pl\/special\/gfx-challenge-program\/2025\/\">https:\/\/www.fujifilm-x.com\/global\/special\/gfx-challenge-program\/2025\/<\/a><\/p>\n","protected":false},"author":245,"featured_media":287219,"template":"","category":[13289,418],"post_tag":[13026,13027],"local_category":[12710,12712,12709],"local_tag":[],"event_type":[],"class_list":["post-287215","event","type-event","status-publish","has-post-thumbnail","hentry","category-local-news","category-global-news","tag-gfx-9","tag-gfx-challenge-2","local_category-events-18","local_category-fujifilm-gfx","local_category-news-18"],"pp_statuses_selecting_workflow":false,"pp_workflow_action":"current","pp_status_selection":"publish","acf":{"events_redirect":{"events_redirect_url":"","events_redirect_blank":false},"event_country":"","event_city":"","event_location_name":"","event_active_message":"","event_concluded_message":"","event_buy_tickets_link":"","event_date_text":"","event_timezone":"Africa\/Abidjan","event_start_date":"20250630","event_start_time":"00:00:00","event_end_date":"20260531","event_end_time":"23:59:59","event_status_type":"EventScheduled","event_attendance_mode":"OfflineEventAttendanceMode","event_location_type":"Text","event_location_address":false,"event_location_text":"Various venues","event_location_platform_name":"","event_location_access_link":""},"publishpress_future_action":{"enabled":true,"date":"2026-06-30 08:00:00","action":"change-status","newStatus":"draft","terms":[],"taxonomy":"category","extraData":[]},"publishpress_future_workflow_manual_trigger":{"enabledWorkflows":[]},"_links":{"self":[{"href":"https:\/\/www.fujifilm-x.com\/pl-pl\/wp-json\/wp\/v2\/event\/287215","targetHints":{"allow":["GET"]}}],"collection":[{"href":"https:\/\/www.fujifilm-x.com\/pl-pl\/wp-json\/wp\/v2\/event"}],"about":[{"href":"https:\/\/www.fujifilm-x.com\/pl-pl\/wp-json\/wp\/v2\/types\/event"}],"author":[{"embeddable":true,"href":"https:\/\/www.fujifilm-x.com\/pl-pl\/wp-json\/wp\/v2\/users\/245"}],"wp:featuredmedia":[{"embeddable":true,"href":"https:\/\/www.fujifilm-x.com\/pl-pl\/wp-json\/wp\/v2\/media\/287219"}],"wp:attachment":[{"href":"https:\/\/www.fujifilm-x.com\/pl-pl\/wp-json\/wp\/v2\/media?parent=287215"}],"wp:term":[{"taxonomy":"category","embeddable":true,"href":"https:\/\/www.fujifilm-x.com\/pl-pl\/wp-json\/wp\/v2\/category?post=287215"},{"taxonomy":"post_tag","embeddable":true,"href":"https:\/\/www.fujifilm-x.com\/pl-pl\/wp-json\/wp\/v2\/post_tag?post=287215"},{"taxonomy":"local_category","embeddable":true,"href":"https:\/\/www.fujifilm-x.com\/pl-pl\/wp-json\/wp\/v2\/local_category?post=287215"},{"taxonomy":"local_tag","embeddable":true,"href":"https:\/\/www.fujifilm-x.com\/pl-pl\/wp-json\/wp\/v2\/local_tag?post=287215"},{"taxonomy":"event_type","embeddable":true,"href":"https:\/\/www.fujifilm-x.com\/pl-pl\/wp-json\/wp\/v2\/event_type?post=287215"}],"curies":[{"name":"wp","href":"https:\/\/api.w.org\/{rel}","templated":true}]}},{"id":151684,"date":"2024-09-04T09:50:50","date_gmt":"2024-09-04T00:50:50","guid":{"rendered":"https:\/\/www.fujifilm-x.com\/?post_type=event&#038;p=151684"},"modified":"2024-09-04T09:51:10","modified_gmt":"2024-09-04T00:51:10","slug":"pawel-bownik-i-szymon-kobusinski-wsrod-ambasadorow-fujifilm","status":"publish","type":"event","link":"https:\/\/www.fujifilm-x.com\/pl-pl\/events\/pawel-bownik-i-szymon-kobusinski-wsrod-ambasadorow-fujifilm\/","title":{"rendered":"Pawe\u0142 Bownik i Szymon Kobusi\u0144ski w\u015br\u00f3d ambasador\u00f3w Fujifilm"},"content":{"rendered":"\n<figure class=\"wp-block-gallery has-nested-images columns-default is-cropped wp-block-gallery-1 is-layout-flex wp-block-gallery-is-layout-flex\">\n<figure class=\"wp-block-image size-large\"><img loading=\"lazy\" decoding=\"async\" width=\"1024\" height=\"1024\" data-id=\"151689\" src=\"https:\/\/fujifilm-x.b-cdn.net\/wp-content\/uploads\/2024\/09\/NEW_AMBASSADOR_1200x1200px_BOWNIK.jpg?width=1024&#038;height=1024\" alt=\"\" class=\"wp-image-151689\" srcset=\"https:\/\/fujifilm-x.b-cdn.net\/wp-content\/uploads\/2024\/09\/NEW_AMBASSADOR_1200x1200px_BOWNIK.jpg?width=1024&amp;height=1024 1024w, https:\/\/fujifilm-x.b-cdn.net\/wp-content\/uploads\/2024\/09\/NEW_AMBASSADOR_1200x1200px_BOWNIK.jpg?width=300&amp;height=300 300w, https:\/\/fujifilm-x.b-cdn.net\/wp-content\/uploads\/2024\/09\/NEW_AMBASSADOR_1200x1200px_BOWNIK.jpg?width=150&amp;height=150 150w, https:\/\/fujifilm-x.b-cdn.net\/wp-content\/uploads\/2024\/09\/NEW_AMBASSADOR_1200x1200px_BOWNIK.jpg?width=768&amp;height=768 768w, https:\/\/fujifilm-x.b-cdn.net\/wp-content\/uploads\/2024\/09\/NEW_AMBASSADOR_1200x1200px_BOWNIK.jpg?width=717&amp;height=717 717w\" sizes=\"auto, (max-width: 1000px) 100vw, 1000px\" data-recalc-dims=\"1\" \/><\/figure>\n\n\n\n<figure class=\"wp-block-image size-large\"><img loading=\"lazy\" decoding=\"async\" width=\"1024\" height=\"1024\" data-id=\"151688\" src=\"https:\/\/fujifilm-x.b-cdn.net\/wp-content\/uploads\/2024\/09\/NEW_AMBASSADOR_1200x1200px_KOBUSINSKI.jpg?width=1024&#038;height=1024\" alt=\"\" class=\"wp-image-151688\" srcset=\"https:\/\/fujifilm-x.b-cdn.net\/wp-content\/uploads\/2024\/09\/NEW_AMBASSADOR_1200x1200px_KOBUSINSKI.jpg?width=1024&amp;height=1024 1024w, https:\/\/fujifilm-x.b-cdn.net\/wp-content\/uploads\/2024\/09\/NEW_AMBASSADOR_1200x1200px_KOBUSINSKI.jpg?width=300&amp;height=300 300w, https:\/\/fujifilm-x.b-cdn.net\/wp-content\/uploads\/2024\/09\/NEW_AMBASSADOR_1200x1200px_KOBUSINSKI.jpg?width=150&amp;height=150 150w, https:\/\/fujifilm-x.b-cdn.net\/wp-content\/uploads\/2024\/09\/NEW_AMBASSADOR_1200x1200px_KOBUSINSKI.jpg?width=768&amp;height=768 768w, https:\/\/fujifilm-x.b-cdn.net\/wp-content\/uploads\/2024\/09\/NEW_AMBASSADOR_1200x1200px_KOBUSINSKI.jpg?width=717&amp;height=717 717w\" sizes=\"auto, (max-width: 1000px) 100vw, 1000px\" data-recalc-dims=\"1\" \/><\/figure>\n<\/figure>\n\n\n\n<p><strong>Pawe\u0142 Bownik oraz Szymon Kobusi\u0144ski do\u0142\u0105czyli do presti\u017cowego grona ambasador\u00f3w Fujifilm. W ramach prowadzonego od kilku lat programu ambasadorskiego ponad 20 fotografek i fotograf\u00f3w realizuje swoje projekty artystyczne z wykorzystaniem aparat\u00f3w cyfrowych Fujifilm z serii X oraz GFX.<\/strong><\/p>\n\n\n\n<p><em>Jest nam niezmiernie mi\u0142o powita\u0107 w gronie naszych ambasador\u00f3w tak znamienitych artyst\u00f3w jak Pawe\u0142 Bownik i Szymon Kobusi\u0144ski. Jako producent sprz\u0119tu przeznaczonego dla bardzo szerokiego i r\u00f3\u017cnorodnego grona fotograf\u00f3w zawodowych cieszymy si\u0119, \u017ce zdecydowali si\u0119 na wsp\u00f3\u0142prac\u0119 z nami i w swojej pracy wykorzystuj\u0105 aparaty i materia\u0142y Fujifilm<\/em> \u2013 powiedzia\u0142 Tomasz Taberski Director of Imaging Division Fujifilm CEE .<\/p>\n\n\n\n<p>Pawe\u0142 Bownik pos\u0142uguje si\u0119 fotografi\u0105 analogow\u0105, aparatem 8&#215;10 cali do kt\u00f3rego u\u017cywa film\u00f3w odwracalnych FujiFilm Provia 100F oraz GFX 100 II do precyzyjnej reprofotografii. \u201e<em>Zdecydowa\u0142em si\u0119 na wsp\u00f3\u0142prac\u0119 z Fujifilm gdy\u017c w swojej ofercie \u0142\u0105czy w doskona\u0142y i zr\u00f3wnowa\u017cony\u00a0spos\u00f3b to co klasyczne z tym co nowoczesne\u201d<\/em> \u2013 twierdzi artysta.<\/p>\n\n\n\n<p>Natomiast Szymon Kobusi\u0144ski od wielu lat pracuje aparatami \u015brednioformatowymi. <em>\u201eW swojej praktyce artystycznej prezentuj\u0119 fotografie wydrukowane w du\u017cych rozmiarach i wysokiej jako\u015bci. GFX 100&nbsp;II spe\u0142nia moje oczekiwania rozdzielczo\u015bci, szybko\u015bci i stabilno\u015bci pracy, ale tak\u017ce estetyczne. W przypadku realizacji materia\u0142\u00f3w filmowych wykorzystuj\u0119 dwa korpusy X-H2S<\/em>\u201d \u2013 dodaje Szymon.<\/p>\n\n\n\n<p><strong>O ambasadorach<\/strong><\/p>\n\n\n\n<p><strong>Pawe\u0142 Bownik<\/strong><\/p>\n\n\n\n<p>Artysta wizualny i wyk\u0142adowca Pa\u0144stwowej Wy\u017cszej Szko\u0142y Filmowej, Telewizyjnej i Teatralnej w \u0141odzi.&nbsp;Autor wielu wystaw, pokaz\u00f3w instytucjonalnych i ksi\u0105\u017cek artystycznych. Z wykszta\u0142cenia fotograf, rozwija praktyk\u0119 tw\u00f3rcz\u0105 wok\u00f3\u0142 powracaj\u0105cych motyw\u00f3w demontowania i reprodukowania, a tak\u017ce konstruowania modeli przestrzeni i obiekt\u00f3w.<\/p>\n\n\n\n<p>Jego prace znajduj\u0105 si\u0119 w kolekcjach publicznych, m.in.: w Muzeum Narodowym w Poznaniu; Muzeum Sztuki Wsp\u00f3\u0142czesnej we Wroc\u0142awiu; MUFO Muzeum Fotografii w Krakowie; Huis Marseille, Museum voor fotografie w Amsterdamie; Muzeum Sztuki Nowoczesnej w Warszawie; Bibliotece Narodowej w Warszawie; ING Collection w Amsterdamie.<br>Autor publikacji: Undercoat, 2022 (Hatje Cantz), Colours of Lost Time, 2021 (bownikstudio), Disassembly, 2014 (Mundin).<\/p>\n\n\n\n<p>Wi\u0119cej <a href=\"http:\/\/www.bownikstudio.com\" rel=\"nofollow noopener\" target=\"_blank\">www.bownikstudio.com<\/a>, <a href=\"https:\/\/www.instagram.com\/bownikstudio\" rel=\"nofollow noopener\" target=\"_blank\">https:\/\/www.instagram.com\/bownikstudio<\/a><\/p>\n\n\n\n<p><strong>Szymon Kobusi\u0144ski<\/strong><\/p>\n\n\n\n<p>Szymon Kobusi\u0144ski jest artyst\u0105 zajmuj\u0105cym si\u0119 sztukami wizualnymi. W swojej praktyce u\u017cywa wody jako g\u0142\u00f3wnego medium. Jego prace \u0142\u0105cz\u0105 elementy abstrakcji i figuratywno\u015bci, w kt\u00f3rych pojawia si\u0119 zar\u00f3wno klasyczna fotografia, ale tak\u017ce materia\u0142y video i animacja.<br>Pierwszym nauczycielem fotografii kilkuletniego Szymona by\u0142 jego ojciec &#8211; rze\u017abiarz i scenograf teatralny. Dzi\u015b Kobusi\u0144ski jest wyk\u0142adowc\u0105 w Szkole Filmowej w \u0141odzi, kt\u00f3rej jest absolwentem. W\u015br\u00f3d wielu nagr\u00f3d i wyr\u00f3\u017cnie\u0144, artysta szczeg\u00f3lnie wspomina nominacj\u0119 do Lucie Awards w 2014 roku. Jest cz\u0142onkiem Zwi\u0105zku Polskich Artyst\u00f3w Fotografik\u00f3w.&nbsp;<\/p>\n\n\n\n<p>Szymon Kobusi\u0144ski jest autorem wielu wyr\u00f3\u017cnionych projekt\u00f3w artystycznych, w tym indywidualnych wystaw takich jak &#8220;Inny \u015awiat&#8221; (2001), &#8220;\u015awiat\u0142o \u017bycia&#8221; (2004), &#8220;Ocali\u0107 od zapomnienia&#8221; (2005), &#8220;Medali\u015bci&#8221; (2008), &#8220;Pasja&#8221; (2008), &#8220;O2&#8221; (2012), &#8220;Intymno\u015b\u0107&#8221; (2017), &#8220;Erynie&#8221; (2021) i \u201cFlores\u201d (2023). Jego prace prezentowane by\u0142y w wielu wa\u017cnych instytucjach kultury i w trakcie mi\u0119dzynarodowych festiwali m.in. Pa\u0144stwowej Galerii Sztuki w Sopocie, Teatrze Wielkim Operze Narodowej w Warszawie, Muzeum Narodowym w Krakowie, Teatrze Narodowym w Warszawie, Galerii WL4 w Gda\u0144sku, a tak\u017ce w galeriach w Berlinie, Londynie i Kopenhadze. Wystawa &#8220;Ocali\u0107 od zapomnienia&#8221; zdeponowana zosta\u0142a w Muzeum Emigracji w Gdyni. W 2018 roku wydano ksi\u0105\u017ck\u0119 pod tytu\u0142em &#8220;NOW WE\u2019RE OVER THE WATER\u201d prezentuj\u0105c\u0105 jego prace.\u00a0<\/p>\n\n\n\n<p>W 2009 roku Szymon Kobusi\u0144ski przywr\u00f3ci\u0142 do \u017cycia unikaln\u0105 przestrze\u0144 z prze\u0142omu XIX i XX wieku &#8211; skarbiec Banku Polskiego w Warszawie, kt\u00f3ry sta\u0142 si\u0119 jego pracowni\u0105 artystyczn\u0105 &#8211; Studio Bank.&nbsp; <\/p>\n\n\n\n<p>Wi\u0119cej <a href=\"https:\/\/szymonkobusinski.com\" rel=\"nofollow noopener\" target=\"_blank\">https:\/\/szymonkobusinski.com<\/a><\/p>\n","protected":false},"author":245,"featured_media":0,"template":"","category":[13289,418,1349],"post_tag":[],"local_category":[12712,12713,12709],"local_tag":[12955],"event_type":[],"class_list":["post-151684","event","type-event","status-publish","hentry","category-local-news","category-global-news","category-press-release","local_category-fujifilm-gfx","local_category-fujifilm-x","local_category-news-18","local_tag-ambasadorzy"],"pp_statuses_selecting_workflow":false,"pp_workflow_action":"current","pp_status_selection":"publish","acf":{"events_redirect":{"events_redirect_url":"","events_redirect_blank":false},"event_country":"","event_city":"","event_location_name":"","event_active_message":"","event_concluded_message":"","event_buy_tickets_link":"","event_date_text":"","event_timezone":false,"event_start_date":"20240903","event_start_time":"","event_end_date":null,"event_end_time":"","event_status_type":"EventScheduled","event_attendance_mode":"OfflineEventAttendanceMode","event_location_type":"Text","event_location_address":false,"event_location_text":"","event_location_platform_name":"","event_location_access_link":""},"publishpress_future_action":{"enabled":false,"date":"2026-05-09 10:13:02","action":"change-status","newStatus":"draft","terms":[],"taxonomy":"category","extraData":[]},"publishpress_future_workflow_manual_trigger":{"enabledWorkflows":[]},"_links":{"self":[{"href":"https:\/\/www.fujifilm-x.com\/pl-pl\/wp-json\/wp\/v2\/event\/151684","targetHints":{"allow":["GET"]}}],"collection":[{"href":"https:\/\/www.fujifilm-x.com\/pl-pl\/wp-json\/wp\/v2\/event"}],"about":[{"href":"https:\/\/www.fujifilm-x.com\/pl-pl\/wp-json\/wp\/v2\/types\/event"}],"author":[{"embeddable":true,"href":"https:\/\/www.fujifilm-x.com\/pl-pl\/wp-json\/wp\/v2\/users\/245"}],"wp:attachment":[{"href":"https:\/\/www.fujifilm-x.com\/pl-pl\/wp-json\/wp\/v2\/media?parent=151684"}],"wp:term":[{"taxonomy":"category","embeddable":true,"href":"https:\/\/www.fujifilm-x.com\/pl-pl\/wp-json\/wp\/v2\/category?post=151684"},{"taxonomy":"post_tag","embeddable":true,"href":"https:\/\/www.fujifilm-x.com\/pl-pl\/wp-json\/wp\/v2\/post_tag?post=151684"},{"taxonomy":"local_category","embeddable":true,"href":"https:\/\/www.fujifilm-x.com\/pl-pl\/wp-json\/wp\/v2\/local_category?post=151684"},{"taxonomy":"local_tag","embeddable":true,"href":"https:\/\/www.fujifilm-x.com\/pl-pl\/wp-json\/wp\/v2\/local_tag?post=151684"},{"taxonomy":"event_type","embeddable":true,"href":"https:\/\/www.fujifilm-x.com\/pl-pl\/wp-json\/wp\/v2\/event_type?post=151684"}],"curies":[{"name":"wp","href":"https:\/\/api.w.org\/{rel}","templated":true}]}},{"id":125572,"date":"2024-01-25T10:02:20","date_gmt":"2024-01-25T09:02:20","guid":{"rendered":"https:\/\/fujifilmnxtc.wpenginepowered.com\/pl-pl\/?post_type=events&#038;p=607"},"modified":"2024-01-25T10:02:20","modified_gmt":"2024-01-25T09:02:20","slug":"konkurs-fotograficzny-fujifilm-x-klub-polska-2024-regulamin-konkursu","status":"publish","type":"event","link":"https:\/\/www.fujifilm-x.com\/pl-pl\/events\/konkurs-fotograficzny-fujifilm-x-klub-polska-2024-regulamin-konkursu\/","title":{"rendered":"KONKURS FOTOGRAFICZNY FUJIFILM X KLUB POLSKA 2024 &#8211; Regulamin konkursu"},"content":{"rendered":"","protected":false},"author":390,"featured_media":0,"template":"","category":[],"post_tag":[],"local_category":[],"local_tag":[],"event_type":[],"class_list":["post-125572","event","type-event","status-publish","hentry"],"pp_statuses_selecting_workflow":false,"pp_workflow_action":"current","pp_status_selection":"publish","acf":{"events_redirect":{"events_redirect_url":"","events_redirect_blank":false},"event_country":"","event_city":"","event_location_name":"","event_active_message":"","event_concluded_message":"","event_buy_tickets_link":"","event_date_text":"","event_timezone":false,"event_start_date":"20240122","event_start_time":null,"event_end_date":"20241231","event_end_time":null,"event_status_type":"EventScheduled","event_attendance_mode":"OfflineEventAttendanceMode","event_location_type":"Text","event_location_address":false,"event_location_text":"","event_location_platform_name":"","event_location_access_link":""},"publishpress_future_action":{"enabled":false,"date":"2026-05-09 10:13:02","action":"change-status","newStatus":"draft","terms":[],"taxonomy":"category","extraData":[]},"publishpress_future_workflow_manual_trigger":{"enabledWorkflows":[]},"_links":{"self":[{"href":"https:\/\/www.fujifilm-x.com\/pl-pl\/wp-json\/wp\/v2\/event\/125572","targetHints":{"allow":["GET"]}}],"collection":[{"href":"https:\/\/www.fujifilm-x.com\/pl-pl\/wp-json\/wp\/v2\/event"}],"about":[{"href":"https:\/\/www.fujifilm-x.com\/pl-pl\/wp-json\/wp\/v2\/types\/event"}],"author":[{"embeddable":true,"href":"https:\/\/www.fujifilm-x.com\/pl-pl\/wp-json\/wp\/v2\/users\/390"}],"wp:attachment":[{"href":"https:\/\/www.fujifilm-x.com\/pl-pl\/wp-json\/wp\/v2\/media?parent=125572"}],"wp:term":[{"taxonomy":"category","embeddable":true,"href":"https:\/\/www.fujifilm-x.com\/pl-pl\/wp-json\/wp\/v2\/category?post=125572"},{"taxonomy":"post_tag","embeddable":true,"href":"https:\/\/www.fujifilm-x.com\/pl-pl\/wp-json\/wp\/v2\/post_tag?post=125572"},{"taxonomy":"local_category","embeddable":true,"href":"https:\/\/www.fujifilm-x.com\/pl-pl\/wp-json\/wp\/v2\/local_category?post=125572"},{"taxonomy":"local_tag","embeddable":true,"href":"https:\/\/www.fujifilm-x.com\/pl-pl\/wp-json\/wp\/v2\/local_tag?post=125572"},{"taxonomy":"event_type","embeddable":true,"href":"https:\/\/www.fujifilm-x.com\/pl-pl\/wp-json\/wp\/v2\/event_type?post=125572"}],"curies":[{"name":"wp","href":"https:\/\/api.w.org\/{rel}","templated":true}]}},{"id":125548,"date":"2023-08-25T11:21:50","date_gmt":"2023-08-25T09:21:50","guid":{"rendered":"https:\/\/fujifilmnxtc.wpenginepowered.com\/pl-pl\/?post_type=events&#038;p=478"},"modified":"2023-08-25T11:21:50","modified_gmt":"2023-08-25T09:21:50","slug":"wybieram-fujifilm-regulamin-konkursu-1-09-23-31-03-24","status":"publish","type":"event","link":"https:\/\/www.fujifilm-x.com\/pl-pl\/events\/wybieram-fujifilm-regulamin-konkursu-1-09-23-31-03-24\/","title":{"rendered":"Wybieram Fujifilm \u2013 Regulamin konkursu, 1.09.23-31.03.24"},"content":{"rendered":"","protected":false},"author":390,"featured_media":125549,"template":"","category":[],"post_tag":[],"local_category":[],"local_tag":[],"event_type":[],"class_list":["post-125548","event","type-event","status-publish","has-post-thumbnail","hentry"],"pp_statuses_selecting_workflow":false,"pp_workflow_action":"current","pp_status_selection":"publish","acf":{"events_redirect":{"events_redirect_url":"","events_redirect_blank":false},"event_country":"","event_city":"","event_location_name":"","event_active_message":"","event_concluded_message":"","event_buy_tickets_link":"","event_date_text":"","event_timezone":false,"event_start_date":"20230901","event_start_time":null,"event_end_date":"20240331","event_end_time":null,"event_status_type":"EventScheduled","event_attendance_mode":"OfflineEventAttendanceMode","event_location_type":"Text","event_location_address":false,"event_location_text":"","event_location_platform_name":"","event_location_access_link":""},"publishpress_future_action":{"enabled":false,"date":"2026-05-09 10:13:02","action":"change-status","newStatus":"draft","terms":[],"taxonomy":"category","extraData":[]},"publishpress_future_workflow_manual_trigger":{"enabledWorkflows":[]},"_links":{"self":[{"href":"https:\/\/www.fujifilm-x.com\/pl-pl\/wp-json\/wp\/v2\/event\/125548","targetHints":{"allow":["GET"]}}],"collection":[{"href":"https:\/\/www.fujifilm-x.com\/pl-pl\/wp-json\/wp\/v2\/event"}],"about":[{"href":"https:\/\/www.fujifilm-x.com\/pl-pl\/wp-json\/wp\/v2\/types\/event"}],"author":[{"embeddable":true,"href":"https:\/\/www.fujifilm-x.com\/pl-pl\/wp-json\/wp\/v2\/users\/390"}],"wp:featuredmedia":[{"embeddable":true,"href":"https:\/\/www.fujifilm-x.com\/pl-pl\/wp-json\/wp\/v2\/media\/125549"}],"wp:attachment":[{"href":"https:\/\/www.fujifilm-x.com\/pl-pl\/wp-json\/wp\/v2\/media?parent=125548"}],"wp:term":[{"taxonomy":"category","embeddable":true,"href":"https:\/\/www.fujifilm-x.com\/pl-pl\/wp-json\/wp\/v2\/category?post=125548"},{"taxonomy":"post_tag","embeddable":true,"href":"https:\/\/www.fujifilm-x.com\/pl-pl\/wp-json\/wp\/v2\/post_tag?post=125548"},{"taxonomy":"local_category","embeddable":true,"href":"https:\/\/www.fujifilm-x.com\/pl-pl\/wp-json\/wp\/v2\/local_category?post=125548"},{"taxonomy":"local_tag","embeddable":true,"href":"https:\/\/www.fujifilm-x.com\/pl-pl\/wp-json\/wp\/v2\/local_tag?post=125548"},{"taxonomy":"event_type","embeddable":true,"href":"https:\/\/www.fujifilm-x.com\/pl-pl\/wp-json\/wp\/v2\/event_type?post=125548"}],"curies":[{"name":"wp","href":"https:\/\/api.w.org\/{rel}","templated":true}]}}]